{"id":1224,"date":"2022-08-02T12:11:56","date_gmt":"2022-08-02T10:11:56","guid":{"rendered":"http:\/\/10.0.0.38\/?page_id=1224"},"modified":"2026-04-16T13:17:08","modified_gmt":"2026-04-16T11:17:08","slug":"archiv","status":"publish","type":"page","link":"https:\/\/fadn.cz\/cz\/fadn\/aktuality\/archiv\/","title":{"rendered":"ARCHIV"},"content":{"rendered":"\t\t<div data-elementor-type=\"wp-page\" data-elementor-id=\"1224\" class=\"elementor elementor-1224\">\n\t\t\t\t\t\t<section class=\"elementor-section elementor-top-section elementor-element elementor-element-1d99dbc4 elementor-section-boxed elementor-section-height-default elementor-section-height-default\" data-id=\"1d99dbc4\" data-element_type=\"section\" data-e-type=\"section\">\n\t\t\t\t\t\t<div class=\"elementor-container elementor-column-gap-default\">\n\t\t\t\t\t<div class=\"elementor-column elementor-col-100 elementor-top-column elementor-element elementor-element-55b9b0b8\" data-id=\"55b9b0b8\" data-element_type=\"column\" data-e-type=\"column\">\n\t\t\t<div class=\"elementor-widget-wrap elementor-element-populated\">\n\t\t\t\t\t\t<div class=\"elementor-element elementor-element-2df477af elementor-widget-divider--view-line elementor-widget elementor-widget-divider\" data-id=\"2df477af\" data-element_type=\"widget\" data-e-type=\"widget\" data-widget_type=\"divider.default\">\n\t\t\t\t\t\t\t<div class=\"elementor-divider\">\n\t\t\t<span class=\"elementor-divider-separator\">\n\t\t\t\t\t\t<\/span>\n\t\t<\/div>\n\t\t\t\t\t\t<\/div>\n\t\t\t\t\t<\/div>\n\t\t<\/div>\n\t\t\t\t\t<\/div>\n\t\t<\/section>\n\t\t\t\t<section class=\"elementor-section elementor-top-section elementor-element elementor-element-3f1deba1 elementor-section-boxed elementor-section-height-default elementor-section-height-default\" data-id=\"3f1deba1\" data-element_type=\"section\" data-e-type=\"section\">\n\t\t\t\t\t\t<div class=\"elementor-container elementor-column-gap-default\">\n\t\t\t\t\t<div class=\"elementor-column elementor-col-100 elementor-top-column elementor-element elementor-element-4bd3161\" data-id=\"4bd3161\" data-element_type=\"column\" data-e-type=\"column\">\n\t\t\t<div class=\"elementor-widget-wrap elementor-element-populated\">\n\t\t\t\t\t\t<div class=\"elementor-element elementor-element-44230848 elementor-widget elementor-widget-heading\" data-id=\"44230848\" data-element_type=\"widget\" data-e-type=\"widget\" data-widget_type=\"heading.default\">\n\t\t\t\t\t<h2 class=\"elementor-heading-title elementor-size-default\">Archiv aktualit<\/h2>\t\t\t\t<\/div>\n\t\t\t\t\t<\/div>\n\t\t<\/div>\n\t\t\t\t\t<\/div>\n\t\t<\/section>\n\t\t\t\t<section class=\"elementor-section elementor-top-section elementor-element elementor-element-5e97f9a elementor-section-boxed elementor-section-height-default elementor-section-height-default\" data-id=\"5e97f9a\" data-element_type=\"section\" data-e-type=\"section\">\n\t\t\t\t\t\t<div class=\"elementor-container elementor-column-gap-default\">\n\t\t\t\t\t<div class=\"elementor-column elementor-col-100 elementor-top-column elementor-element elementor-element-992e90e\" data-id=\"992e90e\" data-element_type=\"column\" data-e-type=\"column\">\n\t\t\t<div class=\"elementor-widget-wrap elementor-element-populated\">\n\t\t\t\t\t\t<div class=\"elementor-element elementor-element-d28fe9f elementor-widget-divider--view-line elementor-widget elementor-widget-divider\" data-id=\"d28fe9f\" data-element_type=\"widget\" data-e-type=\"widget\" data-widget_type=\"divider.default\">\n\t\t\t\t\t\t\t<div class=\"elementor-divider\">\n\t\t\t<span class=\"elementor-divider-separator\">\n\t\t\t\t\t\t<\/span>\n\t\t<\/div>\n\t\t\t\t\t\t<\/div>\n\t\t\t\t\t<\/div>\n\t\t<\/div>\n\t\t\t\t\t<\/div>\n\t\t<\/section>\n\t\t\t\t<section class=\"elementor-section elementor-top-section elementor-element elementor-element-f3dd232 elementor-section-boxed elementor-section-height-default elementor-section-height-default\" data-id=\"f3dd232\" data-element_type=\"section\" data-e-type=\"section\">\n\t\t\t\t\t\t<div class=\"elementor-container elementor-column-gap-default\">\n\t\t\t\t\t<div class=\"elementor-column elementor-col-100 elementor-top-column elementor-element elementor-element-265ee01\" data-id=\"265ee01\" data-element_type=\"column\" data-e-type=\"column\">\n\t\t\t<div class=\"elementor-widget-wrap elementor-element-populated\">\n\t\t\t\t\t\t<div class=\"elementor-element elementor-element-5347617 elementor-widget elementor-widget-image\" data-id=\"5347617\" data-element_type=\"widget\" data-e-type=\"widget\" data-widget_type=\"image.default\">\n\t\t\t\t\t\t\t\t\t\t\t\t\t\t\t<img fetchpriority=\"high\" decoding=\"async\" width=\"300\" height=\"190\" src=\"https:\/\/i0.wp.com\/fadn.cz\/wp-content\/uploads\/2023\/03\/D752789.jpg?fit=300%2C190&amp;ssl=1\" class=\"attachment-medium size-medium wp-image-5242\" alt=\"\" srcset=\"https:\/\/i0.wp.com\/fadn.cz\/wp-content\/uploads\/2023\/03\/D752789.jpg?w=2048&amp;ssl=1 2048w, https:\/\/i0.wp.com\/fadn.cz\/wp-content\/uploads\/2023\/03\/D752789.jpg?resize=300%2C190&amp;ssl=1 300w, https:\/\/i0.wp.com\/fadn.cz\/wp-content\/uploads\/2023\/03\/D752789.jpg?resize=1024%2C649&amp;ssl=1 1024w, https:\/\/i0.wp.com\/fadn.cz\/wp-content\/uploads\/2023\/03\/D752789.jpg?resize=768%2C487&amp;ssl=1 768w, https:\/\/i0.wp.com\/fadn.cz\/wp-content\/uploads\/2023\/03\/D752789.jpg?resize=1536%2C974&amp;ssl=1 1536w, https:\/\/i0.wp.com\/fadn.cz\/wp-content\/uploads\/2023\/03\/D752789.jpg?resize=18%2C12&amp;ssl=1 18w, https:\/\/i0.wp.com\/fadn.cz\/wp-content\/uploads\/2023\/03\/D752789.jpg?resize=200%2C127&amp;ssl=1 200w\" sizes=\"(max-width: 300px) 100vw, 300px\" \/>\t\t\t\t\t\t\t\t\t\t\t\t\t\t\t<\/div>\n\t\t\t\t\t<\/div>\n\t\t<\/div>\n\t\t\t\t\t<\/div>\n\t\t<\/section>\n\t\t\t\t<section class=\"elementor-section elementor-top-section elementor-element elementor-element-0b3409d elementor-section-boxed elementor-section-height-default elementor-section-height-default\" data-id=\"0b3409d\" data-element_type=\"section\" data-e-type=\"section\">\n\t\t\t\t\t\t<div class=\"elementor-container elementor-column-gap-default\">\n\t\t\t\t\t<div class=\"elementor-column elementor-col-100 elementor-top-column elementor-element elementor-element-da3946f\" data-id=\"da3946f\" data-element_type=\"column\" data-e-type=\"column\">\n\t\t\t<div class=\"elementor-widget-wrap elementor-element-populated\">\n\t\t\t\t\t\t<div class=\"elementor-element elementor-element-7538c56 elementor-widget-divider--view-line elementor-widget elementor-widget-divider\" data-id=\"7538c56\" data-element_type=\"widget\" data-e-type=\"widget\" data-widget_type=\"divider.default\">\n\t\t\t\t\t\t\t<div class=\"elementor-divider\">\n\t\t\t<span class=\"elementor-divider-separator\">\n\t\t\t\t\t\t<\/span>\n\t\t<\/div>\n\t\t\t\t\t\t<\/div>\n\t\t\t\t\t<\/div>\n\t\t<\/div>\n\t\t\t\t\t<\/div>\n\t\t<\/section>\n\t\t\t\t<section class=\"elementor-section elementor-top-section elementor-element elementor-element-148d38a elementor-section-boxed elementor-section-height-default elementor-section-height-default\" data-id=\"148d38a\" data-element_type=\"section\" data-e-type=\"section\">\n\t\t\t\t\t\t<div class=\"elementor-container elementor-column-gap-default\">\n\t\t\t\t\t<div class=\"elementor-column elementor-col-100 elementor-top-column elementor-element elementor-element-1b8421b\" data-id=\"1b8421b\" data-element_type=\"column\" data-e-type=\"column\">\n\t\t\t<div class=\"elementor-widget-wrap elementor-element-populated\">\n\t\t\t\t\t\t<div class=\"elementor-element elementor-element-a26f05f elementor-tabs-alignment-center elementor-tabs-view-horizontal elementor-widget elementor-widget-tabs\" data-id=\"a26f05f\" data-element_type=\"widget\" data-e-type=\"widget\" data-widget_type=\"tabs.default\">\n\t\t\t\t\t\t\t<div class=\"elementor-tabs\">\n\t\t\t<div class=\"elementor-tabs-wrapper\" role=\"tablist\" >\n\t\t\t\t\t\t\t\t\t<div id=\"elementor-tab-title-1701\" class=\"elementor-tab-title elementor-tab-desktop-title\" aria-selected=\"true\" data-tab=\"1\" role=\"tab\" tabindex=\"0\" aria-controls=\"elementor-tab-content-1701\" aria-expanded=\"false\">X<\/div>\n\t\t\t\t\t\t\t\t\t<div id=\"elementor-tab-title-1702\" class=\"elementor-tab-title elementor-tab-desktop-title\" aria-selected=\"false\" data-tab=\"2\" role=\"tab\" tabindex=\"-1\" aria-controls=\"elementor-tab-content-1702\" aria-expanded=\"false\">2026<\/div>\n\t\t\t\t\t\t\t\t\t<div id=\"elementor-tab-title-1703\" class=\"elementor-tab-title elementor-tab-desktop-title\" aria-selected=\"false\" data-tab=\"3\" role=\"tab\" tabindex=\"-1\" aria-controls=\"elementor-tab-content-1703\" aria-expanded=\"false\">2025<\/div>\n\t\t\t\t\t\t\t\t\t<div id=\"elementor-tab-title-1704\" class=\"elementor-tab-title elementor-tab-desktop-title\" aria-selected=\"false\" data-tab=\"4\" role=\"tab\" tabindex=\"-1\" aria-controls=\"elementor-tab-content-1704\" aria-expanded=\"false\">2024<\/div>\n\t\t\t\t\t\t\t\t\t<div id=\"elementor-tab-title-1705\" class=\"elementor-tab-title elementor-tab-desktop-title\" aria-selected=\"false\" data-tab=\"5\" role=\"tab\" tabindex=\"-1\" aria-controls=\"elementor-tab-content-1705\" aria-expanded=\"false\">2023<\/div>\n\t\t\t\t\t\t\t\t\t<div id=\"elementor-tab-title-1706\" class=\"elementor-tab-title elementor-tab-desktop-title\" aria-selected=\"false\" data-tab=\"6\" role=\"tab\" tabindex=\"-1\" aria-controls=\"elementor-tab-content-1706\" aria-expanded=\"false\">2022<\/div>\n\t\t\t\t\t\t\t\t\t<div id=\"elementor-tab-title-1707\" class=\"elementor-tab-title elementor-tab-desktop-title\" aria-selected=\"false\" data-tab=\"7\" role=\"tab\" tabindex=\"-1\" aria-controls=\"elementor-tab-content-1707\" aria-expanded=\"false\">2021<\/div>\n\t\t\t\t\t\t\t\t\t<div id=\"elementor-tab-title-1708\" class=\"elementor-tab-title elementor-tab-desktop-title\" aria-selected=\"false\" data-tab=\"8\" role=\"tab\" tabindex=\"-1\" aria-controls=\"elementor-tab-content-1708\" aria-expanded=\"false\">2020<\/div>\n\t\t\t\t\t\t\t\t\t<div id=\"elementor-tab-title-1709\" class=\"elementor-tab-title elementor-tab-desktop-title\" aria-selected=\"false\" data-tab=\"9\" role=\"tab\" tabindex=\"-1\" aria-controls=\"elementor-tab-content-1709\" aria-expanded=\"false\">2019<\/div>\n\t\t\t\t\t\t\t\t\t<div id=\"elementor-tab-title-17010\" class=\"elementor-tab-title elementor-tab-desktop-title\" aria-selected=\"false\" data-tab=\"10\" role=\"tab\" tabindex=\"-1\" aria-controls=\"elementor-tab-content-17010\" aria-expanded=\"false\">2018<\/div>\n\t\t\t\t\t\t\t\t\t<div id=\"elementor-tab-title-17011\" class=\"elementor-tab-title elementor-tab-desktop-title\" aria-selected=\"false\" data-tab=\"11\" role=\"tab\" tabindex=\"-1\" aria-controls=\"elementor-tab-content-17011\" aria-expanded=\"false\">2017<\/div>\n\t\t\t\t\t\t\t\t\t<div id=\"elementor-tab-title-17012\" class=\"elementor-tab-title elementor-tab-desktop-title\" aria-selected=\"false\" data-tab=\"12\" role=\"tab\" tabindex=\"-1\" aria-controls=\"elementor-tab-content-17012\" aria-expanded=\"false\">X<\/div>\n\t\t\t\t\t\t\t<\/div>\n\t\t\t<div class=\"elementor-tabs-content-wrapper\" role=\"tablist\" aria-orientation=\"vertical\">\n\t\t\t\t\t\t\t\t\t<div class=\"elementor-tab-title elementor-tab-mobile-title\" aria-selected=\"true\" data-tab=\"1\" role=\"tab\" tabindex=\"0\" aria-controls=\"elementor-tab-content-1701\" aria-expanded=\"false\">X<\/div>\n\t\t\t\t\t<div id=\"elementor-tab-content-1701\" class=\"elementor-tab-content elementor-clearfix\" data-tab=\"1\" role=\"tabpanel\" aria-labelledby=\"elementor-tab-title-1701\" tabindex=\"0\" hidden=\"false\"><\/div>\n\t\t\t\t\t\t\t\t\t<div class=\"elementor-tab-title elementor-tab-mobile-title\" aria-selected=\"false\" data-tab=\"2\" role=\"tab\" tabindex=\"-1\" aria-controls=\"elementor-tab-content-1702\" aria-expanded=\"false\">2026<\/div>\n\t\t\t\t\t<div id=\"elementor-tab-content-1702\" class=\"elementor-tab-content elementor-clearfix\" data-tab=\"2\" role=\"tabpanel\" aria-labelledby=\"elementor-tab-title-1702\" tabindex=\"0\" hidden=\"hidden\"><\/div>\n\t\t\t\t\t\t\t\t\t<div class=\"elementor-tab-title elementor-tab-mobile-title\" aria-selected=\"false\" data-tab=\"3\" role=\"tab\" tabindex=\"-1\" aria-controls=\"elementor-tab-content-1703\" aria-expanded=\"false\">2025<\/div>\n\t\t\t\t\t<div id=\"elementor-tab-content-1703\" class=\"elementor-tab-content elementor-clearfix\" data-tab=\"3\" role=\"tabpanel\" aria-labelledby=\"elementor-tab-title-1703\" tabindex=\"0\" hidden=\"hidden\"><p><img decoding=\"async\" data-recalc-dims=\"1\" class=\"alignnone size-full wp-image-5604\" src=\"https:\/\/i0.wp.com\/fadn.cz\/wp-content\/uploads\/2023\/04\/logo_male_modre_fadn.png?resize=19%2C19&#038;ssl=1\" alt=\"\" width=\"19\" height=\"19\" srcset=\"https:\/\/i0.wp.com\/fadn.cz\/wp-content\/uploads\/2023\/04\/logo_male_modre_fadn.png?w=19&amp;ssl=1 19w, https:\/\/i0.wp.com\/fadn.cz\/wp-content\/uploads\/2023\/04\/logo_male_modre_fadn.png?resize=12%2C12&amp;ssl=1 12w\" sizes=\"(max-width: 19px) 100vw, 19px\" \/> V&nbsp;r\u00e1mci 9.\u00a0ro\u010dn\u00edku ekonomick\u00e9 konference \u00daZEI zazn\u011bl i\u00a0p\u0159\u00edsp\u011bvek s\u00a0n\u00e1zvem Typologie zem\u011bd\u011blsk\u00fdch podnik\u016f podle metodiky FADN\/FSDN jako n\u00e1stroj pro\u00a0hodnocen\u00ed ekonomick\u00e9 udr\u017eitelnosti. Tento p\u0159\u00edsp\u011bvek se\u00a0zam\u011b\u0159uje na\u00a0konstrukci a\u00a0vyu\u017eit\u00ed typologie podnik\u016f dle metodiky FADN\/FSDN, kter\u00e1 umo\u017e\u0148uje klasifikaci podnik\u016f na\u00a0z\u00e1klad\u011b jejich ekonomick\u00e9 velikosti a\u00a0specializace pomoc\u00ed tzv.\u00a0koeficient\u016f standardn\u00ed produkce. C\u00edlem je rovn\u011b\u017e pouk\u00e1zat na\u00a0v\u00fdznamnou roli dat FADN\/FSDN jako n\u00e1stroje pro\u00a0hlub\u0161\u00ed pochopen\u00ed ekonomick\u00e9 \u017eivotaschopnosti a\u00a0odolnosti r\u016fzn\u00fdch typ\u016f zem\u011bd\u011blsk\u00fdch podnik\u016f a\u00a0tak\u00e9 jako zdroje pro\u00a0rozhodov\u00e1n\u00ed na\u00a0\u00farovni politiky i\u00a0praxe. \u010cl\u00e1nek si\u00a0m\u016f\u017eete pro\u010d\u00edst\u00a0<a href=\"https:\/\/fadn.cz\/wp-content\/uploads\/2025\/12\/Prispevek_konf_sbornik_ZR2025_web.pdf\" target=\"_blank\" rel=\"noopener\">ZDE<\/a>. (vlo\u017eeno\u00a002.12.2025)<\/p><p><img decoding=\"async\" data-recalc-dims=\"1\" class=\"alignnone size-full wp-image-5604\" src=\"https:\/\/i0.wp.com\/fadn.cz\/wp-content\/uploads\/2023\/04\/logo_male_modre_fadn.png?resize=19%2C19&#038;ssl=1\" alt=\"\" width=\"19\" height=\"19\" srcset=\"https:\/\/i0.wp.com\/fadn.cz\/wp-content\/uploads\/2023\/04\/logo_male_modre_fadn.png?w=19&amp;ssl=1 19w, https:\/\/i0.wp.com\/fadn.cz\/wp-content\/uploads\/2023\/04\/logo_male_modre_fadn.png?resize=12%2C12&amp;ssl=1 12w\" sizes=\"(max-width: 19px) 100vw, 19px\" \/> V&nbsp;m\u011bs\u00ed\u010dn\u00edku AGRObase (\u010d.\u00a011\/2025) vy\u0161el dne 28.\u00a011.\u00a02025 \u010dl\u00e1nek \u201ePro\u010d se\u00a0zapojit do\u00a0\u0161et\u0159en\u00ed FSDN?\u201c, ve\u00a0kter\u00e9m auto\u0159i uv\u00e1d\u00ed, co je to\u00a0FSDN, co d\u011bl\u00e1 a\u00a0pro\u010d. Z\u00e1rove\u0148 popisuj\u00ed, pro\u010d je FSDN d\u016fle\u017eit\u00e9 a\u00a0co m\u016f\u017ee poskytnout jak zem\u011bd\u011blc\u016fm, tak i\u00a0\u0161irok\u00e9 ve\u0159ejnosti. D\u00e1le se\u00a0v\u011bnuj\u00ed tomu, pro\u010d by zem\u011bd\u011blsk\u00e9 podniky m\u011bly sv\u00e1 data do\u00a0\u0161et\u0159en\u00ed poskytovat a\u00a0jak\u00e9 benefity jim z\u00a0toho mohou plynout. \u010cl\u00e1nek si\u00a0m\u016f\u017eete pro\u010d\u00edst\u00a0<a href=\"https:\/\/fadn.cz\/wp-content\/uploads\/2025\/12\/AGRObase2511-pages.pdf\" target=\"_blank\" rel=\"noopener\">ZDE<\/a>. (vlo\u017eeno\u00a002.12.2025)<\/p><p><img decoding=\"async\" data-recalc-dims=\"1\" class=\"alignnone size-full wp-image-5604\" src=\"https:\/\/i0.wp.com\/fadn.cz\/wp-content\/uploads\/2023\/04\/logo_male_modre_fadn.png?resize=19%2C19&#038;ssl=1\" alt=\"\" width=\"19\" height=\"19\" srcset=\"https:\/\/i0.wp.com\/fadn.cz\/wp-content\/uploads\/2023\/04\/logo_male_modre_fadn.png?w=19&amp;ssl=1 19w, https:\/\/i0.wp.com\/fadn.cz\/wp-content\/uploads\/2023\/04\/logo_male_modre_fadn.png?resize=12%2C12&amp;ssl=1 12w\" sizes=\"(max-width: 19px) 100vw, 19px\" \/> Dne 12.11.&nbsp;2025 prob\u011bhlo v&nbsp;budov\u011b Ministerstva zem\u011bd\u011blstv\u00ed zased\u00e1n\u00ed N\u00e1rodn\u00ed komise FADN. Na&nbsp;zased\u00e1n\u00ed byla p\u0159edlo\u017eena zpr\u00e1va o&nbsp;\u010dinnosti Kontaktn\u00edho pracovi\u0161t\u011b FADN&nbsp;\u010cR od&nbsp;listopadu 2024 a\u017e do&nbsp;\u0159\u00edjna 2025, sou\u010d\u00e1st\u00ed zpr\u00e1vy bylo pln\u011bn\u00ed \u00fakol\u016f ve&nbsp;vztahu k&nbsp;Evropsk\u00e9 komisi, vyu\u017eit\u00ed dat FADN na&nbsp;n\u00e1rodn\u00ed \u00farovni, ale i&nbsp;prvn\u00ed p\u0159edb\u011b\u017en\u00e9 v\u00fdsledky \u0161et\u0159en\u00ed FADN za&nbsp;\u00fa\u010detn\u00ed rok 2024. Dal\u0161\u00edm bodem programu bylo projedn\u00e1n\u00ed n\u00e1vrhu pl\u00e1nu v\u00fdb\u011bru podnik\u016f \u0161et\u0159en\u00ed FSDN na&nbsp;vykazovan\u00fd rok 2026, kter\u00fd byl jednomysln\u011b schv\u00e1len. B\u011bhem zased\u00e1n\u00ed prob\u011bhla i&nbsp;diskuse t\u00fdkaj\u00edc\u00ed se&nbsp;p\u0159edb\u011b\u017en\u00fdch v\u00fdsledn\u00fdch ukazatel\u016f roku 2024 v\u010detn\u011b problematiky p\u0159echodu FADN na&nbsp;FSDN. (vlo\u017eeno&nbsp;12.11.2025)<\/p><p><img decoding=\"async\" data-recalc-dims=\"1\" class=\"alignnone size-full wp-image-5604\" src=\"https:\/\/i0.wp.com\/fadn.cz\/wp-content\/uploads\/2023\/04\/logo_male_modre_fadn.png?resize=19%2C19&#038;ssl=1\" alt=\"\" width=\"19\" height=\"19\" srcset=\"https:\/\/i0.wp.com\/fadn.cz\/wp-content\/uploads\/2023\/04\/logo_male_modre_fadn.png?w=19&amp;ssl=1 19w, https:\/\/i0.wp.com\/fadn.cz\/wp-content\/uploads\/2023\/04\/logo_male_modre_fadn.png?resize=12%2C12&amp;ssl=1 12w\" sizes=\"(max-width: 19px) 100vw, 19px\" \/> V&nbsp;Bruselu se&nbsp;konala v\u00fdro\u010dn\u00ed konference \u201c60 let FADN\u201d za&nbsp;\u00fa\u010dasti pracovn\u00edk\u016f FADN&nbsp;CZ. Konference se&nbsp;z\u00fa\u010dastnilo v\u00edce ne\u017e 150 z\u00e1stupc\u016f st\u00e1t\u016f Evropsk\u00e9 unie. Od&nbsp;farm\u00e1\u0159\u016f, p\u0159es pracovn\u00edky FADN a&nbsp;v\u00fdzkumn\u00edky po&nbsp;\u010dleny DG AGRI a&nbsp;OECD. Konference byla zam\u011b\u0159ena na&nbsp;v\u00fdznam dat FADN pro&nbsp;anal\u00fdzy ve&nbsp;v\u00fdzkumu, p\u0159i&nbsp;tvorb\u011b zem\u011bd\u011blsk\u00e9 politiky i&nbsp;pro&nbsp;samotn\u00e9 farm\u00e1\u0159e, kte\u0159\u00ed na&nbsp;nich mohou sledovat ekonomick\u00fd v\u00fdvoj sv\u00e9ho podniku v&nbsp;pr\u016fb\u011bhu let. Sou\u010d\u00e1st\u00ed byl i&nbsp;p\u0159echod na&nbsp;syst\u00e9m FSDN, kter\u00fd bude zahrnovat v\u00edce detailn\u00ed informace z&nbsp;r\u016fzn\u00fdch oblast\u00ed v\u010detn\u011b environment\u00e1ln\u00ed a&nbsp;soci\u00e1ln\u00ed. Tyto informace napomohou roz\u0161\u00ed\u0159it anal\u00fdzy na&nbsp;nov\u00e1 t\u00e9mata (vlo\u017eeno&nbsp;21.10.2025)<\/p><p><img decoding=\"async\" data-recalc-dims=\"1\" class=\"alignnone size-full wp-image-5604\" src=\"https:\/\/i0.wp.com\/fadn.cz\/wp-content\/uploads\/2023\/04\/logo_male_modre_fadn.png?resize=19%2C19&#038;ssl=1\" alt=\"\" width=\"19\" height=\"19\" srcset=\"https:\/\/i0.wp.com\/fadn.cz\/wp-content\/uploads\/2023\/04\/logo_male_modre_fadn.png?w=19&amp;ssl=1 19w, https:\/\/i0.wp.com\/fadn.cz\/wp-content\/uploads\/2023\/04\/logo_male_modre_fadn.png?resize=12%2C12&amp;ssl=1 12w\" sizes=\"(max-width: 19px) 100vw, 19px\" \/> V&nbsp;dvoum\u011bs\u00ed\u010dn\u00edku Selsk\u00e1 revue (\u010d.&nbsp;5\/2025) vy\u0161el dne 22.9.&nbsp;\u010dl\u00e1nek s&nbsp;n\u00e1zvem Nastaven\u00ed parametr\u016f Redistributivn\u00ed platby v&nbsp;\u010cR ve&nbsp;srovn\u00e1n\u00ed s&nbsp;ostatn\u00edmi \u010dlensk\u00fdmi st\u00e1ty a&nbsp;jej\u00ed efekt na&nbsp;p\u0159\u00edjmovou situaci zem\u011bd\u011blsk\u00fdch podnik\u016f v&nbsp;roce 2023 a&nbsp;p\u0159edb\u011b\u017en\u00fd odhad v&nbsp;roce 2024. N\u00e1zev p\u0159\u00edsp\u011bvku vystihuje i&nbsp;jeho obsah. Jako zdroj dat poslou\u017eila datab\u00e1ze FADN&nbsp;CZ. \u010cl\u00e1nek si&nbsp;m\u016f\u017eete pro\u010d\u00edst zde. (vlo\u017eeno&nbsp;13.10.2025)<\/p><p><img decoding=\"async\" data-recalc-dims=\"1\" class=\"alignnone size-full wp-image-5604\" src=\"https:\/\/i0.wp.com\/fadn.cz\/wp-content\/uploads\/2023\/04\/logo_male_modre_fadn.png?resize=19%2C19&#038;ssl=1\" alt=\"\" width=\"19\" height=\"19\" srcset=\"https:\/\/i0.wp.com\/fadn.cz\/wp-content\/uploads\/2023\/04\/logo_male_modre_fadn.png?w=19&amp;ssl=1 19w, https:\/\/i0.wp.com\/fadn.cz\/wp-content\/uploads\/2023\/04\/logo_male_modre_fadn.png?resize=12%2C12&amp;ssl=1 12w\" sizes=\"(max-width: 19px) 100vw, 19px\" \/> V&nbsp;t\u00fdden\u00edku Zem\u011bd\u011blec (\u010d.&nbsp;41\/2025) vy\u0161el dne 6.&nbsp;10.&nbsp;2025 \u010dl\u00e1nek \u201eEkonomick\u00e9 v\u00fdsledky producent\u016f ml\u00e9ka\u201c, kter\u00fd vyhodnocuje hospoda\u0159en\u00ed zem\u011bd\u011blsk\u00fdch podnik\u016f specializovan\u00fdch na&nbsp;produkci ml\u00e9ka v&nbsp;meziro\u010dn\u00edm porovn\u00e1n\u00ed dat 2022 a&nbsp;2023. Autorky \u010dl\u00e1nku vych\u00e1zely z&nbsp;dat s\u00edt\u011b FADN&nbsp;\u010cR (Farm Accountancy Data Network). Z&nbsp;v\u00fdsledk\u016f vypl\u00fdv\u00e1, \u017ee&nbsp;i&nbsp;p\u0159es n\u00e1r\u016fst celkov\u00e9 produkce se&nbsp;ekonomick\u00e1 efektivnost podnik\u016f v&nbsp;roce 2023 meziro\u010dn\u011b sn\u00ed\u017eila, a&nbsp;to&nbsp;p\u0159edev\u0161\u00edm v&nbsp;d\u016fsledku n\u00e1r\u016fstu n\u00e1klad\u016f a&nbsp;poklesu provozn\u00edch podpor. Zvy\u0161uj\u00edc\u00ed se&nbsp;dojivost krav pomohla \u010d\u00e1ste\u010dn\u011b kompenzovat pokles realiza\u010dn\u00ed ceny ml\u00e9ka. P\u0159\u00edsp\u011bvek p\u0159in\u00e1\u0161\u00ed detailn\u00ed rozbor rozd\u00edl\u016f mezi podniky fyzick\u00fdch a&nbsp;pr\u00e1vnick\u00fdch osob i&nbsp;p\u0159ehled v\u00fdvoje dotac\u00ed a&nbsp;n\u00e1kladov\u00fdch polo\u017eek. \u010cl\u00e1nek si&nbsp;m\u016f\u017eete pro\u010d\u00edst zde. (vlo\u017eeno&nbsp;07.10.2025)<\/p><p><img decoding=\"async\" data-recalc-dims=\"1\" class=\"alignnone size-full wp-image-5604\" src=\"https:\/\/i0.wp.com\/fadn.cz\/wp-content\/uploads\/2023\/04\/logo_male_modre_fadn.png?resize=19%2C19&#038;ssl=1\" alt=\"\" width=\"19\" height=\"19\" srcset=\"https:\/\/i0.wp.com\/fadn.cz\/wp-content\/uploads\/2023\/04\/logo_male_modre_fadn.png?w=19&amp;ssl=1 19w, https:\/\/i0.wp.com\/fadn.cz\/wp-content\/uploads\/2023\/04\/logo_male_modre_fadn.png?resize=12%2C12&amp;ssl=1 12w\" sizes=\"(max-width: 19px) 100vw, 19px\" \/> V&nbsp;tomto t\u00fddnu prob\u00edhal v&nbsp;Bruselu v\u00fdbor FSDN a&nbsp;GREX, kde Evropsk\u00e1 komise informovala \u010dlensk\u00e9 st\u00e1ty EU o&nbsp;sv\u00e9 \u010dinnosti, nadch\u00e1zej\u00edc\u00edch akc\u00edch nebo o&nbsp;ji\u017e prob\u011bhl\u00fdch anal\u00fdz\u00e1ch. (vlo\u017eeno&nbsp;26.09.2025)<\/p><p><img decoding=\"async\" data-recalc-dims=\"1\" class=\"alignnone size-full wp-image-5604\" src=\"https:\/\/i0.wp.com\/fadn.cz\/wp-content\/uploads\/2023\/04\/logo_male_modre_fadn.png?resize=19%2C19&#038;ssl=1\" alt=\"\" width=\"19\" height=\"19\" srcset=\"https:\/\/i0.wp.com\/fadn.cz\/wp-content\/uploads\/2023\/04\/logo_male_modre_fadn.png?w=19&amp;ssl=1 19w, https:\/\/i0.wp.com\/fadn.cz\/wp-content\/uploads\/2023\/04\/logo_male_modre_fadn.png?resize=12%2C12&amp;ssl=1 12w\" sizes=\"(max-width: 19px) 100vw, 19px\" \/> Jako ka\u017ed\u00fd rok jsme se&nbsp;i&nbsp;letos aktivn\u011b z\u00fa\u010dastnili agrosalonu Zem\u011b \u017eivitelka. Na&nbsp;st\u00e1nku \u00daZEI byly k&nbsp;dost\u00e1n\u00ed na\u0161e publikace, informa\u010dn\u00ed let\u00e1\u010dky, ale t\u00e9\u017e dal\u0161\u00ed propaga\u010dn\u00ed p\u0159edm\u011bty. Roz\u0161i\u0159ov\u00e1n\u00ed pov\u011bdom\u00ed o&nbsp;FADN, pota\u017emo FSDN, mezi odbornou i&nbsp;\u0161irokou ve\u0159ejnost je pro&nbsp;n\u00e1s kl\u00ed\u010dov\u00e9. Proto v&nbsp;t\u011bchto aktivit\u00e1ch budeme i&nbsp;nad\u00e1le pokra\u010dovat a&nbsp;nad\u00e1le je roz\u0161i\u0159ovat. (vlo\u017eeno&nbsp;11.09.2025)<\/p><p><img decoding=\"async\" data-recalc-dims=\"1\" class=\"alignnone size-full wp-image-5604\" src=\"https:\/\/i0.wp.com\/fadn.cz\/wp-content\/uploads\/2023\/04\/logo_male_modre_fadn.png?resize=19%2C19&#038;ssl=1\" alt=\"\" width=\"19\" height=\"19\" srcset=\"https:\/\/i0.wp.com\/fadn.cz\/wp-content\/uploads\/2023\/04\/logo_male_modre_fadn.png?w=19&amp;ssl=1 19w, https:\/\/i0.wp.com\/fadn.cz\/wp-content\/uploads\/2023\/04\/logo_male_modre_fadn.png?resize=12%2C12&amp;ssl=1 12w\" sizes=\"(max-width: 19px) 100vw, 19px\" \/> V&nbsp;t\u00fdden\u00edku Zem\u011bd\u011blec (\u010d.&nbsp;33\/2025) byl dne 11.&nbsp;srpna publikov\u00e1n \u010dl\u00e1nek \u201cProdukce a&nbsp;n\u00e1klady v&nbsp;poln\u00ed v\u00fdrob\u011b\u201d. \u010cl\u00e1nek se&nbsp;z&nbsp;cel\u00e9 \u0161\u00ed\u0159e ekonomick\u00fdch aspekt\u016f zam\u011b\u0159il na&nbsp;str\u00e1nku produkce a&nbsp;n\u00e1klad\u016f za&nbsp;obdob\u00ed let 2021 a\u017e 2023. Anal\u00fdza byla provedena s&nbsp;vyu\u017eit\u00edm dat v\u00fdb\u011brov\u00e9ho \u0161et\u0159en\u00ed FADN. \u010cl\u00e1nek si&nbsp;m\u016f\u017eete pro\u010d\u00edst zde. (vlo\u017eeno&nbsp;13.08.2025)<\/p><p><img decoding=\"async\" data-recalc-dims=\"1\" class=\"alignnone size-full wp-image-5604\" src=\"https:\/\/i0.wp.com\/fadn.cz\/wp-content\/uploads\/2023\/04\/logo_male_modre_fadn.png?resize=19%2C19&#038;ssl=1\" alt=\"\" width=\"19\" height=\"19\" srcset=\"https:\/\/i0.wp.com\/fadn.cz\/wp-content\/uploads\/2023\/04\/logo_male_modre_fadn.png?w=19&amp;ssl=1 19w, https:\/\/i0.wp.com\/fadn.cz\/wp-content\/uploads\/2023\/04\/logo_male_modre_fadn.png?resize=12%2C12&amp;ssl=1 12w\" sizes=\"(max-width: 19px) 100vw, 19px\" \/> Kontaktn\u00ed pracovi\u0161t\u011b FADN&nbsp;\u010cR je spoluautorem analytick\u00e9ho vyhodnocen\u00ed z&nbsp;Integrovan\u00e9ho \u0161et\u0159en\u00ed v&nbsp;zem\u011bd\u011blstv\u00ed 2023. Jde o&nbsp;komplexn\u00ed statistick\u00e9 \u0161et\u0159en\u00ed, kter\u00e9 poskytuje detailn\u00ed a&nbsp;aktu\u00e1ln\u00ed informace o&nbsp;struktu\u0159e zem\u011bd\u011blsk\u00fdch podnik\u016f, vyu\u017eit\u00ed p\u016fdy, chovu hospod\u00e1\u0159sk\u00fdch zv\u00ed\u0159at a&nbsp;dal\u0161\u00edch kl\u00ed\u010dov\u00fdch ukazatel\u00edch. Data jsou sb\u00edr\u00e1na v&nbsp;souladu s&nbsp;metodikou Eurostatu. \u0160et\u0159en\u00ed prob\u00edh\u00e1 pravideln\u011b (ka\u017ed\u00e9 t\u0159i a\u017e \u010dty\u0159i roky) a&nbsp;jeho v\u00fdsledky jsou d\u016fle\u017eit\u00e9 pro&nbsp;sledov\u00e1n\u00ed trend\u016f \u010desk\u00e9ho zem\u011bd\u011blstv\u00ed. Elektronick\u00e1 verze je k&nbsp;dispozici ji\u017e od&nbsp;\u010dervna na&nbsp;str\u00e1nk\u00e1ch \u010cS\u00da zde. Nyn\u00ed ale m\u016f\u017eete rovn\u011b\u017e po\u017e\u00e1dat o&nbsp;zasl\u00e1n\u00ed ti\u0161t\u011bn\u00e9 publikace. (vlo\u017eeno&nbsp;11.08.2025)<\/p><p><img decoding=\"async\" data-recalc-dims=\"1\" class=\"alignnone size-full wp-image-5604\" src=\"https:\/\/i0.wp.com\/fadn.cz\/wp-content\/uploads\/2023\/04\/logo_male_modre_fadn.png?resize=19%2C19&#038;ssl=1\" alt=\"\" width=\"19\" height=\"19\" srcset=\"https:\/\/i0.wp.com\/fadn.cz\/wp-content\/uploads\/2023\/04\/logo_male_modre_fadn.png?w=19&amp;ssl=1 19w, https:\/\/i0.wp.com\/fadn.cz\/wp-content\/uploads\/2023\/04\/logo_male_modre_fadn.png?resize=12%2C12&amp;ssl=1 12w\" sizes=\"(max-width: 19px) 100vw, 19px\" \/> V&nbsp;t\u00fdden\u00edku Zem\u011bd\u011blec (\u010d.&nbsp;29\/2025) byl dne 14.&nbsp;\u010dervence publikov\u00e1n \u010dl\u00e1nek \u201ePodniky s&nbsp;precizn\u00edm zem\u011bd\u011blstv\u00edm\u201c. C\u00edlem tohoto p\u0159\u00edsp\u011bvku je zhodnocen\u00ed ekonomick\u00fdch ukazatel\u016f podnik\u016f, kter\u00e9 pou\u017e\u00edvaj\u00ed syst\u00e9my precizn\u00edho zem\u011bd\u011blstv\u00ed, v&nbsp;porovn\u00e1n\u00ed s&nbsp;podniky, kter\u00e9 hospoda\u0159\u00ed bez t\u011bchto technologi\u00ed. Anal\u00fdza byla zpracov\u00e1na na&nbsp;z\u00e1klad\u011b dat podnik\u016f, kter\u00e9 se&nbsp;\u00fa\u010dastn\u00ed \u0161et\u0159en\u00ed FADN. Autorkou je Ing.&nbsp;Martina D\u00f6bertov\u00e1. \u010cl\u00e1nek si&nbsp;m\u016f\u017eete pro\u010d\u00edst zde. (vlo\u017eeno&nbsp;17.07.2025)<\/p><p><img decoding=\"async\" data-recalc-dims=\"1\" class=\"alignnone size-full wp-image-5604\" src=\"https:\/\/i0.wp.com\/fadn.cz\/wp-content\/uploads\/2023\/04\/logo_male_modre_fadn.png?resize=19%2C19&#038;ssl=1\" alt=\"\" width=\"19\" height=\"19\" srcset=\"https:\/\/i0.wp.com\/fadn.cz\/wp-content\/uploads\/2023\/04\/logo_male_modre_fadn.png?w=19&amp;ssl=1 19w, https:\/\/i0.wp.com\/fadn.cz\/wp-content\/uploads\/2023\/04\/logo_male_modre_fadn.png?resize=12%2C12&amp;ssl=1 12w\" sizes=\"(max-width: 19px) 100vw, 19px\" \/> V&nbsp;t\u00fdden\u00edku Zem\u011bd\u011blec (\u010d.&nbsp;28\/2025) byl dne 7.&nbsp;\u010dervence 2025 publikov\u00e1n \u010dl\u00e1nek \u201eV\u00fdsledky podnik\u016f sm\u00ed\u0161en\u00e9 v\u00fdroby\u201c. Autorka Ing.&nbsp;Lenka Tumov\u00e1 zde prezentuje hospod\u00e1\u0159sk\u00e9 v\u00fdsledky podnik\u016f sm\u00ed\u0161en\u00e9 v\u00fdroby z&nbsp;dat FADN a&nbsp;komentuje zm\u011bny mezi roky 2022 a&nbsp;2023. Krom\u011b dat produk\u010dn\u00edch a&nbsp;n\u00e1kladov\u00fdch se&nbsp;autorka v&nbsp;p\u0159\u00edsp\u011bvku zab\u00fdv\u00e1 i&nbsp;problematikou dotac\u00ed. \u010cl\u00e1nek si&nbsp;m\u016f\u017eete pro\u010d\u00edst zde. (vlo\u017eeno&nbsp;09.07.2025)<\/p><p><img decoding=\"async\" data-recalc-dims=\"1\" class=\"alignnone size-full wp-image-5604\" src=\"https:\/\/i0.wp.com\/fadn.cz\/wp-content\/uploads\/2023\/04\/logo_male_modre_fadn.png?resize=19%2C19&#038;ssl=1\" alt=\"\" width=\"19\" height=\"19\" srcset=\"https:\/\/i0.wp.com\/fadn.cz\/wp-content\/uploads\/2023\/04\/logo_male_modre_fadn.png?w=19&amp;ssl=1 19w, https:\/\/i0.wp.com\/fadn.cz\/wp-content\/uploads\/2023\/04\/logo_male_modre_fadn.png?resize=12%2C12&amp;ssl=1 12w\" sizes=\"(max-width: 19px) 100vw, 19px\" \/>Ve dnech 12.&nbsp;a&nbsp;13.&nbsp;6.&nbsp;2025 se&nbsp;pracovn\u00edci FADN \u00fa\u010dastn\u00ed jedn\u00e1n\u00ed OECD a&nbsp;jej\u00ed expertn\u00ed skupiny FLAN (Farm Level Analysis Network). Hlavn\u00edmi t\u00e9maty aktu\u00e1ln\u00edho setk\u00e1n\u00ed jsou genera\u010dn\u00ed obm\u011bna pracovn\u00edk\u016f v&nbsp;zem\u011bd\u011blstv\u00ed a&nbsp;zastoupen\u00ed \u017een v&nbsp;zem\u011bd\u011blstv\u00ed. V&nbsp;souvislosti s&nbsp;t\u00e9matem genera\u010dn\u00ed obm\u011bny jsou diskutov\u00e1ny faktory motivac\u00ed a&nbsp;charakteristiky mlad\u0161\u00edch vlastn\u00edk\u016f farem. D\u016fle\u017eit\u00e9 je v\u0161ak sledovat nejen skupinu mlad\u00fdch zem\u011bd\u011blc\u016f, ale tak\u00e9 skupinu nov\u00fdch zem\u011bd\u011blc\u016f jako takov\u00fdch. S&nbsp;p\u0159ed\u00e1v\u00e1n\u00edm podnik\u016f na&nbsp;nov\u00e9 majitele souvis\u00ed i&nbsp;problematika investic a&nbsp;zav\u00e1d\u011bn\u00ed nov\u00fdch technologi\u00ed. Jak se&nbsp;ukazuje, k&nbsp;mnoha investic\u00edm doch\u00e1z\u00ed je\u0161t\u011b b\u011bhem vlastnictv\u00ed p\u016fvodn\u00edho majitele p\u0159ed p\u0159ed\u00e1n\u00edm na&nbsp;mlad\u0161\u00edho pokra\u010dovatele. Po\u010det \u017een \u2013 majitelek a&nbsp;mana\u017eerek farem se&nbsp;mezi jednotliv\u00fdmi zem\u011bmi v\u00fdrazn\u011b li\u0161\u00ed. \u017deny jsou \u010dast\u011bji ve&nbsp;veden\u00ed men\u0161\u00edch farem s&nbsp;v\u00edce specializovanou produkc\u00ed. V&nbsp;zem\u00edch s&nbsp;tradi\u010dn\u00edm p\u0159\u00edstupem k&nbsp;rozd\u011blen\u00ed rol\u00ed se&nbsp;v\u0161ak \u010dasto \u017eeny v\u00fdznamn\u011b a&nbsp;aktivn\u011b pod\u00edl\u00ed na&nbsp;veden\u00ed podniku, a\u010dkoliv je ofici\u00e1ln\u011b jejich majitelem mu\u017e. (vlo\u017eeno&nbsp;13.06.2025)<\/p><p><img decoding=\"async\" data-recalc-dims=\"1\" class=\"alignnone size-full wp-image-5604\" src=\"https:\/\/i0.wp.com\/fadn.cz\/wp-content\/uploads\/2023\/04\/logo_male_modre_fadn.png?resize=19%2C19&#038;ssl=1\" alt=\"\" width=\"19\" height=\"19\" srcset=\"https:\/\/i0.wp.com\/fadn.cz\/wp-content\/uploads\/2023\/04\/logo_male_modre_fadn.png?w=19&amp;ssl=1 19w, https:\/\/i0.wp.com\/fadn.cz\/wp-content\/uploads\/2023\/04\/logo_male_modre_fadn.png?resize=12%2C12&amp;ssl=1 12w\" sizes=\"(max-width: 19px) 100vw, 19px\" \/> P\u0159ehled v\u00fdb\u011brov\u00e9ho \u0161et\u0159en\u00ed hospod\u00e1\u0159sk\u00fdch v\u00fdsledk\u016f zem\u011bd\u011blsk\u00fdch podnik\u016f si&nbsp;nyn\u00ed m\u016f\u017eete p\u0159e\u010d\u00edst v&nbsp;kompletn\u00ed elektronick\u00e9 podob\u011b. Publikace obsahuje vedle odborn\u00e9ho textu tak\u00e9 podrobn\u00e9 tabulky, grafy a&nbsp;mapy. Publikaci si&nbsp;zdarma m\u016f\u017eete prohl\u00e9dnout zde. (vlo\u017eeno&nbsp;27.03.2025)<\/p><p><img decoding=\"async\" data-recalc-dims=\"1\" class=\"alignnone size-full wp-image-5604\" src=\"https:\/\/i0.wp.com\/fadn.cz\/wp-content\/uploads\/2023\/04\/logo_male_modre_fadn.png?resize=19%2C19&#038;ssl=1\" alt=\"\" width=\"19\" height=\"19\" srcset=\"https:\/\/i0.wp.com\/fadn.cz\/wp-content\/uploads\/2023\/04\/logo_male_modre_fadn.png?w=19&amp;ssl=1 19w, https:\/\/i0.wp.com\/fadn.cz\/wp-content\/uploads\/2023\/04\/logo_male_modre_fadn.png?resize=12%2C12&amp;ssl=1 12w\" sizes=\"(max-width: 19px) 100vw, 19px\" \/> Dne 12.&nbsp;\u00fanora 2025 jsme se&nbsp;z\u00fa\u010dastnili workshopu s&nbsp;n\u00e1zvem EU CAP Network Workshop on FSDN, kter\u00fd m\u011bl za&nbsp;c\u00edl propojit zku\u0161enosti z&nbsp;FADN\/FSDN s&nbsp;experty z&nbsp;\u0159ad hodnotitel\u016f opat\u0159en\u00ed SZP, farm\u00e1\u0159\u016f i&nbsp;v\u00fdzkumn\u00edk\u016f. Akce t\u00e9\u017e poskytla z\u00e1klad pro&nbsp;v\u00fdm\u011bnu informac\u00ed a&nbsp;zku\u0161enost\u00ed s&nbsp;poskytov\u00e1n\u00edm komplexn\u00edch \u00fadaj\u016f o&nbsp;udr\u017eitelnosti farem a&nbsp;za&nbsp;c\u00edl si&nbsp;t\u00e9\u017e kladla zv\u00fd\u0161it pov\u011bdom\u00ed o&nbsp;\u010dinnostech kontaktn\u00edch pracovi\u0161\u0165 FADN ze v\u0161e st\u00e1t\u016f EU. (vlo\u017eeno&nbsp;18.02.2025)<\/p><p><img decoding=\"async\" data-recalc-dims=\"1\" class=\"alignnone size-full wp-image-5604\" src=\"https:\/\/i0.wp.com\/fadn.cz\/wp-content\/uploads\/2023\/04\/logo_male_modre_fadn.png?resize=19%2C19&#038;ssl=1\" alt=\"\" width=\"19\" height=\"19\" srcset=\"https:\/\/i0.wp.com\/fadn.cz\/wp-content\/uploads\/2023\/04\/logo_male_modre_fadn.png?w=19&amp;ssl=1 19w, https:\/\/i0.wp.com\/fadn.cz\/wp-content\/uploads\/2023\/04\/logo_male_modre_fadn.png?resize=12%2C12&amp;ssl=1 12w\" sizes=\"(max-width: 19px) 100vw, 19px\" \/> Dne 11.&nbsp;\u00fanora 2025 jsme se&nbsp;z\u00fa\u010dastnili prvn\u00edho leto\u0161n\u00edho jedn\u00e1n\u00ed v\u00fdboru FADN\/FSDN a&nbsp;expertn\u00ed skupiny GREX. Intenzivn\u00ed program zahrnoval p\u0159\u00edpravy na&nbsp;historicky prvn\u00ed \u0161et\u0159en\u00ed FSDN, kter\u00e9 prob\u011bhne p\u0159\u00ed\u0161t\u00ed rok, a&nbsp;tak\u00e9 tradi\u010dn\u00ed aktivity v&nbsp;r\u00e1mci FADN, kter\u00fdm se&nbsp;v\u011bnujeme ji\u017e 20 let. Jedn\u00e1n\u00ed bylo tak\u00e9 skv\u011blou p\u0159\u00edle\u017eitost\u00ed ke&nbsp;sd\u00edlen\u00ed zku\u0161enost\u00ed a&nbsp;informac\u00ed mezi \u010dlensk\u00fdmi st\u00e1ty EU. (vlo\u017eeno&nbsp;18.02.2025)<\/p><p><img decoding=\"async\" data-recalc-dims=\"1\" class=\"alignnone size-full wp-image-5604\" src=\"https:\/\/i0.wp.com\/fadn.cz\/wp-content\/uploads\/2023\/04\/logo_male_modre_fadn.png?resize=19%2C19&#038;ssl=1\" alt=\"\" width=\"19\" height=\"19\" srcset=\"https:\/\/i0.wp.com\/fadn.cz\/wp-content\/uploads\/2023\/04\/logo_male_modre_fadn.png?w=19&amp;ssl=1 19w, https:\/\/i0.wp.com\/fadn.cz\/wp-content\/uploads\/2023\/04\/logo_male_modre_fadn.png?resize=12%2C12&amp;ssl=1 12w\" sizes=\"(max-width: 19px) 100vw, 19px\" \/> V&nbsp;m\u011bs\u00ed\u010dn\u00edku AGRObase (\u010d.&nbsp;02\/2025) byl 28.&nbsp;ledna publikov\u00e1n \u010dl\u00e1nek \u201eFADN se&nbsp;m\u011bn\u00ed na&nbsp;FSDN\u201c, jeho\u017e autorky jsou Ing.&nbsp;Martina Harvil\u00edkov\u00e1 a&nbsp;Ing.&nbsp;Jana Mach\u00e1\u010dkov\u00e1. V&nbsp;textu se&nbsp;dozv\u00edte, pro\u010d k&nbsp;p\u0159em\u011bn\u011b FADN na&nbsp;FSDN dojde a&nbsp;jak\u00e9 jsou jej\u00ed hlavn\u00ed p\u0159\u00ednosy. \u010cl\u00e1nek si&nbsp;m\u016f\u017eete pro\u010d\u00edst zde. (vlo\u017eeno&nbsp;29.01.2025)<\/p><p><img decoding=\"async\" data-recalc-dims=\"1\" class=\"alignnone size-full wp-image-5604\" src=\"https:\/\/i0.wp.com\/fadn.cz\/wp-content\/uploads\/2023\/04\/logo_male_modre_fadn.png?resize=19%2C19&#038;ssl=1\" alt=\"\" width=\"19\" height=\"19\" srcset=\"https:\/\/i0.wp.com\/fadn.cz\/wp-content\/uploads\/2023\/04\/logo_male_modre_fadn.png?w=19&amp;ssl=1 19w, https:\/\/i0.wp.com\/fadn.cz\/wp-content\/uploads\/2023\/04\/logo_male_modre_fadn.png?resize=12%2C12&amp;ssl=1 12w\" sizes=\"(max-width: 19px) 100vw, 19px\" \/> Pr\u00e1v\u011b vych\u00e1z\u00ed nov\u00e9 vyd\u00e1n\u00ed Zaj\u00edmavost\u00ed z&nbsp;FADN, kter\u00e9 p\u0159in\u00e1\u0161\u00ed graficky zpracovan\u00e1 posledn\u00ed dostupn\u00e1 data o&nbsp;ekonomice zem\u011bd\u011blsk\u00fdch podnik\u016f v&nbsp;\u010cR a&nbsp;EU. Tentokr\u00e1t se&nbsp;na\u0161e pozornost zam\u011b\u0159ila na&nbsp;v\u00fdznam Standardn\u00ed produkce. Publikaci si&nbsp;m\u016f\u017eete pro\u010d\u00edst zde.(vlo\u017eeno&nbsp;22.01.2025)<\/p><p><img decoding=\"async\" data-recalc-dims=\"1\" class=\"alignnone size-full wp-image-5604\" src=\"https:\/\/i0.wp.com\/fadn.cz\/wp-content\/uploads\/2023\/04\/logo_male_modre_fadn.png?resize=19%2C19&#038;ssl=1\" alt=\"\" width=\"19\" height=\"19\" srcset=\"https:\/\/i0.wp.com\/fadn.cz\/wp-content\/uploads\/2023\/04\/logo_male_modre_fadn.png?w=19&amp;ssl=1 19w, https:\/\/i0.wp.com\/fadn.cz\/wp-content\/uploads\/2023\/04\/logo_male_modre_fadn.png?resize=12%2C12&amp;ssl=1 12w\" sizes=\"(max-width: 19px) 100vw, 19px\" \/> V&nbsp;t\u00fdden\u00edku Zem\u011bd\u011blec (\u010d.&nbsp;03\/2025) byl dne 13.&nbsp;ledna 2025 publikov\u00e1n \u010dl\u00e1nek \u201cProblematika znev\u00fdhodn\u011bn\u00fdch oblast\u00ed\u201d. Auto\u0159i Jind\u0159ich Landa, Zuzana Hlou\u0161kov\u00e1 a&nbsp;Iveta Mlezivov\u00e1 zde p\u0159edstavuj\u00ed problematiku znev\u00fdhodn\u011bn\u00fdch zem\u011bd\u011blsk\u00fdch oblast\u00ed v&nbsp;r\u00e1mci EU a&nbsp;to&nbsp;na&nbsp;p\u0159\u00edkladech n\u011bkolika vybran\u00fdch \u010dlensk\u00fdch zem\u00ed. \u010cl\u00e1nek si&nbsp;m\u016f\u017eete pro\u010d\u00edst zde (vlo\u017eeno&nbsp;14.01.2025)<\/p><\/div>\n\t\t\t\t\t\t\t\t\t<div class=\"elementor-tab-title elementor-tab-mobile-title\" aria-selected=\"false\" data-tab=\"4\" role=\"tab\" tabindex=\"-1\" aria-controls=\"elementor-tab-content-1704\" aria-expanded=\"false\">2024<\/div>\n\t\t\t\t\t<div id=\"elementor-tab-content-1704\" class=\"elementor-tab-content elementor-clearfix\" data-tab=\"4\" role=\"tabpanel\" aria-labelledby=\"elementor-tab-title-1704\" tabindex=\"0\" hidden=\"hidden\"><p><img decoding=\"async\" data-recalc-dims=\"1\" class=\"alignnone size-full wp-image-5604\" src=\"https:\/\/i0.wp.com\/fadn.cz\/wp-content\/uploads\/2023\/04\/logo_male_modre_fadn.png?resize=19%2C19&#038;ssl=1\" alt=\"\" width=\"19\" height=\"19\" srcset=\"https:\/\/i0.wp.com\/fadn.cz\/wp-content\/uploads\/2023\/04\/logo_male_modre_fadn.png?w=19&amp;ssl=1 19w, https:\/\/i0.wp.com\/fadn.cz\/wp-content\/uploads\/2023\/04\/logo_male_modre_fadn.png?resize=12%2C12&amp;ssl=1 12w\" sizes=\"(max-width: 19px) 100vw, 19px\" \/> Dne 11.12.2024 ve&nbsp;velk\u00e9m s\u00e1le kongresov\u00e9m centra \u010cNB prob\u011bhl ji\u017e 8.&nbsp;ro\u010dn\u00edk ekonomick\u00e9 konference \u00daZEI. Z\u00e1\u0161titu nad akc\u00ed p\u0159evzal ministr zem\u011bd\u011blstv\u00ed Marek V\u00fdborn\u00fd. Za&nbsp;FADN na&nbsp;konferenci vystoupila vedouc\u00ed Kontaktn\u00edho pracovi\u0161t\u011b Ing.&nbsp;Jana Mach\u00e1\u010dkov\u00e1 s&nbsp;p\u0159\u00edsp\u011bvkem \u201eFADN se&nbsp;m\u011bn\u00ed na&nbsp;FSDN\u201c. Na&nbsp;akci n\u00e1sledn\u011b nav\u00e1zalo vyhla\u0161ov\u00e1n\u00ed v\u00fdsledk\u016f sout\u011b\u017ee Zem\u011bd\u011blec roku 2024. Prezentace je k&nbsp;dispozici v&nbsp;publika\u010dn\u00ed \u010dinnosti. (vlo\u017eeno&nbsp;12.12.2024)<\/p><p><img decoding=\"async\" data-recalc-dims=\"1\" class=\"alignnone size-full wp-image-5604\" src=\"https:\/\/i0.wp.com\/fadn.cz\/wp-content\/uploads\/2023\/04\/logo_male_modre_fadn.png?resize=19%2C19&#038;ssl=1\" alt=\"\" width=\"19\" height=\"19\" srcset=\"https:\/\/i0.wp.com\/fadn.cz\/wp-content\/uploads\/2023\/04\/logo_male_modre_fadn.png?w=19&amp;ssl=1 19w, https:\/\/i0.wp.com\/fadn.cz\/wp-content\/uploads\/2023\/04\/logo_male_modre_fadn.png?resize=12%2C12&amp;ssl=1 12w\" sizes=\"(max-width: 19px) 100vw, 19px\" \/> 2.&nbsp;12.&nbsp;2024, tedy ve&nbsp;stanoven\u00e9m term\u00ednu, byla na&nbsp;AGRI A.2 odesl\u00e1na data FADN za&nbsp;\u00fa\u010detn\u00ed rok 2023. (vlo\u017eeno&nbsp;11.12.2024)<\/p><p><img decoding=\"async\" data-recalc-dims=\"1\" class=\"alignnone size-full wp-image-5604\" src=\"https:\/\/i0.wp.com\/fadn.cz\/wp-content\/uploads\/2023\/04\/logo_male_modre_fadn.png?resize=19%2C19&#038;ssl=1\" alt=\"\" width=\"19\" height=\"19\" srcset=\"https:\/\/i0.wp.com\/fadn.cz\/wp-content\/uploads\/2023\/04\/logo_male_modre_fadn.png?w=19&amp;ssl=1 19w, https:\/\/i0.wp.com\/fadn.cz\/wp-content\/uploads\/2023\/04\/logo_male_modre_fadn.png?resize=12%2C12&amp;ssl=1 12w\" sizes=\"(max-width: 19px) 100vw, 19px\" \/> Z\u00e1stupci Kontaktn\u00edho pracovi\u0161t\u011b FADN&nbsp;\u010cR se&nbsp;5.&nbsp;a&nbsp;6.&nbsp;prosince 2024 z\u00fa\u010dastnili hybridn\u00edho jedn\u00e1n\u00ed Farm Level Analysis Network p\u0159i&nbsp;OECD. Dvoudenn\u00ed jedn\u00e1n\u00ed obsahovalo n\u011bkolik prezentac\u00ed, kter\u00e9 se&nbsp;dot\u00fdkaly nov\u00fdch mo\u017enost\u00ed FSDN v&nbsp;EU. Velk\u00e1 \u010d\u00e1st programu se&nbsp;v\u011bnovala p\u0159\u00edjmu zem\u011bd\u011blsk\u00fdch podnik\u016f a&nbsp;zem\u011bd\u011blsk\u00fdch dom\u00e1cnost\u00ed. (vlo\u017eeno&nbsp;06.12.2024)<\/p><p><img decoding=\"async\" data-recalc-dims=\"1\" class=\"alignnone size-full wp-image-5604\" src=\"https:\/\/i0.wp.com\/fadn.cz\/wp-content\/uploads\/2023\/04\/logo_male_modre_fadn.png?resize=19%2C19&#038;ssl=1\" alt=\"\" width=\"19\" height=\"19\" srcset=\"https:\/\/i0.wp.com\/fadn.cz\/wp-content\/uploads\/2023\/04\/logo_male_modre_fadn.png?w=19&amp;ssl=1 19w, https:\/\/i0.wp.com\/fadn.cz\/wp-content\/uploads\/2023\/04\/logo_male_modre_fadn.png?resize=12%2C12&amp;ssl=1 12w\" sizes=\"(max-width: 19px) 100vw, 19px\" \/> 5.&nbsp;12.&nbsp;2024 jsme se&nbsp;\u00fa\u010dastnili webin\u00e1\u0159e \u2019Interoperability of IFS and FADN\/FSDN Unique Identifiers for Agricultural Holdings\u2019. C\u00edlem on-line jedn\u00e1n\u00ed bylo p\u0159edstaven\u00ed a&nbsp;diskuse hlavn\u00edch z\u00e1v\u011br\u016f a&nbsp;doporu\u010den\u00ed stejnojmenn\u00e9ho projektu. (vlo\u017eeno&nbsp;06.12.2024)<\/p><p><img decoding=\"async\" data-recalc-dims=\"1\" class=\"alignnone size-full wp-image-5604\" src=\"https:\/\/i0.wp.com\/fadn.cz\/wp-content\/uploads\/2023\/04\/logo_male_modre_fadn.png?resize=19%2C19&#038;ssl=1\" alt=\"\" width=\"19\" height=\"19\" srcset=\"https:\/\/i0.wp.com\/fadn.cz\/wp-content\/uploads\/2023\/04\/logo_male_modre_fadn.png?w=19&amp;ssl=1 19w, https:\/\/i0.wp.com\/fadn.cz\/wp-content\/uploads\/2023\/04\/logo_male_modre_fadn.png?resize=12%2C12&amp;ssl=1 12w\" sizes=\"(max-width: 19px) 100vw, 19px\" \/> V&nbsp;m\u011bs\u00ed\u010dn\u00edku AGRObase byl 27.11.2024 publikov\u00e1n \u010dl\u00e1nek FADN, aneb pro\u010d jsou va\u0161e podnikov\u00e1 data d\u016fle\u017eit\u00e1? Auto\u0159i zde uv\u00e1d\u00ed, co je to&nbsp;FADN, co d\u011bl\u00e1 a&nbsp;pro\u010d. Z\u00e1rove\u0148 popisuj\u00ed, pro\u010d je FADN d\u016fle\u017eit\u00e9 a&nbsp;co m\u016f\u017ee poskytnout jak zem\u011bd\u011blc\u016fm, tak i&nbsp;\u0161irok\u00e9 ve\u0159ejnosti. Nechyb\u00ed ani v\u00fdhled do&nbsp;budoucna a&nbsp;p\u0159edstaven\u00ed chystan\u00e9ho FSDN. \u010cl\u00e1nek si&nbsp;m\u016f\u017eete pro\u010d\u00edst zde (vlo\u017eeno&nbsp;28.11.2024)<\/p><p><img decoding=\"async\" data-recalc-dims=\"1\" class=\"alignnone size-full wp-image-5604\" src=\"https:\/\/i0.wp.com\/fadn.cz\/wp-content\/uploads\/2023\/04\/logo_male_modre_fadn.png?resize=19%2C19&#038;ssl=1\" alt=\"\" width=\"19\" height=\"19\" srcset=\"https:\/\/i0.wp.com\/fadn.cz\/wp-content\/uploads\/2023\/04\/logo_male_modre_fadn.png?w=19&amp;ssl=1 19w, https:\/\/i0.wp.com\/fadn.cz\/wp-content\/uploads\/2023\/04\/logo_male_modre_fadn.png?resize=12%2C12&amp;ssl=1 12w\" sizes=\"(max-width: 19px) 100vw, 19px\" \/> Dne 22.&nbsp;11.&nbsp;2024 po\u0159\u00e1dala Evropsk\u00e1 komise celodenn\u00ed hybridn\u00ed jedn\u00e1n\u00ed Expertn\u00ed skupiny pro&nbsp;horizont\u00e1ln\u00ed ot\u00e1zky t\u00fdkaj\u00edc\u00ed se&nbsp;SZP \u2013 podskupina Datov\u00e1 s\u00ed\u0165 pro&nbsp;udr\u017eitelnost zem\u011bd\u011blsk\u00fdch podnik\u016f (FSDN), zkr\u00e1cen\u011b GREX p\u0159i&nbsp;DG AGRI. Program obsahoval mnoho t\u00e9mat. Prvn\u00ed \u010d\u00e1st byla zam\u011b\u0159ena na&nbsp;sb\u011br a&nbsp;p\u0159ed\u00e1v\u00e1n\u00ed dat FADN a&nbsp;jejich vyu\u017eit\u00ed pro&nbsp;SZP a&nbsp;v\u00fdzkum na&nbsp;\u00farovni EU. Druh\u00e1 \u010d\u00e1st jedn\u00e1n\u00ed se&nbsp;t\u00fdkala nov\u00fdch povinnost\u00ed \u010dlensk\u00fdch st\u00e1t\u016f, diskuse nad mo\u017en\u00fdmi zm\u011bnami v&nbsp;metodik\u00e1ch a&nbsp;aktivit p\u0159echodu na&nbsp;FSDN. Sou\u010d\u00e1st\u00ed agendy byly tak\u00e9 prezentace p\u0159edstavuj\u00edc\u00ed v\u00fdvoj aplikac\u00ed pro&nbsp;sd\u00edlen\u00ed v\u00fdsledk\u016f FADN\/FSDN, benchmarking a&nbsp;mo\u017enost zpracov\u00e1n\u00ed z\u00e1kladn\u00edch statistik u\u017eivateli dat. (vlo\u017eeno&nbsp;28.11.2024)<\/p><p><img decoding=\"async\" data-recalc-dims=\"1\" class=\"alignnone size-full wp-image-5604\" src=\"https:\/\/i0.wp.com\/fadn.cz\/wp-content\/uploads\/2023\/04\/logo_male_modre_fadn.png?resize=19%2C19&#038;ssl=1\" alt=\"\" width=\"19\" height=\"19\" srcset=\"https:\/\/i0.wp.com\/fadn.cz\/wp-content\/uploads\/2023\/04\/logo_male_modre_fadn.png?w=19&amp;ssl=1 19w, https:\/\/i0.wp.com\/fadn.cz\/wp-content\/uploads\/2023\/04\/logo_male_modre_fadn.png?resize=12%2C12&amp;ssl=1 12w\" sizes=\"(max-width: 19px) 100vw, 19px\" \/> Dne 6.11.&nbsp;2024 prob\u011bhlo v&nbsp;budov\u011b Ministerstva zem\u011bd\u011blstv\u00ed jedn\u00e1n\u00ed N\u00e1rodn\u00ed komise FADN. Na&nbsp;zased\u00e1n\u00ed byla p\u0159edlo\u017eena zpr\u00e1va o&nbsp;fungov\u00e1n\u00ed FADN&nbsp;\u010cR od&nbsp;listopadu 2023 a\u017e do&nbsp;\u0159\u00edjna 2024, sou\u010d\u00e1st\u00ed zpr\u00e1vy bylo pln\u011bn\u00ed \u00fakol\u016f ve&nbsp;vztahu k&nbsp;Evropsk\u00e9 komisi, vyu\u017eit\u00ed dat FADN na&nbsp;n\u00e1rodn\u00ed \u00farovni, ale i&nbsp;prvn\u00ed p\u0159edb\u011b\u017en\u00e9 v\u00fdsledky \u0161et\u0159en\u00ed FADN za&nbsp;\u00fa\u010detn\u00ed rok 2023. Dal\u0161\u00edm bodem programu bylo projedn\u00e1n\u00ed n\u00e1vrhu pl\u00e1nu v\u00fdb\u011bru podnik\u016f \u0161et\u0159en\u00ed FSDN na&nbsp;vykazovan\u00fd rok 2025, kter\u00fd byl jednomysln\u011b schv\u00e1len. B\u011bhem zased\u00e1n\u00ed prob\u011bhla bou\u0159liv\u00e1 diskuse t\u00fdkaj\u00edc\u00ed se&nbsp;p\u0159edb\u011b\u017en\u00fdch v\u00fdsledn\u00fdch ukazatel\u016f roku 2023 v\u010detn\u011b problematiky p\u0159echodu FADN na&nbsp;FSDN. (vlo\u017eeno&nbsp;07.11.2024)<\/p><p><img decoding=\"async\" data-recalc-dims=\"1\" class=\"alignnone size-full wp-image-5604\" src=\"https:\/\/i0.wp.com\/fadn.cz\/wp-content\/uploads\/2023\/04\/logo_male_modre_fadn.png?resize=19%2C19&#038;ssl=1\" alt=\"\" width=\"19\" height=\"19\" srcset=\"https:\/\/i0.wp.com\/fadn.cz\/wp-content\/uploads\/2023\/04\/logo_male_modre_fadn.png?w=19&amp;ssl=1 19w, https:\/\/i0.wp.com\/fadn.cz\/wp-content\/uploads\/2023\/04\/logo_male_modre_fadn.png?resize=12%2C12&amp;ssl=1 12w\" sizes=\"(max-width: 19px) 100vw, 19px\" \/> V&nbsp;t\u00fdden\u00edku N\u00e1\u0161 chov (\u010d.&nbsp;11\/2024) byl dne 1.&nbsp;listopadu 2024 publikov\u00e1n \u010dl\u00e1nek Ekonomika producent\u016f ml\u00e9ka s&nbsp;precizn\u00edm zem\u011bd\u011blstv\u00edm. C\u00edlem p\u0159\u00edsp\u011bvku je porovn\u00e1n\u00ed hospod\u00e1\u0159sk\u00fdch v\u00fdsledk\u016f podnik\u016f s&nbsp;tr\u017en\u00ed produkc\u00ed ml\u00e9ka, kter\u00e9 v&nbsp;\u010cesk\u00e9 republice vyu\u017e\u00edvaj\u00ed technologie precizn\u00edho zem\u011bd\u011blstv\u00ed v&nbsp;\u017eivo\u010di\u0161n\u00e9 v\u00fdrob\u011b s&nbsp;v\u00fdsledky podnik\u016f s&nbsp;produkc\u00ed ml\u00e9ka hospoda\u0159\u00edc\u00edch bez t\u011bchto technologi\u00ed. Anal\u00fdza byla zpracov\u00e1na na&nbsp;z\u00e1klad\u011b dat podnik\u016f, kter\u00e9 se&nbsp;\u00fa\u010dastn\u00ed ka\u017edoro\u010dn\u00edho \u0161et\u0159en\u00ed Zem\u011bd\u011blsk\u00e9 \u00fa\u010detn\u00ed datov\u00e9 s\u00edt\u011b v&nbsp;\u010cesk\u00e9 republice. \u010cl\u00e1nek si&nbsp;m\u016f\u017eete pro\u010d\u00edst zde. (vlo\u017eeno&nbsp;06.11.2024)<\/p><p><img decoding=\"async\" data-recalc-dims=\"1\" class=\"alignnone size-full wp-image-5604\" src=\"https:\/\/i0.wp.com\/fadn.cz\/wp-content\/uploads\/2023\/04\/logo_male_modre_fadn.png?resize=19%2C19&#038;ssl=1\" alt=\"\" width=\"19\" height=\"19\" srcset=\"https:\/\/i0.wp.com\/fadn.cz\/wp-content\/uploads\/2023\/04\/logo_male_modre_fadn.png?w=19&amp;ssl=1 19w, https:\/\/i0.wp.com\/fadn.cz\/wp-content\/uploads\/2023\/04\/logo_male_modre_fadn.png?resize=12%2C12&amp;ssl=1 12w\" sizes=\"(max-width: 19px) 100vw, 19px\" \/> V&nbsp;t\u00fdden\u00edku N\u00e1\u0161 chov (\u010d.&nbsp;11\/2024) byl dne 1.&nbsp;listopadu 2024 publikov\u00e1n \u010dl\u00e1nek \u201eV \u010dem vynikaj\u00ed podniky zam\u011b\u0159en\u00e9 na&nbsp;chov skotu a&nbsp;zv\u00ed\u0159at zkrmuj\u00edc\u00edch objemnou p\u00edci?\u201c. Auto\u0159i zde analyzuj\u00ed produk\u010dn\u00ed a&nbsp;ekonomick\u00e9 ukazatele zem\u011bd\u011blsk\u00fdch podnik\u016f specializovan\u00fdch na&nbsp;chov skotu a&nbsp;zv\u00ed\u0159at zkrmuj\u00edc\u00edch objemnou p\u00edci (ZOP) v&nbsp;letech 2013 a\u017e 2022.&nbsp;\u010cl\u00e1nek se&nbsp;zam\u011b\u0159uje na&nbsp;rozd\u00edly mezi ziskov\u00fdmi a&nbsp;ztr\u00e1tov\u00fdmi podniky a&nbsp;zji\u0161\u0165uje, jak se&nbsp;li\u0161\u00ed v&nbsp;oblasti produkce, n\u00e1klad\u016f a&nbsp;efektivity hospoda\u0159en\u00ed. \u010cl\u00e1nek si&nbsp;m\u016f\u017eete pro\u010d\u00edst zde. (vlo\u017eeno&nbsp;06.11.2024)<\/p><p><img decoding=\"async\" data-recalc-dims=\"1\" class=\"alignnone size-full wp-image-5604\" src=\"https:\/\/i0.wp.com\/fadn.cz\/wp-content\/uploads\/2023\/04\/logo_male_modre_fadn.png?resize=19%2C19&#038;ssl=1\" alt=\"\" width=\"19\" height=\"19\" srcset=\"https:\/\/i0.wp.com\/fadn.cz\/wp-content\/uploads\/2023\/04\/logo_male_modre_fadn.png?w=19&amp;ssl=1 19w, https:\/\/i0.wp.com\/fadn.cz\/wp-content\/uploads\/2023\/04\/logo_male_modre_fadn.png?resize=12%2C12&amp;ssl=1 12w\" sizes=\"(max-width: 19px) 100vw, 19px\" \/> Ve&nbsp;v\u011bdeck\u00e9m \u010dasopisu Agricultural Economics \u2013 Czech (\u010d.&nbsp;70) byl publikov\u00e1n \u010dl\u00e1nek The impact of efficiency on the profitability of large farms in the Visegrad Four o&nbsp;efektivit\u011b velk\u00fdch podnik\u016f, kter\u00e9 se&nbsp;v&nbsp;regionu Visegradsk\u00e9 \u010dty\u0159ky specializuj\u00ed na&nbsp;poln\u00ed v\u00fdrobu. \u010cl\u00e1nek vznik\u016f ve&nbsp;spolupr\u00e1ci FADN, PEF \u010cZU a&nbsp;ESF MUNI. \u010cl\u00e1nek si&nbsp;m\u016f\u017eete pro\u010d\u00edst zde. (vlo\u017eeno&nbsp;14.10.2024)<\/p><p><img decoding=\"async\" data-recalc-dims=\"1\" class=\"alignnone size-full wp-image-5604\" src=\"https:\/\/i0.wp.com\/fadn.cz\/wp-content\/uploads\/2023\/04\/logo_male_modre_fadn.png?resize=19%2C19&#038;ssl=1\" alt=\"\" width=\"19\" height=\"19\" srcset=\"https:\/\/i0.wp.com\/fadn.cz\/wp-content\/uploads\/2023\/04\/logo_male_modre_fadn.png?w=19&amp;ssl=1 19w, https:\/\/i0.wp.com\/fadn.cz\/wp-content\/uploads\/2023\/04\/logo_male_modre_fadn.png?resize=12%2C12&amp;ssl=1 12w\" sizes=\"(max-width: 19px) 100vw, 19px\" \/> Po&nbsp;roce jsme se&nbsp;op\u011bt osobn\u011b \u00fa\u010dastnili mezin\u00e1rodn\u00edho workshopu PACIOLI. Setk\u00e1n\u00ed v&nbsp;po\u0159ad\u00ed ji\u017e 29.&nbsp;se&nbsp;konalo 6. \u2013 9.&nbsp;10.&nbsp;2024 v&nbsp;italsk\u00e9m m\u011bste\u010dku Montegrotto nedaleko Ben\u00e1tek. Jde o&nbsp;jednu z&nbsp;nejv\u011bt\u0161\u00edch term\u00e1ln\u00edch oblast\u00ed v&nbsp;Evrop\u011b s&nbsp;prameny s&nbsp;teplotou i&nbsp;80\u00b0C. Za&nbsp;\u010cR byla aktivn\u00ed \u00fa\u010dast formou prezentace na&nbsp;t\u00e9ma dlouhodob\u00e9 \u00fa\u010dasti zem\u011bd\u011blc\u016f v&nbsp;\u0161et\u0159en\u00ed FADN a&nbsp;poster s&nbsp;n\u00e1m\u011btem sni\u017eov\u00e1n\u00ed z\u00e1t\u011b\u017ee respondent\u016f. P\u0159\u00e1telsk\u00e9 diskuze v&nbsp;r\u00e1mci vystoupen\u00ed i&nbsp;mimo program potvrdily, \u017ee&nbsp;v\u00fdzvy a&nbsp;probl\u00e9my jsou ve&nbsp;v\u0161ech zem\u00edch obdobn\u00e9 a&nbsp;roste pot\u0159eba monitorovat vedle ekonomick\u00fdch ukazatel\u016f tak\u00e9 environment\u00e1ln\u00ed a&nbsp;soci\u00e1ln\u00ed prom\u011bnn\u00e9. Zazn\u011bly zaj\u00edmav\u00e9 zku\u0161enosti k&nbsp;inovac\u00edm ve&nbsp;spr\u00e1v\u011b a&nbsp;sb\u011bru dat, p\u0159edev\u0161\u00edm v&nbsp;souvislosti s&nbsp;p\u0159echodem na&nbsp;FSDN. Vyzdvihnuty byly anal\u00fdzy dat s&nbsp;n\u00e1sledn\u00fdm benchmarkingem pro&nbsp;farmy. Bli\u017e\u0161\u00ed informace k&nbsp;prezentaci a&nbsp;posteru naleznete v&nbsp;sekci Projekty a&nbsp;o&nbsp;workshopu se&nbsp;m\u016f\u017eete dozv\u011bd\u011bt v\u00edce na&nbsp;www.pacioli.org (vlo\u017eeno&nbsp;11.10.2024)<\/p><p><img decoding=\"async\" data-recalc-dims=\"1\" class=\"alignnone size-full wp-image-5604\" src=\"https:\/\/i0.wp.com\/fadn.cz\/wp-content\/uploads\/2023\/04\/logo_male_modre_fadn.png?resize=19%2C19&#038;ssl=1\" alt=\"\" width=\"19\" height=\"19\" srcset=\"https:\/\/i0.wp.com\/fadn.cz\/wp-content\/uploads\/2023\/04\/logo_male_modre_fadn.png?w=19&amp;ssl=1 19w, https:\/\/i0.wp.com\/fadn.cz\/wp-content\/uploads\/2023\/04\/logo_male_modre_fadn.png?resize=12%2C12&amp;ssl=1 12w\" sizes=\"(max-width: 19px) 100vw, 19px\" \/> Po&nbsp;celoro\u010dn\u00ed pr\u00e1ci, kterou jsme podstoupili spole\u010dn\u011b se&nbsp;v\u0161emi \u010dlensk\u00fdmi st\u00e1ty, Evropskou komis\u00ed a&nbsp;z\u00e1stupci zem\u011bd\u011blsk\u00fdch organizac\u00ed i&nbsp;jednotliv\u00fdch podnik\u016f, m\u016f\u017eeme ozn\u00e1mit, \u017ee&nbsp;bylo odsouhlaseno dlouhodob\u011b p\u0159ipravovan\u00e9 prov\u00e1d\u011bc\u00ed na\u0159\u00edzen\u00ed, kter\u00e9 obsahuje v\u0161echny n\u00e1le\u017eitosti pro&nbsp;praktick\u00e9 fungov\u00e1n\u00ed FSDN. Pouze dva \u010dlensk\u00e9 st\u00e1ty se&nbsp;p\u0159i&nbsp;hlasov\u00e1n\u00ed zdr\u017eeli. Za&nbsp;\u010ceskou republiku souhlasn\u011b hlasovala z\u00e1stupkyn\u011b na\u0161eho Kontaktn\u00edho pracovi\u0161t\u011b FADN v&nbsp;\u010cR. Toto na\u0159\u00edzen\u00ed v\u00edt\u00e1me s&nbsp;radost\u00ed, ale tak\u00e9 s&nbsp;respektem, proto\u017ee se&nbsp;jedn\u00e1 o&nbsp;velkou zm\u011bnu jak pro&nbsp;na\u0161e pracovi\u0161t\u011b, tak pro&nbsp;v\u011bt\u0161inu na\u0161ich spolupracovn\u00edk\u016f. V&nbsp;pr\u016fb\u011bhu vyjedn\u00e1v\u00e1n\u00ed o&nbsp;zn\u011bn\u00ed na\u0159\u00edzen\u00ed se&nbsp;n\u00e1m poda\u0159ilo zabezpe\u010dit postupn\u00e9 zav\u00e1d\u011bn\u00ed nov\u00fdch prom\u011bnn\u00fdch, co\u017e n\u00e1m d\u00e1v\u00e1 prostor na&nbsp;spole\u010dnou p\u0159\u00edpravu. (vlo\u017eeno&nbsp;04.10.2024)<\/p><p><img decoding=\"async\" data-recalc-dims=\"1\" class=\"alignnone size-full wp-image-5604\" src=\"https:\/\/i0.wp.com\/fadn.cz\/wp-content\/uploads\/2023\/04\/logo_male_modre_fadn.png?resize=19%2C19&#038;ssl=1\" alt=\"\" width=\"19\" height=\"19\" srcset=\"https:\/\/i0.wp.com\/fadn.cz\/wp-content\/uploads\/2023\/04\/logo_male_modre_fadn.png?w=19&amp;ssl=1 19w, https:\/\/i0.wp.com\/fadn.cz\/wp-content\/uploads\/2023\/04\/logo_male_modre_fadn.png?resize=12%2C12&amp;ssl=1 12w\" sizes=\"(max-width: 19px) 100vw, 19px\" \/> V&nbsp;t\u00fdden\u00edku Zem\u011bd\u011blec (\u010d.&nbsp;34\/2024) byl dne 19.&nbsp;srpna 2024 publikov\u00e1n \u010dl\u00e1nek \u201eV\u00fdsledky podnik\u016f sm\u00ed\u0161en\u00ed v\u00fdroby\u201c. Autorka Ing.&nbsp;Lenka Tumov\u00e1 zde prezentuje v\u00fdsledky podnik\u016f sm\u00ed\u0161en\u00e9 v\u00fdroby v&nbsp;datech \u0161et\u0159en\u00ed FADN. Krom\u011b dat produk\u010dn\u00edch \u010di&nbsp;n\u00e1kladov\u00fdch se&nbsp;autorka v&nbsp;p\u0159\u00edsp\u011bvku zab\u00fdv\u00e1 i&nbsp;problematikou dotac\u00ed. (vlo\u017eeno&nbsp;25.08.2024)<\/p><p><img decoding=\"async\" data-recalc-dims=\"1\" class=\"alignnone size-full wp-image-5604\" src=\"https:\/\/i0.wp.com\/fadn.cz\/wp-content\/uploads\/2023\/04\/logo_male_modre_fadn.png?resize=19%2C19&#038;ssl=1\" alt=\"\" width=\"19\" height=\"19\" srcset=\"https:\/\/i0.wp.com\/fadn.cz\/wp-content\/uploads\/2023\/04\/logo_male_modre_fadn.png?w=19&amp;ssl=1 19w, https:\/\/i0.wp.com\/fadn.cz\/wp-content\/uploads\/2023\/04\/logo_male_modre_fadn.png?resize=12%2C12&amp;ssl=1 12w\" sizes=\"(max-width: 19px) 100vw, 19px\" \/> V&nbsp;t\u00fdden\u00edku Zem\u011bd\u011blec (\u010d.&nbsp;33\/2024) byl dne 12.&nbsp;srpna 2024 publikov\u00e1n \u010dl\u00e1nek \u201eEkologick\u00e9 podniky v&nbsp;roce 2022\u201c. Autorky Ing.&nbsp;Zuzana Fuksov\u00e1 a&nbsp;Ing.&nbsp;Lenka Tumov\u00e1 zde prezentuj\u00ed v\u00fdsledky ekologicky hospoda\u0159\u00edc\u00edch podnik\u016f a&nbsp;to&nbsp;na&nbsp;z\u00e1klad\u011b v\u00fdsledk\u016f \u0161et\u0159en\u00ed FADN v&nbsp;meziro\u010dn\u00edm srovn\u00e1n\u00ed v&nbsp;letech 2020 a\u017e 2022.&nbsp;\u010cl\u00e1nek si&nbsp;m\u016f\u017eete pro\u010d\u00edst zde. (vlo\u017eeno&nbsp;19.08.2024)<\/p><p><img decoding=\"async\" data-recalc-dims=\"1\" class=\"alignnone size-full wp-image-5604\" src=\"https:\/\/i0.wp.com\/fadn.cz\/wp-content\/uploads\/2023\/04\/logo_male_modre_fadn.png?resize=19%2C19&#038;ssl=1\" alt=\"\" width=\"19\" height=\"19\" srcset=\"https:\/\/i0.wp.com\/fadn.cz\/wp-content\/uploads\/2023\/04\/logo_male_modre_fadn.png?w=19&amp;ssl=1 19w, https:\/\/i0.wp.com\/fadn.cz\/wp-content\/uploads\/2023\/04\/logo_male_modre_fadn.png?resize=12%2C12&amp;ssl=1 12w\" sizes=\"(max-width: 19px) 100vw, 19px\" \/> V&nbsp;t\u00fdden\u00edku Zem\u011bd\u011blec (\u010d.&nbsp;31\/2024) byl dne 29.&nbsp;\u010dervence 2024 publikov\u00e1n \u010dl\u00e1nek \u201eEkonomika podnik\u016f s&nbsp;produkc\u00ed ml\u00e9ka\u201c. Autorky Ing.&nbsp;Martina D\u00f6bertov\u00e1 a&nbsp;Ing.&nbsp;Sv\u011btlana Lamprechtov\u00e1 zde prezentuj\u00ed v\u00fdsledky na&nbsp;z\u00e1klad\u011b \u0161et\u0159en\u00ed FADN v&nbsp;meziro\u010dn\u00edm srovn\u00e1n\u00ed 2021\/2022.&nbsp;\u010cl\u00e1nek si&nbsp;m\u016f\u017eete pro\u010d\u00edst zde. (vlo\u017eeno&nbsp;07.08.2024)<\/p><p><img decoding=\"async\" data-recalc-dims=\"1\" class=\"alignnone size-full wp-image-5604\" src=\"https:\/\/i0.wp.com\/fadn.cz\/wp-content\/uploads\/2023\/04\/logo_male_modre_fadn.png?resize=19%2C19&#038;ssl=1\" alt=\"\" width=\"19\" height=\"19\" srcset=\"https:\/\/i0.wp.com\/fadn.cz\/wp-content\/uploads\/2023\/04\/logo_male_modre_fadn.png?w=19&amp;ssl=1 19w, https:\/\/i0.wp.com\/fadn.cz\/wp-content\/uploads\/2023\/04\/logo_male_modre_fadn.png?resize=12%2C12&amp;ssl=1 12w\" sizes=\"(max-width: 19px) 100vw, 19px\" \/> 16.&nbsp;7.&nbsp;2024 jsme se&nbsp;\u00fa\u010dastnili dal\u0161\u00edho zased\u00e1n\u00ed V\u00fdboru pro&nbsp;FSDN p\u0159i&nbsp;DG AGRI. Evropsk\u00e1 komise p\u0159edstavila zm\u011bny v&nbsp;p\u0159ipravovan\u00e9m prov\u00e1d\u011bc\u00edm na\u0159\u00edzen\u00ed o&nbsp;FSDN, kter\u00e9 se&nbsp;ji\u017e finalizuje. D\u00e1le byla pod\u00e1na informace p\u0159ed schvalovac\u00edm procesem prov\u00e1d\u011bc\u00edho na\u0159\u00edzen\u00ed, kter\u00e9 upravuje p\u0159\u00edsp\u011bvek na&nbsp;budov\u00e1n\u00ed FSDN pro&nbsp;ka\u017edou \u010dlenskou zemi EU. (vlo\u017eeno&nbsp;17.07.2024)<\/p><p><img decoding=\"async\" data-recalc-dims=\"1\" class=\"alignnone size-full wp-image-5604\" src=\"https:\/\/i0.wp.com\/fadn.cz\/wp-content\/uploads\/2023\/04\/logo_male_modre_fadn.png?resize=19%2C19&#038;ssl=1\" alt=\"\" width=\"19\" height=\"19\" srcset=\"https:\/\/i0.wp.com\/fadn.cz\/wp-content\/uploads\/2023\/04\/logo_male_modre_fadn.png?w=19&amp;ssl=1 19w, https:\/\/i0.wp.com\/fadn.cz\/wp-content\/uploads\/2023\/04\/logo_male_modre_fadn.png?resize=12%2C12&amp;ssl=1 12w\" sizes=\"(max-width: 19px) 100vw, 19px\" \/> O&nbsp;v\u00fdro\u010d\u00ed 20 let FADN v&nbsp;\u010cR vy\u0161el v&nbsp;t\u00fdden\u00edku Zem\u011bd\u011blec (\u010d.&nbsp;26\/2024) i&nbsp;\u010dl\u00e1nek, kter\u00fd shrnuje v\u0161e d\u016fle\u017eit\u00e9, co Kontaktn\u00ed pracovi\u0161t\u011b FADN za&nbsp;posledn\u00edch dvacet let vykonalo, jak\u00e9 jsou pl\u00e1ny do&nbsp;budoucna, ale i&nbsp;jak je p\u0159ij\u00edm\u00e1no odbornou ve\u0159ejnost\u00ed. \u010cl\u00e1nek si&nbsp;m\u016f\u017eete pro\u010d\u00edst zde. (vlo\u017eeno&nbsp;28.06.2024)<\/p><p><img decoding=\"async\" data-recalc-dims=\"1\" class=\"alignnone size-full wp-image-5604\" src=\"https:\/\/i0.wp.com\/fadn.cz\/wp-content\/uploads\/2023\/04\/logo_male_modre_fadn.png?resize=19%2C19&#038;ssl=1\" alt=\"\" width=\"19\" height=\"19\" srcset=\"https:\/\/i0.wp.com\/fadn.cz\/wp-content\/uploads\/2023\/04\/logo_male_modre_fadn.png?w=19&amp;ssl=1 19w, https:\/\/i0.wp.com\/fadn.cz\/wp-content\/uploads\/2023\/04\/logo_male_modre_fadn.png?resize=12%2C12&amp;ssl=1 12w\" sizes=\"(max-width: 19px) 100vw, 19px\" \/> 14.&nbsp;6.&nbsp;2024 prob\u011bhlo \u010dervnov\u00e9 jedn\u00e1n\u00ed V\u00fdboru pro&nbsp;FSDN p\u0159i&nbsp;DG AGRI. Evropsk\u00e1 komise prezentovala zm\u011bny v&nbsp;p\u0159ipravovan\u00e9m prov\u00e1d\u011bc\u00edm na\u0159\u00edzen\u00ed o&nbsp;FSDN, kter\u00e9 byly provedeny na&nbsp;z\u00e1klad\u011b p\u0159ipom\u00ednek \u010dlensk\u00fdch st\u00e1t\u016f. D\u00e1le byla diskutov\u00e1na ji\u017e pokro\u010dil\u00e1 verze prov\u00e1d\u011bc\u00edho na\u0159\u00edzen\u00ed, kter\u00e9 upravuje p\u0159\u00edsp\u011bvek na&nbsp;budov\u00e1n\u00ed FSDN pro&nbsp;ka\u017edou \u010dlenskou zemi EU. (vlo\u017eeno&nbsp;19.06.2024)<\/p><p><img decoding=\"async\" data-recalc-dims=\"1\" class=\"alignnone size-full wp-image-5604\" src=\"https:\/\/i0.wp.com\/fadn.cz\/wp-content\/uploads\/2023\/04\/logo_male_modre_fadn.png?resize=19%2C19&#038;ssl=1\" alt=\"\" width=\"19\" height=\"19\" srcset=\"https:\/\/i0.wp.com\/fadn.cz\/wp-content\/uploads\/2023\/04\/logo_male_modre_fadn.png?w=19&amp;ssl=1 19w, https:\/\/i0.wp.com\/fadn.cz\/wp-content\/uploads\/2023\/04\/logo_male_modre_fadn.png?resize=12%2C12&amp;ssl=1 12w\" sizes=\"(max-width: 19px) 100vw, 19px\" \/> Ku p\u0159\u00edle\u017eitosti v\u00fdro\u010d\u00ed 20 let FADN v&nbsp;\u010cR, vy\u0161la na&nbsp;webu t\u00fdden\u00edku Zem\u011bd\u011blec report\u00e1\u017e ze stejnojmenn\u00e9 v\u00fdro\u010dn\u00ed akce, kter\u00e1 \u010dten\u00e1\u0159e seznamuje s&nbsp;\u010dinnost\u00ed FADN a&nbsp;bilancuje na\u0161e 20ti let\u00e9 p\u016fsoben\u00ed v&nbsp;\u010cR. Report\u00e1\u017e si&nbsp;m\u016f\u017eete pro\u010d\u00edst zde. (vlo\u017eeno&nbsp;23.05.2024)<\/p><p><img decoding=\"async\" data-recalc-dims=\"1\" class=\"alignnone size-full wp-image-5604\" src=\"https:\/\/i0.wp.com\/fadn.cz\/wp-content\/uploads\/2023\/04\/logo_male_modre_fadn.png?resize=19%2C19&#038;ssl=1\" alt=\"\" width=\"19\" height=\"19\" srcset=\"https:\/\/i0.wp.com\/fadn.cz\/wp-content\/uploads\/2023\/04\/logo_male_modre_fadn.png?w=19&amp;ssl=1 19w, https:\/\/i0.wp.com\/fadn.cz\/wp-content\/uploads\/2023\/04\/logo_male_modre_fadn.png?resize=12%2C12&amp;ssl=1 12w\" sizes=\"(max-width: 19px) 100vw, 19px\" \/> 21.&nbsp;kv\u011btna 2024 jsme se&nbsp;z\u00fa\u010dastnili 219.&nbsp;jedn\u00e1n\u00ed V\u00fdboru pro&nbsp;FSDN (d\u0159\u00edve FADN), kter\u00fd po\u0159\u00e1dala Evropsk\u00e1 komise (DG AGRI) hybridn\u00ed formou. Byla diskutov\u00e1na dv\u011b p\u0159ipravovan\u00e1 prov\u00e1d\u011bc\u00ed na\u0159\u00edzen\u00ed. Prvn\u00ed na\u0159\u00edzen\u00ed upravuje p\u0159\u00edsp\u011bvek na&nbsp;budov\u00e1n\u00ed FSDN pro&nbsp;ka\u017edou \u010dlenskou zemi EU a&nbsp;jeho p\u0159ijet\u00ed volbou z\u00e1stupc\u016f \u010dlensk\u00fdch st\u00e1t\u016f je pl\u00e1nov\u00e1no na&nbsp;za\u010d\u00e1tek z\u00e1\u0159\u00ed. Druh\u00e9 na\u0159\u00edzen\u00ed obsahuje ve\u0161ker\u00e1 pravidla a&nbsp;obsah dotazn\u00edku FSDN, jeho p\u0159ijet\u00ed je pl\u00e1nov\u00e1no na&nbsp;konec z\u00e1\u0159\u00ed. (vlo\u017eeno&nbsp;22.05.2024)<\/p><p><img decoding=\"async\" data-recalc-dims=\"1\" class=\"alignnone size-full wp-image-5604\" src=\"https:\/\/i0.wp.com\/fadn.cz\/wp-content\/uploads\/2023\/04\/logo_male_modre_fadn.png?resize=19%2C19&#038;ssl=1\" alt=\"\" width=\"19\" height=\"19\" srcset=\"https:\/\/i0.wp.com\/fadn.cz\/wp-content\/uploads\/2023\/04\/logo_male_modre_fadn.png?w=19&amp;ssl=1 19w, https:\/\/i0.wp.com\/fadn.cz\/wp-content\/uploads\/2023\/04\/logo_male_modre_fadn.png?resize=12%2C12&amp;ssl=1 12w\" sizes=\"(max-width: 19px) 100vw, 19px\" \/> V&nbsp;Dom\u011b zem\u011bd\u011blsk\u00e9 osv\u011bty na&nbsp;Vinohradech jsme uspo\u0159\u00e1dali setk\u00e1n\u00ed spolupracovn\u00edk\u016f, kte\u0159\u00ed n\u00e1m dlouhodob\u011b pom\u00e1haj\u00ed budovat FADN. Minul\u00e9 i&nbsp;sou\u010dasn\u00e9 veden\u00ed \u00daZEI a&nbsp;Kontaktn\u00edho pracovi\u0161t\u011b FADN&nbsp;\u010cR bilancovalo uplynul\u00fdch 20 let a&nbsp;z\u00e1rove\u0148 nast\u00ednilo i&nbsp;pl\u00e1ny do&nbsp;budoucna. Kr\u00e1tk\u00e9 zhodnocen\u00ed na\u0161\u00ed dlouhodob\u00e9 spolupr\u00e1ce p\u0159ednesli z\u00e1stupci Ministerstva zem\u011bd\u011blstv\u00ed, v\u00fdzkumu i&nbsp;tazatelsk\u00fdch firem. Ve&nbsp;voln\u00e9 diskusi se&nbsp;tak\u00e9 prob\u00edrala aktu\u00e1ln\u00ed situace v&nbsp;zem\u011bd\u011blstv\u00ed, mo\u017enosti zv\u00fd\u0161en\u00ed automatizace sb\u011bru dat, ale i&nbsp;sd\u00edlen\u00ed a&nbsp;vyu\u017eit\u00ed dat ji\u017e existuj\u00edc\u00edch. D\u011bkujeme v\u0161em 77 \u00fa\u010dastn\u00edk\u016fm, \u017ee&nbsp;s&nbsp;n\u00e1mi toto slavnostn\u00ed dopoledne pro\u017eili. (vlo\u017eeno&nbsp;17.05.2024)<\/p><p><img decoding=\"async\" data-recalc-dims=\"1\" class=\"alignnone size-full wp-image-5604\" src=\"https:\/\/i0.wp.com\/fadn.cz\/wp-content\/uploads\/2023\/04\/logo_male_modre_fadn.png?resize=19%2C19&#038;ssl=1\" alt=\"\" width=\"19\" height=\"19\" srcset=\"https:\/\/i0.wp.com\/fadn.cz\/wp-content\/uploads\/2023\/04\/logo_male_modre_fadn.png?w=19&amp;ssl=1 19w, https:\/\/i0.wp.com\/fadn.cz\/wp-content\/uploads\/2023\/04\/logo_male_modre_fadn.png?resize=12%2C12&amp;ssl=1 12w\" sizes=\"(max-width: 19px) 100vw, 19px\" \/> V&nbsp;r\u00e1mci oslav v\u00fdro\u010d\u00ed 20 let FADN v&nbsp;\u010cR vydalo Ministerstvo zem\u011bd\u011blstv\u00ed tiskovou zpr\u00e1vu o&nbsp;na\u0161\u00ed \u010dinnosti. V&nbsp;textu se&nbsp;dozv\u00edte, pro\u010d jsou data FADN d\u016fle\u017eit\u00e1 a&nbsp;to&nbsp;nejen pro&nbsp;\u010desk\u00e9 zem\u011bd\u011blstv\u00ed, ale tak\u00e9 pro&nbsp;Spole\u010dnou zem\u011bd\u011blskou politiku EU. Tiskovou zpr\u00e1vu si&nbsp;m\u016f\u017eete prohl\u00e9dnout zde. Ministerstvu za&nbsp;toto p\u0159ipomenut\u00ed a&nbsp;ocen\u011bn\u00ed na\u0161\u00ed pr\u00e1ce d\u011bkujeme! (vlo\u017eeno&nbsp;17.05.2024)<\/p><p><img decoding=\"async\" data-recalc-dims=\"1\" class=\"alignnone size-full wp-image-5604\" src=\"https:\/\/i0.wp.com\/fadn.cz\/wp-content\/uploads\/2023\/04\/logo_male_modre_fadn.png?resize=19%2C19&#038;ssl=1\" alt=\"\" width=\"19\" height=\"19\" srcset=\"https:\/\/i0.wp.com\/fadn.cz\/wp-content\/uploads\/2023\/04\/logo_male_modre_fadn.png?w=19&amp;ssl=1 19w, https:\/\/i0.wp.com\/fadn.cz\/wp-content\/uploads\/2023\/04\/logo_male_modre_fadn.png?resize=12%2C12&amp;ssl=1 12w\" sizes=\"(max-width: 19px) 100vw, 19px\" \/> Z\u00e1stupci Kontaktn\u00edho pracovi\u0161t\u011b FADN&nbsp;\u010cR se&nbsp;18.&nbsp;dubna 2024 z\u00fa\u010dastnili jedn\u00e1n\u00ed V\u00fdboru FSDN a&nbsp;Expertn\u00ed skupiny pro&nbsp;p\u0159echod na&nbsp;FSDN Evropsk\u00e9 komise v&nbsp;Bruselu. Obsahem jedn\u00e1n\u00ed byla komplexn\u00ed problematika zalo\u017een\u00ed \u0161et\u0159en\u00ed FSDN, pokra\u010dovala slo\u017eit\u00e1 jedn\u00e1n\u00ed o&nbsp;nov\u00fdch polo\u017ek\u00e1ch dotazn\u00edku FSDN a&nbsp;priorit\u00e1ch p\u0159i&nbsp;sb\u011bru dat. \u010clensk\u00e9 st\u00e1ty maj\u00ed odli\u0161n\u00e9 podm\u00ednky dostupnosti a&nbsp;sb\u011bru dat, harmonizace na&nbsp;\u00farovni cel\u00e9 Evropsk\u00e9 unie je proto velmi slo\u017eit\u00e1. (vlo\u017eeno&nbsp;19.&nbsp;4.&nbsp;2024)<\/p><p><img decoding=\"async\" data-recalc-dims=\"1\" class=\"alignnone size-full wp-image-5604\" src=\"https:\/\/i0.wp.com\/fadn.cz\/wp-content\/uploads\/2023\/04\/logo_male_modre_fadn.png?resize=19%2C19&#038;ssl=1\" alt=\"\" width=\"19\" height=\"19\" srcset=\"https:\/\/i0.wp.com\/fadn.cz\/wp-content\/uploads\/2023\/04\/logo_male_modre_fadn.png?w=19&amp;ssl=1 19w, https:\/\/i0.wp.com\/fadn.cz\/wp-content\/uploads\/2023\/04\/logo_male_modre_fadn.png?resize=12%2C12&amp;ssl=1 12w\" sizes=\"(max-width: 19px) 100vw, 19px\" \/> P\u0159ihl\u00e1\u0161ky do&nbsp;sout\u011b\u017ee Zem\u011bd\u011blec roku za&nbsp;rok 2023 jsou otev\u0159eny! Sout\u011b\u017ee se&nbsp;m\u016f\u017eou z\u00fa\u010dastnit v\u0161echny pr\u00e1vn\u011b-organiza\u010dn\u00ed typy zem\u011bd\u011blsk\u00fdch podnik\u016f a&nbsp;farem. C\u00edlem sout\u011b\u017ee je zviditelnit zem\u011bd\u011blstv\u00ed, naj\u00edt a&nbsp;ve&nbsp;slavnostn\u00ed atmosf\u00e9\u0159e vyhl\u00e1sit a&nbsp;ocenit nejlep\u0161\u00ed zem\u011bd\u011blce pro&nbsp;jednotliv\u00e1 v\u00fdrobn\u00ed zam\u011b\u0159en\u00ed a&nbsp;regiony \u010cR. \u00da\u010dastn\u00edte se&nbsp;\u0161et\u0159en\u00ed FADN? Pak nemus\u00edte poskytovat \u017e\u00e1dn\u00e1 dal\u0161\u00ed data. Pouze sv\u016fj podnik registrujte na&nbsp;str\u00e1nk\u00e1ch zde a&nbsp;ostatn\u00ed administrativu vy\u0159\u00edd\u00edme za&nbsp;v\u00e1s. (vlo\u017eeno&nbsp;3.4.2024)<\/p><p><img decoding=\"async\" data-recalc-dims=\"1\" class=\"alignnone size-full wp-image-5604\" src=\"https:\/\/i0.wp.com\/fadn.cz\/wp-content\/uploads\/2023\/04\/logo_male_modre_fadn.png?resize=19%2C19&#038;ssl=1\" alt=\"\" width=\"19\" height=\"19\" srcset=\"https:\/\/i0.wp.com\/fadn.cz\/wp-content\/uploads\/2023\/04\/logo_male_modre_fadn.png?w=19&amp;ssl=1 19w, https:\/\/i0.wp.com\/fadn.cz\/wp-content\/uploads\/2023\/04\/logo_male_modre_fadn.png?resize=12%2C12&amp;ssl=1 12w\" sizes=\"(max-width: 19px) 100vw, 19px\" \/> V&nbsp;t\u00fdden\u00edku Zem\u011bd\u011blec vy\u0161el \u010dl\u00e1nek, jeho\u017e c\u00edlem je p\u0159edstaven\u00ed p\u0159edpokl\u00e1dan\u00e9 zm\u011bny p\u0159\u00edjmov\u00e9 situace podnik\u016f v&nbsp;roce 2023 dle faremn\u00edch syst\u00e9m\u016f za&nbsp;\u00fa\u010delem vyhodnocen\u00ed dopad\u016f zm\u011bn v&nbsp;nastaven\u00ed podm\u00ednek nov\u00e9 zem\u011bd\u011blsk\u00e9 politiky, kter\u00e1 byla formulov\u00e1na ve&nbsp;Strategick\u00e9m pl\u00e1nu Spole\u010dn\u00e9 zem\u011bd\u011blsk\u00e9 politiky pro&nbsp;obdob\u00ed 2023-2027. Autory \u010dl\u00e1nku jsou pan \u0159editel Ing.&nbsp;\u0160t\u011bp\u00e1n Kala, Ph.D., MBA, d\u00e1le Ing.&nbsp;Tom\u00e1\u0161 Medonos, Ph.D., Ing.&nbsp;Martin Hru\u0161ka a&nbsp;na\u0161e kolegyn\u011b z&nbsp;FADN, Ing.&nbsp;Zuzana Hlou\u0161kov\u00e1. \u010cl\u00e1nek si&nbsp;m\u016f\u017eete pro\u010d\u00edst zde. (vlo\u017eeno&nbsp;3.&nbsp;4.&nbsp;2024)<\/p><p><img decoding=\"async\" data-recalc-dims=\"1\" class=\"alignnone size-full wp-image-5604\" src=\"https:\/\/i0.wp.com\/fadn.cz\/wp-content\/uploads\/2023\/04\/logo_male_modre_fadn.png?resize=19%2C19&#038;ssl=1\" alt=\"\" width=\"19\" height=\"19\" srcset=\"https:\/\/i0.wp.com\/fadn.cz\/wp-content\/uploads\/2023\/04\/logo_male_modre_fadn.png?w=19&amp;ssl=1 19w, https:\/\/i0.wp.com\/fadn.cz\/wp-content\/uploads\/2023\/04\/logo_male_modre_fadn.png?resize=12%2C12&amp;ssl=1 12w\" sizes=\"(max-width: 19px) 100vw, 19px\" \/> Z\u00e1stupkyn\u011b Kontaktn\u00edho pracovi\u0161t\u011b FADN&nbsp;\u010cR se&nbsp;ve&nbsp;dnech 12.&nbsp;a&nbsp;13.&nbsp;b\u0159ezna 2024 z\u00fa\u010dastnily 33.&nbsp;zased\u00e1n\u00ed Farm Level Analyses Network p\u0159i&nbsp;OECD. Program byl zam\u011b\u0159en na&nbsp;p\u0159\u00edjmy v&nbsp;zem\u011bd\u011blstv\u00ed a&nbsp;na&nbsp;venkov\u011b, v\u00fdzkumu v&nbsp;soci\u00e1ln\u00ed oblasti a&nbsp;charakteristik\u00e1m odolnosti zem\u011bd\u011blsk\u00fdch podnik\u016f. V\u00fdznamn\u00e1 \u010d\u00e1st prezentovan\u00fdch studi\u00ed vyu\u017eila data FADN. (vlo\u017eeno&nbsp;14.3.2024)<\/p><p><img decoding=\"async\" data-recalc-dims=\"1\" class=\"alignnone size-full wp-image-5604\" src=\"https:\/\/i0.wp.com\/fadn.cz\/wp-content\/uploads\/2023\/04\/logo_male_modre_fadn.png?resize=19%2C19&#038;ssl=1\" alt=\"\" width=\"19\" height=\"19\" srcset=\"https:\/\/i0.wp.com\/fadn.cz\/wp-content\/uploads\/2023\/04\/logo_male_modre_fadn.png?w=19&amp;ssl=1 19w, https:\/\/i0.wp.com\/fadn.cz\/wp-content\/uploads\/2023\/04\/logo_male_modre_fadn.png?resize=12%2C12&amp;ssl=1 12w\" sizes=\"(max-width: 19px) 100vw, 19px\" \/> P\u0159ehled v\u00fdb\u011brov\u00e9ho \u0161et\u0159en\u00ed hospod\u00e1\u0159sk\u00fdch v\u00fdsledk\u016f zem\u011bd\u011blsk\u00fdch podnik\u016f si&nbsp;nyn\u00ed m\u016f\u017eete p\u0159e\u010d\u00edst v&nbsp;kompletn\u00ed elektronick\u00e9 podob\u011b zde. Publikace obsahuje vedle odborn\u00e9ho textu tak\u00e9 podrobn\u00e9 tabulky, grafy a&nbsp;mapy. \u0160et\u0159en\u00ed v&nbsp;roce 2022 se&nbsp;\u00fa\u010dastnilo 1&nbsp;204 zem\u011bd\u011blsk\u00fdch podnik\u016f. (vlo\u017eeno:&nbsp;23.&nbsp;2.&nbsp;2024)<\/p><p><img decoding=\"async\" data-recalc-dims=\"1\" class=\"alignnone size-full wp-image-5604\" src=\"https:\/\/i0.wp.com\/fadn.cz\/wp-content\/uploads\/2023\/04\/logo_male_modre_fadn.png?resize=19%2C19&#038;ssl=1\" alt=\"\" width=\"19\" height=\"19\" srcset=\"https:\/\/i0.wp.com\/fadn.cz\/wp-content\/uploads\/2023\/04\/logo_male_modre_fadn.png?w=19&amp;ssl=1 19w, https:\/\/i0.wp.com\/fadn.cz\/wp-content\/uploads\/2023\/04\/logo_male_modre_fadn.png?resize=12%2C12&amp;ssl=1 12w\" sizes=\"(max-width: 19px) 100vw, 19px\" \/> Dne 25.&nbsp;1.&nbsp;2024 jsme se&nbsp;z\u00fa\u010dastnili jedn\u00e1n\u00ed V\u00fdboru pro&nbsp;FSDN (Farm Sustainability Data Network) a&nbsp;Expertn\u00ed skupiny pro&nbsp;horizont\u00e1ln\u00ed ot\u00e1zky t\u00fdkaj\u00edc\u00ed se&nbsp;SZP \u2013 podskupina Datov\u00e1 s\u00ed\u0165 pro&nbsp;udr\u017eitelnost zem\u011bd\u011blsk\u00fdch podnik\u016f (FSDN), zkr\u00e1cen\u011b GREX p\u0159i&nbsp;DG AGRI. Celodenn\u00ed jedn\u00e1n\u00ed obsahovalo t\u00e9mata z&nbsp;mnoha r\u016fznorod\u00fdch oblast\u00ed. P\u0159ev\u00e1\u017en\u011b jsme se&nbsp;v\u011bnovali p\u0159\u00edprav\u011b p\u0159echodu FADN na&nbsp;syst\u00e9m FSDN. Evropsk\u00e1 komise n\u00e1s informovala o&nbsp;postupu p\u0159\u00edpravy prov\u00e1d\u011bc\u00edho na\u0159\u00edzen\u00ed t\u00fdkaj\u00edc\u00ed se&nbsp;finan\u010dn\u00edch p\u0159\u00edsp\u011bvk\u016f \u010dlensk\u00fdm st\u00e1t\u016fm EU na&nbsp;implementa\u010dn\u00ed n\u00e1klady vynalo\u017een\u00e9 v&nbsp;souvislosti s&nbsp;nastaven\u00edm FSDN. V&nbsp;r\u00e1mci expertn\u00ed skupiny byly prezentov\u00e1ny zaj\u00edmav\u00e9 p\u0159\u00edsp\u011bvky p\u0159es anal\u00fdzy reprezentativnosti dat FADN a\u017e po&nbsp;konkr\u00e9tn\u00ed problematiky t\u00fdkaj\u00edc\u00ed se&nbsp;budouc\u00edho sb\u011bru dat v&nbsp;syst\u00e9mu FSDN.<\/p><p><img decoding=\"async\" data-recalc-dims=\"1\" class=\"alignnone size-full wp-image-5604\" src=\"https:\/\/i0.wp.com\/fadn.cz\/wp-content\/uploads\/2023\/04\/logo_male_modre_fadn.png?resize=19%2C19&#038;ssl=1\" alt=\"\" width=\"19\" height=\"19\" srcset=\"https:\/\/i0.wp.com\/fadn.cz\/wp-content\/uploads\/2023\/04\/logo_male_modre_fadn.png?w=19&amp;ssl=1 19w, https:\/\/i0.wp.com\/fadn.cz\/wp-content\/uploads\/2023\/04\/logo_male_modre_fadn.png?resize=12%2C12&amp;ssl=1 12w\" sizes=\"(max-width: 19px) 100vw, 19px\" \/> Zaj\u00edmav\u00e9 prezentace o&nbsp;organizaci \u0161et\u0159en\u00ed FADN, mo\u017enostech propojen\u00ed datab\u00e1z\u00ed a&nbsp;p\u0159edpokl\u00e1dan\u00fdch p\u0159ek\u00e1\u017ek\u00e1ch, kter\u00e9 bude pot\u0159eba p\u0159ekonat p\u0159i&nbsp;budov\u00e1n\u00ed FSDN p\u0159ednesli z\u00e1stupci Kontaktn\u00edch pracovi\u0161\u0165 FADN z&nbsp;Polska, N\u011bmecka, Francie a&nbsp;Portugalska. (vlo\u017eeno&nbsp;9.&nbsp;2.&nbsp;2024)<\/p><p><img decoding=\"async\" data-recalc-dims=\"1\" class=\"alignnone size-full wp-image-5604\" src=\"https:\/\/i0.wp.com\/fadn.cz\/wp-content\/uploads\/2023\/04\/logo_male_modre_fadn.png?resize=19%2C19&#038;ssl=1\" alt=\"\" width=\"19\" height=\"19\" srcset=\"https:\/\/i0.wp.com\/fadn.cz\/wp-content\/uploads\/2023\/04\/logo_male_modre_fadn.png?w=19&amp;ssl=1 19w, https:\/\/i0.wp.com\/fadn.cz\/wp-content\/uploads\/2023\/04\/logo_male_modre_fadn.png?resize=12%2C12&amp;ssl=1 12w\" sizes=\"(max-width: 19px) 100vw, 19px\" \/> Ministerstvo zem\u011bd\u011blstv\u00ed ve&nbsp;spolupr\u00e1ci s&nbsp;n\u011bkolika odborn\u00edky vydalo publikaci o&nbsp;precizn\u00edm zem\u011bd\u011blstv\u00ed. V&nbsp;publikaci naleznete texty na&nbsp;t\u00e9ma, jak\u00fdm zp\u016fsobem je precizn\u00ed zem\u011bd\u011blstv\u00ed vyu\u017e\u00edv\u00e1no v&nbsp;rostlinn\u00e9 a&nbsp;\u017eivo\u010di\u0161n\u00e9 v\u00fdrob\u011b, jak\u00fd m\u00e1 vztah k&nbsp;\u017eivotn\u00edmu prost\u0159ed\u00ed a&nbsp;ekologii. D\u00e1le jak\u00e9 jsou v&nbsp;n\u011bm pou\u017e\u00edv\u00e1ny technologie, a&nbsp;jak m\u016f\u017ee pomoci zem\u011bd\u011blsk\u00fdm podnik\u016fm optimalizovat v\u00fdrobu. Do&nbsp;publikace p\u0159isp\u011bla i&nbsp;kolegyn\u011b Ing.&nbsp;Martina D\u00f6bertov\u00e1, je\u017e je autorkou kapitoly s&nbsp;n\u00e1zvem Pozitivn\u00ed dopady zav\u00e1d\u011bn\u00ed precizn\u00edho zem\u011bd\u011blstv\u00ed<br \/>na ekonomiku podniku. Publikaci si&nbsp;m\u016f\u017eete pro\u010d\u00edst zde. (vlo\u017eeno&nbsp;8.&nbsp;2.&nbsp;2024)<\/p><p><img decoding=\"async\" data-recalc-dims=\"1\" class=\"alignnone size-full wp-image-5604\" src=\"https:\/\/i0.wp.com\/fadn.cz\/wp-content\/uploads\/2023\/04\/logo_male_modre_fadn.png?resize=19%2C19&#038;ssl=1\" alt=\"\" width=\"19\" height=\"19\" srcset=\"https:\/\/i0.wp.com\/fadn.cz\/wp-content\/uploads\/2023\/04\/logo_male_modre_fadn.png?w=19&amp;ssl=1 19w, https:\/\/i0.wp.com\/fadn.cz\/wp-content\/uploads\/2023\/04\/logo_male_modre_fadn.png?resize=12%2C12&amp;ssl=1 12w\" sizes=\"(max-width: 19px) 100vw, 19px\" \/> Ve&nbsp;dnech 10.&nbsp;a&nbsp;11.&nbsp;1.&nbsp;2024 prob\u011bhla obhajoba v\u00fdsledk\u016f intern\u00edch projekt\u016f \u00daZEI. Pracovn\u00edci FADN \u00fasp\u011b\u0161n\u011b prezentovali v\u00fdsledky \u010dty\u0159 intern\u00edch projekt\u016f: Hodnocen\u00ed udr\u017eitelnosti zem\u011bd\u011blsk\u00fdch podnik\u016f, Realiza\u010dn\u00ed ceny produkce podnik\u016f ekologick\u00e9ho zem\u011bd\u011blstv\u00ed, P\u0159echod FADN na&nbsp;FSDN a&nbsp;Metodika rozkladu ekonomick\u00fdch v\u00fdsledk\u016f v&nbsp;zem\u011bd\u011blstv\u00ed s&nbsp;vyu\u017eit\u00edm dat FADN. Intern\u00ed projekty je mo\u017en\u00e9 dohledat v&nbsp;z\u00e1lo\u017ece Projekty. (vlo\u017eeno&nbsp;12.1.2024)<\/p><\/div>\n\t\t\t\t\t\t\t\t\t<div class=\"elementor-tab-title elementor-tab-mobile-title\" aria-selected=\"false\" data-tab=\"5\" role=\"tab\" tabindex=\"-1\" aria-controls=\"elementor-tab-content-1705\" aria-expanded=\"false\">2023<\/div>\n\t\t\t\t\t<div id=\"elementor-tab-content-1705\" class=\"elementor-tab-content elementor-clearfix\" data-tab=\"5\" role=\"tabpanel\" aria-labelledby=\"elementor-tab-title-1705\" tabindex=\"0\" hidden=\"hidden\"><p><img decoding=\"async\" data-recalc-dims=\"1\" class=\"alignnone size-full wp-image-5604\" src=\"https:\/\/i0.wp.com\/fadn.cz\/wp-content\/uploads\/2023\/04\/logo_male_modre_fadn.png?resize=19%2C19&#038;ssl=1\" alt=\"\" width=\"19\" height=\"19\" srcset=\"https:\/\/i0.wp.com\/fadn.cz\/wp-content\/uploads\/2023\/04\/logo_male_modre_fadn.png?w=19&amp;ssl=1 19w, https:\/\/i0.wp.com\/fadn.cz\/wp-content\/uploads\/2023\/04\/logo_male_modre_fadn.png?resize=12%2C12&amp;ssl=1 12w\" sizes=\"(max-width: 19px) 100vw, 19px\" \/> V\u010dera jsme se&nbsp;z\u00fa\u010dastnili pracovn\u00ed skupiny GREX pro&nbsp;zalo\u017een\u00ed FSDN p\u0159i&nbsp;Evropsk\u00e9 komisi. B\u011bhem celodenn\u00edho jedn\u00e1n\u00ed byl p\u0159edstaven po\u017eadavek EK na&nbsp;sb\u011br nov\u00fdch environment\u00e1ln\u00edch ukazatel\u016f (zejm\u00e9na \u0161lo o&nbsp;tyto oblasti: vyu\u017eit\u00ed \u017eivin a&nbsp;management, zem\u011bd\u011blsk\u00e9 postupy, pou\u017e\u00edv\u00e1n\u00ed antimikrobi\u00e1ln\u00edch l\u00e1tek a&nbsp;biodiverzita). D\u00e1le byly navr\u017eeny i&nbsp;dal\u0161\u00ed prom\u011bnn\u00e9 ekonomick\u00e9ho a&nbsp;soci\u00e1ln\u00edho charakteru. Tak\u00e9 bylo uve\u0159ejn\u011bno z\u00e1kladn\u00ed na\u0159\u00edzen\u00ed k&nbsp;FSDN v&nbsp;\u00fa\u0159edn\u00edm v\u011bstn\u00edku dne 29.&nbsp;11.&nbsp;2023 (Na\u0159\u00edzen\u00ed (EU) 2023\/2674) a&nbsp;projedn\u00e1val se&nbsp;aktu\u00e1ln\u00ed stav procesu p\u0159\u00edpravy na\u0159\u00edzen\u00ed v&nbsp;p\u0159enesen\u00e9 pravomoci. (vlo\u017eeno&nbsp;15.12.2023)<\/p><p><img decoding=\"async\" data-recalc-dims=\"1\" class=\"alignnone size-full wp-image-5604\" src=\"https:\/\/i0.wp.com\/fadn.cz\/wp-content\/uploads\/2023\/04\/logo_male_modre_fadn.png?resize=19%2C19&#038;ssl=1\" alt=\"\" width=\"19\" height=\"19\" srcset=\"https:\/\/i0.wp.com\/fadn.cz\/wp-content\/uploads\/2023\/04\/logo_male_modre_fadn.png?w=19&amp;ssl=1 19w, https:\/\/i0.wp.com\/fadn.cz\/wp-content\/uploads\/2023\/04\/logo_male_modre_fadn.png?resize=12%2C12&amp;ssl=1 12w\" sizes=\"(max-width: 19px) 100vw, 19px\" \/> V&nbsp;listopadov\u00e9m vyd\u00e1n\u00ed \u010dasopisu AGRObase vy\u0161el \u010dl\u00e1nek \u201eP\u0159edb\u011b\u017en\u00e9 v\u00fdsledky zem\u011bd\u011blsk\u00fdch podnik\u016f za&nbsp;rok 2022 na&nbsp;z\u00e1klad\u011b dat FADN\u201c od&nbsp;autor\u016f Ing.&nbsp;Martiny Harvil\u00edkov\u00e9 a&nbsp;Ing.&nbsp;Jany Mach\u00e1\u010dkov\u00e9. Pops\u00e1ny jsou v\u00fdsledky a&nbsp;zm\u011bny mezi roky 2021 a&nbsp;2022. P\u0159\u00edsp\u011bvek naleznete v&nbsp;z\u00e1lo\u017ece Publika\u010dn\u00ed \u010dinnost. (vlo\u017eeno&nbsp;30.11.2023)<\/p><p><img decoding=\"async\" data-recalc-dims=\"1\" class=\"alignnone size-full wp-image-5604\" src=\"https:\/\/i0.wp.com\/fadn.cz\/wp-content\/uploads\/2023\/04\/logo_male_modre_fadn.png?resize=19%2C19&#038;ssl=1\" alt=\"\" width=\"19\" height=\"19\" srcset=\"https:\/\/i0.wp.com\/fadn.cz\/wp-content\/uploads\/2023\/04\/logo_male_modre_fadn.png?w=19&amp;ssl=1 19w, https:\/\/i0.wp.com\/fadn.cz\/wp-content\/uploads\/2023\/04\/logo_male_modre_fadn.png?resize=12%2C12&amp;ssl=1 12w\" sizes=\"(max-width: 19px) 100vw, 19px\" \/> Data z&nbsp;\u0161et\u0159en\u00ed FADN za&nbsp;\u00fa\u010detn\u00ed rok 2022 byla \u00fasp\u011b\u0161n\u011b p\u0159ed\u00e1na pracovi\u0161ti DG AGRI v&nbsp;Bruselu 28.&nbsp;listopadu 2023. (vlo\u017eeno&nbsp;30.&nbsp;11.&nbsp;2023)<\/p><p><img decoding=\"async\" data-recalc-dims=\"1\" class=\"alignnone size-full wp-image-5604\" src=\"https:\/\/i0.wp.com\/fadn.cz\/wp-content\/uploads\/2023\/04\/logo_male_modre_fadn.png?resize=19%2C19&#038;ssl=1\" alt=\"\" width=\"19\" height=\"19\" srcset=\"https:\/\/i0.wp.com\/fadn.cz\/wp-content\/uploads\/2023\/04\/logo_male_modre_fadn.png?w=19&amp;ssl=1 19w, https:\/\/i0.wp.com\/fadn.cz\/wp-content\/uploads\/2023\/04\/logo_male_modre_fadn.png?resize=12%2C12&amp;ssl=1 12w\" sizes=\"(max-width: 19px) 100vw, 19px\" \/> Dne 20.&nbsp;listopadu 2023 byl v&nbsp;t\u00fdden\u00edku Zem\u011bd\u011blec (\u010d.&nbsp;47\/2023) publikov\u00e1n \u010dl\u00e1nek \u201eSkot v&nbsp;ekologick\u00e9m zem\u011bd\u011blstv\u00ed\u201c. Autorky Ing.&nbsp;Zuzana Fuksov\u00e1, Ph.D. a&nbsp;Ing.&nbsp;Lenka Tumov\u00e1 popisuj\u00ed ekonomick\u00e9 v\u00fdsledky ekologicky hospoda\u0159\u00edc\u00edch podnik\u016f zam\u011b\u0159en\u00fdch na&nbsp;chov skotu, ovc\u00ed a&nbsp;koz a&nbsp;d\u00e1le podnik\u016f specializovan\u00fdch na&nbsp;produkci kravsk\u00e9ho ml\u00e9ka v&nbsp;\u010cR na&nbsp;z\u00e1klad\u011b dat FADN. Zam\u011b\u0159ily se&nbsp;na&nbsp;srovn\u00e1n\u00ed zm\u011bn mezi roky 2015, 2018 a&nbsp;2021, kdy porovn\u00e1vaj\u00ed produkci a&nbsp;n\u00e1klady vzta\u017een\u00e9 na&nbsp;1 dobyt\u010d\u00ed jednotku v&nbsp;t\u011bchto ekologick\u00fdch skupin\u00e1ch podnik\u016f. D\u00e1le jsou sledov\u00e1ny zm\u011bny v&nbsp;tr\u017eb\u00e1ch \u017eivo\u010di\u0161n\u00e9 v\u00fdroby na&nbsp;DJ a&nbsp;vyhodnoceny ukazatele \u010dist\u00e9 p\u0159idan\u00e9 hodnoty na&nbsp;pracovn\u00edka v&nbsp;EZ. P\u0159\u00edsp\u011bvek naleznete v&nbsp;z\u00e1lo\u017ece Publika\u010dn\u00ed \u010dinnost. (vlo\u017eeno&nbsp;22.11.2023)<\/p><p><img decoding=\"async\" data-recalc-dims=\"1\" class=\"alignnone size-full wp-image-5604\" src=\"https:\/\/i0.wp.com\/fadn.cz\/wp-content\/uploads\/2023\/04\/logo_male_modre_fadn.png?resize=19%2C19&#038;ssl=1\" alt=\"\" width=\"19\" height=\"19\" srcset=\"https:\/\/i0.wp.com\/fadn.cz\/wp-content\/uploads\/2023\/04\/logo_male_modre_fadn.png?w=19&amp;ssl=1 19w, https:\/\/i0.wp.com\/fadn.cz\/wp-content\/uploads\/2023\/04\/logo_male_modre_fadn.png?resize=12%2C12&amp;ssl=1 12w\" sizes=\"(max-width: 19px) 100vw, 19px\" \/> Dne\u0161n\u00ed p\u0159edposledn\u00ed jedn\u00e1n\u00ed Evropsk\u00e9 komise a&nbsp;z\u00e1stupc\u016f FADN z&nbsp;\u010dlensk\u00fdch zem\u00ed v&nbsp;tomto roce obsahovalo 14 diskusn\u00edch bod\u016f, jejich\u017e projedn\u00e1n\u00ed trvalo cel\u00fd den. Evropsk\u00e1 komise p\u0159ednesla mnoho d\u016fle\u017eit\u00fdch dopl\u0148uj\u00edc\u00edch informac\u00ed a&nbsp;reagovala na&nbsp;dotazy \u010dlensk\u00fdch zem\u00ed ohledn\u011b postupn\u00e9ho budov\u00e1n\u00ed FSDN a&nbsp;prvn\u00edho n\u00e1vrhu seznamu ukazatel\u016f pro&nbsp;budouc\u00ed FSDN. (vlo\u017eeno&nbsp;16.&nbsp;11.&nbsp;2023)<\/p><p><img decoding=\"async\" data-recalc-dims=\"1\" class=\"alignnone size-full wp-image-5604\" src=\"https:\/\/i0.wp.com\/fadn.cz\/wp-content\/uploads\/2023\/04\/logo_male_modre_fadn.png?resize=19%2C19&#038;ssl=1\" alt=\"\" width=\"19\" height=\"19\" srcset=\"https:\/\/i0.wp.com\/fadn.cz\/wp-content\/uploads\/2023\/04\/logo_male_modre_fadn.png?w=19&amp;ssl=1 19w, https:\/\/i0.wp.com\/fadn.cz\/wp-content\/uploads\/2023\/04\/logo_male_modre_fadn.png?resize=12%2C12&amp;ssl=1 12w\" sizes=\"(max-width: 19px) 100vw, 19px\" \/> Ve&nbsp;sborn\u00edku ze 7.&nbsp;ro\u010dn\u00edku ekonomick\u00e9 konference \u00daZEI vy\u0161el i&nbsp;p\u0159\u00edsp\u011bvek kolegyn\u00ed B\u00edl\u00e9 a&nbsp;Mlezivov\u00e9 s&nbsp;n\u00e1zvem Hospoda\u0159en\u00ed podnik\u016f poln\u00ed v\u00fdroby z&nbsp;dat FADN. P\u0159\u00edsp\u011bvek porovn\u00e1v\u00e1 podniky poln\u00ed v\u00fdroby v&nbsp;\u010cR jak z&nbsp;hlediska \u010dasov\u00fdch \u0159ad, tak i&nbsp;s&nbsp;v\u00fdsledky podnik\u016f zahrani\u010dn\u00edch. \u010cl\u00e1nek se&nbsp;z\u00e1rove\u0148 zmi\u0148uje o&nbsp;v\u00fdznamu p\u016fdy pro&nbsp;\u010dlov\u011bka, pro&nbsp;hospod\u00e1\u0159stv\u00ed, pro&nbsp;budoucnost. Podkladem jsou z&nbsp;velk\u00e9 \u010d\u00e1sti data FADN na&nbsp;n\u00e1rodn\u00ed i&nbsp;mezin\u00e1rodn\u00ed \u00farovni. Cel\u00fd p\u0159\u00edsp\u011bvek si&nbsp;m\u016f\u017eete prohl\u00e9dnout v&nbsp;sekci Publika\u010dn\u00ed \u010dinnost. (vlo\u017eeno&nbsp;13.&nbsp;11.&nbsp;2023)<\/p><p><img decoding=\"async\" data-recalc-dims=\"1\" class=\"alignnone size-full wp-image-5604\" src=\"https:\/\/i0.wp.com\/fadn.cz\/wp-content\/uploads\/2023\/04\/logo_male_modre_fadn.png?resize=19%2C19&#038;ssl=1\" alt=\"\" width=\"19\" height=\"19\" srcset=\"https:\/\/i0.wp.com\/fadn.cz\/wp-content\/uploads\/2023\/04\/logo_male_modre_fadn.png?w=19&amp;ssl=1 19w, https:\/\/i0.wp.com\/fadn.cz\/wp-content\/uploads\/2023\/04\/logo_male_modre_fadn.png?resize=12%2C12&amp;ssl=1 12w\" sizes=\"(max-width: 19px) 100vw, 19px\" \/> Ve&nbsp;st\u0159edu 8.11.&nbsp;2023 prob\u011bhlo v&nbsp;budov\u011b Ministerstva zem\u011bd\u011blstv\u00ed jedn\u00e1n\u00ed N\u00e1rodn\u00ed komise FADN. Komisi byly p\u0159edlo\u017eeny prvn\u00ed p\u0159edb\u011b\u017en\u00e9 v\u00fdsledky \u0161et\u0159en\u00ed FADN za&nbsp;\u00fa\u010detn\u00ed rok 2022 a&nbsp;n\u00e1vrh pl\u00e1nu v\u00fdb\u011bru podnik\u016f pro&nbsp;\u0161et\u0159en\u00ed \u00fa\u010detn\u00edho roku 2024. V&nbsp;r\u00e1mci programu prob\u011bhla volba p\u0159edsedy a&nbsp;m\u00edstop\u0159edsedy N\u00e1rodn\u00ed komise, schv\u00e1lil se&nbsp;aktualizovan\u00fd jednac\u00ed \u0159\u00e1d, zpr\u00e1va o&nbsp;fungov\u00e1n\u00ed Kontaktn\u00edho pracovi\u0161t\u011b FADN&nbsp;\u010cR za&nbsp;uplynul\u00fd rok a&nbsp;rovn\u011b\u017e se&nbsp;schv\u00e1lil pl\u00e1n v\u00fdb\u011bru zem\u011bd\u011blsk\u00fdch podnik\u016f pro&nbsp;\u00fa\u010detn\u00ed rok 2024. B\u011bhem jedn\u00e1n\u00ed se&nbsp;diskutovaly ot\u00e1zky spojen\u00e9 s&nbsp;problematikou sb\u011bru a&nbsp;vyhodnocov\u00e1n\u00ed dat ze \u0161et\u0159en\u00ed FADN v\u010detn\u011b problematiky p\u0159echodu na&nbsp;FSDN. (vlo\u017eeno&nbsp;09.11.2023)<\/p><p><img decoding=\"async\" data-recalc-dims=\"1\" class=\"alignnone size-full wp-image-5604\" src=\"https:\/\/i0.wp.com\/fadn.cz\/wp-content\/uploads\/2023\/04\/logo_male_modre_fadn.png?resize=19%2C19&#038;ssl=1\" alt=\"\" width=\"19\" height=\"19\" srcset=\"https:\/\/i0.wp.com\/fadn.cz\/wp-content\/uploads\/2023\/04\/logo_male_modre_fadn.png?w=19&amp;ssl=1 19w, https:\/\/i0.wp.com\/fadn.cz\/wp-content\/uploads\/2023\/04\/logo_male_modre_fadn.png?resize=12%2C12&amp;ssl=1 12w\" sizes=\"(max-width: 19px) 100vw, 19px\" \/>Ve dnech 7.&nbsp;a&nbsp;8.&nbsp;listopadu 2023 se&nbsp;konalo v&nbsp;hybridn\u00ed form\u011b 32.&nbsp;zased\u00e1n\u00ed OECD Network for Farm-Level Analysis (FLAN). Dvoudenn\u00edho setk\u00e1n\u00ed se&nbsp;\u00fa\u010dastnili z\u00e1stupci z&nbsp;cel\u00e9ho sv\u011bta, na\u0161e \u00fa\u010dast byla online. Zaj\u00edmav\u00e9 prezentace byly rozd\u011bleny do&nbsp;t\u0159\u00ed sekc\u00ed. Prvn\u00ed \u010d\u00e1st se&nbsp;zam\u011b\u0159ila na&nbsp;zku\u0161enosti s&nbsp;monitorov\u00e1n\u00edm a&nbsp;anal\u00fdzou soci\u00e1ln\u00edch probl\u00e9m\u016f v&nbsp;zem\u011bd\u011blstv\u00ed, integraci p\u0159ist\u011bhovalc\u016f, wellbeing farm\u00e1\u0159\u016f spojen\u00fd s&nbsp;finan\u010dn\u00ed \u00farovn\u00ed a&nbsp;stresem. V&nbsp;souvislosti s&nbsp;n\u00e1stupem digit\u00e1ln\u00edch technologi\u00ed jsou vkl\u00e1d\u00e1ny nad\u011bje do&nbsp;mlad\u00fdch zem\u011bd\u011blc\u016f, kte\u0159\u00ed p\u0159in\u00e1\u0161\u00ed do&nbsp;oboru inovativn\u00ed postupy. Tomuto t\u00e9matu se&nbsp;v\u011bnovala druh\u00e1 sekce p\u0159\u00edsp\u011bvk\u016f. Z\u00e1v\u011bre\u010dn\u00e1 \u010d\u00e1st se&nbsp;t\u00fdkala odolnosti farem v\u016f\u010di neo\u010dek\u00e1van\u00fdm extr\u00e9m\u016fm nap\u0159.&nbsp;v&nbsp;Austr\u00e1lii, Francii, Estonsku a&nbsp;Japonsku. Data FADN byla opakovan\u011b zm\u00edn\u011bna jako v\u00fdznamn\u00fd zdroj dat pro&nbsp;anal\u00fdzy na&nbsp;mikro\u00farovni. (vlo\u017eeno&nbsp;09.11.2023)<\/p><p><img decoding=\"async\" data-recalc-dims=\"1\" class=\"alignnone size-full wp-image-5604\" src=\"https:\/\/i0.wp.com\/fadn.cz\/wp-content\/uploads\/2023\/04\/logo_male_modre_fadn.png?resize=19%2C19&#038;ssl=1\" alt=\"\" width=\"19\" height=\"19\" srcset=\"https:\/\/i0.wp.com\/fadn.cz\/wp-content\/uploads\/2023\/04\/logo_male_modre_fadn.png?w=19&amp;ssl=1 19w, https:\/\/i0.wp.com\/fadn.cz\/wp-content\/uploads\/2023\/04\/logo_male_modre_fadn.png?resize=12%2C12&amp;ssl=1 12w\" sizes=\"(max-width: 19px) 100vw, 19px\" \/> Dnes se&nbsp;pracovn\u00edci FADN z\u00fa\u010dastnili mezin\u00e1rodn\u00edho jedn\u00e1n\u00ed o&nbsp;p\u0159ipravovan\u00e9 podob\u011b dotazn\u00edku FSDN. \u010clenov\u00e9 Komise vysv\u011btlovali n\u011bkolik nov\u00fdch ukazatel\u016f, kter\u00e9 jsou pl\u00e1nov\u00e1ny do&nbsp;nov\u00e9ho dotazn\u00edku \u2013 zm\u011bny v&nbsp;po\u010dtu a&nbsp;slo\u017een\u00ed v\u00fdb\u011brov\u00e9ho souboru, data pro&nbsp;v\u00fdpo\u010det kolob\u011bhu hlavn\u00edch \u017eivin a&nbsp;sklen\u00edkov\u00fdch plyn\u016f, u\u017eit\u00ed antibiotik nebo prvk\u016f biodiverzity. T\u00e9mata vyvolala \u0161irokou diskusi mezi p\u0159\u00edtomn\u00fdmi z\u00e1stupci \u010dlensk\u00fdch st\u00e1t\u016f. Jedn\u00e1n\u00ed budou nad\u00e1le pokra\u010dovat. (vlo\u017eeno&nbsp;26.&nbsp;10.&nbsp;2023)<\/p><p><img decoding=\"async\" data-recalc-dims=\"1\" class=\"alignnone size-full wp-image-5604\" src=\"https:\/\/i0.wp.com\/fadn.cz\/wp-content\/uploads\/2023\/04\/logo_male_modre_fadn.png?resize=19%2C19&#038;ssl=1\" alt=\"\" width=\"19\" height=\"19\" srcset=\"https:\/\/i0.wp.com\/fadn.cz\/wp-content\/uploads\/2023\/04\/logo_male_modre_fadn.png?w=19&amp;ssl=1 19w, https:\/\/i0.wp.com\/fadn.cz\/wp-content\/uploads\/2023\/04\/logo_male_modre_fadn.png?resize=12%2C12&amp;ssl=1 12w\" sizes=\"(max-width: 19px) 100vw, 19px\" \/> V&nbsp;odborn\u00e9m \u010dasopise Zem\u011bd\u011blec, \u010d\u00edsle 42, byl publikov\u00e1n \u010dl\u00e1nek \u201eUdr\u017eiteln\u00e9 hospoda\u0159en\u00ed podle FADN\u201c. Hlavn\u00edm z\u00e1m\u011brem \u010dl\u00e1nku je p\u0159edstavit odborn\u00e9 ve\u0159ejnosti syst\u00e9m v\u00edcekriteri\u00e1ln\u00edho hodnocen\u00ed, kter\u00e9 vyu\u017e\u00edv\u00e1 data FADN. Toto hodnocen\u00ed vyu\u017e\u00edv\u00e1 nejen hlediska produk\u010dn\u00ed, v\u00fdkonnostn\u00ed a&nbsp;finan\u010dn\u00ed, ale t\u00e9\u017e soci\u00e1ln\u00ed a&nbsp;enviroment\u00e1ln\u00ed. Autory jsou Ing.&nbsp;Zuzana Hlou\u0161kov\u00e1 a&nbsp;Mgr. Jind\u0159ich Landa, Ph.D. P\u0159\u00edsp\u011bvek naleznete v&nbsp;z\u00e1lo\u017ece Publika\u010dn\u00ed \u010dinnost. (vlo\u017eeno&nbsp;17.&nbsp;10.&nbsp;2023)<\/p><p><img decoding=\"async\" data-recalc-dims=\"1\" class=\"alignnone size-full wp-image-5604\" src=\"https:\/\/i0.wp.com\/fadn.cz\/wp-content\/uploads\/2023\/04\/logo_male_modre_fadn.png?resize=19%2C19&#038;ssl=1\" alt=\"\" width=\"19\" height=\"19\" srcset=\"https:\/\/i0.wp.com\/fadn.cz\/wp-content\/uploads\/2023\/04\/logo_male_modre_fadn.png?w=19&amp;ssl=1 19w, https:\/\/i0.wp.com\/fadn.cz\/wp-content\/uploads\/2023\/04\/logo_male_modre_fadn.png?resize=12%2C12&amp;ssl=1 12w\" sizes=\"(max-width: 19px) 100vw, 19px\" \/> Dne 12.10.2023 uspo\u0159\u00e1dala Evropsk\u00e1 komise (DG AGRI) jedn\u00e1n\u00ed expertn\u00ed skupiny GREX pro&nbsp;FADN. \u00da\u010dastn\u00edk\u016fm byly p\u0159edstaveny prezentace o&nbsp;ukon\u010den\u00ed validace dat za&nbsp;rok 2021 a&nbsp;odevzd\u00e1n\u00ed dat za&nbsp;rok 2022, nov\u00e9 metodice v\u00fdpo\u010dtu oportunitn\u00edch n\u00e1klad\u016f farem, v\u00fdsledc\u00edch mezin\u00e1rodn\u00edho pr\u016fzkumu o&nbsp;mo\u017enostech sb\u011bru dat o&nbsp;digitalizaci v&nbsp;zem\u011bd\u011blstv\u00ed, zku\u0161enostech sd\u00edlen\u00ed dat z&nbsp;r\u016fzn\u00fdch zdroj\u016f z&nbsp;It\u00e1lie a&nbsp;p\u0159ipravovan\u00e9mu z\u00e1kladn\u00edmu na\u0159\u00edzen\u00ed pro&nbsp;p\u0159em\u011bnu FADN na&nbsp;FSDN.<\/p><p>V odpoledn\u00edm bloku se&nbsp;konalo jedn\u00e1n\u00ed Komunitn\u00edho v\u00fdboru FADN EU, na&nbsp;n\u011bm\u017e bylo odsouhlaseno Prov\u00e1d\u011bc\u00ed na\u0159\u00edzen\u00ed (PLAN\/2023\/173) o&nbsp;zm\u011bn\u011b struktury FADN ve&nbsp;Finsku, adaptaci n\u00e1zvu dotac\u00ed podle aktu\u00e1ln\u00ed podoby CAP a&nbsp;up\u0159esn\u011bn\u00ed ostatn\u00edch v\u00fdd\u011ble\u010dn\u00fdch \u010dinnost\u00ed (OGA) v&nbsp;\u0161et\u0159en\u00ed FADN. N\u00e1sledn\u011b byly prezentov\u00e1ny navrhovan\u00e9 nov\u00e9 polo\u017eky dotazn\u00edku FADN\/FSDN z&nbsp;oblast\u00ed ekonomick\u00e9, environment\u00e1ln\u00ed a&nbsp;soci\u00e1ln\u00ed a&nbsp;n\u00e1vrhy v&nbsp;oblasti sd\u00edlen\u00ed dat. O&nbsp;p\u0159edlo\u017een\u00e9m n\u00e1vrhu nov\u00e9ho dotazn\u00edku se&nbsp;bude diskutovat na&nbsp;p\u0159\u00ed\u0161t\u00edm zased\u00e1n\u00ed, kter\u00e9 bude za&nbsp;2 t\u00fddny. (vlo\u017eeno&nbsp;16.10.2023)<\/p><p><img decoding=\"async\" data-recalc-dims=\"1\" class=\"alignnone size-full wp-image-5604\" src=\"https:\/\/i0.wp.com\/fadn.cz\/wp-content\/uploads\/2023\/04\/logo_male_modre_fadn.png?resize=19%2C19&#038;ssl=1\" alt=\"\" width=\"19\" height=\"19\" srcset=\"https:\/\/i0.wp.com\/fadn.cz\/wp-content\/uploads\/2023\/04\/logo_male_modre_fadn.png?w=19&amp;ssl=1 19w, https:\/\/i0.wp.com\/fadn.cz\/wp-content\/uploads\/2023\/04\/logo_male_modre_fadn.png?resize=12%2C12&amp;ssl=1 12w\" sizes=\"(max-width: 19px) 100vw, 19px\" \/> Intenzivn\u00ed, p\u0159\u00e1telsk\u00e1 a&nbsp;pestr\u00e1 v\u00fdm\u011bna zku\u0161enost\u00ed, to&nbsp;byl 28.&nbsp;mezin\u00e1rodn\u00ed workshop PACIOLI. Setk\u00e1n\u00ed se&nbsp;konalo 1. \u2013 4.&nbsp;10.&nbsp;2023 v&nbsp;nejstar\u0161\u00edm m\u011bst\u011b Slovinka, Ptuj. Jednotliv\u00e1 vystoupen\u00ed byla zam\u011b\u0159en\u00e1 na&nbsp;nov\u00e9 softwarov\u00e9 mo\u017enosti sb\u011bru dat FADN, jejich efektivn\u00ed prov\u00e1zanost na&nbsp;dal\u0161\u00ed n\u00e1rodn\u00ed zdroje dat, roz\u0161\u00ed\u0159en\u00ed o&nbsp;nov\u00e9 FSDN ukazatele, pokro\u010dil\u00e9 statistick\u00e9 metody vyu\u017eit\u00ed dat pro&nbsp;anal\u00fdzy dopad\u016f klimatick\u00fdch zm\u011bn, benchmarking a&nbsp;dal\u0161\u00ed. Za&nbsp;na\u0161e pracovi\u0161t\u011b se&nbsp;z\u00fa\u010dastnily t\u0159i kolegyn\u011b, kter\u00e9 se&nbsp;aktivn\u011b pod\u00edlely v&nbsp;r\u00e1mci prezentac\u00ed poster\u016f. Obsah poster\u016f m\u016f\u017eete nal\u00e9zt v&nbsp;sekci Projekty. Bli\u017e\u0161\u00ed informace o&nbsp;samotn\u00e9m workshopu jsou dostupn\u00e9 na&nbsp;str\u00e1nk\u00e1ch www.pacioli.org. (vlo\u017eeno&nbsp;6.&nbsp;10.&nbsp;2023)<\/p><p><img decoding=\"async\" data-recalc-dims=\"1\" class=\"alignnone size-full wp-image-5604\" src=\"https:\/\/i0.wp.com\/fadn.cz\/wp-content\/uploads\/2023\/04\/logo_male_modre_fadn.png?resize=19%2C19&#038;ssl=1\" alt=\"\" width=\"19\" height=\"19\" srcset=\"https:\/\/i0.wp.com\/fadn.cz\/wp-content\/uploads\/2023\/04\/logo_male_modre_fadn.png?w=19&amp;ssl=1 19w, https:\/\/i0.wp.com\/fadn.cz\/wp-content\/uploads\/2023\/04\/logo_male_modre_fadn.png?resize=12%2C12&amp;ssl=1 12w\" sizes=\"(max-width: 19px) 100vw, 19px\" \/> V&nbsp;odborn\u00e9m \u010dasopise Zem\u011bd\u011blec, \u010d\u00edsle 40, byl publikov\u00e1n \u010dl\u00e1nek \u201eEkonomika chovu skotu v&nbsp;datech FADN\u201c. \u010cl\u00e1nek shrnuje a&nbsp;p\u0159edstavuje nejd\u016fle\u017eit\u011bj\u0161\u00ed data o&nbsp;v\u00fdrobn\u00edm zam\u011b\u0159en\u00ed Chov skotu a&nbsp;zv\u00ed\u0159at ZOP za&nbsp;\u00fa\u010detn\u00ed rok 2021. Anal\u00fdza byla zpracov\u00e1na na&nbsp;z\u00e1klad\u011b dat podnik\u016f, kter\u00e9 se&nbsp;\u00fa\u010dastn\u00ed \u0161et\u0159en\u00ed FADN. Autory jsou Ing.&nbsp;Tereza Lebedov\u00e1 a&nbsp;Ing.&nbsp;Jarmil Ml\u010d\u00e1k. P\u0159\u00edsp\u011bvek naleznete v&nbsp;z\u00e1lo\u017ece Publika\u010dn\u00ed \u010dinnost. (vlo\u017eeno&nbsp;4.&nbsp;10.&nbsp;2023)<\/p><p><img decoding=\"async\" data-recalc-dims=\"1\" class=\"alignnone size-full wp-image-5604\" src=\"https:\/\/i0.wp.com\/fadn.cz\/wp-content\/uploads\/2023\/04\/logo_male_modre_fadn.png?resize=19%2C19&#038;ssl=1\" alt=\"\" width=\"19\" height=\"19\" srcset=\"https:\/\/i0.wp.com\/fadn.cz\/wp-content\/uploads\/2023\/04\/logo_male_modre_fadn.png?w=19&amp;ssl=1 19w, https:\/\/i0.wp.com\/fadn.cz\/wp-content\/uploads\/2023\/04\/logo_male_modre_fadn.png?resize=12%2C12&amp;ssl=1 12w\" sizes=\"(max-width: 19px) 100vw, 19px\" \/> V&nbsp;\u010dasopise Zem\u011bd\u011blec byl publikov\u00e1n p\u0159\u00edsp\u011bvek zam\u011b\u0159en\u00fd na&nbsp;podniky poln\u00ed v\u00fdroby. \u010cten\u00e1\u0159e \u010dl\u00e1nek seznamuje s&nbsp;daty nejpo\u010detn\u011bji zastoupen\u00e9ho v\u00fdrobn\u00edho zam\u011b\u0159en\u00ed v\u00fdb\u011brov\u00e9ho \u0161et\u0159en\u00ed hospod\u00e1\u0159sk\u00fdch v\u00fdsledk\u016f v&nbsp;zem\u011bd\u011blstv\u00ed FADN v&nbsp;\u010cR. Meziro\u010dn\u011b byly porovn\u00e1ny produkce, v\u00fdnosy a&nbsp;ceny. Autorkami jsou Ing.&nbsp;P.&nbsp;B\u00edl\u00e1, PhD., Ing.&nbsp;I. Mlezivov\u00e1 a&nbsp;Ing.&nbsp;L. Vackov\u00e1. P\u0159\u00edsp\u011bvek je dostupn\u00fd v&nbsp;adres\u00e1\u0159i Publika\u010dn\u00ed \u010dinnost. (vlo\u017eeno&nbsp;16.09.&nbsp;2023)<\/p><p><img decoding=\"async\" data-recalc-dims=\"1\" class=\"alignnone size-full wp-image-5604\" src=\"https:\/\/i0.wp.com\/fadn.cz\/wp-content\/uploads\/2023\/04\/logo_male_modre_fadn.png?resize=19%2C19&#038;ssl=1\" alt=\"\" width=\"19\" height=\"19\" srcset=\"https:\/\/i0.wp.com\/fadn.cz\/wp-content\/uploads\/2023\/04\/logo_male_modre_fadn.png?w=19&amp;ssl=1 19w, https:\/\/i0.wp.com\/fadn.cz\/wp-content\/uploads\/2023\/04\/logo_male_modre_fadn.png?resize=12%2C12&amp;ssl=1 12w\" sizes=\"(max-width: 19px) 100vw, 19px\" \/> Dne 15.&nbsp;z\u00e1\u0159\u00ed 2023 jsme se&nbsp;z\u00fa\u010dastnili z\u00e1v\u011bre\u010dn\u00e9 konference k&nbsp;Pilotn\u00edmu projektu: P\u0159em\u011bna FADN na&nbsp;FSDN (Farm Sustainability Data Network), kter\u00e1 byla po\u0159\u00e1dan\u00e1 ve&nbsp;spolupr\u00e1ci s&nbsp;Evropskou komis\u00ed, DG AGRI. B\u011bhem konference byla pops\u00e1na kl\u00ed\u010dov\u00e1 t\u00e9mata, o&nbsp;kter\u00e1 by m\u011blo b\u00fdt sou\u010dasn\u00e9 FADN obohaceno. O&nbsp;za\u010dlen\u011bn\u00ed nov\u00fdch konkr\u00e9tn\u00edch ukazatel\u016f bude n\u00e1sledn\u011b diskutovat a&nbsp;rozhodovat V\u00fdbor FADN p\u0159i&nbsp;EK, ve&nbsp;kter\u00e9m jsou zastoupeny v\u0161echny \u010dlensk\u00e9 st\u00e1ty. Hovo\u0159ilo se&nbsp;tak\u00e9 o&nbsp;mo\u017enostech vyu\u017eit\u00ed jednotn\u00e9ho ID a&nbsp;informa\u010dn\u00edho syst\u00e9mu v&nbsp;Evropsk\u00e9 unii, co\u017e bylo projektem hodnoceno s&nbsp;n\u00edzkou m\u00edrou proveditelnosti. Nejv\u011bt\u0161\u00ed d\u016fraz je kladen na&nbsp;zaji\u0161t\u011bn\u00ed motivace zem\u011bd\u011blsk\u00fdch podnik\u016f pro&nbsp;\u00fa\u010dast v&nbsp;\u0161et\u0159en\u00ed. (vlo\u017eeno&nbsp;15.&nbsp;9.&nbsp;2023)<\/p><p><img decoding=\"async\" data-recalc-dims=\"1\" class=\"alignnone size-full wp-image-5604\" src=\"https:\/\/i0.wp.com\/fadn.cz\/wp-content\/uploads\/2023\/04\/logo_male_modre_fadn.png?resize=19%2C19&#038;ssl=1\" alt=\"\" width=\"19\" height=\"19\" srcset=\"https:\/\/i0.wp.com\/fadn.cz\/wp-content\/uploads\/2023\/04\/logo_male_modre_fadn.png?w=19&amp;ssl=1 19w, https:\/\/i0.wp.com\/fadn.cz\/wp-content\/uploads\/2023\/04\/logo_male_modre_fadn.png?resize=12%2C12&amp;ssl=1 12w\" sizes=\"(max-width: 19px) 100vw, 19px\" \/> V&nbsp;odborn\u00e9m \u010dasopise Zem\u011bd\u011blec byl publikov\u00e1n \u010dl\u00e1nek \u201ePrecizn\u00ed zem\u011bd\u011blstv\u00ed a&nbsp;hospoda\u0159en\u00ed\u201c. C\u00edlem tohoto p\u0159\u00edsp\u011bvku je zhodnocen\u00ed ekonomick\u00fdch ukazatel\u016f podnik\u016f, kter\u00e9 pou\u017e\u00edvaj\u00ed syst\u00e9my precizn\u00edho zem\u011bd\u011blstv\u00ed, v&nbsp;porovn\u00e1n\u00ed s&nbsp;podniky, kter\u00e9 hospoda\u0159\u00ed bez t\u011bchto technologi\u00ed. Anal\u00fdza byla zpracov\u00e1na na&nbsp;z\u00e1klad\u011b dat podnik\u016f, kter\u00e9 se&nbsp;\u00fa\u010dastn\u00ed \u0161et\u0159en\u00ed FADN. Autorkou je Ing.&nbsp;Martina D\u00f6bertov\u00e1. P\u0159\u00edsp\u011bvek naleznete v&nbsp;z\u00e1lo\u017ece Publika\u010dn\u00ed \u010dinnost. (vlo\u017eeno&nbsp;31.&nbsp;8.&nbsp;2023)<\/p><p><img decoding=\"async\" data-recalc-dims=\"1\" class=\"alignnone size-full wp-image-5604\" src=\"https:\/\/i0.wp.com\/fadn.cz\/wp-content\/uploads\/2023\/04\/logo_male_modre_fadn.png?resize=19%2C19&#038;ssl=1\" alt=\"\" width=\"19\" height=\"19\" srcset=\"https:\/\/i0.wp.com\/fadn.cz\/wp-content\/uploads\/2023\/04\/logo_male_modre_fadn.png?w=19&amp;ssl=1 19w, https:\/\/i0.wp.com\/fadn.cz\/wp-content\/uploads\/2023\/04\/logo_male_modre_fadn.png?resize=12%2C12&amp;ssl=1 12w\" sizes=\"(max-width: 19px) 100vw, 19px\" \/> Ve&nbsp;dnech 24.&nbsp;a\u017e 29.&nbsp;srpna jsme se&nbsp;z\u00fa\u010dastnili agrosalonu Zem\u011b \u017eivitelka, nejv\u011bt\u0161\u00ed akci sv\u00e9ho druhu v&nbsp;\u010cR. Na&nbsp;st\u00e1nku \u00daZEI byl p\u0159\u00edtomen i&nbsp;kolega Jind\u0159ich Landa, kter\u00fd zde reprezentoval Kontaktn\u00ed pracovi\u0161t\u011b FADN&nbsp;\u010cR. Na&nbsp;st\u00e1nku byly k&nbsp;dispozici jak let\u00e1\u010dky o&nbsp;FADN, tak i&nbsp;ka\u017edoro\u010dn\u00ed publikace zam\u011b\u0159en\u00e9 na&nbsp;hospod\u00e1\u0159sk\u00e9 v\u00fdsledky zem\u011bd\u011blsk\u00fdch podnik\u016f (vlo\u017eeno&nbsp;30.&nbsp;8.&nbsp;2023)<\/p><p><img decoding=\"async\" data-recalc-dims=\"1\" class=\"alignnone size-full wp-image-5604\" src=\"https:\/\/i0.wp.com\/fadn.cz\/wp-content\/uploads\/2023\/04\/logo_male_modre_fadn.png?resize=19%2C19&#038;ssl=1\" alt=\"\" width=\"19\" height=\"19\" srcset=\"https:\/\/i0.wp.com\/fadn.cz\/wp-content\/uploads\/2023\/04\/logo_male_modre_fadn.png?w=19&amp;ssl=1 19w, https:\/\/i0.wp.com\/fadn.cz\/wp-content\/uploads\/2023\/04\/logo_male_modre_fadn.png?resize=12%2C12&amp;ssl=1 12w\" sizes=\"(max-width: 19px) 100vw, 19px\" \/> V&nbsp;odborn\u00e9m \u010dasopise Zem\u011bd\u011blec byl publikov\u00e1n \u010dl\u00e1nek \u201eEvropsk\u00e1 komise p\u0159em\u011bn\u00ed FADN na&nbsp;FSDN\u201c, jeho\u017e autorky jsou Ing.&nbsp;Martina Harvil\u00edkov\u00e1 a&nbsp;Ing.&nbsp;Jana Mach\u00e1\u010dkov\u00e1. V&nbsp;textu se&nbsp;dozv\u00edte, pro\u010d k&nbsp;p\u0159em\u011bn\u011b FADN na&nbsp;FSDN dojde a&nbsp;jak\u00e9 jsou jej\u00ed hlavn\u00ed p\u0159\u00ednosy. P\u0159\u00edsp\u011bvek naleznete v&nbsp;z\u00e1lo\u017ece Publika\u010dn\u00ed \u010dinnost. (vlo\u017eeno&nbsp;25.&nbsp;7.&nbsp;2023)<\/p><p><img decoding=\"async\" data-recalc-dims=\"1\" class=\"alignnone size-full wp-image-5604\" src=\"https:\/\/i0.wp.com\/fadn.cz\/wp-content\/uploads\/2023\/04\/logo_male_modre_fadn.png?resize=19%2C19&#038;ssl=1\" alt=\"\" width=\"19\" height=\"19\" srcset=\"https:\/\/i0.wp.com\/fadn.cz\/wp-content\/uploads\/2023\/04\/logo_male_modre_fadn.png?w=19&amp;ssl=1 19w, https:\/\/i0.wp.com\/fadn.cz\/wp-content\/uploads\/2023\/04\/logo_male_modre_fadn.png?resize=12%2C12&amp;ssl=1 12w\" sizes=\"(max-width: 19px) 100vw, 19px\" \/> Nejnov\u011bj\u0161\u00ed \u00fadaje o&nbsp;ekonomice zem\u011bd\u011blsk\u00fdch podnik\u016f v&nbsp;EU jsou k&nbsp;dispozici na&nbsp;port\u00e1lu Agri-food data Evropsk\u00e9 komise. P\u0159edb\u011b\u017en\u00e9 \u00fadaje ze zem\u00ed EU z&nbsp;\u0161et\u0159en\u00ed FADN za&nbsp;rok 2021 byly zve\u0159ejn\u011bny v&nbsp;sekci Farm Economics.<\/p><p>Interaktivn\u00ed datab\u00e1ze na&nbsp;datov\u00e9m port\u00e1lu umo\u017e\u0148uje prozkoumat standardn\u00ed v\u00fdsledky FADN na&nbsp;n\u011bkolika ekonomick\u00fdch oblastech (jako je produkce, n\u00e1klady, dotace, p\u0159\u00edjem, majetek). Pr\u016fm\u011brn\u00e9 \u00fadaje na&nbsp;podnik se&nbsp;zpracov\u00e1vaj\u00ed pro&nbsp;ka\u017ed\u00fd rok, a&nbsp;to&nbsp;podle \u010dlensk\u00e9ho st\u00e1tu, v\u00fdrobn\u00edho zam\u011b\u0159en\u00ed podniku a&nbsp;t\u0159\u00eddy ekonomick\u00e9 velikosti.<\/p><p>Za posledn\u00ed desetilet\u00ed zaznamenala pr\u016fm\u011brn\u00e1 \u010dist\u00e1 p\u0159idan\u00e1 hodnota zem\u011bd\u011blsk\u00e9ho podniku v&nbsp;EU rostouc\u00ed trend a&nbsp;v&nbsp;roce 2021 dos\u00e1hla pr\u016fm\u011brn\u00e9 hodnoty 48&nbsp;600 EUR na&nbsp;zem\u011bd\u011blsk\u00fd podnik a&nbsp;29&nbsp;100 EUR na&nbsp;AWU (AWU \u2013 ro\u010dn\u00ed pracovn\u00ed jednotku). V\u0161echna v\u00fdrobn\u00ed zam\u011b\u0159en\u00ed zaznamenala n\u00e1r\u016fst oproti roku 2020 (pr\u016fm\u011brn\u011b 13,6&nbsp;%) s&nbsp;v\u00fdjimkou prasat a&nbsp;dr\u016fbe\u017ee. Nejziskov\u011bj\u0161\u00edm odv\u011btv\u00edm v&nbsp;EU p\u0159esto z\u016fst\u00e1vaj\u00ed farmy specializovan\u00e9 na&nbsp;chov prasat a&nbsp;dr\u016fbe\u017ee s&nbsp;43&nbsp;400 EUR \u010dist\u00e9 p\u0159idan\u00e9 hodnoty na&nbsp;AWU.<br \/>(vlo\u017eeno&nbsp;26.&nbsp;6.&nbsp;2023)<\/p><p><img decoding=\"async\" data-recalc-dims=\"1\" class=\"alignnone size-full wp-image-5604\" src=\"https:\/\/i0.wp.com\/fadn.cz\/wp-content\/uploads\/2023\/04\/logo_male_modre_fadn.png?resize=19%2C19&#038;ssl=1\" alt=\"\" width=\"19\" height=\"19\" srcset=\"https:\/\/i0.wp.com\/fadn.cz\/wp-content\/uploads\/2023\/04\/logo_male_modre_fadn.png?w=19&amp;ssl=1 19w, https:\/\/i0.wp.com\/fadn.cz\/wp-content\/uploads\/2023\/04\/logo_male_modre_fadn.png?resize=12%2C12&amp;ssl=1 12w\" sizes=\"(max-width: 19px) 100vw, 19px\" \/> Dne 26.&nbsp;5.&nbsp;2023 se&nbsp;z\u00e1stupci Kontaktn\u00edho pracovi\u0161t\u011b FADN&nbsp;\u010cR z\u00fa\u010dastnili jedn\u00e1n\u00ed v\u00fdboru FADN p\u0159i&nbsp;Evropsk\u00e9 Komisi, kter\u00e9 prob\u011bhlo formou videokonference. Hlavn\u00edm bodem programu byly zm\u011bny v&nbsp;prov\u00e1d\u011bc\u00edho na\u0159\u00edzen\u00ed (EU) 2015\/220. (vlo\u017eeno&nbsp;26.&nbsp;5.&nbsp;2023)<\/p><p><img decoding=\"async\" data-recalc-dims=\"1\" class=\"alignnone size-full wp-image-5604\" src=\"https:\/\/i0.wp.com\/fadn.cz\/wp-content\/uploads\/2023\/04\/logo_male_modre_fadn.png?resize=19%2C19&#038;ssl=1\" alt=\"\" width=\"19\" height=\"19\" srcset=\"https:\/\/i0.wp.com\/fadn.cz\/wp-content\/uploads\/2023\/04\/logo_male_modre_fadn.png?w=19&amp;ssl=1 19w, https:\/\/i0.wp.com\/fadn.cz\/wp-content\/uploads\/2023\/04\/logo_male_modre_fadn.png?resize=12%2C12&amp;ssl=1 12w\" sizes=\"(max-width: 19px) 100vw, 19px\" \/> 22.&nbsp;5.&nbsp;slav\u00edme Mezin\u00e1rodn\u00ed den biodiverzity. V&nbsp;na\u0161\u00ed infografice jsme se&nbsp;zam\u011b\u0159ili na&nbsp;prov\u00e1zanost biodiverzity a&nbsp;zem\u011bd\u011blstv\u00ed. Dozv\u00edte se, jak je pot\u0159eba, abychom biologickou rozmanitost neztr\u00e1celi, ale naopak posilovali. U\u017eijte si&nbsp;dne\u0161n\u00ed den ve&nbsp;spole\u010dnosti co nejv\u00edce rostlinn\u00fdch i&nbsp;\u017eivo\u010di\u0161n\u00fdch druh\u016f!<\/p><p><img decoding=\"async\" data-recalc-dims=\"1\" class=\"alignnone size-full wp-image-5604\" src=\"https:\/\/i0.wp.com\/fadn.cz\/wp-content\/uploads\/2023\/04\/logo_male_modre_fadn.png?resize=19%2C19&#038;ssl=1\" alt=\"\" width=\"19\" height=\"19\" srcset=\"https:\/\/i0.wp.com\/fadn.cz\/wp-content\/uploads\/2023\/04\/logo_male_modre_fadn.png?w=19&amp;ssl=1 19w, https:\/\/i0.wp.com\/fadn.cz\/wp-content\/uploads\/2023\/04\/logo_male_modre_fadn.png?resize=12%2C12&amp;ssl=1 12w\" sizes=\"(max-width: 19px) 100vw, 19px\" \/> Dne 5.&nbsp;5.&nbsp;2023 se&nbsp;z\u00e1stupci Kontaktn\u00edho pracovi\u0161t\u011b FADN&nbsp;\u010cR z\u00fa\u010dastnili jedn\u00e1n\u00ed Expertn\u00ed skupiny pro&nbsp;horizont\u00e1ln\u00ed ot\u00e1zky \u2013 Podskupina \u00da\u010detn\u00ed s\u00ed\u0165 p\u0159i&nbsp;Evropsk\u00e9 Komisi. Zased\u00e1n\u00ed prob\u011bhlo formou videokonference. Hlavn\u00edm bodem programu byla zm\u011bna v&nbsp;na\u0159\u00edzen\u00ed t\u00fdkaj\u00edc\u00ed se&nbsp;slou\u010den\u00ed subregion\u016f FADN ve&nbsp;Finsku. (vlo\u017eeno&nbsp;5.&nbsp;5.&nbsp;2023)<\/p><p><img decoding=\"async\" data-recalc-dims=\"1\" class=\"alignnone size-full wp-image-5604\" src=\"https:\/\/i0.wp.com\/fadn.cz\/wp-content\/uploads\/2023\/04\/logo_male_modre_fadn.png?resize=19%2C19&#038;ssl=1\" alt=\"\" width=\"19\" height=\"19\" srcset=\"https:\/\/i0.wp.com\/fadn.cz\/wp-content\/uploads\/2023\/04\/logo_male_modre_fadn.png?w=19&amp;ssl=1 19w, https:\/\/i0.wp.com\/fadn.cz\/wp-content\/uploads\/2023\/04\/logo_male_modre_fadn.png?resize=12%2C12&amp;ssl=1 12w\" sizes=\"(max-width: 19px) 100vw, 19px\" \/> V&nbsp;odborn\u00e9m \u010dasopise Zem\u011bd\u011blec byl publikov\u00e1n \u010dl\u00e1nek \u201eInvestice a&nbsp;financov\u00e1n\u00ed v&nbsp;zem\u011bd\u011blstv\u00ed\u201c, na&nbsp;jeho\u017e seps\u00e1n\u00ed se&nbsp;pod\u00edlel i&nbsp;pracovn\u00edk FADN Mgr. Tom\u00e1\u0161 Vintr. V&nbsp;textu jsou pou\u017eita data z&nbsp;datab\u00e1ze FADN&nbsp;\u010cR. P\u0159\u00edsp\u011bvek naleznete v&nbsp;z\u00e1lo\u017ece Publika\u010dn\u00ed \u010dinnost. (vlo\u017eeno&nbsp;14.&nbsp;4.&nbsp;2023)<\/p><p><img decoding=\"async\" data-recalc-dims=\"1\" class=\"alignnone size-full wp-image-5604\" src=\"https:\/\/i0.wp.com\/fadn.cz\/wp-content\/uploads\/2023\/04\/logo_male_modre_fadn.png?resize=19%2C19&#038;ssl=1\" alt=\"\" width=\"19\" height=\"19\" srcset=\"https:\/\/i0.wp.com\/fadn.cz\/wp-content\/uploads\/2023\/04\/logo_male_modre_fadn.png?w=19&amp;ssl=1 19w, https:\/\/i0.wp.com\/fadn.cz\/wp-content\/uploads\/2023\/04\/logo_male_modre_fadn.png?resize=12%2C12&amp;ssl=1 12w\" sizes=\"(max-width: 19px) 100vw, 19px\" \/> V&nbsp;odborn\u00e9m \u010dasopise Zem\u011bd\u011blsk\u00e1 ekonomika byl publikov\u00e1n \u010dl\u00e1nek \u201eAssessment of the impact of agricultural support on crop diversity\u201c, na&nbsp;kter\u00e9m participovaly pracovnice z&nbsp;FADN. Studie se&nbsp;zab\u00fdv\u00e1 posouzen\u00edm vlivu zem\u011bd\u011blsk\u00fdch podpor na&nbsp;diverzitu plodin farem (v\u00fdstup projektu \u010d.&nbsp;SS04030013 podpo\u0159en\u00fd TA \u010cR). Pro&nbsp;v\u00fdpo\u010det indexu diverzity byla pou\u017eita panelov\u00e1 data z&nbsp;datab\u00e1ze FADN umo\u017e\u0148uj\u00edc\u00ed analyzovat vyu\u017eit\u00ed p\u016fdy a&nbsp;rozmanitost plodin. P\u0159\u00edsp\u011bvek naleznete v&nbsp;z\u00e1lo\u017ece Publika\u010dn\u00ed \u010dinnost.<\/p><p><img decoding=\"async\" data-recalc-dims=\"1\" class=\"alignnone size-full wp-image-5604\" src=\"https:\/\/i0.wp.com\/fadn.cz\/wp-content\/uploads\/2023\/04\/logo_male_modre_fadn.png?resize=19%2C19&#038;ssl=1\" alt=\"\" width=\"19\" height=\"19\" srcset=\"https:\/\/i0.wp.com\/fadn.cz\/wp-content\/uploads\/2023\/04\/logo_male_modre_fadn.png?w=19&amp;ssl=1 19w, https:\/\/i0.wp.com\/fadn.cz\/wp-content\/uploads\/2023\/04\/logo_male_modre_fadn.png?resize=12%2C12&amp;ssl=1 12w\" sizes=\"(max-width: 19px) 100vw, 19px\" \/> \u00a0Dne 27.&nbsp;3.&nbsp;2023 se&nbsp;z\u00e1stupci Kontaktn\u00edho pracovi\u0161t\u011b FADN&nbsp;\u010cR z\u00fa\u010dastnili 212.&nbsp;zased\u00e1n\u00ed v\u00fdboru FADN Evropsk\u00e9 komise a&nbsp;Expertn\u00ed skupiny pro&nbsp;horizont\u00e1ln\u00ed ot\u00e1zky \u2013 Podskupina \u00da\u010detn\u00ed s\u00ed\u0165 p\u0159i&nbsp;Evropsk\u00e9 Komisi. Ob\u011b jedn\u00e1n\u00ed prob\u011bhla kombinovanou formou osobn\u00ed \u00fa\u010dasti a&nbsp;videokonference. Z\u00e1stupkyn\u011b Kontaktn\u00edho pracovi\u0161t\u011b FADN&nbsp;\u010cR p\u0159ednesla prezentaci na&nbsp;t\u00e9ma precizn\u00ed zem\u011bd\u011blstv\u00ed v&nbsp;\u0161et\u0159en\u00ed FADN&nbsp;\u010cR. (vlo\u017eeno&nbsp;28.&nbsp;3.&nbsp;2023)<\/p><p><img decoding=\"async\" data-recalc-dims=\"1\" class=\"alignnone size-full wp-image-5604\" src=\"https:\/\/i0.wp.com\/fadn.cz\/wp-content\/uploads\/2023\/04\/logo_male_modre_fadn.png?resize=19%2C19&#038;ssl=1\" alt=\"\" width=\"19\" height=\"19\" srcset=\"https:\/\/i0.wp.com\/fadn.cz\/wp-content\/uploads\/2023\/04\/logo_male_modre_fadn.png?w=19&amp;ssl=1 19w, https:\/\/i0.wp.com\/fadn.cz\/wp-content\/uploads\/2023\/04\/logo_male_modre_fadn.png?resize=12%2C12&amp;ssl=1 12w\" sizes=\"(max-width: 19px) 100vw, 19px\" \/> \u00a0Z\u00fa\u010dastnili jsme se&nbsp;31.&nbsp;zased\u00e1n\u00ed Farm Level Analysis Network p\u0159i&nbsp;OECD, kter\u00e9 se&nbsp;konalo hybridn\u00ed formou ve&nbsp;dnech 16.&nbsp;a&nbsp;17.&nbsp;b\u0159ezna 2023. V\u00edce ne\u017e 60 \u00fa\u010dastn\u00edk\u016f vyslechlo zaj\u00edmav\u00fd program a&nbsp;zku\u0161enosti. Prezentace byly zam\u011b\u0159en\u00e9 nap\u0159\u00edklad na&nbsp;p\u0159\u00ednosy precizn\u00edho zem\u011bd\u011blstv\u00ed a&nbsp;digitalizace \u010di&nbsp;pot\u0159ebu nov\u00fdch ukazatel\u016f p\u0159i&nbsp;sb\u011bru dat v&nbsp;oblasti soci\u00e1ln\u00ed udr\u017eitelnosti v&nbsp;zem\u011bd\u011blstv\u00ed. V&nbsp;z\u00e1v\u011bru setk\u00e1n\u00ed byly prezentov\u00e1ny prvn\u00ed v\u00fdsledky projektu na&nbsp;vyu\u017eit\u00ed statistick\u00fdch anal\u00fdz dat australsk\u00fdch farem zasa\u017een\u00fdch extr\u00e9mn\u00edm suchem pro&nbsp;stanoven\u00ed charakteristik odolnosti farem. Jedn\u00edm z&nbsp;v\u00fdznamn\u00fdch zdroj\u016f dat pro&nbsp;mezin\u00e1rodn\u00ed spolupr\u00e1ci byla zmi\u0148ov\u00e1na tak\u00e9 data FADN. (vlo\u017eeno&nbsp;28.&nbsp;3.&nbsp;2023)<\/p><p><img decoding=\"async\" data-recalc-dims=\"1\" class=\"alignnone size-full wp-image-5604\" src=\"https:\/\/i0.wp.com\/fadn.cz\/wp-content\/uploads\/2023\/04\/logo_male_modre_fadn.png?resize=19%2C19&#038;ssl=1\" alt=\"\" width=\"19\" height=\"19\" srcset=\"https:\/\/i0.wp.com\/fadn.cz\/wp-content\/uploads\/2023\/04\/logo_male_modre_fadn.png?w=19&amp;ssl=1 19w, https:\/\/i0.wp.com\/fadn.cz\/wp-content\/uploads\/2023\/04\/logo_male_modre_fadn.png?resize=12%2C12&amp;ssl=1 12w\" sizes=\"(max-width: 19px) 100vw, 19px\" \/> \u00a0Kompletn\u00ed elektronick\u00e1 verze p\u0159ehledu v\u00fdb\u011brov\u00e9ho \u0161et\u0159en\u00ed hospod\u00e1\u0159sk\u00fdch v\u00fdsledk\u016f zem\u011bd\u011blsk\u00fdch podnik\u016f je v\u00e1m k&nbsp;dispozici v&nbsp;adres\u00e1\u0159i V\u00fdsledky v\u00fdb\u011brov\u00e9ho \u0161et\u0159en\u00ed FADN \u2013 rok 2021. Publikace p\u0159edkl\u00e1d\u00e1 v\u00fdsledky formou tabulek, graf\u016f, map a&nbsp;text\u016f zpracovan\u00fdch do&nbsp;tematick\u00fdch kapitol. V&nbsp;roce 2021 se&nbsp;z\u00fa\u010dastnilo 1&nbsp;196 subjekt\u016f. (vlo\u017eeno&nbsp;6.&nbsp;3.&nbsp;2023)<\/p><p><img decoding=\"async\" data-recalc-dims=\"1\" class=\"alignnone size-full wp-image-5604\" src=\"https:\/\/i0.wp.com\/fadn.cz\/wp-content\/uploads\/2023\/04\/logo_male_modre_fadn.png?resize=19%2C19&#038;ssl=1\" alt=\"\" width=\"19\" height=\"19\" srcset=\"https:\/\/i0.wp.com\/fadn.cz\/wp-content\/uploads\/2023\/04\/logo_male_modre_fadn.png?w=19&amp;ssl=1 19w, https:\/\/i0.wp.com\/fadn.cz\/wp-content\/uploads\/2023\/04\/logo_male_modre_fadn.png?resize=12%2C12&amp;ssl=1 12w\" sizes=\"(max-width: 19px) 100vw, 19px\" \/> \u00a0Ve zpravodaji AGRObase (01\/2023) byl publikov\u00e1n p\u0159\u00edsp\u011bvek s&nbsp;n\u00e1zvem Vyu\u017e\u00edv\u00e1te i&nbsp;vy \u0161irok\u00e9 informa\u010dn\u00ed nab\u00eddky \u0161et\u0159en\u00ed FADN? \u010cl\u00e1nek p\u0159edstavuje mo\u017enosti z\u00edsk\u00e1n\u00ed a&nbsp;interpretace dat z&nbsp;Evropsk\u00e9 datab\u00e1ze FADN. Auto\u0159i \u010dl\u00e1nku jsou Mgr. Jind\u0159ich Landa, Ph.D. a&nbsp;Ing.&nbsp;Zuzana Hlou\u0161kov\u00e1. P\u0159\u00edsp\u011bvek je dostupn\u00fd v&nbsp;z\u00e1lo\u017ece Publika\u010dn\u00ed \u010dinnost. (vlo\u017eeno&nbsp;2.&nbsp;2.&nbsp;2023)<\/p><p><img decoding=\"async\" data-recalc-dims=\"1\" class=\"alignnone size-full wp-image-5604\" src=\"https:\/\/i0.wp.com\/fadn.cz\/wp-content\/uploads\/2023\/04\/logo_male_modre_fadn.png?resize=19%2C19&#038;ssl=1\" alt=\"\" width=\"19\" height=\"19\" srcset=\"https:\/\/i0.wp.com\/fadn.cz\/wp-content\/uploads\/2023\/04\/logo_male_modre_fadn.png?w=19&amp;ssl=1 19w, https:\/\/i0.wp.com\/fadn.cz\/wp-content\/uploads\/2023\/04\/logo_male_modre_fadn.png?resize=12%2C12&amp;ssl=1 12w\" sizes=\"(max-width: 19px) 100vw, 19px\" \/> \u00a0Ve t\u0159et\u00edm lednov\u00e9m t\u00fddnu zve\u0159ejnila Evropsk\u00e1 komise zpr\u00e1vu o&nbsp;ekologick\u00e9m zem\u011bd\u011blstv\u00ed v&nbsp;Evropsk\u00e9 unii a&nbsp;jeho v\u00fdvoji v&nbsp;obdob\u00ed 2012-2020. Ekologick\u00e9 zem\u011bd\u011blstv\u00ed hraje v\u00fdznamnou roli v&nbsp;dosa\u017een\u00ed ambic\u00ed Zelen\u00e9 dohody pro&nbsp;Evropu. V\u00fdstupy uveden\u00e9 v&nbsp;publikaci vypl\u00fdvaj\u00ed z&nbsp;dat Eurostatu a&nbsp;FADN. P\u0159ipravili jsme souhrnnou informaci t\u00e9to zpr\u00e1vy, kter\u00e1 je ke&nbsp;sta\u017een\u00ed <a href=\"https:\/\/fadn.cz\/wp-content\/uploads\/2023\/02\/23_01_Zprava_o_eko_zemede_EvrKom.pdf\" target=\"_blank\" rel=\"noopener\">ZDE<\/a>. (vlo\u017eeno&nbsp;27.&nbsp;1.&nbsp;2023)<\/p><p><img decoding=\"async\" data-recalc-dims=\"1\" class=\"alignnone size-full wp-image-5604\" src=\"https:\/\/i0.wp.com\/fadn.cz\/wp-content\/uploads\/2023\/04\/logo_male_modre_fadn.png?resize=19%2C19&#038;ssl=1\" alt=\"\" width=\"19\" height=\"19\" srcset=\"https:\/\/i0.wp.com\/fadn.cz\/wp-content\/uploads\/2023\/04\/logo_male_modre_fadn.png?w=19&amp;ssl=1 19w, https:\/\/i0.wp.com\/fadn.cz\/wp-content\/uploads\/2023\/04\/logo_male_modre_fadn.png?resize=12%2C12&amp;ssl=1 12w\" sizes=\"(max-width: 19px) 100vw, 19px\" \/> \u00a0Ji\u017e t\u0159et\u00ed vyd\u00e1n\u00ed ob\u010dasn\u00edku Zaj\u00edmavosti z&nbsp;FADN \u010dten\u00e1\u0159e sezn\u00e1m\u00ed s&nbsp;hospod\u00e1\u0159sk\u00fdmi v\u00fdsledky zem\u011bd\u011blsk\u00fdch podnik\u016f v&nbsp;\u010cR a&nbsp;v&nbsp;zem\u00edch EU. Data jsou zpracov\u00e1na do&nbsp;p\u0159ehledn\u00fdch graf\u016f a&nbsp;speci\u00e1ln\u00ed dvojstrana je tentokr\u00e1t v\u011bnov\u00e1na precizn\u00edmu zem\u011bd\u011blstv\u00ed. Elektronick\u00e1 verze bro\u017eury je k&nbsp;dispozici v&nbsp;sekci Publika\u010dn\u00ed \u010dinnost. (vlo\u017eeno&nbsp;26.&nbsp;1.&nbsp;2023)<\/p><p><img decoding=\"async\" data-recalc-dims=\"1\" class=\"alignnone size-full wp-image-5604\" src=\"https:\/\/i0.wp.com\/fadn.cz\/wp-content\/uploads\/2023\/04\/logo_male_modre_fadn.png?resize=19%2C19&#038;ssl=1\" alt=\"\" width=\"19\" height=\"19\" srcset=\"https:\/\/i0.wp.com\/fadn.cz\/wp-content\/uploads\/2023\/04\/logo_male_modre_fadn.png?w=19&amp;ssl=1 19w, https:\/\/i0.wp.com\/fadn.cz\/wp-content\/uploads\/2023\/04\/logo_male_modre_fadn.png?resize=12%2C12&amp;ssl=1 12w\" sizes=\"(max-width: 19px) 100vw, 19px\" \/> \u00a0Ministerstvo zem\u011bd\u011blstv\u00ed p\u0159ipravuje ve&nbsp;spolupr\u00e1ci s&nbsp;\u00daZEI informa\u010dn\u00ed webin\u00e1\u0159e s&nbsp;c\u00edlem poskytnout \u017eadatel\u016fm o&nbsp;dotace ucelen\u00fd p\u0159ehled informac\u00ed. V\u00edce informac\u00ed <a href=\"https:\/\/eagri.cz\/public\/web\/mze\/dotace\/szp-pro-obdobi-2021-2027\/zakladni-informace\/webinare-pro-verejnost-k-podminkam.html\" target=\"_blank\" rel=\"noopener\">ZDE<\/a>. (vlo\u017eeno&nbsp;20.&nbsp;1.&nbsp;2023)<\/p><\/div>\n\t\t\t\t\t\t\t\t\t<div class=\"elementor-tab-title elementor-tab-mobile-title\" aria-selected=\"false\" data-tab=\"6\" role=\"tab\" tabindex=\"-1\" aria-controls=\"elementor-tab-content-1706\" aria-expanded=\"false\">2022<\/div>\n\t\t\t\t\t<div id=\"elementor-tab-content-1706\" class=\"elementor-tab-content elementor-clearfix\" data-tab=\"6\" role=\"tabpanel\" aria-labelledby=\"elementor-tab-title-1706\" tabindex=\"0\" hidden=\"hidden\"><p><img decoding=\"async\" data-recalc-dims=\"1\" class=\"alignnone size-full wp-image-5604\" src=\"https:\/\/i0.wp.com\/fadn.cz\/wp-content\/uploads\/2023\/04\/logo_male_modre_fadn.png?resize=19%2C19&#038;ssl=1\" alt=\"\" width=\"19\" height=\"19\" srcset=\"https:\/\/i0.wp.com\/fadn.cz\/wp-content\/uploads\/2023\/04\/logo_male_modre_fadn.png?w=19&amp;ssl=1 19w, https:\/\/i0.wp.com\/fadn.cz\/wp-content\/uploads\/2023\/04\/logo_male_modre_fadn.png?resize=12%2C12&amp;ssl=1 12w\" sizes=\"(max-width: 19px) 100vw, 19px\" \/> \u00a0V \u010dasopisu Zem\u011bd\u011blec (51\/2022) byl publikov\u00e1n p\u0159\u00edsp\u011bvek Spot\u0159eba miner\u00e1ln\u00edch hnojiv v&nbsp;unii, kter\u00fd se&nbsp;zab\u00fdv\u00e1 porovn\u00e1n\u00edm v\u00fdsledk\u016f zem\u011bd\u011blsk\u00fdch podnik\u016f dev\u00edti vybran\u00fdch st\u00e1t\u016f EU. Anal\u00fdza se&nbsp;zam\u011b\u0159ila na&nbsp;podniky poln\u00ed v\u00fdroby a&nbsp;vyu\u017eila data z&nbsp;ve\u0159ejn\u00e9 datab\u00e1ze FADN Evropsk\u00e9 komise. Autory jsou Mgr. Jind\u0159ich Landa, Ing.&nbsp;Iveta Mlezivov\u00e1 a&nbsp;Ing.&nbsp;Zuzana Hlou\u0161kov\u00e1. P\u0159\u00edsp\u011bvek je dostupn\u00fd v&nbsp;adres\u00e1\u0159i Publika\u010dn\u00ed \u010dinnost. (vlo\u017eeno&nbsp;31.&nbsp;12.&nbsp;2022)<\/p><p><img decoding=\"async\" data-recalc-dims=\"1\" class=\"alignnone size-full wp-image-5604\" src=\"https:\/\/i0.wp.com\/fadn.cz\/wp-content\/uploads\/2023\/04\/logo_male_modre_fadn.png?resize=19%2C19&#038;ssl=1\" alt=\"\" width=\"19\" height=\"19\" srcset=\"https:\/\/i0.wp.com\/fadn.cz\/wp-content\/uploads\/2023\/04\/logo_male_modre_fadn.png?w=19&amp;ssl=1 19w, https:\/\/i0.wp.com\/fadn.cz\/wp-content\/uploads\/2023\/04\/logo_male_modre_fadn.png?resize=12%2C12&amp;ssl=1 12w\" sizes=\"(max-width: 19px) 100vw, 19px\" \/> \u00a0V listopadov\u00e9m vyd\u00e1n\u00ed Agrobase vy\u0161el \u010dl\u00e1nek \u201eFADN 2021, p\u0159edb\u011b\u017en\u00e9 v\u00fdsledky hospoda\u0159en\u00ed zem\u011bd\u011blsk\u00fdch podnik\u016f\u201c od&nbsp;autor\u016f Ing.&nbsp;Martiny Harvil\u00edkov\u00e9 a&nbsp;Ing.&nbsp;Jany Mach\u00e1\u010dkov\u00e9. \u010cl\u00e1nek se&nbsp;v\u011bnuje meziro\u010dn\u00edmu porovn\u00e1n\u00ed v\u00fdsledk\u016f mezi roky 2021 a&nbsp;2020. P\u0159\u00edsp\u011bvek naleznete v&nbsp;adres\u00e1\u0159i Publika\u010dn\u00ed \u010dinnost. (vlo\u017eeno&nbsp;9.&nbsp;12.&nbsp;2022)<\/p><p><img decoding=\"async\" data-recalc-dims=\"1\" class=\"alignnone size-full wp-image-5604\" src=\"https:\/\/i0.wp.com\/fadn.cz\/wp-content\/uploads\/2023\/04\/logo_male_modre_fadn.png?resize=19%2C19&#038;ssl=1\" alt=\"\" width=\"19\" height=\"19\" srcset=\"https:\/\/i0.wp.com\/fadn.cz\/wp-content\/uploads\/2023\/04\/logo_male_modre_fadn.png?w=19&amp;ssl=1 19w, https:\/\/i0.wp.com\/fadn.cz\/wp-content\/uploads\/2023\/04\/logo_male_modre_fadn.png?resize=12%2C12&amp;ssl=1 12w\" sizes=\"(max-width: 19px) 100vw, 19px\" \/> \u00a0Dne 7.&nbsp;12.&nbsp;2022 prob\u011bhlo dal\u0161\u00ed zased\u00e1n\u00ed pracovn\u00ed skupiny AgriFin, na&nbsp;programu bylo op\u011bt tak\u00e9 pokra\u010dov\u00e1n\u00ed projedn\u00e1v\u00e1n\u00ed n\u00e1vrhu zm\u011bny na\u0159\u00edzen\u00ed evropsk\u00e9ho Parlament a&nbsp;Rady, kter\u00fdm se&nbsp;m\u011bn\u00ed na\u0159\u00edzen\u00ed Rady (ES) \u010d.&nbsp;1217\/2009, pokud jde o&nbsp;p\u0159echod ze zem\u011bd\u011blsk\u00e9 \u00fa\u010detn\u00ed datov\u00e9 s\u00edt\u011b na&nbsp;zem\u011bd\u011blskou datovou s\u00ed\u0165 pro&nbsp;udr\u017eitelnost zem\u011bd\u011blsk\u00fdch podnik\u016f. (vlo\u017eeno&nbsp;8.&nbsp;12.&nbsp;2022)<\/p><p><img decoding=\"async\" data-recalc-dims=\"1\" class=\"alignnone size-full wp-image-5604\" src=\"https:\/\/i0.wp.com\/fadn.cz\/wp-content\/uploads\/2023\/04\/logo_male_modre_fadn.png?resize=19%2C19&#038;ssl=1\" alt=\"\" width=\"19\" height=\"19\" srcset=\"https:\/\/i0.wp.com\/fadn.cz\/wp-content\/uploads\/2023\/04\/logo_male_modre_fadn.png?w=19&amp;ssl=1 19w, https:\/\/i0.wp.com\/fadn.cz\/wp-content\/uploads\/2023\/04\/logo_male_modre_fadn.png?resize=12%2C12&amp;ssl=1 12w\" sizes=\"(max-width: 19px) 100vw, 19px\" \/> \u00a0Nov\u00fd odborn\u00fd \u010dl\u00e1nek vych\u00e1zej\u00edc\u00ed z&nbsp;inovativn\u00edch metod aplikovan\u00fdch nad datab\u00e1z\u00ed FADN&nbsp;CZ se&nbsp;v\u011bnuje hodnocen\u00ed v\u00fdsledk\u016f hospoda\u0159en\u00ed v&nbsp;du\u00e1ln\u00ed struktu\u0159e \u010desk\u00e9ho zem\u011bd\u011blstv\u00ed. Pro&nbsp;zaji\u0161t\u011bn\u00ed porovnatelnosti ekonomiky mal\u00fdch a&nbsp;velk\u00fdch podnik\u016f byl sestaven index ekonomick\u00e9 udr\u017eitelnosti, kter\u00fd uva\u017euje s&nbsp;n\u00e1klady vlastn\u00edch v\u00fdrobn\u00edch faktor\u016f. V\u00fdsledky byly analyzov\u00e1ny z&nbsp;pohledu v\u00fdrobn\u00edho zam\u011b\u0159en\u00ed a&nbsp;ekonomick\u00e9 velikosti. V\u00edce naleznete v&nbsp;\u010dl\u00e1nku \u201eHlou\u0161kov\u00e1 Z, Leke\u0161ov\u00e1 M, Prajerov\u00e1 A, Doucha T. Assessing the Economic Viability of Agricultural Holdings with the Inclusion of Opportunity Costs. Sustainability. 2022; 14(22):15087. <a href=\"https:\/\/www.mdpi.com\/2071-1050\/14\/22\/15087\" target=\"_blank\" rel=\"noopener\">https:\/\/doi.org\/10.3390\/su142215087<\/a> (vlo\u017eeno&nbsp;5.&nbsp;12.&nbsp;2022)<\/p><p><img decoding=\"async\" data-recalc-dims=\"1\" class=\"alignnone size-full wp-image-5604\" src=\"https:\/\/i0.wp.com\/fadn.cz\/wp-content\/uploads\/2023\/04\/logo_male_modre_fadn.png?resize=19%2C19&#038;ssl=1\" alt=\"\" width=\"19\" height=\"19\" srcset=\"https:\/\/i0.wp.com\/fadn.cz\/wp-content\/uploads\/2023\/04\/logo_male_modre_fadn.png?w=19&amp;ssl=1 19w, https:\/\/i0.wp.com\/fadn.cz\/wp-content\/uploads\/2023\/04\/logo_male_modre_fadn.png?resize=12%2C12&amp;ssl=1 12w\" sizes=\"(max-width: 19px) 100vw, 19px\" \/> \u00a0Dne 16.&nbsp;11.&nbsp;2022 prob\u011bhlo dal\u0161\u00ed zased\u00e1n\u00ed pracovn\u00ed skupiny AgriFin, na&nbsp;programu bylo mimo jin\u00e9 pokra\u010dov\u00e1n\u00ed projedn\u00e1v\u00e1n\u00ed n\u00e1vrhu zm\u011bny na\u0159\u00edzen\u00ed evropsk\u00e9ho Parlament a&nbsp;Rady, kter\u00fdm se&nbsp;m\u011bn\u00ed na\u0159\u00edzen\u00ed Rady (ES) \u010d.&nbsp;1217\/2009, pokud jde o&nbsp;p\u0159echod ze zem\u011bd\u011blsk\u00e9 \u00fa\u010detn\u00ed datov\u00e9 s\u00edt\u011b na&nbsp;zem\u011bd\u011blskou datovou s\u00ed\u0165 pro&nbsp;udr\u017eitelnost zem\u011bd\u011blsk\u00fdch podnik\u016f. (vlo\u017eeno&nbsp;20.&nbsp;11.&nbsp;2022)<\/p><p><img decoding=\"async\" data-recalc-dims=\"1\" class=\"alignnone size-full wp-image-5604\" src=\"https:\/\/i0.wp.com\/fadn.cz\/wp-content\/uploads\/2023\/04\/logo_male_modre_fadn.png?resize=19%2C19&#038;ssl=1\" alt=\"\" width=\"19\" height=\"19\" srcset=\"https:\/\/i0.wp.com\/fadn.cz\/wp-content\/uploads\/2023\/04\/logo_male_modre_fadn.png?w=19&amp;ssl=1 19w, https:\/\/i0.wp.com\/fadn.cz\/wp-content\/uploads\/2023\/04\/logo_male_modre_fadn.png?resize=12%2C12&amp;ssl=1 12w\" sizes=\"(max-width: 19px) 100vw, 19px\" \/> \u00a0Ve dnech 7.&nbsp;a&nbsp;8.&nbsp;listopadu 2022 se&nbsp;uskute\u010dnilo 30.&nbsp;zased\u00e1n\u00ed OECD Network for Farm-Level Analysis (FLAN) v&nbsp;hybridn\u00ed form\u011b (osobn\u011b v&nbsp;Pa\u0159\u00ed\u017ei a&nbsp;registrovan\u00ed \u00fa\u010dastn\u00edc\u00ed online). V&nbsp;online form\u011b se&nbsp;z\u00fa\u010dastnili tak\u00e9 z\u00e1stupci FADN&nbsp;\u010cR. Setk\u00e1n\u00ed bylo \u010dlen\u011bno do&nbsp;t\u0159\u00ed \u010d\u00e1st\u00ed. Prvn\u00ed skupina prezentac\u00ed byla zam\u011b\u0159ena na&nbsp;agroenvironment\u00e1ln\u00ed ukazatele, zvl\u00e1\u0161t\u011b na&nbsp;biologickou diverzitu a&nbsp;mezin\u00e1rodn\u00ed zku\u0161enosti s&nbsp;jej\u00edm monitoringem. V&nbsp;druh\u00e9 \u010d\u00e1sti byla \u0159e\u0161ena ot\u00e1zka charakteristik odolnosti zem\u011bd\u011blsk\u00fdch firem a&nbsp;zav\u00e1d\u011bn\u00ed digit\u00e1ln\u00edch technologi\u00ed. V&nbsp;z\u00e1v\u011bre\u010dn\u00e9 \u010d\u00e1sti byla zhodnocena dvoulet\u00e1 pr\u00e1ce s\u00edt\u011b FLAN a&nbsp;diskutov\u00e1na ot\u00e1zka c\u00edl\u016f na&nbsp;dal\u0161\u00ed dva roky. (vlo\u017eeno&nbsp;9.&nbsp;11.&nbsp;2022)<\/p><p><img decoding=\"async\" data-recalc-dims=\"1\" class=\"alignnone size-full wp-image-5604\" src=\"https:\/\/i0.wp.com\/fadn.cz\/wp-content\/uploads\/2023\/04\/logo_male_modre_fadn.png?resize=19%2C19&#038;ssl=1\" alt=\"\" width=\"19\" height=\"19\" srcset=\"https:\/\/i0.wp.com\/fadn.cz\/wp-content\/uploads\/2023\/04\/logo_male_modre_fadn.png?w=19&amp;ssl=1 19w, https:\/\/i0.wp.com\/fadn.cz\/wp-content\/uploads\/2023\/04\/logo_male_modre_fadn.png?resize=12%2C12&amp;ssl=1 12w\" sizes=\"(max-width: 19px) 100vw, 19px\" \/> \u00a0Dne 2.&nbsp;11.&nbsp;2022 prob\u011bhlo zased\u00e1n\u00ed N\u00e1rodn\u00ed komise FADN, kter\u00e1 se&nbsp;sch\u00e1z\u00ed pravideln\u011b od&nbsp;roku 2004 za&nbsp;\u00fa\u010dasti z\u00e1stupc\u016f \u00daZEI, MZe, nevl\u00e1dn\u00edch organizac\u00ed a&nbsp;zem\u011bd\u011blsk\u00fdch univerzit. N\u00e1rodn\u00ed komise FADN jednomysln\u011b schv\u00e1lila n\u00e1vrh pl\u00e1nu v\u00fdb\u011bru podnik\u016f do&nbsp;\u0161et\u0159en\u00ed FADN pro&nbsp;\u00fa\u010detn\u00ed rok 2023, projednala p\u0159edb\u011b\u017en\u00e9 v\u00fdsledky hospoda\u0159en\u00ed zem\u011bd\u011blsk\u00fdch podnik\u016f za&nbsp;rok 2021, diskutovala organiza\u010dn\u00ed ot\u00e1zky uplynul\u00e9ho roku i&nbsp;budouc\u00ed v\u00fdvoj FADN ve&nbsp;vztahu k&nbsp;pot\u0159eb\u00e1m zem\u011bd\u011blsk\u00e9 politiky. (vlo\u017eeno&nbsp;7.&nbsp;11.&nbsp;2022)<\/p><p><img decoding=\"async\" data-recalc-dims=\"1\" class=\"alignnone size-full wp-image-5604\" src=\"https:\/\/i0.wp.com\/fadn.cz\/wp-content\/uploads\/2023\/04\/logo_male_modre_fadn.png?resize=19%2C19&#038;ssl=1\" alt=\"\" width=\"19\" height=\"19\" srcset=\"https:\/\/i0.wp.com\/fadn.cz\/wp-content\/uploads\/2023\/04\/logo_male_modre_fadn.png?w=19&amp;ssl=1 19w, https:\/\/i0.wp.com\/fadn.cz\/wp-content\/uploads\/2023\/04\/logo_male_modre_fadn.png?resize=12%2C12&amp;ssl=1 12w\" sizes=\"(max-width: 19px) 100vw, 19px\" \/> \u00a0Ve st\u0159edu 26.&nbsp;10.&nbsp;2022 se&nbsp;z\u00e1stupci Kontaktn\u00edho pracovi\u0161t\u011b FADN&nbsp;\u010cR z\u00fa\u010dastnili jedn\u00e1n\u00ed Ekonomick\u00e9 komise AK \u010cR. (vlo\u017eeno&nbsp;27.&nbsp;10.&nbsp;2022)<\/p><p><img decoding=\"async\" data-recalc-dims=\"1\" class=\"alignnone size-full wp-image-5604\" src=\"https:\/\/i0.wp.com\/fadn.cz\/wp-content\/uploads\/2023\/04\/logo_male_modre_fadn.png?resize=19%2C19&#038;ssl=1\" alt=\"\" width=\"19\" height=\"19\" srcset=\"https:\/\/i0.wp.com\/fadn.cz\/wp-content\/uploads\/2023\/04\/logo_male_modre_fadn.png?w=19&amp;ssl=1 19w, https:\/\/i0.wp.com\/fadn.cz\/wp-content\/uploads\/2023\/04\/logo_male_modre_fadn.png?resize=12%2C12&amp;ssl=1 12w\" sizes=\"(max-width: 19px) 100vw, 19px\" \/> \u00a0Na ekonomick\u00e9 konferenci s&nbsp;n\u00e1zvem \u010cesk\u00fd agr\u00e1rn\u00ed sektor v&nbsp;m\u011bn\u00edc\u00edm se&nbsp;ekonomick\u00e9m prost\u0159ed\u00ed, po\u0159\u00e1dan\u00e9 u&nbsp;p\u0159\u00edle\u017eitosti vyhl\u00e1\u0161en\u00ed v\u00fdsledk\u016f sout\u011b\u017ee \u201eZem\u011bd\u011blec roku 2022\u201c, vystoupila ing.&nbsp;V\u011bra Vrko\u010dov\u00e1 s&nbsp;p\u0159\u00edsp\u011bvkem \u201eHospoda\u0159en\u00ed zem\u011bd\u011blsk\u00fdch podnik\u016f vyu\u017e\u00edvaj\u00edc\u00edch technologie precizn\u00edho zem\u011bd\u011blstv\u00ed na&nbsp;z\u00e1klad\u011b dat FADN\u201c. P\u0159\u00edsp\u011bvek je k&nbsp;dispozici v&nbsp;adres\u00e1\u0159i Publika\u010dn\u00ed \u010dinnost a&nbsp;prezentace v&nbsp;adres\u00e1\u0159i Prezentace a&nbsp;anal\u00fdzy. (vlo\u017eeno&nbsp;26.&nbsp;10.&nbsp;2022)<\/p><p><img decoding=\"async\" data-recalc-dims=\"1\" class=\"alignnone size-full wp-image-5604\" src=\"https:\/\/i0.wp.com\/fadn.cz\/wp-content\/uploads\/2023\/04\/logo_male_modre_fadn.png?resize=19%2C19&#038;ssl=1\" alt=\"\" width=\"19\" height=\"19\" srcset=\"https:\/\/i0.wp.com\/fadn.cz\/wp-content\/uploads\/2023\/04\/logo_male_modre_fadn.png?w=19&amp;ssl=1 19w, https:\/\/i0.wp.com\/fadn.cz\/wp-content\/uploads\/2023\/04\/logo_male_modre_fadn.png?resize=12%2C12&amp;ssl=1 12w\" sizes=\"(max-width: 19px) 100vw, 19px\" \/> \u00a0Dne 13.&nbsp;10.&nbsp;2022 se&nbsp;z\u00e1stupci Kontaktn\u00edho pracovi\u0161t\u011b FADN&nbsp;\u010cR z\u00fa\u010dastnili 211.&nbsp;zased\u00e1n\u00ed v\u00fdboru FADN Evropsk\u00e9 komise a&nbsp;Expertn\u00ed skupiny pro&nbsp;horizont\u00e1ln\u00ed ot\u00e1zky \u2013 Podskupina \u00da\u010detn\u00ed s\u00ed\u0165 p\u0159i&nbsp;Evropsk\u00e9 Komisi. Ob\u011b jedn\u00e1n\u00ed prob\u011bhla formou videokonference. (vlo\u017eeno&nbsp;17.&nbsp;10.&nbsp;2022)<\/p><p><img decoding=\"async\" data-recalc-dims=\"1\" class=\"alignnone size-full wp-image-5604\" src=\"https:\/\/i0.wp.com\/fadn.cz\/wp-content\/uploads\/2023\/04\/logo_male_modre_fadn.png?resize=19%2C19&#038;ssl=1\" alt=\"\" width=\"19\" height=\"19\" srcset=\"https:\/\/i0.wp.com\/fadn.cz\/wp-content\/uploads\/2023\/04\/logo_male_modre_fadn.png?w=19&amp;ssl=1 19w, https:\/\/i0.wp.com\/fadn.cz\/wp-content\/uploads\/2023\/04\/logo_male_modre_fadn.png?resize=12%2C12&amp;ssl=1 12w\" sizes=\"(max-width: 19px) 100vw, 19px\" \/> \u00a0Dne 12.&nbsp;10.&nbsp;2022 prob\u011bhlo dal\u0161\u00ed zased\u00e1n\u00ed pracovn\u00ed skupiny AgriFin, na&nbsp;programu bylo mimo jin\u00e9 dal\u0161\u00ed projedn\u00e1v\u00e1n\u00ed n\u00e1vrhu zm\u011bny na\u0159\u00edzen\u00ed evropsk\u00e9ho Parlament a&nbsp;Rady, kter\u00fdm se&nbsp;m\u011bn\u00ed na\u0159\u00edzen\u00ed Rady (ES) \u010d.&nbsp;1217\/2009, pokud jde o&nbsp;p\u0159echod ze zem\u011bd\u011blsk\u00e9 \u00fa\u010detn\u00ed datov\u00e9 s\u00edt\u011b na&nbsp;zem\u011bd\u011blskou datovou s\u00ed\u0165 pro&nbsp;udr\u017eitelnost zem\u011bd\u011blsk\u00fdch podnik\u016f. (vlo\u017eeno&nbsp;13.&nbsp;10.&nbsp;2022)<\/p><p><img decoding=\"async\" data-recalc-dims=\"1\" class=\"alignnone size-full wp-image-5604\" src=\"https:\/\/i0.wp.com\/fadn.cz\/wp-content\/uploads\/2023\/04\/logo_male_modre_fadn.png?resize=19%2C19&#038;ssl=1\" alt=\"\" width=\"19\" height=\"19\" srcset=\"https:\/\/i0.wp.com\/fadn.cz\/wp-content\/uploads\/2023\/04\/logo_male_modre_fadn.png?w=19&amp;ssl=1 19w, https:\/\/i0.wp.com\/fadn.cz\/wp-content\/uploads\/2023\/04\/logo_male_modre_fadn.png?resize=12%2C12&amp;ssl=1 12w\" sizes=\"(max-width: 19px) 100vw, 19px\" \/> \u00a0Dne 21.&nbsp;9.&nbsp;2022 prob\u011bhlo zased\u00e1n\u00ed pracovn\u00ed skupiny AgriFin, na&nbsp;programu byl mimo jin\u00e9 n\u00e1vrh zm\u011bny na\u0159\u00edzen\u00ed evropsk\u00e9ho Parlament a&nbsp;Rady, kter\u00fdm se&nbsp;m\u011bn\u00ed na\u0159\u00edzen\u00ed Rady (ES) \u010d.&nbsp;1217\/2009, pokud jde o&nbsp;p\u0159echod ze zem\u011bd\u011blsk\u00e9 \u00fa\u010detn\u00ed datov\u00e9 s\u00edt\u011b na&nbsp;zem\u011bd\u011blskou datovou s\u00ed\u0165 pro&nbsp;udr\u017eitelnost zem\u011bd\u011blsk\u00fdch podnik\u016f. (vlo\u017eeno&nbsp;22.&nbsp;9.&nbsp;2022)<\/p><p><img decoding=\"async\" data-recalc-dims=\"1\" class=\"alignnone size-full wp-image-5604\" src=\"https:\/\/i0.wp.com\/fadn.cz\/wp-content\/uploads\/2023\/04\/logo_male_modre_fadn.png?resize=19%2C19&#038;ssl=1\" alt=\"\" width=\"19\" height=\"19\" srcset=\"https:\/\/i0.wp.com\/fadn.cz\/wp-content\/uploads\/2023\/04\/logo_male_modre_fadn.png?w=19&amp;ssl=1 19w, https:\/\/i0.wp.com\/fadn.cz\/wp-content\/uploads\/2023\/04\/logo_male_modre_fadn.png?resize=12%2C12&amp;ssl=1 12w\" sizes=\"(max-width: 19px) 100vw, 19px\" \/> \u00a0Zapojili jsme se&nbsp;do&nbsp;Evropsk\u00e9ho t\u00fddne udr\u017eiteln\u00e9ho rozvoje. V\u00edce informac\u00ed o&nbsp;aktivit\u00e1ch \u00daZEI na&nbsp;p\u0159ipraven\u00e9m <a href=\"https:\/\/fadn.cz\/wp-content\/uploads\/2023\/02\/aktuality_plakat.pdf\" target=\"_blank\" rel=\"noopener\">plak\u00e1tu<\/a>. (vlo\u017eeno:&nbsp;20.&nbsp;9.&nbsp;2022)<\/p><p><img decoding=\"async\" data-recalc-dims=\"1\" class=\"alignnone size-full wp-image-5604\" src=\"https:\/\/i0.wp.com\/fadn.cz\/wp-content\/uploads\/2023\/04\/logo_male_modre_fadn.png?resize=19%2C19&#038;ssl=1\" alt=\"\" width=\"19\" height=\"19\" srcset=\"https:\/\/i0.wp.com\/fadn.cz\/wp-content\/uploads\/2023\/04\/logo_male_modre_fadn.png?w=19&amp;ssl=1 19w, https:\/\/i0.wp.com\/fadn.cz\/wp-content\/uploads\/2023\/04\/logo_male_modre_fadn.png?resize=12%2C12&amp;ssl=1 12w\" sizes=\"(max-width: 19px) 100vw, 19px\" \/> \u00a0V \u010dasopisu Zem\u011bd\u011blec (34\/2022) byl publikov\u00e1n p\u0159\u00edsp\u011bvek FADN o&nbsp;v\u00fdvoji rostlinn\u00e9 produkce v&nbsp;podnic\u00edch poln\u00ed v\u00fdroby v&nbsp;letech 2014-2020.&nbsp;\u010cl\u00e1nek popisuje charakteristiky podnik\u016f a&nbsp;v\u00fdvoj produkce a&nbsp;n\u00e1klad\u016f rostlinn\u00e9 v\u00fdroby ve&nbsp;sledovan\u00fdch letech. Jedn\u00e1 se&nbsp;o&nbsp;dal\u0161\u00ed p\u0159\u00edsp\u011bvek z&nbsp;pravideln\u00fdch anal\u00fdz ze \u0161et\u0159en\u00ed FADN. Autory jsou Ing.&nbsp;Zuzana Fuksov\u00e1, Ph.D. a&nbsp;Ing.&nbsp;Iveta Mlezivov\u00e1. P\u0159\u00edsp\u011bvek naleznete v&nbsp;adres\u00e1\u0159i Publika\u010dn\u00ed \u010dinnost. (vlo\u017eeno&nbsp;24.&nbsp;8.&nbsp;2022)<\/p><p><img decoding=\"async\" data-recalc-dims=\"1\" class=\"alignnone size-full wp-image-5604\" src=\"https:\/\/i0.wp.com\/fadn.cz\/wp-content\/uploads\/2023\/04\/logo_male_modre_fadn.png?resize=19%2C19&#038;ssl=1\" alt=\"\" width=\"19\" height=\"19\" srcset=\"https:\/\/i0.wp.com\/fadn.cz\/wp-content\/uploads\/2023\/04\/logo_male_modre_fadn.png?w=19&amp;ssl=1 19w, https:\/\/i0.wp.com\/fadn.cz\/wp-content\/uploads\/2023\/04\/logo_male_modre_fadn.png?resize=12%2C12&amp;ssl=1 12w\" sizes=\"(max-width: 19px) 100vw, 19px\" \/> \u00a0Dne 30.&nbsp;6.&nbsp;2022 se&nbsp;z\u00e1stupci Kontaktn\u00edho pracovi\u0161t\u011b FADN&nbsp;CZ z\u00fa\u010dastnili 210.&nbsp;zased\u00e1n\u00ed v\u00fdboru FADN Evropsk\u00e9 komise a&nbsp;Expertn\u00ed skupiny pro&nbsp;horizont\u00e1ln\u00ed ot\u00e1zky \u2013 Podskupina \u00da\u010detn\u00ed s\u00ed\u0165 p\u0159i&nbsp;Evropsk\u00e9 Komisi. Ob\u011b jedn\u00e1n\u00ed prob\u011bhla formou videokonference. (vlo\u017eeno&nbsp;10.&nbsp;7.&nbsp;2022)<\/p><p><img decoding=\"async\" data-recalc-dims=\"1\" class=\"alignnone size-full wp-image-5604\" src=\"https:\/\/i0.wp.com\/fadn.cz\/wp-content\/uploads\/2023\/04\/logo_male_modre_fadn.png?resize=19%2C19&#038;ssl=1\" alt=\"\" width=\"19\" height=\"19\" srcset=\"https:\/\/i0.wp.com\/fadn.cz\/wp-content\/uploads\/2023\/04\/logo_male_modre_fadn.png?w=19&amp;ssl=1 19w, https:\/\/i0.wp.com\/fadn.cz\/wp-content\/uploads\/2023\/04\/logo_male_modre_fadn.png?resize=12%2C12&amp;ssl=1 12w\" sizes=\"(max-width: 19px) 100vw, 19px\" \/> \u00a0Dne 20.&nbsp;\u010dervna 2022 byl v&nbsp;t\u00fdden\u00edku Zem\u011bd\u011blec (\u010d.&nbsp;25\/2022) publikov\u00e1n \u010dl\u00e1nek \u201eHospoda\u0159en\u00ed ekologick\u00fdch podnik\u016f\u201c, kter\u00fd popisuje ekonomick\u00e9 v\u00fdsledky ekologicky hospoda\u0159\u00edc\u00edch podnik\u016f v&nbsp;\u010cR v&nbsp;desetilet\u00e9 \u010dasov\u00e9 \u0159ad\u011b 2011\u20132020 na&nbsp;z\u00e1klad\u011b dat FADN. Autorkami jsou pracovnice Kontaktn\u00edho pracovi\u0161t\u011b FADN Ing.&nbsp;Zuzana Fuksov\u00e1, Ph.D. a&nbsp;Ing.&nbsp;Lenka Tumov\u00e1. P\u0159\u00edsp\u011bvek je k&nbsp;dispozici v&nbsp;adres\u00e1\u0159i Publika\u010dn\u00ed \u010dinnost. (vlo\u017eeno:&nbsp;22.&nbsp;6.&nbsp;2022)<\/p><p><img decoding=\"async\" data-recalc-dims=\"1\" class=\"alignnone size-full wp-image-5604\" src=\"https:\/\/i0.wp.com\/fadn.cz\/wp-content\/uploads\/2023\/04\/logo_male_modre_fadn.png?resize=19%2C19&#038;ssl=1\" alt=\"\" width=\"19\" height=\"19\" srcset=\"https:\/\/i0.wp.com\/fadn.cz\/wp-content\/uploads\/2023\/04\/logo_male_modre_fadn.png?w=19&amp;ssl=1 19w, https:\/\/i0.wp.com\/fadn.cz\/wp-content\/uploads\/2023\/04\/logo_male_modre_fadn.png?resize=12%2C12&amp;ssl=1 12w\" sizes=\"(max-width: 19px) 100vw, 19px\" \/> \u00a0Dne 7.&nbsp;6.&nbsp;2022 se&nbsp;z\u00e1stupci Kontaktn\u00edho pracovi\u0161t\u011b FADN&nbsp;CZ z\u00fa\u010dastnili 209.&nbsp;zased\u00e1n\u00ed v\u00fdboru FADN Evropsk\u00e9 Komise v&nbsp;Bruselu. (vlo\u017eeno&nbsp;9.&nbsp;6.&nbsp;2022)<\/p><p><img decoding=\"async\" data-recalc-dims=\"1\" class=\"alignnone size-full wp-image-5604\" src=\"https:\/\/i0.wp.com\/fadn.cz\/wp-content\/uploads\/2023\/04\/logo_male_modre_fadn.png?resize=19%2C19&#038;ssl=1\" alt=\"\" width=\"19\" height=\"19\" srcset=\"https:\/\/i0.wp.com\/fadn.cz\/wp-content\/uploads\/2023\/04\/logo_male_modre_fadn.png?w=19&amp;ssl=1 19w, https:\/\/i0.wp.com\/fadn.cz\/wp-content\/uploads\/2023\/04\/logo_male_modre_fadn.png?resize=12%2C12&amp;ssl=1 12w\" sizes=\"(max-width: 19px) 100vw, 19px\" \/> \u00a0Uve\u0159ejn\u011bna byla publikace \u010cS\u00da <a href=\"https:\/\/www.czso.cz\/csu\/czso\/integrovane-setreni-v-zemedelstvi-analyticke-vyhodnoceni-2020\" target=\"_blank\" rel=\"noopener\">Integrovan\u00e9 \u0161et\u0159en\u00ed v&nbsp;zem\u011bd\u011blstv\u00ed<\/a>\u00a0\u2013 analytick\u00e9 vyhodnocen\u00ed \u2013 2020. Prvn\u00ed ze dvou \u010d\u00e1st\u00ed je zam\u011b\u0159ena na&nbsp;typologii farem Integrovan\u00e9ho \u0161et\u0159en\u00ed v&nbsp;zem\u011bd\u011blstv\u00ed (I\u0160Z) 2020 a&nbsp;je zpracov\u00e1na kolektivem pracovn\u00edk\u016f Kontaktn\u00edho pracovi\u0161t\u011b FADN&nbsp;\u010cR p\u0159i&nbsp;\u00daZEI. Druh\u00e1 \u010d\u00e1st, zpracovan\u00e1 kolektivem pracovn\u00edk\u016f \u010cS\u00da, popisuje zm\u011bny v&nbsp;zem\u011bd\u011blstv\u00ed \u010cR na&nbsp;z\u00e1klad\u011b srovn\u00e1n\u00ed v\u00fdsledk\u016f I\u0160Z 2020 s&nbsp;v\u00fdsledky \u0161et\u0159en\u00ed Agrocenzus 2000.<\/p><p><img decoding=\"async\" data-recalc-dims=\"1\" class=\"alignnone size-full wp-image-5604\" src=\"https:\/\/i0.wp.com\/fadn.cz\/wp-content\/uploads\/2023\/04\/logo_male_modre_fadn.png?resize=19%2C19&#038;ssl=1\" alt=\"\" width=\"19\" height=\"19\" srcset=\"https:\/\/i0.wp.com\/fadn.cz\/wp-content\/uploads\/2023\/04\/logo_male_modre_fadn.png?w=19&amp;ssl=1 19w, https:\/\/i0.wp.com\/fadn.cz\/wp-content\/uploads\/2023\/04\/logo_male_modre_fadn.png?resize=12%2C12&amp;ssl=1 12w\" sizes=\"(max-width: 19px) 100vw, 19px\" \/> \u00a0V \u00fater\u00fd 3.&nbsp;5.&nbsp;2022 se&nbsp;z\u00e1stupkyn\u011b Kontaktn\u00edho pracovi\u0161t\u011b FADN&nbsp;\u010cR z\u00fa\u010dastnila jedn\u00e1n\u00ed Ekonomick\u00e9 komise AK \u010cR, na&nbsp;kter\u00e9m p\u0159ednesla prezentaci s&nbsp;n\u00e1zvem \u201eP\u0159edpokl\u00e1dan\u00fd v\u00fdvoj ekonomick\u00fdch v\u00fdsledk\u016f v&nbsp;zem\u011bd\u011blstv\u00ed na&nbsp;b\u00e1zi podnikov\u00fdch dat \u0161et\u0159en\u00ed FADN\u201c. (vlo\u017eeno&nbsp;4.&nbsp;5.&nbsp;2022)<\/p><p><img decoding=\"async\" data-recalc-dims=\"1\" class=\"alignnone size-full wp-image-5604\" src=\"https:\/\/i0.wp.com\/fadn.cz\/wp-content\/uploads\/2023\/04\/logo_male_modre_fadn.png?resize=19%2C19&#038;ssl=1\" alt=\"\" width=\"19\" height=\"19\" srcset=\"https:\/\/i0.wp.com\/fadn.cz\/wp-content\/uploads\/2023\/04\/logo_male_modre_fadn.png?w=19&amp;ssl=1 19w, https:\/\/i0.wp.com\/fadn.cz\/wp-content\/uploads\/2023\/04\/logo_male_modre_fadn.png?resize=12%2C12&amp;ssl=1 12w\" sizes=\"(max-width: 19px) 100vw, 19px\" \/> \u00a0V b\u0159eznov\u00e9m \u010d\u00edsle \u010dasopisu Zem\u011bd\u011blec (11\/2022) byl publikov\u00e1n \u010dl\u00e1nek \u201eProdukce metanu v&nbsp;chovu p\u0159e\u017ev\u00fdkavc\u016f\u201c autor\u016f Ing.&nbsp;Z. Fuksov\u00e9, Ph.D. a&nbsp;Ing.&nbsp;M. Nov\u00e1ka, kter\u00fd p\u0159ibli\u017euje \u010dten\u00e1\u0159\u016fm problematiku produkce sklen\u00edkov\u00fdch plyn\u016f u&nbsp;podnik\u016f specializovan\u00fdch na&nbsp;chov skotu. Nejv\u00edce metanu, respektive mno\u017estv\u00ed metanu p\u0159epo\u010dten\u00e9 na&nbsp;ekvivalent CO2, je produkov\u00e1no p\u0159i&nbsp;enterick\u00e9 fermentaci, tedy p\u0159i&nbsp;\u0159\u00edh\u00e1n\u00ed. Mo\u017enosti sn\u00ed\u017een\u00ed jeho produkce jsou proto velmi omezen\u00e9. \u010casto navrhovan\u00e9 omezen\u00ed chovu skotu je velmi diskutabiln\u00ed a&nbsp;pouze \u010d\u00e1ste\u010dn\u00e9 \u0159e\u0161en\u00ed cel\u00e9 problematiky.<\/p><p><img decoding=\"async\" data-recalc-dims=\"1\" class=\"alignnone size-full wp-image-5604\" src=\"https:\/\/i0.wp.com\/fadn.cz\/wp-content\/uploads\/2023\/04\/logo_male_modre_fadn.png?resize=19%2C19&#038;ssl=1\" alt=\"\" width=\"19\" height=\"19\" srcset=\"https:\/\/i0.wp.com\/fadn.cz\/wp-content\/uploads\/2023\/04\/logo_male_modre_fadn.png?w=19&amp;ssl=1 19w, https:\/\/i0.wp.com\/fadn.cz\/wp-content\/uploads\/2023\/04\/logo_male_modre_fadn.png?resize=12%2C12&amp;ssl=1 12w\" sizes=\"(max-width: 19px) 100vw, 19px\" \/> \u00a0Ve \u010dtvrtek 17.&nbsp;3.&nbsp;2022 prob\u011bhlo t\u0159et\u00ed jedn\u00e1n\u00ed pracovn\u00ed skupiny WG2 \u201eFarm Sustainability Data Network (FSDN)\u201c. Pracovn\u00ed skupina se&nbsp;zab\u00fdv\u00e1 pl\u00e1novanou p\u0159em\u011bnou FADN na&nbsp;FSDN. Tentokr\u00e1t se&nbsp;\u0159e\u0161ily rozpo\u010dtov\u00e9 z\u00e1le\u017eitosti, ochrana a&nbsp;sd\u00edlen\u00ed dat a&nbsp;vazby mezi pl\u00e1ny SZP a&nbsp;FADN\/FSDN. Ke&nbsp;ka\u017ed\u00e9mu t\u00e9matu bylo n\u011bkolik prezentac\u00ed z&nbsp;\u010dlensk\u00fdch st\u00e1t\u016f.<\/p><p><img decoding=\"async\" data-recalc-dims=\"1\" class=\"alignnone size-full wp-image-5604\" src=\"https:\/\/i0.wp.com\/fadn.cz\/wp-content\/uploads\/2023\/04\/logo_male_modre_fadn.png?resize=19%2C19&#038;ssl=1\" alt=\"\" width=\"19\" height=\"19\" srcset=\"https:\/\/i0.wp.com\/fadn.cz\/wp-content\/uploads\/2023\/04\/logo_male_modre_fadn.png?w=19&amp;ssl=1 19w, https:\/\/i0.wp.com\/fadn.cz\/wp-content\/uploads\/2023\/04\/logo_male_modre_fadn.png?resize=12%2C12&amp;ssl=1 12w\" sizes=\"(max-width: 19px) 100vw, 19px\" \/> \u00a0Dne 14.&nbsp;b\u0159ezna 2022 se&nbsp;z\u00e1stupci FADN z\u00fa\u010dastnili online formou 29.&nbsp;zased\u00e1n\u00ed OECD Network for Farm-Level Analysis (FLAN). Na&nbsp;programu jedn\u00e1n\u00ed bylo sd\u00edlet zku\u0161enosti o&nbsp;metod\u00e1ch a&nbsp;anal\u00fdz\u00e1ch mo\u017en\u00e9ho synergick\u00e9ho vyu\u017eit\u00ed dostupn\u00fdch mikro dat z&nbsp;r\u016fzn\u00fdch pr\u016fzkum\u016f na&nbsp;\u00farovni zem\u011bd\u011blsk\u00fdch podnik\u016f a&nbsp;firem. V\u00edce ne\u017e pades\u00e1t \u00fa\u010dastn\u00edk\u016f z&nbsp;cel\u00e9ho sv\u011bta si&nbsp;mohlo vyslechnout n\u00e1zory a&nbsp;\u00faskal\u00ed z&nbsp;n\u011bkolika zem\u00ed. Prezentuj\u00edc\u00ed pouk\u00e1zali na&nbsp;aktu\u00e1ln\u00ed v\u00fdzvy souvisej\u00edc\u00ed s&nbsp;potenci\u00e1lem propojen\u00ed r\u016fzn\u00fdch typ\u016f mikrodat, kter\u00e9 maj\u00ed p\u0159in\u00e9st inovativn\u00ed p\u0159\u00edstup k&nbsp;pochopen\u00ed cel\u00e9ho zem\u011bd\u011blsk\u00e9ho sektoru, s&nbsp;d\u016frazem na&nbsp;rozvoj venkova, a&nbsp;pomoci p\u0159i&nbsp;formov\u00e1n\u00ed nov\u00fdch politik.<\/p><p><img decoding=\"async\" data-recalc-dims=\"1\" class=\"alignnone size-full wp-image-5604\" src=\"https:\/\/i0.wp.com\/fadn.cz\/wp-content\/uploads\/2023\/04\/logo_male_modre_fadn.png?resize=19%2C19&#038;ssl=1\" alt=\"\" width=\"19\" height=\"19\" srcset=\"https:\/\/i0.wp.com\/fadn.cz\/wp-content\/uploads\/2023\/04\/logo_male_modre_fadn.png?w=19&amp;ssl=1 19w, https:\/\/i0.wp.com\/fadn.cz\/wp-content\/uploads\/2023\/04\/logo_male_modre_fadn.png?resize=12%2C12&amp;ssl=1 12w\" sizes=\"(max-width: 19px) 100vw, 19px\" \/> \u00a0 Ve&nbsp;dnech 7.&nbsp;a\u017e 9.&nbsp;b\u0159ezna 2022 se&nbsp;uskute\u010dnilo setk\u00e1n\u00ed na\u0161ich pracovn\u00edk\u016f s&nbsp;delegac\u00ed z&nbsp;Ministerstva zem\u011bd\u011blstv\u00ed Turecka. C\u00edlem t\u00e9to studijn\u00ed cesty tureck\u00e9 delegace do&nbsp;\u010cR bylo konzultov\u00e1n\u00ed ot\u00e1zek t\u00fdkaj\u00edc\u00edch se&nbsp;syst\u00e9mu FADN v&nbsp;r\u00e1mci projektu Evropsk\u00e9 Unie \u201eFADN: Target 2020\u201c. Prvn\u00ed dva dny prob\u011bhlo jedn\u00e1n\u00ed v&nbsp;budov\u011b \u00daZEI, kde bylo koleg\u016fm ze zahrani\u010d\u00ed detailn\u011b p\u0159edstaveno fungov\u00e1n\u00ed a&nbsp;organizace FADN v&nbsp;\u010cR. Posledn\u00ed den se&nbsp;uskute\u010dnila n\u00e1v\u0161t\u011bva dvou \u010desk\u00fdch farem, specializovan\u00fdch na&nbsp;produkci ml\u00e9ka. (vlo\u017eeno:&nbsp;10.&nbsp;3.&nbsp;2022)<\/p><p><img decoding=\"async\" data-recalc-dims=\"1\" class=\"alignnone size-full wp-image-5604\" src=\"https:\/\/i0.wp.com\/fadn.cz\/wp-content\/uploads\/2023\/04\/logo_male_modre_fadn.png?resize=19%2C19&#038;ssl=1\" alt=\"\" width=\"19\" height=\"19\" srcset=\"https:\/\/i0.wp.com\/fadn.cz\/wp-content\/uploads\/2023\/04\/logo_male_modre_fadn.png?w=19&amp;ssl=1 19w, https:\/\/i0.wp.com\/fadn.cz\/wp-content\/uploads\/2023\/04\/logo_male_modre_fadn.png?resize=12%2C12&amp;ssl=1 12w\" sizes=\"(max-width: 19px) 100vw, 19px\" \/> \u00a0 P\u0159ehled v\u00fdb\u011brov\u00e9ho \u0161et\u0159en\u00ed hospod\u00e1\u0159sk\u00fdch v\u00fdsledk\u016f zem\u011bd\u011blsk\u00fdch podnik\u016f si&nbsp;nyn\u00ed m\u016f\u017eete p\u0159e\u010d\u00edst v&nbsp;kompletn\u00ed elektronick\u00e9 podob\u011b v&nbsp;adres\u00e1\u0159i Publikace, Prezentace \u2013 V\u00fdsledky v\u00fdb\u011brov\u00e9ho \u0161et\u0159en\u00ed \u2013 rok 2020. Publikace obsahuje vedle odborn\u00e9ho textu tak\u00e9 podrobn\u00e9 tabulky, grafy a&nbsp;mapy. \u0160et\u0159en\u00ed v&nbsp;roce 2020 se&nbsp;\u00fa\u010dastnilo 1&nbsp;210 zem\u011bd\u011blsk\u00fdch podnik\u016f. (vlo\u017eeno:&nbsp;7.&nbsp;3.&nbsp;2022)<\/p><p><img decoding=\"async\" data-recalc-dims=\"1\" class=\"alignnone size-full wp-image-5604\" src=\"https:\/\/i0.wp.com\/fadn.cz\/wp-content\/uploads\/2023\/04\/logo_male_modre_fadn.png?resize=19%2C19&#038;ssl=1\" alt=\"\" width=\"19\" height=\"19\" srcset=\"https:\/\/i0.wp.com\/fadn.cz\/wp-content\/uploads\/2023\/04\/logo_male_modre_fadn.png?w=19&amp;ssl=1 19w, https:\/\/i0.wp.com\/fadn.cz\/wp-content\/uploads\/2023\/04\/logo_male_modre_fadn.png?resize=12%2C12&amp;ssl=1 12w\" sizes=\"(max-width: 19px) 100vw, 19px\" \/> \u00a0 V&nbsp;magaz\u00ednu Agr\u00e1rn\u00ed komory \u010cesk\u00e9 republiky AGRObase byl dne 25.&nbsp;\u00fanora 2022 publikov\u00e1n \u010dl\u00e1nek \u201eOchutn\u00e1vka z&nbsp;publikace FADN&nbsp;CZ\u201c, kter\u00fd popisuje nov\u011b vydanou publikaci FADN&nbsp;CZ. \u010cl\u00e1nek je dostupn\u00fd v&nbsp;elektronick\u00e9 form\u011b v&nbsp;adres\u00e1\u0159i Publika\u010dn\u00ed \u010dinnost. (vlo\u017eeno:&nbsp;3.&nbsp;3.&nbsp;2022)<\/p><p><img decoding=\"async\" data-recalc-dims=\"1\" class=\"alignnone size-full wp-image-5604\" src=\"https:\/\/i0.wp.com\/fadn.cz\/wp-content\/uploads\/2023\/04\/logo_male_modre_fadn.png?resize=19%2C19&#038;ssl=1\" alt=\"\" width=\"19\" height=\"19\" srcset=\"https:\/\/i0.wp.com\/fadn.cz\/wp-content\/uploads\/2023\/04\/logo_male_modre_fadn.png?w=19&amp;ssl=1 19w, https:\/\/i0.wp.com\/fadn.cz\/wp-content\/uploads\/2023\/04\/logo_male_modre_fadn.png?resize=12%2C12&amp;ssl=1 12w\" sizes=\"(max-width: 19px) 100vw, 19px\" \/> \u00a0 Dne 17.&nbsp;2.&nbsp;2022 prob\u011bhlo t\u0159et\u00ed online setk\u00e1n\u00ed evropsk\u00e9 pracovn\u00ed skupiny WG1, jej\u00edm\u017e c\u00edlem je zjednodu\u0161en\u00ed sou\u010dasn\u00e9ho dotazn\u00edku FADN. Na&nbsp;sch\u016fzce byly\u00a0 odsouhlaseny n\u011bkter\u00e9 navrhovan\u00e9 zm\u011bny a&nbsp;pracovn\u00ed skupin\u011b WG2 byl p\u0159ed\u00e1n seznam n\u00e1vrh\u016f pro&nbsp;polo\u017eky dotazn\u00edku FSDN. (vlo\u017eeno&nbsp;19.&nbsp;2.&nbsp;2022)<\/p><p><img decoding=\"async\" data-recalc-dims=\"1\" class=\"alignnone size-full wp-image-5604\" src=\"https:\/\/i0.wp.com\/fadn.cz\/wp-content\/uploads\/2023\/04\/logo_male_modre_fadn.png?resize=19%2C19&#038;ssl=1\" alt=\"\" width=\"19\" height=\"19\" srcset=\"https:\/\/i0.wp.com\/fadn.cz\/wp-content\/uploads\/2023\/04\/logo_male_modre_fadn.png?w=19&amp;ssl=1 19w, https:\/\/i0.wp.com\/fadn.cz\/wp-content\/uploads\/2023\/04\/logo_male_modre_fadn.png?resize=12%2C12&amp;ssl=1 12w\" sizes=\"(max-width: 19px) 100vw, 19px\" \/> \u00a0 V&nbsp;pond\u011bl\u00ed 14.&nbsp;2.&nbsp;2022 se&nbsp;\u010dlenov\u00e9 FADN z\u00fa\u010dastnili jedn\u00e1n\u00ed evropsk\u00e9 pracovn\u00ed skupiny pro&nbsp;typologii. T\u00e9matem setk\u00e1n\u00ed byla diskuse o&nbsp;metod\u011b v\u00fdpo\u010dtu standardn\u00ed produkce u&nbsp;r\u016fzn\u00fdch kategori\u00ed zv\u00ed\u0159at a&nbsp;jeho p\u0159\u00edpadn\u00fdch zm\u011bn\u00e1ch. (vlo\u017eeno&nbsp;15.&nbsp;2.&nbsp;2022)<\/p><p><img decoding=\"async\" data-recalc-dims=\"1\" class=\"alignnone size-full wp-image-5604\" src=\"https:\/\/i0.wp.com\/fadn.cz\/wp-content\/uploads\/2023\/04\/logo_male_modre_fadn.png?resize=19%2C19&#038;ssl=1\" alt=\"\" width=\"19\" height=\"19\" srcset=\"https:\/\/i0.wp.com\/fadn.cz\/wp-content\/uploads\/2023\/04\/logo_male_modre_fadn.png?w=19&amp;ssl=1 19w, https:\/\/i0.wp.com\/fadn.cz\/wp-content\/uploads\/2023\/04\/logo_male_modre_fadn.png?resize=12%2C12&amp;ssl=1 12w\" sizes=\"(max-width: 19px) 100vw, 19px\" \/> \u00a0 V&nbsp;odborn\u00e9m \u010dasopise Zem\u011bd\u011blsk\u00e1 ekonomika byl uve\u0159ejn\u011bn \u010dl\u00e1nek \u201eProductivity and efficiency in Czech agriculture: Does farm size matter?\u201c (Agricultural Economics \u2013 Czech, 68, 2022 (1): 1-10). \u010cl\u00e1nek se&nbsp;zab\u00fdv\u00e1 celkovou produktivitou s&nbsp;ohledem na&nbsp;velikost zem\u011bd\u011blsk\u00fdch podnik\u016f. Pou\u017eita byla v\u00e1\u017een\u00e1 panelov\u00e1 data za&nbsp;obdob\u00ed 2014-2018 z&nbsp;datab\u00e1ze FADN zam\u011b\u0159en\u00e1 na&nbsp;producenty obilovin, ml\u00e9ka a&nbsp;hov\u011bz\u00edho masa. Pokro\u010dil\u00e9 statistick\u00e9 metody modelov\u00e1n\u00ed a&nbsp;odhad\u016f p\u0159in\u00e1\u0161\u00ed zaj\u00edmav\u00e1 zji\u0161t\u011bn\u00ed v&nbsp;souvislosti s&nbsp;dlouhodob\u011b diskutovanou ni\u017e\u0161\u00ed produktivitou men\u0161\u00edch farem, konkurenceschopnost\u00ed a&nbsp;dopady politick\u00fdch p\u0159\u00edstup\u016f na&nbsp;evropsk\u00e9 \u00farovni. \u010cl\u00e1nek byl zpracov\u00e1n v&nbsp;r\u00e1mci spolupr\u00e1ce \u010cZ\u00da (L. \u010cechura, Z. \u017d\u00e1kov\u00e1 Kroupov\u00e1) a&nbsp;Kontaktn\u00edho pracovi\u0161t\u011b FADN&nbsp;CZ (M. Leke\u0161ov\u00e1). P\u0159\u00edsp\u011bvek je k&nbsp;dispozici v&nbsp;adres\u00e1\u0159i Publika\u010dn\u00ed \u010dinnost. (vlo\u017eeno:&nbsp;10.&nbsp;2.&nbsp;2022)<\/p><p><img decoding=\"async\" data-recalc-dims=\"1\" class=\"alignnone size-full wp-image-5604\" src=\"https:\/\/i0.wp.com\/fadn.cz\/wp-content\/uploads\/2023\/04\/logo_male_modre_fadn.png?resize=19%2C19&#038;ssl=1\" alt=\"\" width=\"19\" height=\"19\" srcset=\"https:\/\/i0.wp.com\/fadn.cz\/wp-content\/uploads\/2023\/04\/logo_male_modre_fadn.png?w=19&amp;ssl=1 19w, https:\/\/i0.wp.com\/fadn.cz\/wp-content\/uploads\/2023\/04\/logo_male_modre_fadn.png?resize=12%2C12&amp;ssl=1 12w\" sizes=\"(max-width: 19px) 100vw, 19px\" \/> \u00a0 V&nbsp;lednov\u00e9m vyd\u00e1n\u00ed Agrobase vy\u0161el \u010dl\u00e1nek \u201eBenchmarking v\u00fdsledk\u016f hospoda\u0159en\u00ed farem v&nbsp;souboru dat FADN\u201c od&nbsp;autor\u016f Ing.&nbsp;Zuzany Hlou\u0161kov\u00e9 a&nbsp;Mgr. Jind\u0159icha Landy. V&nbsp;\u010dl\u00e1nku je pops\u00e1no, jak mohou zem\u011bd\u011blci a&nbsp;v\u00fdzkumn\u00edci vyu\u017e\u00edvat aplikac\u00ed FADN pro&nbsp;porovn\u00e1v\u00e1n\u00ed efektivity sv\u00fdch podnik\u016f s&nbsp;ostatn\u00edmi farmami v&nbsp;souboru. P\u0159\u00edsp\u011bvek naleznete v&nbsp;adres\u00e1\u0159i Publika\u010dn\u00ed \u010dinnost. (vlo\u017eeno&nbsp;26.&nbsp;1.&nbsp;2022)<\/p><p><img decoding=\"async\" data-recalc-dims=\"1\" class=\"alignnone size-full wp-image-5604\" src=\"https:\/\/i0.wp.com\/fadn.cz\/wp-content\/uploads\/2023\/04\/logo_male_modre_fadn.png?resize=19%2C19&#038;ssl=1\" alt=\"\" width=\"19\" height=\"19\" srcset=\"https:\/\/i0.wp.com\/fadn.cz\/wp-content\/uploads\/2023\/04\/logo_male_modre_fadn.png?w=19&amp;ssl=1 19w, https:\/\/i0.wp.com\/fadn.cz\/wp-content\/uploads\/2023\/04\/logo_male_modre_fadn.png?resize=12%2C12&amp;ssl=1 12w\" sizes=\"(max-width: 19px) 100vw, 19px\" \/> \u00a0 Druh\u00e9 vyd\u00e1n\u00ed ob\u010dasn\u00edku Zaj\u00edmavosti z&nbsp;FADN informuje \u010dten\u00e1\u0159e grafickou formou o&nbsp;ekonomice zem\u011bd\u011blsk\u00fdch podnik\u016f v&nbsp;\u010cR a&nbsp;v&nbsp;zem\u00edch EU. Vybran\u00e9 t\u00e9ma pro&nbsp;speci\u00e1ln\u00ed dvojstranu je v&nbsp;tomto vyd\u00e1n\u00ed zam\u011b\u0159en\u00e9 na&nbsp;ekologick\u00e9 zem\u011bd\u011blstv\u00ed. Elektronickou verzi informa\u010dn\u00ed bro\u017eury naleznete v&nbsp;Publika\u010dn\u00ed \u010dinnosti. (vlo\u017eeno&nbsp;5.&nbsp;1.&nbsp;2022)\u00a0<\/p><\/div>\n\t\t\t\t\t\t\t\t\t<div class=\"elementor-tab-title elementor-tab-mobile-title\" aria-selected=\"false\" data-tab=\"7\" role=\"tab\" tabindex=\"-1\" aria-controls=\"elementor-tab-content-1707\" aria-expanded=\"false\">2021<\/div>\n\t\t\t\t\t<div id=\"elementor-tab-content-1707\" class=\"elementor-tab-content elementor-clearfix\" data-tab=\"7\" role=\"tabpanel\" aria-labelledby=\"elementor-tab-title-1707\" tabindex=\"0\" hidden=\"hidden\"><p><img decoding=\"async\" data-recalc-dims=\"1\" class=\"alignnone size-full wp-image-5604\" src=\"https:\/\/i0.wp.com\/fadn.cz\/wp-content\/uploads\/2023\/04\/logo_male_modre_fadn.png?resize=19%2C19&#038;ssl=1\" alt=\"\" width=\"19\" height=\"19\" srcset=\"https:\/\/i0.wp.com\/fadn.cz\/wp-content\/uploads\/2023\/04\/logo_male_modre_fadn.png?w=19&amp;ssl=1 19w, https:\/\/i0.wp.com\/fadn.cz\/wp-content\/uploads\/2023\/04\/logo_male_modre_fadn.png?resize=12%2C12&amp;ssl=1 12w\" sizes=\"(max-width: 19px) 100vw, 19px\" \/> \u00a0V listopadov\u00e9m vyd\u00e1n\u00ed Agrobase vy\u0161el \u010dl\u00e1nek \u201eP\u0159edb\u011b\u017en\u00e9 v\u00fdsledky zem\u011bd\u011blsk\u00fdch podnik\u016f za&nbsp;rok 2020 na&nbsp;z\u00e1klad\u011b dat FADN\u201c od&nbsp;autor\u016f Ing.&nbsp;Martiny Harvil\u00edkov\u00e9 a&nbsp;Ing.&nbsp;Jany Mach\u00e1\u010dkov\u00e9. Pops\u00e1ny jsou v\u00fdsledky a&nbsp;zm\u011bny mezi roky 2019 a&nbsp;2020. P\u0159\u00edsp\u011bvek naleznete v&nbsp;adres\u00e1\u0159i Publika\u010dn\u00ed \u010dinnost. (vlo\u017eeno&nbsp;6.&nbsp;12.&nbsp;2021)<\/p><p><img decoding=\"async\" data-recalc-dims=\"1\" class=\"alignnone size-full wp-image-5604\" src=\"https:\/\/i0.wp.com\/fadn.cz\/wp-content\/uploads\/2023\/04\/logo_male_modre_fadn.png?resize=19%2C19&#038;ssl=1\" alt=\"\" width=\"19\" height=\"19\" srcset=\"https:\/\/i0.wp.com\/fadn.cz\/wp-content\/uploads\/2023\/04\/logo_male_modre_fadn.png?w=19&amp;ssl=1 19w, https:\/\/i0.wp.com\/fadn.cz\/wp-content\/uploads\/2023\/04\/logo_male_modre_fadn.png?resize=12%2C12&amp;ssl=1 12w\" sizes=\"(max-width: 19px) 100vw, 19px\" \/> \u00a0V \u00fater\u00fd 30.&nbsp;11.&nbsp;2021 prob\u011bhlo druh\u00e9 jedn\u00e1n\u00ed pracovn\u00ed skupiny WG2 \u201eFarm Sustainability Data Network (FSDN)\u201c. Pracovn\u00ed skupina se&nbsp;zab\u00fdv\u00e1 pl\u00e1novanou p\u0159em\u011bnou FADN na&nbsp;FSDN. Tentokr\u00e1t se&nbsp;\u0159e\u0161ily mo\u017en\u00e9 pob\u00eddky pro&nbsp;zem\u011bd\u011blce ke&nbsp;spolupr\u00e1ci s&nbsp;FADN\/FSDN a&nbsp;lep\u0161\u00ed spolupr\u00e1ce s&nbsp;poradensk\u00fdmi slu\u017ebami. P\u0159\u00ed\u0161t\u00ed jedn\u00e1n\u00ed je pl\u00e1nov\u00e1no na&nbsp;leden 2022. (vlo\u017eeno&nbsp;1.&nbsp;12.&nbsp;2021)<\/p><p><img decoding=\"async\" data-recalc-dims=\"1\" class=\"alignnone size-full wp-image-5604\" src=\"https:\/\/i0.wp.com\/fadn.cz\/wp-content\/uploads\/2023\/04\/logo_male_modre_fadn.png?resize=19%2C19&#038;ssl=1\" alt=\"\" width=\"19\" height=\"19\" srcset=\"https:\/\/i0.wp.com\/fadn.cz\/wp-content\/uploads\/2023\/04\/logo_male_modre_fadn.png?w=19&amp;ssl=1 19w, https:\/\/i0.wp.com\/fadn.cz\/wp-content\/uploads\/2023\/04\/logo_male_modre_fadn.png?resize=12%2C12&amp;ssl=1 12w\" sizes=\"(max-width: 19px) 100vw, 19px\" \/> \u00a0Data z&nbsp;\u0161et\u0159en\u00ed FADN za&nbsp;\u00fa\u010detn\u00ed rok 2020 byla \u00fasp\u011b\u0161n\u011b p\u0159ed\u00e1na pracovi\u0161ti DG AGRI v&nbsp;Bruselu 29.&nbsp;listopadu 2021, tj.&nbsp;m\u011bs\u00edc p\u0159ed z\u00e1vazn\u00fdm term\u00ednem. (vlo\u017eeno&nbsp;30.&nbsp;11.&nbsp;2021)<\/p><p><img decoding=\"async\" data-recalc-dims=\"1\" class=\"alignnone size-full wp-image-5604\" src=\"https:\/\/i0.wp.com\/fadn.cz\/wp-content\/uploads\/2023\/04\/logo_male_modre_fadn.png?resize=19%2C19&#038;ssl=1\" alt=\"\" width=\"19\" height=\"19\" srcset=\"https:\/\/i0.wp.com\/fadn.cz\/wp-content\/uploads\/2023\/04\/logo_male_modre_fadn.png?w=19&amp;ssl=1 19w, https:\/\/i0.wp.com\/fadn.cz\/wp-content\/uploads\/2023\/04\/logo_male_modre_fadn.png?resize=12%2C12&amp;ssl=1 12w\" sizes=\"(max-width: 19px) 100vw, 19px\" \/> \u00a0Ve st\u0159edu 24.&nbsp;11.&nbsp;2021 prob\u011bhlo jedn\u00e1n\u00ed Ekonomick\u00e9 komise AK \u010cR, kter\u00e9ho se&nbsp;za&nbsp;Kontaktn\u00ed pracovi\u0161t\u011b FADN&nbsp;\u010cR z\u00fa\u010dastnila Ing.&nbsp;Jana Mach\u00e1\u010dkov\u00e1. Sou\u010d\u00e1st\u00ed programu bylo tak\u00e9 p\u0159edstaven\u00ed v\u00fdsledk\u016f v\u00fdb\u011brov\u00e9ho \u0161et\u0159en\u00ed zem\u011bd\u011blsk\u00fdch podnik\u016f FADN za&nbsp;\u00fa\u010detn\u00ed rok 2020. Tato <a href=\"https:\/\/fadn.cz\/wp-content\/uploads\/2023\/02\/aktuality_prezentace_2021.pdf\" target=\"_blank\" rel=\"noopener\">prezentace<\/a> je p\u0159\u00edstupn\u00e1 na&nbsp;webu FADN. (vlo\u017eeno&nbsp;25.&nbsp;10.&nbsp;2021)<\/p><p><img decoding=\"async\" data-recalc-dims=\"1\" class=\"alignnone size-full wp-image-5604\" src=\"https:\/\/i0.wp.com\/fadn.cz\/wp-content\/uploads\/2023\/04\/logo_male_modre_fadn.png?resize=19%2C19&#038;ssl=1\" alt=\"\" width=\"19\" height=\"19\" srcset=\"https:\/\/i0.wp.com\/fadn.cz\/wp-content\/uploads\/2023\/04\/logo_male_modre_fadn.png?w=19&amp;ssl=1 19w, https:\/\/i0.wp.com\/fadn.cz\/wp-content\/uploads\/2023\/04\/logo_male_modre_fadn.png?resize=12%2C12&amp;ssl=1 12w\" sizes=\"(max-width: 19px) 100vw, 19px\" \/> \u00a0Kontaktn\u00ed pracovi\u0161t\u011b FADN&nbsp;\u010cR vydalo <a href=\"https:\/\/fadn.cz\/wp-content\/uploads\/2023\/02\/aktualiti_tiskova-zprava.pdf\" target=\"_blank\" rel=\"noopener\">Tiskovou zpr\u00e1vu<\/a> o&nbsp;v\u00fdsledc\u00edch hospoda\u0159en\u00ed zem\u011bd\u011blsk\u00fdch podnik\u016f za&nbsp;\u00fa\u010detn\u00ed obdob\u00ed 2020. (vlo\u017eeno:&nbsp;24.&nbsp;11.&nbsp;2021)<\/p><p><img decoding=\"async\" data-recalc-dims=\"1\" class=\"alignnone size-full wp-image-5604\" src=\"https:\/\/i0.wp.com\/fadn.cz\/wp-content\/uploads\/2023\/04\/logo_male_modre_fadn.png?resize=19%2C19&#038;ssl=1\" alt=\"\" width=\"19\" height=\"19\" srcset=\"https:\/\/i0.wp.com\/fadn.cz\/wp-content\/uploads\/2023\/04\/logo_male_modre_fadn.png?w=19&amp;ssl=1 19w, https:\/\/i0.wp.com\/fadn.cz\/wp-content\/uploads\/2023\/04\/logo_male_modre_fadn.png?resize=12%2C12&amp;ssl=1 12w\" sizes=\"(max-width: 19px) 100vw, 19px\" \/> \u00a0V online odborn\u00e9m \u010dasopise AGRIS byl publikovan\u00fd p\u0159\u00edsp\u011bvek Productivity and Efficiency of Precision Farming: The Case of Czech Cereal Production. \u010cl\u00e1nek se&nbsp;zab\u00fdv\u00e1 zdroji konkurenceschopnosti \u010desk\u00e9 produkce obilovin s&nbsp;ohledem na&nbsp;technologie precizn\u00edho zem\u011bd\u011blstv\u00ed. Anal\u00fdza je zalo\u017eena na&nbsp;pokro\u010dil\u00fdch statistick\u00fdch metod\u00e1ch s&nbsp;vyu\u017eit\u00edm dat datab\u00e1ze FADN za&nbsp;obdob\u00ed 2005\u20132018.&nbsp;\u010cl\u00e1nek byl zpracov\u00e1n v&nbsp;r\u00e1mci spolupr\u00e1ce \u010cZ\u00da (L. \u010cechura, Z. \u017d\u00e1kov\u00e1 Kroupov\u00e1) a&nbsp;Kontaktn\u00edho pracovi\u0161t\u011b FADN&nbsp;CZ (V. Kostliv\u00fd, M. Leke\u0161ov\u00e1). <a href=\"https:\/\/ageconsearch.umn.edu\/record\/320265\" target=\"_blank\" rel=\"noopener\">https:\/\/ageconsearch.umn.edu\/record\/320265<\/a>\u00a0(vlo\u017eeno&nbsp;16.&nbsp;11.&nbsp;2021)<\/p><p><img decoding=\"async\" data-recalc-dims=\"1\" class=\"alignnone size-full wp-image-5604\" src=\"https:\/\/i0.wp.com\/fadn.cz\/wp-content\/uploads\/2023\/04\/logo_male_modre_fadn.png?resize=19%2C19&#038;ssl=1\" alt=\"\" width=\"19\" height=\"19\" srcset=\"https:\/\/i0.wp.com\/fadn.cz\/wp-content\/uploads\/2023\/04\/logo_male_modre_fadn.png?w=19&amp;ssl=1 19w, https:\/\/i0.wp.com\/fadn.cz\/wp-content\/uploads\/2023\/04\/logo_male_modre_fadn.png?resize=12%2C12&amp;ssl=1 12w\" sizes=\"(max-width: 19px) 100vw, 19px\" \/> \u00a0Dne 3.&nbsp;11.&nbsp;2021 prob\u011bhlo zased\u00e1n\u00ed N\u00e1rodn\u00ed komise FADN, kter\u00e1 se&nbsp;sch\u00e1z\u00ed pravideln\u011b od&nbsp;roku 2004 za&nbsp;\u00fa\u010dasti z\u00e1stupc\u016f \u00daZEI, MZe, nevl\u00e1dn\u00edch organizac\u00ed a&nbsp;zem\u011bd\u011blsk\u00fdch univerzit. N\u00e1rodn\u00ed komise FADN jednomysln\u011b schv\u00e1lila n\u00e1vrh pl\u00e1nu v\u00fdb\u011bru podnik\u016f do&nbsp;\u0161et\u0159en\u00ed FADN pro&nbsp;\u00fa\u010detn\u00ed rok 2022, projednala p\u0159edb\u011b\u017en\u00e9 v\u00fdsledky hospoda\u0159en\u00ed zem\u011bd\u011blsk\u00fdch podnik\u016f za&nbsp;rok 2020, diskutovala organiza\u010dn\u00ed ot\u00e1zky uplynul\u00e9ho roku i&nbsp;budouc\u00ed v\u00fdvoj FADN ve&nbsp;vztahu k&nbsp;pot\u0159eb\u00e1m zem\u011bd\u011blsk\u00e9 politiky. (vlo\u017eeno&nbsp;4.&nbsp;11.&nbsp;2021)<\/p><p><img decoding=\"async\" data-recalc-dims=\"1\" class=\"alignnone size-full wp-image-5604\" src=\"https:\/\/i0.wp.com\/fadn.cz\/wp-content\/uploads\/2023\/04\/logo_male_modre_fadn.png?resize=19%2C19&#038;ssl=1\" alt=\"\" width=\"19\" height=\"19\" srcset=\"https:\/\/i0.wp.com\/fadn.cz\/wp-content\/uploads\/2023\/04\/logo_male_modre_fadn.png?w=19&amp;ssl=1 19w, https:\/\/i0.wp.com\/fadn.cz\/wp-content\/uploads\/2023\/04\/logo_male_modre_fadn.png?resize=12%2C12&amp;ssl=1 12w\" sizes=\"(max-width: 19px) 100vw, 19px\" \/> \u00a028.&nbsp;zased\u00e1n\u00ed OECD Network for Farm-Level Analysis (FLAN) se&nbsp;uskute\u010dnilo ve&nbsp;dnech 26.&nbsp;a&nbsp;27.&nbsp;10.&nbsp;2021 virtu\u00e1ln\u011b pro&nbsp;registrovan\u00e9 \u00fa\u010dastn\u00edky. Prvn\u00ed den setk\u00e1n\u00ed 26.&nbsp;10.&nbsp;byl napl\u00e1nov\u00e1n spole\u010dn\u011b se&nbsp;zased\u00e1n\u00edm OECD Networks on Total Factor Productivity and the Environment (TFPEN). \u00da\u010delem t\u00e9to spole\u010dn\u00e9 akce byla otev\u0159en\u00e1 diskuse o&nbsp;spolupr\u00e1ci obou skupin, prezentov\u00e1n\u00ed nov\u00fdch mo\u017enost\u00ed agregovan\u00e9ho m\u011b\u0159en\u00ed celkov\u00e9 produktivity zem\u011bd\u011blsk\u00fdch podnik\u016f, roz\u0161i\u0159ov\u00e1n\u00ed o&nbsp;environment\u00e1ln\u00ed vstupy a&nbsp;v\u00fdstupy, zlep\u0161en\u00ed kvality a&nbsp;relevance anal\u00fdz s&nbsp;vyu\u017eit\u00edm dat na&nbsp;mikro\u00farovni a&nbsp;vytv\u00e1\u0159en\u00ed kompozitn\u00edch ukazatel\u016f udr\u017eiteln\u00e9ho r\u016fstu produktivity. N\u00e1sleduj\u00edc\u00ed den 27.&nbsp;10.&nbsp;byl ji\u017e vy\u010dlen\u011bn pro&nbsp;zased\u00e1n\u00ed FLAN a&nbsp;\u00favodn\u00ed vystoupen\u00ed se&nbsp;zab\u00fdvalo mo\u017enostmi m\u011b\u0159en\u00ed odolnosti zem\u011bd\u011blsk\u00fdch farem pomoc\u00ed statick\u00fdch a&nbsp;dynamick\u00fdch indik\u00e1tor\u016f s&nbsp;vyu\u017eit\u00edm podnikov\u00fdch dat. V&nbsp;sekci M\u011b\u0159en\u00ed udr\u017eitelnosti \u017eivotn\u00edho prost\u0159ed\u00ed a&nbsp;udr\u017eiteln\u00e9 postupy prezentovala Ing.&nbsp;Zuzana Hlou\u0161kov\u00e1 z&nbsp;FADN&nbsp;CZ <a href=\"https:\/\/fadn.cz\/wp-content\/uploads\/2023\/02\/aktualita_multidimensial.pdf\" target=\"_blank\" rel=\"noopener\">V\u00edcekriteri\u00e1ln\u00ed zhodnocen\u00ed trval\u00e9 udr\u017eitelnosti v&nbsp;\u010cR<\/a>. \u00da\u010dastn\u00edci byly sezn\u00e1meni s&nbsp;metodou a&nbsp;v\u00fdsledky zpracovan\u00fdmi v&nbsp;r\u00e1mci projektu \u0159e\u0161en\u00e9ho v&nbsp;letech 2016-2019 t\u00fdmem FADN. Z\u00e1v\u011bre\u010dn\u00e1 \u010d\u00e1st zased\u00e1n\u00ed byla zam\u011b\u0159ena na&nbsp;udr\u017eiteln\u00e9 postupy a&nbsp;hospoda\u0159en\u00ed s&nbsp;vodou. (vlo\u017eeno&nbsp;1.&nbsp;11.&nbsp;2021)<\/p><p><img decoding=\"async\" data-recalc-dims=\"1\" class=\"alignnone size-full wp-image-5604\" src=\"https:\/\/i0.wp.com\/fadn.cz\/wp-content\/uploads\/2023\/04\/logo_male_modre_fadn.png?resize=19%2C19&#038;ssl=1\" alt=\"\" width=\"19\" height=\"19\" srcset=\"https:\/\/i0.wp.com\/fadn.cz\/wp-content\/uploads\/2023\/04\/logo_male_modre_fadn.png?w=19&amp;ssl=1 19w, https:\/\/i0.wp.com\/fadn.cz\/wp-content\/uploads\/2023\/04\/logo_male_modre_fadn.png?resize=12%2C12&amp;ssl=1 12w\" sizes=\"(max-width: 19px) 100vw, 19px\" \/> \u00a0V \u00fater\u00fd 19.&nbsp;10.&nbsp;2021 prob\u011bhlo prvn\u00ed jedn\u00e1n\u00ed pracovn\u00ed skupiny WG2 \u201eFarm Sustainability Data Network (FSDN)\u201c. Pracovn\u00ed skupina se&nbsp;zab\u00fdv\u00e1 p\u0159em\u011bnou FADN na&nbsp;FSDN z&nbsp;hlediska datov\u00fdch zm\u011bn. \u00da\u010dastn\u00edci byli sezn\u00e1meni s&nbsp;\u00fa\u010delem FSDN a&nbsp;diskutovali nad n\u00e1stroji, kter\u00e9 by vedly k&nbsp;dosa\u017een\u00ed c\u00edl\u016f (jak\u00e1 data mohou poskytovat zem\u011bd\u011blci a&nbsp;jak\u00e1 ne) a&nbsp;nad mo\u017en\u00fdmi probl\u00e9my. (vlo\u017eeno&nbsp;20.&nbsp;10.&nbsp;2021)<\/p><p><img decoding=\"async\" data-recalc-dims=\"1\" class=\"alignnone size-full wp-image-5604\" src=\"https:\/\/i0.wp.com\/fadn.cz\/wp-content\/uploads\/2023\/04\/logo_male_modre_fadn.png?resize=19%2C19&#038;ssl=1\" alt=\"\" width=\"19\" height=\"19\" srcset=\"https:\/\/i0.wp.com\/fadn.cz\/wp-content\/uploads\/2023\/04\/logo_male_modre_fadn.png?w=19&amp;ssl=1 19w, https:\/\/i0.wp.com\/fadn.cz\/wp-content\/uploads\/2023\/04\/logo_male_modre_fadn.png?resize=12%2C12&amp;ssl=1 12w\" sizes=\"(max-width: 19px) 100vw, 19px\" \/> \u00a0Dne 15.&nbsp;\u0159\u00edjna 2021 prob\u011bhlo on-line formou 208.&nbsp;zased\u00e1n\u00ed Komise pro&nbsp;FADN, kter\u00e9 organizuje DG AGRI p\u0159i&nbsp;Evropsk\u00e9 komisi. (vlo\u017eeno&nbsp;19.&nbsp;10.&nbsp;2021)<\/p><p><img decoding=\"async\" data-recalc-dims=\"1\" class=\"alignnone size-full wp-image-5604\" src=\"https:\/\/i0.wp.com\/fadn.cz\/wp-content\/uploads\/2023\/04\/logo_male_modre_fadn.png?resize=19%2C19&#038;ssl=1\" alt=\"\" width=\"19\" height=\"19\" srcset=\"https:\/\/i0.wp.com\/fadn.cz\/wp-content\/uploads\/2023\/04\/logo_male_modre_fadn.png?w=19&amp;ssl=1 19w, https:\/\/i0.wp.com\/fadn.cz\/wp-content\/uploads\/2023\/04\/logo_male_modre_fadn.png?resize=12%2C12&amp;ssl=1 12w\" sizes=\"(max-width: 19px) 100vw, 19px\" \/> \u00a0Dne 12.&nbsp;10.&nbsp;2021 se&nbsp;konal ji\u017e 5.&nbsp;ro\u010dn\u00edk ekonomick\u00e9 konference pod&nbsp;z\u00e1\u0161titou vydavatelstv\u00ed ProfiPress, tentokr\u00e1t v&nbsp;nov\u011b zrekonstruovan\u00fdch prostor\u00e1ch Auly na\u00a0 \u010cZU v&nbsp;Praze. Na&nbsp;konferenci byl za&nbsp;t\u00fdm FADN prezentov\u00e1n p\u0159\u00edsp\u011bvek V\u00fdvoj hospoda\u0159en\u00ed ekologick\u00fdch podnik\u016f s&nbsp;ohledem na&nbsp;zem\u011bd\u011blskou politiku Evropsk\u00e9 unie. Z\u00e1znam z&nbsp;konference je mo\u017en\u00e9 shl\u00e9dnout na&nbsp;webu TV Zem\u011bd\u011blec. (vlo\u017eeno:&nbsp;13.&nbsp;10.&nbsp;2021)<\/p><p><img decoding=\"async\" data-recalc-dims=\"1\" class=\"alignnone size-full wp-image-5604\" src=\"https:\/\/i0.wp.com\/fadn.cz\/wp-content\/uploads\/2023\/04\/logo_male_modre_fadn.png?resize=19%2C19&#038;ssl=1\" alt=\"\" width=\"19\" height=\"19\" srcset=\"https:\/\/i0.wp.com\/fadn.cz\/wp-content\/uploads\/2023\/04\/logo_male_modre_fadn.png?w=19&amp;ssl=1 19w, https:\/\/i0.wp.com\/fadn.cz\/wp-content\/uploads\/2023\/04\/logo_male_modre_fadn.png?resize=12%2C12&amp;ssl=1 12w\" sizes=\"(max-width: 19px) 100vw, 19px\" \/> \u00a0V p\u00e1tek 8.&nbsp;\u0159\u00edjna se&nbsp;t\u0159i z\u00e1stupci FADN z\u00fa\u010dastnili druh\u00e9ho online jedn\u00e1n\u00ed pracovn\u00ed skupiny WG3 \u201eFADN Individual data request tool\u201c p\u0159i&nbsp;DG AGRI. Dal\u0161\u00ed prezentuj\u00edc\u00ed, tentokr\u00e1t z&nbsp;It\u00e1lie, Nizozem\u00ed a&nbsp;Francie, p\u0159edstavili svoje online n\u00e1stroje pou\u017e\u00edvan\u00e9 pro&nbsp;pr\u00e1ci s&nbsp;FADN daty na&nbsp;n\u00e1rodn\u00ed \u00farovni. Zku\u0161enosti z&nbsp;jednotliv\u00fdch \u010dlensk\u00fdch zem\u00ed mohou p\u0159isp\u011bt k&nbsp;hled\u00e1n\u00ed po\u017eadovan\u00e9ho \u0159e\u0161en\u00ed pro&nbsp;bezpe\u010dn\u00fd p\u0159\u00edstup k&nbsp;souhrnn\u00fdm FADN dat\u016fm, kter\u00fd m\u00e1 DG AGRI v&nbsp;bl\u00edzk\u00e9 budoucnosti za&nbsp;c\u00edl. (vlo\u017eeno:&nbsp;11.&nbsp;10.&nbsp;2021)<\/p><p><img decoding=\"async\" data-recalc-dims=\"1\" class=\"alignnone size-full wp-image-5604\" src=\"https:\/\/i0.wp.com\/fadn.cz\/wp-content\/uploads\/2023\/04\/logo_male_modre_fadn.png?resize=19%2C19&#038;ssl=1\" alt=\"\" width=\"19\" height=\"19\" srcset=\"https:\/\/i0.wp.com\/fadn.cz\/wp-content\/uploads\/2023\/04\/logo_male_modre_fadn.png?w=19&amp;ssl=1 19w, https:\/\/i0.wp.com\/fadn.cz\/wp-content\/uploads\/2023\/04\/logo_male_modre_fadn.png?resize=12%2C12&amp;ssl=1 12w\" sizes=\"(max-width: 19px) 100vw, 19px\" \/> \u00a04.&nbsp;10.&nbsp;2021 prob\u011bhlo druh\u00e9 jedn\u00e1n\u00ed pracovn\u00ed skupiny \u201eWG1 for reinforcing and simplifying FADN\u201c, kde byly op\u011bt diskutov\u00e1ny mo\u017enosti zjednodu\u0161en\u00ed dotazn\u00edku FADN, zlep\u0161en\u00ed kvality dat, p\u0159id\u00e1n\u00ed nov\u00fdch informac\u00ed t\u00fdkaj\u00edc\u00edch se&nbsp;socio-ekonomick\u00fdch a&nbsp;environment\u00e1ln\u00edch aspekt\u016f farma\u0159en\u00ed atp. (vlo\u017eeno:&nbsp;6.&nbsp;10.&nbsp;2021)<\/p><p><img decoding=\"async\" data-recalc-dims=\"1\" class=\"alignnone size-full wp-image-5604\" src=\"https:\/\/i0.wp.com\/fadn.cz\/wp-content\/uploads\/2023\/04\/logo_male_modre_fadn.png?resize=19%2C19&#038;ssl=1\" alt=\"\" width=\"19\" height=\"19\" srcset=\"https:\/\/i0.wp.com\/fadn.cz\/wp-content\/uploads\/2023\/04\/logo_male_modre_fadn.png?w=19&amp;ssl=1 19w, https:\/\/i0.wp.com\/fadn.cz\/wp-content\/uploads\/2023\/04\/logo_male_modre_fadn.png?resize=12%2C12&amp;ssl=1 12w\" sizes=\"(max-width: 19px) 100vw, 19px\" \/> \u00a0Ve dnech 28.&nbsp;a&nbsp;29.&nbsp;9.&nbsp;2021 jsme se&nbsp;z\u00fa\u010dastnili druh\u00e9ho workshopu FSDN, jeho\u017e organiz\u00e1torem bylo DG.AGRI p\u0159i&nbsp;Evropsk\u00e9 komisi. Workshop prob\u011bhl v&nbsp;r\u00e1mci procesu transformace s\u00edt\u011b FADN na&nbsp;syst\u00e9m FSDN (Farm Sustainable Data Network) a&nbsp;jeho c\u00edlem bylo sd\u00edlet a&nbsp;diskutovat v\u00fdsledky konzultac\u00ed a&nbsp;identifikovat a&nbsp;diskutovat mo\u017enosti konkr\u00e9tn\u00edch vylep\u0161en\u00ed FADN v&nbsp;roce 2022. (vlo\u017eeno:&nbsp;30.&nbsp;9.&nbsp;2021)<\/p><p><img decoding=\"async\" data-recalc-dims=\"1\" class=\"alignnone size-full wp-image-5604\" src=\"https:\/\/i0.wp.com\/fadn.cz\/wp-content\/uploads\/2023\/04\/logo_male_modre_fadn.png?resize=19%2C19&#038;ssl=1\" alt=\"\" width=\"19\" height=\"19\" srcset=\"https:\/\/i0.wp.com\/fadn.cz\/wp-content\/uploads\/2023\/04\/logo_male_modre_fadn.png?w=19&amp;ssl=1 19w, https:\/\/i0.wp.com\/fadn.cz\/wp-content\/uploads\/2023\/04\/logo_male_modre_fadn.png?resize=12%2C12&amp;ssl=1 12w\" sizes=\"(max-width: 19px) 100vw, 19px\" \/> \u00a0Dne 6.&nbsp;z\u00e1\u0159\u00ed 2021 byl v&nbsp;t\u00fdden\u00edku Zem\u011bd\u011blec (\u010d.&nbsp;36\/2021) publikov\u00e1n \u010dl\u00e1nek \u201eV\u00fdsledky ekologick\u00e9ho zem\u011bd\u011blstv\u00ed\u201c, kter\u00fd popisuje struktur\u00e1ln\u00ed charakteristiky a&nbsp;ekonomick\u00e9 v\u00fdsledky ekologicky hospoda\u0159\u00edc\u00edch podnik\u016f v&nbsp;\u010cR ve&nbsp;srovn\u00e1n\u00ed s&nbsp;konven\u010dn\u00edmi podniky v&nbsp;roce 2019. Porovn\u00e1n\u00ed zahrnuje podniky EZ celkem a&nbsp;podle v\u00fdrobn\u00edch zam\u011b\u0159en\u00ed: poln\u00ed v\u00fdroba, sm\u00ed\u0161en\u00e1 v\u00fdroba, produkce ml\u00e9ka a&nbsp;chov skotu a&nbsp;zv\u00ed\u0159at zkrmuj\u00edc\u00edch objemnou p\u00edci (ovce, kozy a&nbsp;ostatn\u00ed). Autorkami jsou pracovnice Kontaktn\u00edho pracovi\u0161t\u011b FADN Ing.&nbsp;Lenka Tumov\u00e1 a&nbsp;Ing.&nbsp;Zuzana Fuksov\u00e1, Ph.D. P\u0159\u00edsp\u011bvek je k&nbsp;dispozici v&nbsp;adres\u00e1\u0159i Publika\u010dn\u00ed \u010dinnost. (vlo\u017eeno:&nbsp;7.&nbsp;9.&nbsp;2021)<\/p><p><img decoding=\"async\" data-recalc-dims=\"1\" class=\"alignnone size-full wp-image-5604\" src=\"https:\/\/i0.wp.com\/fadn.cz\/wp-content\/uploads\/2023\/04\/logo_male_modre_fadn.png?resize=19%2C19&#038;ssl=1\" alt=\"\" width=\"19\" height=\"19\" srcset=\"https:\/\/i0.wp.com\/fadn.cz\/wp-content\/uploads\/2023\/04\/logo_male_modre_fadn.png?w=19&amp;ssl=1 19w, https:\/\/i0.wp.com\/fadn.cz\/wp-content\/uploads\/2023\/04\/logo_male_modre_fadn.png?resize=12%2C12&amp;ssl=1 12w\" sizes=\"(max-width: 19px) 100vw, 19px\" \/> \u00a0V t\u00fdden\u00edku Zem\u011bd\u011blec (\u010d.&nbsp;35\/2021) byl dne 30.&nbsp;srpna 2021 publikov\u00e1n \u010dl\u00e1nek \u201eHodnocen\u00ed podnik\u016f sm\u00ed\u0161en\u00e9 v\u00fdroby\u201c, kter\u00fd informuje o&nbsp;struktur\u00e1ln\u00edch charakteristik\u00e1ch a&nbsp;ekonomick\u00fdch v\u00fdsledc\u00edch zem\u011bd\u011blsk\u00fdch podnik\u016f v\u00fdrobn\u00edho zam\u011b\u0159en\u00ed sm\u00ed\u0161en\u00e1 v\u00fdroba na&nbsp;z\u00e1klad\u011b \u0161et\u0159en\u00ed FADN v&nbsp;meziro\u010dn\u00edm srovn\u00e1n\u00ed 2018\/2019. Autorkami jsou pracovnice Kontaktn\u00edho pracovi\u0161t\u011b FADN Ing.&nbsp;V\u011bra Vrko\u010dov\u00e1 a&nbsp;Ing.&nbsp;Lenka Tumov\u00e1. P\u0159\u00edsp\u011bvek je k&nbsp;dispozici v&nbsp;adres\u00e1\u0159i Publika\u010dn\u00ed \u010dinnost. (vlo\u017eeno:&nbsp;3.&nbsp;9.&nbsp;2021)<\/p><p><img decoding=\"async\" data-recalc-dims=\"1\" class=\"alignnone size-full wp-image-5604\" src=\"https:\/\/i0.wp.com\/fadn.cz\/wp-content\/uploads\/2023\/04\/logo_male_modre_fadn.png?resize=19%2C19&#038;ssl=1\" alt=\"\" width=\"19\" height=\"19\" srcset=\"https:\/\/i0.wp.com\/fadn.cz\/wp-content\/uploads\/2023\/04\/logo_male_modre_fadn.png?w=19&amp;ssl=1 19w, https:\/\/i0.wp.com\/fadn.cz\/wp-content\/uploads\/2023\/04\/logo_male_modre_fadn.png?resize=12%2C12&amp;ssl=1 12w\" sizes=\"(max-width: 19px) 100vw, 19px\" \/> \u00a0V t\u00fdden\u00edku Zem\u011bd\u011blec (\u010d.&nbsp;33\/2021) byl dne 16.&nbsp;srpna 2021 publikov\u00e1n \u010dl\u00e1nek \u201eV\u00fdsledky podnik\u016f s&nbsp;produkc\u00ed ml\u00e9ka\u201c. Autorky Ing.&nbsp;Martina D\u00f6bertov\u00e1, Ing.&nbsp;Sv\u011btlana Lamprechtov\u00e1 a&nbsp;Ing.&nbsp;Jana Ve\u010de\u0159ov\u00e1 zde prezentuj\u00ed v\u00fdsledky hospoda\u0159en\u00ed podnik\u016f zam\u011b\u0159en\u00fdch na&nbsp;produkci ml\u00e9ka na&nbsp;z\u00e1klad\u011b \u0161et\u0159en\u00ed FADN. P\u0159\u00edsp\u011bvek je k&nbsp;dispozici v&nbsp;adres\u00e1\u0159i Publika\u010dn\u00ed \u010dinnost. (vlo\u017eeno:&nbsp;20.&nbsp;8.&nbsp;2021)<\/p><p><img decoding=\"async\" data-recalc-dims=\"1\" class=\"alignnone size-full wp-image-5604\" src=\"https:\/\/i0.wp.com\/fadn.cz\/wp-content\/uploads\/2023\/04\/logo_male_modre_fadn.png?resize=19%2C19&#038;ssl=1\" alt=\"\" width=\"19\" height=\"19\" srcset=\"https:\/\/i0.wp.com\/fadn.cz\/wp-content\/uploads\/2023\/04\/logo_male_modre_fadn.png?w=19&amp;ssl=1 19w, https:\/\/i0.wp.com\/fadn.cz\/wp-content\/uploads\/2023\/04\/logo_male_modre_fadn.png?resize=12%2C12&amp;ssl=1 12w\" sizes=\"(max-width: 19px) 100vw, 19px\" \/> \u00a0 V&nbsp;srpnov\u00e9m \u010d\u00edsle t\u00fdden\u00edku Zem\u011bd\u011blec (32\/2021) vy\u0161el \u010dl\u00e1nek \u201eHodnocen\u00ed podnik\u016f s&nbsp;chovem skotu\u201c od&nbsp;autor\u016f Ing.&nbsp;Lenky Varhan\u00ed\u010dkov\u00e9 a&nbsp;Ing.&nbsp;Jarmila Ml\u010d\u00e1ka. Pops\u00e1ny jsou zde v\u00fdsledky a&nbsp;zm\u011bny mezi roky 2018 a&nbsp;2019 u&nbsp;podnik\u016f zam\u011b\u0159en\u00fdch na&nbsp;chov skotu a&nbsp;zv\u00ed\u0159at zkrmuj\u00edc\u00edch objemnou p\u00edci. P\u0159\u00edsp\u011bvek naleznete v&nbsp;adres\u00e1\u0159i Publika\u010dn\u00ed \u010dinnost. (vlo\u017eeno:&nbsp;10.&nbsp;8.&nbsp;2021)<\/p><p><img decoding=\"async\" data-recalc-dims=\"1\" class=\"alignnone size-full wp-image-5604\" src=\"https:\/\/i0.wp.com\/fadn.cz\/wp-content\/uploads\/2023\/04\/logo_male_modre_fadn.png?resize=19%2C19&#038;ssl=1\" alt=\"\" width=\"19\" height=\"19\" srcset=\"https:\/\/i0.wp.com\/fadn.cz\/wp-content\/uploads\/2023\/04\/logo_male_modre_fadn.png?w=19&amp;ssl=1 19w, https:\/\/i0.wp.com\/fadn.cz\/wp-content\/uploads\/2023\/04\/logo_male_modre_fadn.png?resize=12%2C12&amp;ssl=1 12w\" sizes=\"(max-width: 19px) 100vw, 19px\" \/> \u00a0OECD publikovalo dva nov\u00e9 dokumenty s&nbsp;v\u00fdsledky mezin\u00e1rodn\u00edho projektu, na&nbsp;kter\u00e9m dlouhodob\u011b spolupracovalo Kontaktn\u00ed pracovi\u0161t\u011b FADN&nbsp;\u010cR. Tento empirick\u00fd projekt je zam\u011b\u0159en na&nbsp;porozum\u011bn\u00ed dopadu zem\u011bd\u011blsk\u00fdch politik a&nbsp;dal\u0161\u00edch faktor\u016f na&nbsp;produktivitu a&nbsp;udr\u017eitelnost \u017eivotn\u00edho prost\u0159ed\u00ed na&nbsp;podnikov\u00e9 \u00farovni. V\u00edce informac\u00ed a&nbsp;odkaz na&nbsp;publikace je uvedeno v&nbsp;sekci <a href=\"https:\/\/fadn.cz\/vystupy\/projekty\/\">Zahrani\u010dn\u00ed spolupr\u00e1ce<\/a>. (vlo\u017eeno:&nbsp;4.&nbsp;8.&nbsp;2021)<\/p><p><img decoding=\"async\" data-recalc-dims=\"1\" class=\"alignnone size-full wp-image-5604\" src=\"https:\/\/i0.wp.com\/fadn.cz\/wp-content\/uploads\/2023\/04\/logo_male_modre_fadn.png?resize=19%2C19&#038;ssl=1\" alt=\"\" width=\"19\" height=\"19\" srcset=\"https:\/\/i0.wp.com\/fadn.cz\/wp-content\/uploads\/2023\/04\/logo_male_modre_fadn.png?w=19&amp;ssl=1 19w, https:\/\/i0.wp.com\/fadn.cz\/wp-content\/uploads\/2023\/04\/logo_male_modre_fadn.png?resize=12%2C12&amp;ssl=1 12w\" sizes=\"(max-width: 19px) 100vw, 19px\" \/> \u00a0Statistick\u00e9 p\u0159ehledy obsahuj\u00edc\u00ed kl\u00ed\u010dov\u00e9 informace o&nbsp;zem\u011bd\u011blstv\u00ed v&nbsp;EU a&nbsp;\u010dlensk\u00fdch zem\u00edch p\u0159ipravila Evropsk\u00e1 komise s&nbsp;vyu\u017eit\u00edm \u00fadaj\u016f Eurostatu a&nbsp;FADN. Jednotliv\u00e9 aktualizovan\u00e9 souhrny lze nal\u00e9zt <a href=\"https:\/\/agriculture.ec.europa.eu\/cap-my-country\/performance-agricultural-policy\/agriculture-country\/eu-country-factsheets_en\" target=\"_blank\" rel=\"noopener\">ZDE<\/a> (vlo\u017eeno:&nbsp;21.&nbsp;7.&nbsp;2021)<\/p><p><img decoding=\"async\" data-recalc-dims=\"1\" class=\"alignnone size-full wp-image-5604\" src=\"https:\/\/i0.wp.com\/fadn.cz\/wp-content\/uploads\/2023\/04\/logo_male_modre_fadn.png?resize=19%2C19&#038;ssl=1\" alt=\"\" width=\"19\" height=\"19\" srcset=\"https:\/\/i0.wp.com\/fadn.cz\/wp-content\/uploads\/2023\/04\/logo_male_modre_fadn.png?w=19&amp;ssl=1 19w, https:\/\/i0.wp.com\/fadn.cz\/wp-content\/uploads\/2023\/04\/logo_male_modre_fadn.png?resize=12%2C12&amp;ssl=1 12w\" sizes=\"(max-width: 19px) 100vw, 19px\" \/> \u00a0Evropsk\u00e1 komise zve\u0159ejnila novou zpr\u00e1vu \u201eEU Farm Economics Overview\u201c, kter\u00e1 byla zpracov\u00e1na z&nbsp;\u00fadaj\u016f evropsk\u00e9 datab\u00e1ze FADN za&nbsp;\u00fa\u010detn\u00ed rok 2018. Celou zpr\u00e1vu je mo\u017en\u00e9 st\u00e1hnout <a href=\"https:\/\/agriculture.ec.europa.eu\/documents_en\" target=\"_blank\" rel=\"noopener\">ZDE<\/a> (vlo\u017eeno:&nbsp;20.&nbsp;7.&nbsp;2021)<\/p><p><img decoding=\"async\" data-recalc-dims=\"1\" class=\"alignnone size-full wp-image-5604\" src=\"https:\/\/i0.wp.com\/fadn.cz\/wp-content\/uploads\/2023\/04\/logo_male_modre_fadn.png?resize=19%2C19&#038;ssl=1\" alt=\"\" width=\"19\" height=\"19\" srcset=\"https:\/\/i0.wp.com\/fadn.cz\/wp-content\/uploads\/2023\/04\/logo_male_modre_fadn.png?w=19&amp;ssl=1 19w, https:\/\/i0.wp.com\/fadn.cz\/wp-content\/uploads\/2023\/04\/logo_male_modre_fadn.png?resize=12%2C12&amp;ssl=1 12w\" sizes=\"(max-width: 19px) 100vw, 19px\" \/> \u00a0Pro zem\u011bd\u011blce, tv\u016frce SZP, v\u00fdzkumn\u00edky a&nbsp;dal\u0161\u00ed odborn\u00edky ve&nbsp;vztahu k&nbsp;zem\u011bd\u011blstv\u00ed byl p\u0159ipraven pr\u016fzkum na&nbsp;t\u00e9ma \u201e<a href=\"https:\/\/ec.europa.eu\/eusurvey\/runner\/fromFADNtoFSDN\" target=\"_blank\" rel=\"noopener\">P\u0159evod zem\u011bd\u011blsk\u00e9 \u00fa\u010detn\u00ed datov\u00e9 s\u00edt\u011b (FADN) na&nbsp;datovou s\u00ed\u0165 farm\u00e1\u0159sk\u00e9 udr\u017eitelnosti (FSDN)<\/a>\u201c. Jedn\u00e1 se&nbsp;o&nbsp;kr\u00e1tk\u00fd dotazn\u00edk Evropsk\u00e9 komise, kter\u00fd bude aktivn\u00ed do&nbsp;p\u016flnoci 31.&nbsp;\u010dervence. Vyj\u00e1d\u0159ete, pros\u00edm, sv\u016fj n\u00e1zor v&nbsp;kr\u00e1tk\u00e9m dotazn\u00edku, kter\u00fd V\u00e1m nezabere v\u00edce ne\u017e 10 minut.<\/p><p><img decoding=\"async\" data-recalc-dims=\"1\" class=\"alignnone size-full wp-image-5604\" src=\"https:\/\/i0.wp.com\/fadn.cz\/wp-content\/uploads\/2023\/04\/logo_male_modre_fadn.png?resize=19%2C19&#038;ssl=1\" alt=\"\" width=\"19\" height=\"19\" srcset=\"https:\/\/i0.wp.com\/fadn.cz\/wp-content\/uploads\/2023\/04\/logo_male_modre_fadn.png?w=19&amp;ssl=1 19w, https:\/\/i0.wp.com\/fadn.cz\/wp-content\/uploads\/2023\/04\/logo_male_modre_fadn.png?resize=12%2C12&amp;ssl=1 12w\" sizes=\"(max-width: 19px) 100vw, 19px\" \/> \u00a0Dne 29.&nbsp;6.&nbsp;2021 se&nbsp;z\u00e1stupci FADN z\u00fa\u010dastnili prvn\u00edho jedn\u00e1n\u00ed pracovn\u00ed skupiny p\u0159i&nbsp;DG.AGRI s&nbsp;ozna\u010den\u00edm \u201eWG3 FADN Individual data request tool\u201c. C\u00edlem je vytvo\u0159it na&nbsp;evropsk\u00e9 \u00farovni datab\u00e1ze FADN takov\u00fd n\u00e1stroj, kter\u00fd umo\u017en\u00ed vzd\u00e1lenou pr\u00e1ci s&nbsp;daty bez nutnosti dr\u017een\u00ed individu\u00e1ln\u00edch \u00fadaj\u016f. P\u0159\u00edstup k&nbsp;dat\u016fm FADN je pln\u011b zabezpe\u010den s&nbsp;mo\u017enost\u00ed publikovat pouze agregovan\u00e9 v\u00fdsledky. \u00da\u010dastn\u00edci si&nbsp;v&nbsp;r\u00e1mci online setk\u00e1n\u00ed mohli vyslechnout a&nbsp;diskutovat zku\u0161enosti s&nbsp;\u0159e\u0161en\u00edm v\u00fdzkumn\u00e9 pot\u0159eby pr\u00e1ce s&nbsp;individu\u00e1ln\u00edmi anonymizovan\u00fdmi daty FADN v&nbsp;n\u011bkolika evropsk\u00fdch zem\u00edch. Pracovi\u0161t\u011b FADN&nbsp;CZ pou\u017e\u00edv\u00e1 pro&nbsp;pr\u00e1ci s&nbsp;daty speci\u00e1ln\u00ed aplikace, kter\u00e9 pracovn\u00ed skupin\u011b p\u0159edstavila Ing.&nbsp;Zuzana Hlou\u0161kov\u00e1. (vlo\u017eeno:1.&nbsp;7.&nbsp;2021)<\/p><p><img decoding=\"async\" data-recalc-dims=\"1\" class=\"alignnone size-full wp-image-5604\" src=\"https:\/\/i0.wp.com\/fadn.cz\/wp-content\/uploads\/2023\/04\/logo_male_modre_fadn.png?resize=19%2C19&#038;ssl=1\" alt=\"\" width=\"19\" height=\"19\" srcset=\"https:\/\/i0.wp.com\/fadn.cz\/wp-content\/uploads\/2023\/04\/logo_male_modre_fadn.png?w=19&amp;ssl=1 19w, https:\/\/i0.wp.com\/fadn.cz\/wp-content\/uploads\/2023\/04\/logo_male_modre_fadn.png?resize=12%2C12&amp;ssl=1 12w\" sizes=\"(max-width: 19px) 100vw, 19px\" \/> \u00a015.&nbsp;6.&nbsp;2021 prob\u011bhlo prvn\u00ed jedn\u00e1n\u00ed pracovn\u00ed skupiny \u201eWG1 for reinforcing and simplifying FADN\u201c, kde byly diskutov\u00e1ny mo\u017enosti zjednodu\u0161en\u00ed dotazn\u00edku FADN, zlep\u0161en\u00ed kvality dat, p\u0159id\u00e1n\u00ed nov\u00fdch informac\u00ed t\u00fdkaj\u00edc\u00edch se&nbsp;socio-ekonomick\u00fdch a&nbsp;environment\u00e1ln\u00edch aspekt\u016f farma\u0159en\u00ed atp. (vlo\u017eeno:&nbsp;18.&nbsp;6.&nbsp;2021)<\/p><p><img decoding=\"async\" data-recalc-dims=\"1\" class=\"alignnone size-full wp-image-5604\" src=\"https:\/\/i0.wp.com\/fadn.cz\/wp-content\/uploads\/2023\/04\/logo_male_modre_fadn.png?resize=19%2C19&#038;ssl=1\" alt=\"\" width=\"19\" height=\"19\" srcset=\"https:\/\/i0.wp.com\/fadn.cz\/wp-content\/uploads\/2023\/04\/logo_male_modre_fadn.png?w=19&amp;ssl=1 19w, https:\/\/i0.wp.com\/fadn.cz\/wp-content\/uploads\/2023\/04\/logo_male_modre_fadn.png?resize=12%2C12&amp;ssl=1 12w\" sizes=\"(max-width: 19px) 100vw, 19px\" \/> \u00a0Od 4.&nbsp;6.&nbsp;2021 do&nbsp;2.&nbsp;7.&nbsp;2021 otev\u0159ela Evropsk\u00e1 komise mo\u017enost zas\u00edl\u00e1n\u00ed p\u0159ipom\u00ednek k&nbsp;iniciativ\u011b p\u0159echodu FADN na&nbsp;FSDN (P\u0159echod na&nbsp;s\u00ed\u0165 \u00fadaj\u016f o&nbsp;udr\u017eitelnosti zem\u011bd\u011blsk\u00fdch podnik\u016f). Vkl\u00e1d\u00e1n\u00ed p\u0159ipom\u00ednek <a href=\"https:\/\/ec.europa.eu\/info\/law\/better-regulation\/have-your-say\/initiatives\/12951-Prechod-na-sit-udaju-o-udrzitelnosti-zemedelskych-podniku-FSDN-_cs\" target=\"_blank\" rel=\"noopener\">ZDE<\/a>. (vlo\u017eeno:&nbsp;10.&nbsp;6.&nbsp;2021)<\/p><p><img decoding=\"async\" data-recalc-dims=\"1\" class=\"alignnone size-full wp-image-5604\" src=\"https:\/\/i0.wp.com\/fadn.cz\/wp-content\/uploads\/2023\/04\/logo_male_modre_fadn.png?resize=19%2C19&#038;ssl=1\" alt=\"\" width=\"19\" height=\"19\" srcset=\"https:\/\/i0.wp.com\/fadn.cz\/wp-content\/uploads\/2023\/04\/logo_male_modre_fadn.png?w=19&amp;ssl=1 19w, https:\/\/i0.wp.com\/fadn.cz\/wp-content\/uploads\/2023\/04\/logo_male_modre_fadn.png?resize=12%2C12&amp;ssl=1 12w\" sizes=\"(max-width: 19px) 100vw, 19px\" \/> \u00a0V r\u00e1mci podpory MZe na&nbsp;rozvoj v\u00fdzkumn\u00e9 organizace MZE RO0921 byla vytvo\u0159ena Kontaktn\u00edm pracovi\u0161t\u011bm FADN&nbsp;\u010cR certifikovan\u00e1 metodika \u201eOdhad ekonomick\u00fdch v\u00fdsledk\u016f zem\u011bd\u011blstv\u00ed v&nbsp;\u010cR na&nbsp;b\u00e1zi podnikov\u00fdch dat\u201c s&nbsp;ozna\u010den\u00edm ISBN 978-80-7271-245-8. Metodika je k&nbsp;dispozici v&nbsp;adres\u00e1\u0159i Publika\u010dn\u00ed \u010dinnost. (vlo\u017eeno&nbsp;7.&nbsp;6.&nbsp;2021)<\/p><p><img decoding=\"async\" data-recalc-dims=\"1\" class=\"alignnone size-full wp-image-5604\" src=\"https:\/\/i0.wp.com\/fadn.cz\/wp-content\/uploads\/2023\/04\/logo_male_modre_fadn.png?resize=19%2C19&#038;ssl=1\" alt=\"\" width=\"19\" height=\"19\" srcset=\"https:\/\/i0.wp.com\/fadn.cz\/wp-content\/uploads\/2023\/04\/logo_male_modre_fadn.png?w=19&amp;ssl=1 19w, https:\/\/i0.wp.com\/fadn.cz\/wp-content\/uploads\/2023\/04\/logo_male_modre_fadn.png?resize=12%2C12&amp;ssl=1 12w\" sizes=\"(max-width: 19px) 100vw, 19px\" \/> \u00a0V posledn\u00edm kv\u011btnov\u00e9m vyd\u00e1n\u00ed \u010dasopisu Zem\u011bd\u011blec (22\/2021) byl publikov\u00e1n p\u0159\u00edsp\u011bvek o&nbsp;hospoda\u0159en\u00ed podnik\u016f poln\u00ed v\u00fdroby v&nbsp;roce 2019.&nbsp;\u010cl\u00e1nek p\u0159ehledn\u011b shrnuje informace o&nbsp;produkci, n\u00e1kladech a&nbsp;celkov\u00fdch podm\u00ednk\u00e1ch roku 2019 ve&nbsp;vztahu k&nbsp;ukazatel\u016fm ekonomick\u00e9 situace podniku. Je sou\u010d\u00e1st\u00ed pravideln\u00fdch informac\u00ed ze \u0161et\u0159en\u00ed FADN. Autory jsou Ing.&nbsp;Zuzana Fuksov\u00e1, Ph.D., Ing.&nbsp;Monika Hlav\u00e1\u010dov\u00e1 a&nbsp;Ing.&nbsp;Iveta Mlezivov\u00e1. P\u0159\u00edsp\u011bvek naleznete v&nbsp;adres\u00e1\u0159i Publika\u010dn\u00ed \u010dinnost. (vlo\u017eeno:&nbsp;2.&nbsp;6.&nbsp;2021)<\/p><p><img decoding=\"async\" data-recalc-dims=\"1\" class=\"alignnone size-full wp-image-5604\" src=\"https:\/\/i0.wp.com\/fadn.cz\/wp-content\/uploads\/2023\/04\/logo_male_modre_fadn.png?resize=19%2C19&#038;ssl=1\" alt=\"\" width=\"19\" height=\"19\" srcset=\"https:\/\/i0.wp.com\/fadn.cz\/wp-content\/uploads\/2023\/04\/logo_male_modre_fadn.png?w=19&amp;ssl=1 19w, https:\/\/i0.wp.com\/fadn.cz\/wp-content\/uploads\/2023\/04\/logo_male_modre_fadn.png?resize=12%2C12&amp;ssl=1 12w\" sizes=\"(max-width: 19px) 100vw, 19px\" \/> \u00a0V t\u00fdden\u00edku Zem\u011bd\u011blec (\u010d.&nbsp;19\/2021) byl publikov\u00e1n \u010dl\u00e1nek \u201eV\u00fdsledky podnik\u016f na&nbsp;z\u00e1klad\u011b dat FADN\u201c, kter\u00fd informuje o&nbsp;ekonomick\u00fdch v\u00fdsledc\u00edch zem\u011bd\u011blsk\u00fdch podnik\u016f z\u00edskan\u00fdch v&nbsp;r\u00e1mci \u0161et\u0159en\u00ed FADN za&nbsp;\u00fa\u010detn\u00ed rok 2019. Autory jsou Ing.&nbsp;Martina Harvil\u00edkov\u00e1 a&nbsp;Ing.&nbsp;Jana Mach\u00e1\u010dkov\u00e1. P\u0159\u00edsp\u011bvek je k&nbsp;dispozici v&nbsp;adres\u00e1\u0159i Publika\u010dn\u00ed \u010dinnost. (vlo\u017eeno:&nbsp;17.&nbsp;5.&nbsp;2021)<\/p><p><img decoding=\"async\" data-recalc-dims=\"1\" class=\"alignnone size-full wp-image-5604\" src=\"https:\/\/i0.wp.com\/fadn.cz\/wp-content\/uploads\/2023\/04\/logo_male_modre_fadn.png?resize=19%2C19&#038;ssl=1\" alt=\"\" width=\"19\" height=\"19\" srcset=\"https:\/\/i0.wp.com\/fadn.cz\/wp-content\/uploads\/2023\/04\/logo_male_modre_fadn.png?w=19&amp;ssl=1 19w, https:\/\/i0.wp.com\/fadn.cz\/wp-content\/uploads\/2023\/04\/logo_male_modre_fadn.png?resize=12%2C12&amp;ssl=1 12w\" sizes=\"(max-width: 19px) 100vw, 19px\" \/> V&nbsp;t\u00fdden\u00edku Zem\u011bd\u011blec (\u010d.&nbsp;17\/2021) byl publikov\u00e1n \u010dl\u00e1nek \u201eV\u00fdsledky projektu Smart FADN\u201c, kter\u00fd \u0161irokou ve\u0159ejnost informuje o&nbsp;snaze zjednodu\u0161it a&nbsp;zefektivnit \u0161et\u0159en\u00ed FADN. V&nbsp;\u010dl\u00e1nku jsou uvedeny v\u00fdsledky nejmen\u0161\u00edch zem\u011bd\u011blsk\u00fdch podnik\u016f (Small FADN) v&nbsp;porovn\u00e1n\u00ed s&nbsp;v\u00fdsledky podnik\u016f standardn\u00edho \u0161et\u0159en\u00ed FADN nejmen\u0161\u00edch ekonomick\u00fdch t\u0159\u00edd nad thresholdem FADN&nbsp;\u010cR. Autory jsou Ing.&nbsp;Jana Mach\u00e1\u010dkov\u00e1 a&nbsp;Ing.&nbsp;Josef Hanibal. P\u0159\u00edsp\u011bvek je k&nbsp;dispozici v&nbsp;adres\u00e1\u0159i Publika\u010dn\u00ed \u010dinnost. (vlo\u017eeno:&nbsp;5.&nbsp;5.&nbsp;2021)<\/p><p><img decoding=\"async\" data-recalc-dims=\"1\" class=\"alignnone size-full wp-image-5604\" src=\"https:\/\/i0.wp.com\/fadn.cz\/wp-content\/uploads\/2023\/04\/logo_male_modre_fadn.png?resize=19%2C19&#038;ssl=1\" alt=\"\" width=\"19\" height=\"19\" srcset=\"https:\/\/i0.wp.com\/fadn.cz\/wp-content\/uploads\/2023\/04\/logo_male_modre_fadn.png?w=19&amp;ssl=1 19w, https:\/\/i0.wp.com\/fadn.cz\/wp-content\/uploads\/2023\/04\/logo_male_modre_fadn.png?resize=12%2C12&amp;ssl=1 12w\" sizes=\"(max-width: 19px) 100vw, 19px\" \/> \u00a027.&nbsp;zased\u00e1n\u00ed skupiny Farm Level Analysis p\u0159i&nbsp;OECD se&nbsp;konalo v&nbsp;p\u00e1tek 23.&nbsp;dubna 2021 op\u011bt formou videokonference. Mezi 60 \u00fa\u010dastn\u00edky z&nbsp;r\u016fzn\u00fdch zem\u00ed sv\u011bta byli tak\u00e9 pracovn\u00edci Kontaktn\u00edho pracovi\u0161t\u011b FADN. Na&nbsp;\u00favod byl zm\u00edn\u011bn \u00fasp\u011b\u0161n\u011b ukon\u010den\u00fd projekt \u201eDynamics of farm performance\u201c, na&nbsp;kter\u00e9m participovali i&nbsp;pracovn\u00edci FADN&nbsp;CZ. V&nbsp;prvn\u00edm bloku byly prezentov\u00e1ny nov\u00e9 sm\u011bry v&nbsp;definov\u00e1n\u00ed a&nbsp;v\u00fdpo\u010dtu schopnosti farem zvl\u00e1dat nep\u0159\u00edzniv\u00e9 p\u0159\u00edrodn\u00ed i&nbsp;ekonomick\u00e9 ud\u00e1losti (\u0159\u00edzen\u00ed rizik). Zm\u00edn\u011bny byly nap\u0159\u00edklad indik\u00e1tory jako p\u0159ipravenost probl\u00e9m absorbovat, zotaven\u00ed se&nbsp;a&nbsp;schopnost n\u00e1sledn\u00e9 transformace. Druh\u00fd blok prezentac\u00ed byl zam\u011b\u0159en na&nbsp;t\u00e9ma p\u0159\u00edjm\u016f s&nbsp;vystoupen\u00edm koleg\u016f z&nbsp;Francie a&nbsp;N\u011bmecka s&nbsp;vyu\u017eit\u00edm n\u00e1rodn\u00edch \u00fadaj\u016f FADN. (vlo\u017eeno:&nbsp;26.&nbsp;4.&nbsp;2021)<\/p><p><img decoding=\"async\" data-recalc-dims=\"1\" class=\"alignnone size-full wp-image-5604\" src=\"https:\/\/i0.wp.com\/fadn.cz\/wp-content\/uploads\/2023\/04\/logo_male_modre_fadn.png?resize=19%2C19&#038;ssl=1\" alt=\"\" width=\"19\" height=\"19\" srcset=\"https:\/\/i0.wp.com\/fadn.cz\/wp-content\/uploads\/2023\/04\/logo_male_modre_fadn.png?w=19&amp;ssl=1 19w, https:\/\/i0.wp.com\/fadn.cz\/wp-content\/uploads\/2023\/04\/logo_male_modre_fadn.png?resize=12%2C12&amp;ssl=1 12w\" sizes=\"(max-width: 19px) 100vw, 19px\" \/> \u00a0Dne 13.&nbsp;dubna 2021 prob\u011bhlo on-line formou 207.&nbsp;zased\u00e1n\u00ed Komunitn\u00edho v\u00fdboru FADN, kter\u00e9 organizuje DG AGRI p\u0159i&nbsp;Evropsk\u00e9 komisi. (vlo\u017eeno:&nbsp;14.&nbsp;4.&nbsp;2021)<\/p><p><img decoding=\"async\" data-recalc-dims=\"1\" class=\"alignnone size-full wp-image-5604\" src=\"https:\/\/i0.wp.com\/fadn.cz\/wp-content\/uploads\/2023\/04\/logo_male_modre_fadn.png?resize=19%2C19&#038;ssl=1\" alt=\"\" width=\"19\" height=\"19\" srcset=\"https:\/\/i0.wp.com\/fadn.cz\/wp-content\/uploads\/2023\/04\/logo_male_modre_fadn.png?w=19&amp;ssl=1 19w, https:\/\/i0.wp.com\/fadn.cz\/wp-content\/uploads\/2023\/04\/logo_male_modre_fadn.png?resize=12%2C12&amp;ssl=1 12w\" sizes=\"(max-width: 19px) 100vw, 19px\" \/> \u00a0Ve \u010dtvrtek a&nbsp;v&nbsp;p\u00e1tek (18.-19.&nbsp;3.) jsme se&nbsp;z\u00fa\u010dastnili online z\u00e1v\u011bre\u010dn\u00e9 konference projektu UNISECO, kter\u00fd je financov\u00e1n Evropskou Uni\u00ed \u2013 konkr\u00e9tn\u011b programem Horizon 2020. V\u00fdstupy maj\u00ed p\u0159isp\u011bt k&nbsp;prov\u00e1d\u011bn\u00ed Zelen\u00e9 dohody, strategie F2F od&nbsp;zem\u011bd\u011blce ke&nbsp;spot\u0159ebiteli, strategie biologick\u00e9 rozmanitosti do&nbsp;roku 2030, p\u0159\u00edpravy evropsk\u00e9ho partnerstv\u00ed v&nbsp;oblasti v\u00fdzkumu a&nbsp;inovac\u00ed v&nbsp;oblasti agroekologick\u00fdch laborato\u0159\u00ed a&nbsp;v\u00fdzkumn\u00fdch infrastruktur a&nbsp;n\u00e1rodn\u00edch strategick\u00fdch pl\u00e1n\u016f SZP. Prezentov\u00e1no bylo 15 p\u0159\u00edpadov\u00fdch studi\u00ed a&nbsp;tak\u00e9 projekt LIFT \u2013 Low \u2013 Input Farming and Territories, kter\u00fd mimo jin\u00e9 pou\u017e\u00edv\u00e1 p\u0159i&nbsp;sv\u00e9 pr\u00e1ci data z\u00edskan\u00e1 od&nbsp;FADN. V\u00edce informac\u00ed lze nal\u00e9zt na&nbsp;<a href=\"https:\/\/uniseco-project.eu\/\" target=\"_blank\" rel=\"noopener\">https:\/\/uniseco-project.eu<\/a> (vlo\u017eeno:&nbsp;29.&nbsp;3.&nbsp;2021)<\/p><p><img decoding=\"async\" data-recalc-dims=\"1\" class=\"alignnone size-full wp-image-5604\" src=\"https:\/\/i0.wp.com\/fadn.cz\/wp-content\/uploads\/2023\/04\/logo_male_modre_fadn.png?resize=19%2C19&#038;ssl=1\" alt=\"\" width=\"19\" height=\"19\" srcset=\"https:\/\/i0.wp.com\/fadn.cz\/wp-content\/uploads\/2023\/04\/logo_male_modre_fadn.png?w=19&amp;ssl=1 19w, https:\/\/i0.wp.com\/fadn.cz\/wp-content\/uploads\/2023\/04\/logo_male_modre_fadn.png?resize=12%2C12&amp;ssl=1 12w\" sizes=\"(max-width: 19px) 100vw, 19px\" \/> \u00a0V b\u0159eznov\u00e9m vyd\u00e1n\u00ed \u010dasopisu Zem\u011bd\u011blec (12\/2021) byl publikov\u00e1n \u010dl\u00e1nek o&nbsp;rozd\u011blen\u00ed podnik\u016f poln\u00ed v\u00fdroby do&nbsp;technologick\u00fdch t\u0159\u00edd podle krit\u00e9ri\u00ed, kter\u00e1 zahrnuj\u00ed sedm r\u016fzn\u00fdch oblast\u00ed hospoda\u0159en\u00ed. Podniky specializovan\u00e9 na&nbsp;poln\u00ed v\u00fdrobu p\u0159edstavuji v&nbsp;\u010cesk\u00e9 republice 30&nbsp;% zem\u011bd\u011blsk\u00fdch subjekt\u016f, kter\u00e9 hospoda\u0159\u00ed na&nbsp;35&nbsp;% zem\u011bd\u011blsk\u00e9 p\u016fdy. Tyto podniky se&nbsp;li\u0161\u00ed ve&nbsp;zp\u016fsobech i&nbsp;podm\u00ednk\u00e1ch sv\u00e9ho hospoda\u0159en\u00ed a&nbsp;jsou zna\u010dn\u011b r\u016fznorod\u00e9. V&nbsp;r\u00e1mci \u010dinnost\u00ed Kontaktn\u00edho pracovi\u0161t\u011b FADN (\u00daZEI) byly podniky tohoto v\u00fdrobn\u00edho zam\u011b\u0159en\u00ed rozd\u011bleny do&nbsp;t\u0159\u00ed skupin, tzv.&nbsp;technologick\u00fdch t\u0159\u00edd. \u010cl\u00e1nek popisuje, co tyto t\u0159\u00eddy charakterizuje, k&nbsp;jak\u00fdm zm\u011bn\u00e1m t\u0159\u00eddy u&nbsp;podnik\u016f doch\u00e1z\u00ed, \u010d\u00edm jsou tyto zm\u011bny d\u00e1ny a&nbsp;zda je patrn\u00fd vliv poskytovan\u00fdch dotac\u00ed. K&nbsp;anal\u00fdz\u00e1m byla vyu\u017eita metodika mezin\u00e1rodn\u00edho projektu OECD, na&nbsp;n\u011bm\u017e \u00daZEI-FADN ji\u017e n\u011bkolik let spolupracuje. Autory jsou Ing.&nbsp;Vladim\u00edr Kostliv\u00fd, Dr. a&nbsp;Ing.&nbsp;Zuzana Fuksov\u00e1, Ph.D. P\u0159\u00edsp\u011bvek naleznete v&nbsp;adres\u00e1\u0159i Publika\u010dn\u00ed \u010dinnost. (vlo\u017eeno:&nbsp;25.&nbsp;3.&nbsp;2021)<\/p><p><img decoding=\"async\" data-recalc-dims=\"1\" class=\"alignnone size-full wp-image-5604\" src=\"https:\/\/i0.wp.com\/fadn.cz\/wp-content\/uploads\/2023\/04\/logo_male_modre_fadn.png?resize=19%2C19&#038;ssl=1\" alt=\"\" width=\"19\" height=\"19\" srcset=\"https:\/\/i0.wp.com\/fadn.cz\/wp-content\/uploads\/2023\/04\/logo_male_modre_fadn.png?w=19&amp;ssl=1 19w, https:\/\/i0.wp.com\/fadn.cz\/wp-content\/uploads\/2023\/04\/logo_male_modre_fadn.png?resize=12%2C12&amp;ssl=1 12w\" sizes=\"(max-width: 19px) 100vw, 19px\" \/> \u00a016.&nbsp;a&nbsp;17.&nbsp;3.&nbsp;se&nbsp;z\u00e1stupce FADN&nbsp;\u010cR z\u00fa\u010dastnil online workshopu The Good Practice Workshop \u2018Improving data-management and information systems for the purpose of evaluation\u2019, jeho\u017e c\u00edlem bylo zam\u011b\u0159it se&nbsp;na&nbsp;inovativn\u00ed zku\u0161enosti v&nbsp;souvislosti se&nbsp;spr\u00e1vou dat a&nbsp;informa\u010dn\u00edmi syst\u00e9my pro&nbsp;hodnocen\u00ed v&nbsp;kontextu spole\u010dn\u00e9 zem\u011bd\u011blsk\u00e9 politiky. V\u00edce informac\u00ed naleznete <a href=\"https:\/\/enrd.ec.europa.eu\/news-events\/events\/improving-data-management-and-information-systems-purpose-evaluation_en\">https:\/\/enrd.ec.europa.eu\/news-events\/events\/improving-data-management-and-information-systems-purpose-evaluation_en<\/a> (vlo\u017eeno:&nbsp;24.&nbsp;3.&nbsp;2021)<\/p><p><img decoding=\"async\" data-recalc-dims=\"1\" class=\"alignnone size-full wp-image-5604\" src=\"https:\/\/i0.wp.com\/fadn.cz\/wp-content\/uploads\/2023\/04\/logo_male_modre_fadn.png?resize=19%2C19&#038;ssl=1\" alt=\"\" width=\"19\" height=\"19\" srcset=\"https:\/\/i0.wp.com\/fadn.cz\/wp-content\/uploads\/2023\/04\/logo_male_modre_fadn.png?w=19&amp;ssl=1 19w, https:\/\/i0.wp.com\/fadn.cz\/wp-content\/uploads\/2023\/04\/logo_male_modre_fadn.png?resize=12%2C12&amp;ssl=1 12w\" sizes=\"(max-width: 19px) 100vw, 19px\" \/> \u00a0V odborn\u00e9m v\u011bdeck\u00e9m \u010dasopise Zem\u011bd\u011blsk\u00e1 ekonomika byl uve\u0159ejn\u011bn \u010dl\u00e1nek \u201cAgriculture farms product differentiation assessment in the Czech Republic\u201c (Agricultural Economics \u2013 Czech, 67, 2021 (3): 81\u201389). P\u0159\u00edsp\u011bvek se&nbsp;zab\u00fdv\u00e1 analytick\u00fdm zhodnocen\u00edm diferenciace zem\u011bd\u011blsk\u00fdch produkt\u016f ve&nbsp;vztahu k&nbsp;jejich ekonomick\u00fdm v\u00fdsledk\u016fm a&nbsp;vych\u00e1z\u00ed z&nbsp;\u00fadaj\u016f datab\u00e1ze FADN. \u010cl\u00e1nek byl zpracov\u00e1n v&nbsp;r\u00e1mci spolupr\u00e1ce Kontaktn\u00edho pracovi\u0161t\u011b FADN&nbsp;CZ (Z. Hlou\u0161kov\u00e1) a&nbsp;\u010cZ\u00da (M. Chocholou\u0161ek, T. \u0160\u00edmov\u00e1, J. Huml). P\u0159\u00edsp\u011bvek je k&nbsp;dispozici v&nbsp;adres\u00e1\u0159i Publika\u010dn\u00ed \u010dinnost. (vlo\u017eeno:&nbsp;23.&nbsp;3.&nbsp;2021)<\/p><p><img decoding=\"async\" data-recalc-dims=\"1\" class=\"alignnone size-full wp-image-5604\" src=\"https:\/\/i0.wp.com\/fadn.cz\/wp-content\/uploads\/2023\/04\/logo_male_modre_fadn.png?resize=19%2C19&#038;ssl=1\" alt=\"\" width=\"19\" height=\"19\" srcset=\"https:\/\/i0.wp.com\/fadn.cz\/wp-content\/uploads\/2023\/04\/logo_male_modre_fadn.png?w=19&amp;ssl=1 19w, https:\/\/i0.wp.com\/fadn.cz\/wp-content\/uploads\/2023\/04\/logo_male_modre_fadn.png?resize=12%2C12&amp;ssl=1 12w\" sizes=\"(max-width: 19px) 100vw, 19px\" \/> \u00a0Na port\u00e1lu Agri-food data portal, kter\u00fd je administrov\u00e1n Evropskou komis\u00ed, byl publikov\u00e1n v\u00fdstup zpracovan\u00fd z&nbsp;\u00fadaj\u016f FADN. Obsahem jsou informace a&nbsp;trendy o&nbsp;n\u00e1kladech, mar\u017e\u00edch a&nbsp;p\u0159\u00edjmech zem\u011bd\u011blsk\u00fdch podnik\u016f se&nbsp;specializac\u00ed na&nbsp;produkci ml\u00e9ka v&nbsp;EU v&nbsp;letech 2008 a\u017e 2018, v\u010detn\u011b odhad\u016f pro&nbsp;rok 2019. Z\u00e1kladem pro&nbsp;p\u0159ehledy je zem\u011bd\u011blsk\u00e1 \u00fa\u010detn\u00ed datov\u00e1 s\u00ed\u0165 (FADN) a&nbsp;model pro&nbsp;rozpo\u010det n\u00e1klad\u016f na&nbsp;ml\u00e9ko G\u0158 AGRI. Tento port\u00e1l umo\u017enuje interaktivn\u00ed srovn\u00e1n\u00ed vybran\u00fdch ukazatel\u016f mezi \u010dlensk\u00fdmi st\u00e1ty, regiony EU a&nbsp;v&nbsp;\u010dasov\u00e9 \u0159ad\u011b. V\u00edce informac\u00ed naleznete <a href=\"https:\/\/agridata.ec.europa.eu\/extensions\/DairyReport\/DairyReport.html\" target=\"_blank\" rel=\"noopener\">ZDE<\/a>. (vlo\u017eeno:&nbsp;22.&nbsp;3.&nbsp;2021)<\/p><p><img decoding=\"async\" data-recalc-dims=\"1\" class=\"alignnone size-full wp-image-5604\" src=\"https:\/\/i0.wp.com\/fadn.cz\/wp-content\/uploads\/2023\/04\/logo_male_modre_fadn.png?resize=19%2C19&#038;ssl=1\" alt=\"\" width=\"19\" height=\"19\" srcset=\"https:\/\/i0.wp.com\/fadn.cz\/wp-content\/uploads\/2023\/04\/logo_male_modre_fadn.png?w=19&amp;ssl=1 19w, https:\/\/i0.wp.com\/fadn.cz\/wp-content\/uploads\/2023\/04\/logo_male_modre_fadn.png?resize=12%2C12&amp;ssl=1 12w\" sizes=\"(max-width: 19px) 100vw, 19px\" \/> \u00a0V odborn\u00e9m v\u011bdeck\u00e9m \u010dasopise Zem\u011bd\u011blsk\u00e1 ekonomika byl uve\u0159ejn\u011bn \u010dl\u00e1nek \u201cHow opportunity costs change the view on the viability of farms? Empirical evidence from the EU\u201c (Agricultural Economics \u2013 Czech, 67, 2021 (2): 41-50). \u010cl\u00e1nek se&nbsp;zab\u00fdv\u00e1 porovn\u00e1n\u00edm zisku zem\u011bd\u011blsk\u00fdch podnik\u016f z&nbsp;ekonomick\u00e9ho a&nbsp;\u00fa\u010detn\u00edho hlediska a&nbsp;odhaluje, jak moc se&nbsp;v\u00fdsledky mezi zem\u011bmi cel\u00e9 EU li\u0161\u00ed. P\u0159\u00edsp\u011bvek je k&nbsp;dispozici v&nbsp;adres\u00e1\u0159i Publika\u010dn\u00ed \u010dinnost. (vlo\u017eeno:&nbsp;17.&nbsp;3.&nbsp;2021)<\/p><p><img decoding=\"async\" data-recalc-dims=\"1\" class=\"alignnone size-full wp-image-5604\" src=\"https:\/\/i0.wp.com\/fadn.cz\/wp-content\/uploads\/2023\/04\/logo_male_modre_fadn.png?resize=19%2C19&#038;ssl=1\" alt=\"\" width=\"19\" height=\"19\" srcset=\"https:\/\/i0.wp.com\/fadn.cz\/wp-content\/uploads\/2023\/04\/logo_male_modre_fadn.png?w=19&amp;ssl=1 19w, https:\/\/i0.wp.com\/fadn.cz\/wp-content\/uploads\/2023\/04\/logo_male_modre_fadn.png?resize=12%2C12&amp;ssl=1 12w\" sizes=\"(max-width: 19px) 100vw, 19px\" \/> \u00a0T\u00fdden\u00edk Zem\u011bd\u011blec (11\/2021) uve\u0159ejnil \u010dl\u00e1nek \u201eKomora partnerem \u0161et\u0159en\u00ed\u201c. P\u0159edstaven\u00ed pr\u00e1ce Kontaktn\u00edho pracovi\u0161t\u011b FADN, se&nbsp;kter\u00fdm Agr\u00e1rn\u00ed komora \u00fazce spolupracuje, najdete v&nbsp;sekci Publika\u010dn\u00ed \u010dinnost. (vlo\u017eeno&nbsp;16.&nbsp;3.&nbsp;2021)<\/p><p><img decoding=\"async\" data-recalc-dims=\"1\" class=\"alignnone size-full wp-image-5604\" src=\"https:\/\/i0.wp.com\/fadn.cz\/wp-content\/uploads\/2023\/04\/logo_male_modre_fadn.png?resize=19%2C19&#038;ssl=1\" alt=\"\" width=\"19\" height=\"19\" srcset=\"https:\/\/i0.wp.com\/fadn.cz\/wp-content\/uploads\/2023\/04\/logo_male_modre_fadn.png?w=19&amp;ssl=1 19w, https:\/\/i0.wp.com\/fadn.cz\/wp-content\/uploads\/2023\/04\/logo_male_modre_fadn.png?resize=12%2C12&amp;ssl=1 12w\" sizes=\"(max-width: 19px) 100vw, 19px\" \/> \u00a0V magaz\u00ednu Agr\u00e1rn\u00ed komory \u010cesk\u00e9 republiky AGRObase byl dne 25.&nbsp;\u00fanora 2021 publikov\u00e1n \u010dl\u00e1nek \u201eBu\u010fte i&nbsp;Vy sou\u010d\u00e1st\u00ed \u0161et\u0159en\u00ed FADN\u201c, kter\u00fd popisuje v\u00fdhody a&nbsp;mo\u017enost zapojen\u00ed se&nbsp;do&nbsp;\u0161et\u0159en\u00ed Kontaktn\u00edho pracovi\u0161t\u011b FADN. \u010cl\u00e1nek je dostupn\u00fd v&nbsp;elektronick\u00e9 form\u011b v&nbsp;adres\u00e1\u0159i Publika\u010dn\u00ed \u010dinnost. (vlo\u017eeno:&nbsp;1.&nbsp;3.&nbsp;2021)<\/p><p><img decoding=\"async\" data-recalc-dims=\"1\" class=\"alignnone size-full wp-image-5604\" src=\"https:\/\/i0.wp.com\/fadn.cz\/wp-content\/uploads\/2023\/04\/logo_male_modre_fadn.png?resize=19%2C19&#038;ssl=1\" alt=\"\" width=\"19\" height=\"19\" srcset=\"https:\/\/i0.wp.com\/fadn.cz\/wp-content\/uploads\/2023\/04\/logo_male_modre_fadn.png?w=19&amp;ssl=1 19w, https:\/\/i0.wp.com\/fadn.cz\/wp-content\/uploads\/2023\/04\/logo_male_modre_fadn.png?resize=12%2C12&amp;ssl=1 12w\" sizes=\"(max-width: 19px) 100vw, 19px\" \/> \u00a0Ka\u017edoro\u010dn\u00ed p\u0159ehled v\u00fdb\u011brov\u00e9ho \u0161et\u0159en\u00ed hospod\u00e1\u0159sk\u00fdch v\u00fdsledk\u016f zem\u011bd\u011blsk\u00fdch podnik\u016f si&nbsp;nyn\u00ed m\u016f\u017eete prolistovat v&nbsp;kompletn\u00ed elektronick\u00e9 podob\u011b v&nbsp;adres\u00e1\u0159i Publikace, Prezentace \u2013 V\u00fdsledky v\u00fdb\u011brov\u00e9ho \u0161et\u0159en\u00ed \u2013 rok 2019. Kapitoly zpracovan\u00e9 podle r\u016fzn\u00fdch hledisek pohledu obsahuj\u00ed vedle odborn\u00fdch text\u016f tak\u00e9 podrobn\u00e9 tabulky a&nbsp;grafy. \u0160et\u0159en\u00ed v&nbsp;roce 2019 se&nbsp;\u00fa\u010dastnilo 1&nbsp;359 zem\u011bd\u011blsk\u00fdch podnik\u016f. (vlo\u017eeno:&nbsp;23.&nbsp;2.&nbsp;2021)<\/p><p><img decoding=\"async\" data-recalc-dims=\"1\" class=\"alignnone size-full wp-image-5604\" src=\"https:\/\/i0.wp.com\/fadn.cz\/wp-content\/uploads\/2023\/04\/logo_male_modre_fadn.png?resize=19%2C19&#038;ssl=1\" alt=\"\" width=\"19\" height=\"19\" srcset=\"https:\/\/i0.wp.com\/fadn.cz\/wp-content\/uploads\/2023\/04\/logo_male_modre_fadn.png?w=19&amp;ssl=1 19w, https:\/\/i0.wp.com\/fadn.cz\/wp-content\/uploads\/2023\/04\/logo_male_modre_fadn.png?resize=12%2C12&amp;ssl=1 12w\" sizes=\"(max-width: 19px) 100vw, 19px\" \/> \u00a0Zaj\u00edmavosti z&nbsp;FADN budete moci sledovat v&nbsp;nov\u00e9m ob\u010dasn\u00edku, jeho\u017e prvn\u00ed vyd\u00e1n\u00ed s&nbsp;n\u00e1zvem \u201eEkonomika zem\u011bd\u011blsk\u00fdch podnik\u016f v&nbsp;\u010cR a&nbsp;zem\u00edch EU\u201c je dostupn\u00e9 tak\u00e9 v&nbsp;elektronick\u00e9 form\u011b v&nbsp;adres\u00e1\u0159i Publika\u010dn\u00ed \u010dinnost. (vlo\u017eeno:&nbsp;16.&nbsp;2.&nbsp;2021)<\/p><p><img decoding=\"async\" data-recalc-dims=\"1\" class=\"alignnone size-full wp-image-5604\" src=\"https:\/\/i0.wp.com\/fadn.cz\/wp-content\/uploads\/2023\/04\/logo_male_modre_fadn.png?resize=19%2C19&#038;ssl=1\" alt=\"\" width=\"19\" height=\"19\" srcset=\"https:\/\/i0.wp.com\/fadn.cz\/wp-content\/uploads\/2023\/04\/logo_male_modre_fadn.png?w=19&amp;ssl=1 19w, https:\/\/i0.wp.com\/fadn.cz\/wp-content\/uploads\/2023\/04\/logo_male_modre_fadn.png?resize=12%2C12&amp;ssl=1 12w\" sizes=\"(max-width: 19px) 100vw, 19px\" \/> \u00a0Ve dnech 8.&nbsp;a&nbsp;9.&nbsp;\u00fanora 2021 jsme se&nbsp;z\u00fa\u010dastnili prvn\u00edho workshopu FSDN, jeho\u017e organiz\u00e1torem bylo DG.AGRI p\u0159i&nbsp;Evropsk\u00e9 komisi. Evropskou komis\u00ed zve\u0159ejn\u011bn\u00e1 strategie Farm to&nbsp;Fork zahrnuje transformaci s\u00edt\u011b FADN na&nbsp;syst\u00e9m FSDN (Farm Sustainable Data Network). C\u00edlem videokonference s&nbsp;v\u00edce ne\u017e 150 \u00fa\u010dastn\u00edky byla v\u00fdm\u011bna informac\u00ed, kter\u00e9 jsou pot\u0159ebn\u00e9 pro&nbsp;\u00fasp\u011b\u0161n\u00e9 proveden\u00ed t\u00e9to zm\u011bny. (vlo\u017eeno:&nbsp;10.&nbsp;2.&nbsp;2021)<\/p><p><img decoding=\"async\" data-recalc-dims=\"1\" class=\"alignnone size-full wp-image-5604\" src=\"https:\/\/i0.wp.com\/fadn.cz\/wp-content\/uploads\/2023\/04\/logo_male_modre_fadn.png?resize=19%2C19&#038;ssl=1\" alt=\"\" width=\"19\" height=\"19\" srcset=\"https:\/\/i0.wp.com\/fadn.cz\/wp-content\/uploads\/2023\/04\/logo_male_modre_fadn.png?w=19&amp;ssl=1 19w, https:\/\/i0.wp.com\/fadn.cz\/wp-content\/uploads\/2023\/04\/logo_male_modre_fadn.png?resize=12%2C12&amp;ssl=1 12w\" sizes=\"(max-width: 19px) 100vw, 19px\" \/> \u00a0V t\u00fdden\u00edku Zem\u011bd\u011blec (\u010d.&nbsp;05\/2021) byl publikov\u00e1n \u010dl\u00e1nek \u201eD\u016fchod v&nbsp;zem\u011bd\u011blstv\u00ed poklesl\u201c, kter\u00fd informuje o&nbsp;odhadech ekonomick\u00fdch v\u00fdsledk\u016f zem\u011bd\u011blsk\u00fdch podnik\u016f za&nbsp;\u00fa\u010detn\u00ed rok 2020 na&nbsp;z\u00e1klad\u011b \u0161et\u0159en\u00ed FADN. Autorkami jsou pracovnice Kontaktn\u00edho pracovi\u0161t\u011b FADN (Ing.&nbsp;Michaela Leke\u0161ov\u00e1, Ing.&nbsp;Zuzana Hlou\u0161kov\u00e1, Ing.&nbsp;Anna Prajerov\u00e1). P\u0159\u00edsp\u011bvek je k&nbsp;dispozici v&nbsp;adres\u00e1\u0159i Publika\u010dn\u00ed \u010dinnost. (vlo\u017eeno:&nbsp;3.2.2021)<\/p><p><img decoding=\"async\" data-recalc-dims=\"1\" class=\"alignnone size-full wp-image-5604\" src=\"https:\/\/i0.wp.com\/fadn.cz\/wp-content\/uploads\/2023\/04\/logo_male_modre_fadn.png?resize=19%2C19&#038;ssl=1\" alt=\"\" width=\"19\" height=\"19\" srcset=\"https:\/\/i0.wp.com\/fadn.cz\/wp-content\/uploads\/2023\/04\/logo_male_modre_fadn.png?w=19&amp;ssl=1 19w, https:\/\/i0.wp.com\/fadn.cz\/wp-content\/uploads\/2023\/04\/logo_male_modre_fadn.png?resize=12%2C12&amp;ssl=1 12w\" sizes=\"(max-width: 19px) 100vw, 19px\" \/> \u00a0V lednov\u00e9m \u010d\u00edsle \u010dasopisu Agromanu\u00e1l (1\/2021) byl 15.&nbsp;1.&nbsp;2021 uve\u0159ejn\u011bn \u010dl\u00e1nek \u201eBilance \u017eivin NPK u&nbsp;podnik\u016f s&nbsp;r\u016fznou specializac\u00ed produkce\u201c, jeho\u017e autory jsou na\u0161i kolegov\u00e9 Ing.&nbsp;Z. Fuksov\u00e1, Ph.D. a&nbsp;Mgr. T. Vintr. \u010cl\u00e1nek popisuje rozd\u00edly v&nbsp;aplikaci NPK a&nbsp;jeho v\u00fdsledn\u00e9 bilanci v&nbsp;r\u00e1mci podniku u&nbsp;vybran\u00fdch v\u00fdrobn\u00edch zam\u011b\u0159en\u00ed a&nbsp;odhad jejich celoro\u010dn\u00ed pokryvnosti p\u016fdy. P\u0159\u00edsp\u011bvek naleznete v&nbsp;adres\u00e1\u0159i Publika\u010dn\u00ed \u010dinnost. (vlo\u017eeno:&nbsp;18.&nbsp;1.&nbsp;2021)<\/p><p><img decoding=\"async\" data-recalc-dims=\"1\" class=\"alignnone size-full wp-image-5604\" src=\"https:\/\/i0.wp.com\/fadn.cz\/wp-content\/uploads\/2023\/04\/logo_male_modre_fadn.png?resize=19%2C19&#038;ssl=1\" alt=\"\" width=\"19\" height=\"19\" srcset=\"https:\/\/i0.wp.com\/fadn.cz\/wp-content\/uploads\/2023\/04\/logo_male_modre_fadn.png?w=19&amp;ssl=1 19w, https:\/\/i0.wp.com\/fadn.cz\/wp-content\/uploads\/2023\/04\/logo_male_modre_fadn.png?resize=12%2C12&amp;ssl=1 12w\" sizes=\"(max-width: 19px) 100vw, 19px\" \/> \u00a0Kontaktn\u00ed pracovi\u0161t\u011b FADN zpracovalo pro&nbsp;MZe Tiskovou zpr\u00e1vu o&nbsp;v\u00fdvoji zem\u011bd\u011blsk\u00e9 ekonomiky v&nbsp;roce 2020. Zpr\u00e1va byla zve\u0159ejn\u011bna 12.&nbsp;ledna 2021 na&nbsp;port\u00e1lu <a href=\"https:\/\/eagri.cz\/public\/web\/mze\/tiskovy-servis\/tiskove-zpravy\/x2021_zemedelska-produkce-2020-narust-ale-i.html\" target=\"_blank\" rel=\"noopener\">www.eagri.cz<\/a>. Tiskov\u00e1 zpr\u00e1va obsahuje p\u0159edb\u011b\u017en\u00fd odhad zem\u011bd\u011blsk\u00e9 produkce, n\u00e1klady a&nbsp;v\u00fdvoj podnikatelsk\u00e9ho d\u016fchodu. (vlo\u017eeno:&nbsp;13.&nbsp;1.&nbsp;2021)<\/p><\/div>\n\t\t\t\t\t\t\t\t\t<div class=\"elementor-tab-title elementor-tab-mobile-title\" aria-selected=\"false\" data-tab=\"8\" role=\"tab\" tabindex=\"-1\" aria-controls=\"elementor-tab-content-1708\" aria-expanded=\"false\">2020<\/div>\n\t\t\t\t\t<div id=\"elementor-tab-content-1708\" class=\"elementor-tab-content elementor-clearfix\" data-tab=\"8\" role=\"tabpanel\" aria-labelledby=\"elementor-tab-title-1708\" tabindex=\"0\" hidden=\"hidden\"><p><img decoding=\"async\" data-recalc-dims=\"1\" class=\"alignnone size-full wp-image-5604\" src=\"https:\/\/i0.wp.com\/fadn.cz\/wp-content\/uploads\/2023\/04\/logo_male_modre_fadn.png?resize=19%2C19&#038;ssl=1\" alt=\"\" width=\"19\" height=\"19\" srcset=\"https:\/\/i0.wp.com\/fadn.cz\/wp-content\/uploads\/2023\/04\/logo_male_modre_fadn.png?w=19&amp;ssl=1 19w, https:\/\/i0.wp.com\/fadn.cz\/wp-content\/uploads\/2023\/04\/logo_male_modre_fadn.png?resize=12%2C12&amp;ssl=1 12w\" sizes=\"(max-width: 19px) 100vw, 19px\" \/> \u00a0 Pro&nbsp;MZe byla zpracov\u00e1na Souhrnn\u00e1 zpr\u00e1va o&nbsp;fungov\u00e1n\u00ed a&nbsp;v\u00fdstupech s\u00edt\u011b FADN&nbsp;\u010cR v&nbsp;roce 2020 \u201eV\u00fdvoj a&nbsp;provozov\u00e1n\u00ed zem\u011bd\u011blsk\u00e9 \u00fa\u010detn\u00ed datov\u00e9 s\u00edt\u011b FADN&nbsp;\u010cR dle standard\u016f EU\u201c. Rovn\u011b\u017e byl zpracov\u00e1n tematick\u00fd \u00fakol \u201eRoz\u0161\u00ed\u0159en\u00ed z\u00e1kladn\u00edho souboru FADN o&nbsp;podniky hospoda\u0159\u00edc\u00ed v&nbsp;ekologick\u00e9m zem\u011bd\u011blstv\u00ed\u201c. (vlo\u017eeno:&nbsp;18.&nbsp;12.&nbsp;2020)<\/p><p><img decoding=\"async\" data-recalc-dims=\"1\" class=\"alignnone size-full wp-image-5604\" src=\"https:\/\/i0.wp.com\/fadn.cz\/wp-content\/uploads\/2023\/04\/logo_male_modre_fadn.png?resize=19%2C19&#038;ssl=1\" alt=\"\" width=\"19\" height=\"19\" srcset=\"https:\/\/i0.wp.com\/fadn.cz\/wp-content\/uploads\/2023\/04\/logo_male_modre_fadn.png?w=19&amp;ssl=1 19w, https:\/\/i0.wp.com\/fadn.cz\/wp-content\/uploads\/2023\/04\/logo_male_modre_fadn.png?resize=12%2C12&amp;ssl=1 12w\" sizes=\"(max-width: 19px) 100vw, 19px\" \/> \u00a0P\u0159i p\u0159\u00edle\u017eitosti vyhl\u00e1\u0161en\u00ed v\u00fdsledk\u016f sout\u011b\u017ee o&nbsp;nejlep\u0161\u00edho zem\u011bd\u011blsk\u00e9ho hospod\u00e1\u0159e \u201eZem\u011bd\u011blec roku 2020\u201c se&nbsp;z&nbsp;d\u016fvodu nep\u0159\u00edzniv\u00e9 situace s&nbsp;pandemi\u00ed koronaviru konala on-line ekonomick\u00e1 konference s&nbsp;n\u00e1zvem Evropsk\u00e9 a&nbsp;\u010desk\u00e9 zem\u011bd\u011blstv\u00ed p\u0159ed nov\u00fdmi v\u00fdzvami. Na&nbsp;konferenci byla Ing.&nbsp;Vrko\u010dovou p\u0159ednesena prezentace \u201eP\u0159\u00edb\u011bh zem\u011bd\u011blstv\u00ed \u010cesk\u00e9 republiky od&nbsp;jej\u00edho vstupu do&nbsp;EU z&nbsp;datov\u00e9 s\u00edt\u011b FADN\u201c. (vlo\u017eeno:&nbsp;14.&nbsp;12.&nbsp;2020)<\/p><p><img decoding=\"async\" data-recalc-dims=\"1\" class=\"alignnone size-full wp-image-5604\" src=\"https:\/\/i0.wp.com\/fadn.cz\/wp-content\/uploads\/2023\/04\/logo_male_modre_fadn.png?resize=19%2C19&#038;ssl=1\" alt=\"\" width=\"19\" height=\"19\" srcset=\"https:\/\/i0.wp.com\/fadn.cz\/wp-content\/uploads\/2023\/04\/logo_male_modre_fadn.png?w=19&amp;ssl=1 19w, https:\/\/i0.wp.com\/fadn.cz\/wp-content\/uploads\/2023\/04\/logo_male_modre_fadn.png?resize=12%2C12&amp;ssl=1 12w\" sizes=\"(max-width: 19px) 100vw, 19px\" \/> \u00a0 Ve&nbsp;Zpravodaji Region\u00e1ln\u00ed agr\u00e1rn\u00ed komory z&nbsp;prosince 2020 vy\u0161el \u010dl\u00e1nek \u201eHodnocen\u00ed v\u00fdsledk\u016f zem\u011bd\u011blsk\u00fdch podnik\u016f na&nbsp;z\u00e1klad\u011b dat FADN\u201c. P\u0159\u00edsp\u011bvek naleznete v&nbsp;adres\u00e1\u0159i Publika\u010dn\u00ed \u010dinnost. (vlo\u017eeno:&nbsp;7.&nbsp;12.&nbsp;2020)<\/p><p><img decoding=\"async\" data-recalc-dims=\"1\" class=\"alignnone size-full wp-image-5604\" src=\"https:\/\/i0.wp.com\/fadn.cz\/wp-content\/uploads\/2023\/04\/logo_male_modre_fadn.png?resize=19%2C19&#038;ssl=1\" alt=\"\" width=\"19\" height=\"19\" srcset=\"https:\/\/i0.wp.com\/fadn.cz\/wp-content\/uploads\/2023\/04\/logo_male_modre_fadn.png?w=19&amp;ssl=1 19w, https:\/\/i0.wp.com\/fadn.cz\/wp-content\/uploads\/2023\/04\/logo_male_modre_fadn.png?resize=12%2C12&amp;ssl=1 12w\" sizes=\"(max-width: 19px) 100vw, 19px\" \/> \u00a0Data za&nbsp;\u00fa\u010detn\u00ed rok 2019 byla odesl\u00e1na na&nbsp;pracovi\u0161t\u011b DG AGRI v&nbsp;Bruselu 30.&nbsp;11.&nbsp;2020. (vlo\u017eeno:&nbsp;2.&nbsp;12.&nbsp;2020)<\/p><p><img decoding=\"async\" data-recalc-dims=\"1\" class=\"alignnone size-full wp-image-5604\" src=\"https:\/\/i0.wp.com\/fadn.cz\/wp-content\/uploads\/2023\/04\/logo_male_modre_fadn.png?resize=19%2C19&#038;ssl=1\" alt=\"\" width=\"19\" height=\"19\" srcset=\"https:\/\/i0.wp.com\/fadn.cz\/wp-content\/uploads\/2023\/04\/logo_male_modre_fadn.png?w=19&amp;ssl=1 19w, https:\/\/i0.wp.com\/fadn.cz\/wp-content\/uploads\/2023\/04\/logo_male_modre_fadn.png?resize=12%2C12&amp;ssl=1 12w\" sizes=\"(max-width: 19px) 100vw, 19px\" \/> \u00a0V p\u00e1tek 27.&nbsp;listopadu 2020 se&nbsp;uskute\u010dnilo 26.&nbsp;zased\u00e1n\u00ed skupiny Farm Level Analysis p\u0159i&nbsp;OECD, do&nbsp;kter\u00e9ho jsou zapojeni tak\u00e9 pracovn\u00edci Kontaktn\u00edho pracovi\u0161t\u011b FADN. S&nbsp;ohledem na&nbsp;st\u00e1le platn\u00e1 opat\u0159en\u00ed proti \u0161\u00ed\u0159en\u00ed nemoci Covid-19 se&nbsp;zased\u00e1n\u00ed uskute\u010dnilo op\u011bt formou videokonference. Jedn\u00e1n\u00ed se&nbsp;z\u00fa\u010dastnilo 65 z\u00e1stupc\u016f ze zem\u00ed EU, Evropsk\u00e9 komise, Austr\u00e1lie, Koreje, Japonska, USA, Ruska. Setk\u00e1n\u00ed bylo napl\u00e1nov\u00e1no na&nbsp;z\u00e1v\u011br dvoulet\u00e9ho obdob\u00ed pracovn\u00edho programu V\u00fdboru pro&nbsp;zem\u011bd\u011blstv\u00ed OECD na&nbsp;roky 2019-20 a&nbsp;p\u0159ed zah\u00e1jen\u00edm nov\u00e9ho pracovn\u00edho programu na&nbsp;obdob\u00ed 2021-2022. Jedn\u00edm z&nbsp;hlavn\u00edch t\u00e9mat, kde m\u00e1 svoje aktivn\u00ed zapojen\u00ed i&nbsp;na\u0161e pracovi\u0161t\u011b, byla produktivita farem (Dynamics of farm performance and policy effects). Dal\u0161\u00edm v\u00fdznamn\u00fdm t\u00e9matem byla diskuse o&nbsp;zji\u0161\u0165ov\u00e1n\u00ed ukazatel\u016f souvisej\u00edc\u00edch s&nbsp;\u017eivotn\u00edm prost\u0159ed\u00edm a&nbsp;trvalou udr\u017eitelnost\u00ed. (vlo\u017eeno:&nbsp;1.&nbsp;12.&nbsp;2020)<\/p><p><img decoding=\"async\" data-recalc-dims=\"1\" class=\"alignnone size-full wp-image-5604\" src=\"https:\/\/i0.wp.com\/fadn.cz\/wp-content\/uploads\/2023\/04\/logo_male_modre_fadn.png?resize=19%2C19&#038;ssl=1\" alt=\"\" width=\"19\" height=\"19\" srcset=\"https:\/\/i0.wp.com\/fadn.cz\/wp-content\/uploads\/2023\/04\/logo_male_modre_fadn.png?w=19&amp;ssl=1 19w, https:\/\/i0.wp.com\/fadn.cz\/wp-content\/uploads\/2023\/04\/logo_male_modre_fadn.png?resize=12%2C12&amp;ssl=1 12w\" sizes=\"(max-width: 19px) 100vw, 19px\" \/> \u00a0V odborn\u00e9m v\u011bdeck\u00e9m \u010dasopise Zem\u011bd\u011blsk\u00e1 ekonomika byl uve\u0159ejn\u011bn \u010dl\u00e1nek \u201cFarm outcomes based on cluster analysis of compound farm evaluation\u201c (Agricultural Economics \u2013 Czech, 66, 2020 (10): 435\u2013443). \u010cl\u00e1nek popisuje v\u00fdzkum vnit\u0159n\u00ed struktury \u010desk\u00fdch zem\u011bd\u011blsk\u00fdch podnik\u016f rozd\u011blen\u00fdch pomoc\u00ed shlukov\u00e9 anal\u00fdzy na&nbsp;z\u00e1klad\u011b v\u00edcekriteri\u00e1ln\u00edho hodnocen\u00ed. (vlo\u017eeno:&nbsp;29.&nbsp;10.&nbsp;2020)<\/p><p><img decoding=\"async\" data-recalc-dims=\"1\" class=\"alignnone size-full wp-image-5604\" src=\"https:\/\/i0.wp.com\/fadn.cz\/wp-content\/uploads\/2023\/04\/logo_male_modre_fadn.png?resize=19%2C19&#038;ssl=1\" alt=\"\" width=\"19\" height=\"19\" srcset=\"https:\/\/i0.wp.com\/fadn.cz\/wp-content\/uploads\/2023\/04\/logo_male_modre_fadn.png?w=19&amp;ssl=1 19w, https:\/\/i0.wp.com\/fadn.cz\/wp-content\/uploads\/2023\/04\/logo_male_modre_fadn.png?resize=12%2C12&amp;ssl=1 12w\" sizes=\"(max-width: 19px) 100vw, 19px\" \/> \u00a0V \u00fater\u00fd 6.&nbsp;10.&nbsp;2020 se&nbsp;online formou uskute\u010dnilo 206.&nbsp;zased\u00e1n\u00ed Komunitn\u00edho v\u00fdboru pro&nbsp;FADN. (vlo\u017eeno:&nbsp;7.&nbsp;10.&nbsp;2020)<\/p><p><img decoding=\"async\" data-recalc-dims=\"1\" class=\"alignnone size-full wp-image-5604\" src=\"https:\/\/i0.wp.com\/fadn.cz\/wp-content\/uploads\/2023\/04\/logo_male_modre_fadn.png?resize=19%2C19&#038;ssl=1\" alt=\"\" width=\"19\" height=\"19\" srcset=\"https:\/\/i0.wp.com\/fadn.cz\/wp-content\/uploads\/2023\/04\/logo_male_modre_fadn.png?w=19&amp;ssl=1 19w, https:\/\/i0.wp.com\/fadn.cz\/wp-content\/uploads\/2023\/04\/logo_male_modre_fadn.png?resize=12%2C12&amp;ssl=1 12w\" sizes=\"(max-width: 19px) 100vw, 19px\" \/> \u00a0V pond\u011bl\u00ed 5.&nbsp;10.&nbsp;2020 se&nbsp;uskute\u010dnila mezin\u00e1rodn\u00ed videokonference pracovn\u00ed skupiny Typology Workgroup, jej\u00edmi\u017e \u010dleny jsou pracovn\u00edci FADN&nbsp;CZ. C\u00edlem jedn\u00e1n\u00ed bylo otev\u0159en\u00ed diskuse o&nbsp;mo\u017en\u00fdch zm\u011bn\u00e1ch v&nbsp;sou\u010dasn\u00e9 podob\u011b zem\u011bd\u011blsk\u00e9 typologie. Koordin\u00e1torem prac\u00ed je \u00fasek Zem\u011bd\u011blsk\u00e1 ekonomika DG AGRI v&nbsp;Bruselu. (vlo\u017eeno:&nbsp;6.&nbsp;10.&nbsp;2020)<\/p><p><img decoding=\"async\" data-recalc-dims=\"1\" class=\"alignnone size-full wp-image-5604\" src=\"https:\/\/i0.wp.com\/fadn.cz\/wp-content\/uploads\/2023\/04\/logo_male_modre_fadn.png?resize=19%2C19&#038;ssl=1\" alt=\"\" width=\"19\" height=\"19\" srcset=\"https:\/\/i0.wp.com\/fadn.cz\/wp-content\/uploads\/2023\/04\/logo_male_modre_fadn.png?w=19&amp;ssl=1 19w, https:\/\/i0.wp.com\/fadn.cz\/wp-content\/uploads\/2023\/04\/logo_male_modre_fadn.png?resize=12%2C12&amp;ssl=1 12w\" sizes=\"(max-width: 19px) 100vw, 19px\" \/> \u00a0V t\u00fdden\u00edku Zem\u011bd\u011blec (\u010d.&nbsp;34\/2020) byl dne 17.&nbsp;srpna 2020 publikov\u00e1n \u010dl\u00e1nek \u201eV\u00fdsledky ekologick\u00e9ho zem\u011bd\u011blstv\u00ed\u201c, kter\u00fd informuje o&nbsp;struktur\u00e1ln\u00edch charakteristik\u00e1ch a&nbsp;ekonomick\u00fdch v\u00fdsledc\u00edch ekologicky hospoda\u0159\u00edc\u00edch podnik\u016f v&nbsp;\u010cR ve&nbsp;srovn\u00e1n\u00ed s&nbsp;konven\u010dn\u00edmi podniky v&nbsp;roce 2018, a&nbsp;to&nbsp;celkem i&nbsp;podle v\u00fdrobn\u00edch zam\u011b\u0159en\u00ed: poln\u00ed v\u00fdroba, sm\u00ed\u0161en\u00e1 v\u00fdroba, produkce ml\u00e9ka a&nbsp;chov zv\u00ed\u0159at zkrmuj\u00edc\u00edch objemnou p\u00edci (skot, ovce, kozy a&nbsp;ostatn\u00ed). Autorkami jsou pracovnice Kontaktn\u00edho pracovi\u0161t\u011b FADN Lenka Tumov\u00e1 a&nbsp;Zuzana Fuksov\u00e1. P\u0159\u00edsp\u011bvek je k&nbsp;dispozici v&nbsp;adres\u00e1\u0159i Publika\u010dn\u00ed \u010dinnost. (vlo\u017eeno:&nbsp;19.&nbsp;8.&nbsp;2020)<\/p><p><img decoding=\"async\" data-recalc-dims=\"1\" class=\"alignnone size-full wp-image-5604\" src=\"https:\/\/i0.wp.com\/fadn.cz\/wp-content\/uploads\/2023\/04\/logo_male_modre_fadn.png?resize=19%2C19&#038;ssl=1\" alt=\"\" width=\"19\" height=\"19\" srcset=\"https:\/\/i0.wp.com\/fadn.cz\/wp-content\/uploads\/2023\/04\/logo_male_modre_fadn.png?w=19&amp;ssl=1 19w, https:\/\/i0.wp.com\/fadn.cz\/wp-content\/uploads\/2023\/04\/logo_male_modre_fadn.png?resize=12%2C12&amp;ssl=1 12w\" sizes=\"(max-width: 19px) 100vw, 19px\" \/> \u00a0V t\u00fdden\u00edku Zem\u011bd\u011blec (\u010d.&nbsp;28\/2020) byl dne 7.&nbsp;\u010dervence 2020 publikov\u00e1n \u010dl\u00e1nek \u201eV\u00fdsledky podnik\u016f s&nbsp;produkc\u00ed ml\u00e9ka\u201c. Autorky Ing.&nbsp;Martina D\u00f6bertov\u00e1, Ing.&nbsp;Sv\u011btlana Lamprechtov\u00e1 a&nbsp;Ing.&nbsp;Jana Ve\u010de\u0159ov\u00e1 zde prezentuj\u00ed informace o&nbsp;v\u00fdsledc\u00edch hospoda\u0159en\u00ed podnik\u016f zam\u011b\u0159en\u00fdch na&nbsp;produkci ml\u00e9ka na&nbsp;z\u00e1klad\u011b \u0161et\u0159en\u00ed FADN. P\u0159\u00edsp\u011bvek naleznete v&nbsp;adres\u00e1\u0159i Publika\u010dn\u00ed \u010dinnost. (vlo\u017eeno:&nbsp;27.&nbsp;7.&nbsp;2020)<\/p><p><img decoding=\"async\" data-recalc-dims=\"1\" class=\"alignnone size-full wp-image-5604\" src=\"https:\/\/i0.wp.com\/fadn.cz\/wp-content\/uploads\/2023\/04\/logo_male_modre_fadn.png?resize=19%2C19&#038;ssl=1\" alt=\"\" width=\"19\" height=\"19\" srcset=\"https:\/\/i0.wp.com\/fadn.cz\/wp-content\/uploads\/2023\/04\/logo_male_modre_fadn.png?w=19&amp;ssl=1 19w, https:\/\/i0.wp.com\/fadn.cz\/wp-content\/uploads\/2023\/04\/logo_male_modre_fadn.png?resize=12%2C12&amp;ssl=1 12w\" sizes=\"(max-width: 19px) 100vw, 19px\" \/> \u00a0V odborn\u00e9m \u010dasopise Zem\u011bd\u011blsk\u00e1 ekonomika byl uve\u0159ejn\u011bn \u010dl\u00e1nek \u201eDrivers of farm performance in Czech crop farms\u201c (Agricultural Economics \u2013 Czech, 66, 2020 (7): 297-306). \u010cl\u00e1nek popisuje anal\u00fdzu podnik\u016f poln\u00ed v\u00fdroby, kter\u00e9 jsou sou\u010d\u00e1st\u00ed \u0161et\u0159en\u00ed FADN, na&nbsp;z\u00e1klad\u011b multidimenzion\u00e1ln\u00ed klasifikace s&nbsp;ohledem na&nbsp;zvolen\u00e1 krit\u00e9ria. Podle v\u00fdsledk\u016f jsou pak podniky rozd\u011bleny do&nbsp;t\u0159\u00ed skupin, u&nbsp;nich\u017e je hodnocena udr\u017eitelnost, inovace, technologie, diverzifikace a&nbsp;individu\u00e1ln\u00ed charakteristiky. Anal\u00fdza navazuje na&nbsp;metodiku multidimenzion\u00e1ln\u00edho hodnocen\u00ed OECD. Auto\u0159i \u010dl\u00e1nku jsou pracovn\u00edci \u00dastavu zem\u011bd\u011blsk\u00e9 ekonomiky a&nbsp;informac\u00ed (Ing.&nbsp;V. Kostliv\u00fd, Dr., Ing.&nbsp;Z. Fuksov\u00e1, Ph.D. a&nbsp;Ing.&nbsp;T. Rudinskaya, Ph.D.). P\u0159\u00edsp\u011bvek je k&nbsp;dispozici v&nbsp;adres\u00e1\u0159i Publika\u010dn\u00ed \u010dinnost. (vlo\u017eeno:&nbsp;2.&nbsp;7.&nbsp;2020)<\/p><p><img decoding=\"async\" data-recalc-dims=\"1\" class=\"alignnone size-full wp-image-5604\" src=\"https:\/\/i0.wp.com\/fadn.cz\/wp-content\/uploads\/2023\/04\/logo_male_modre_fadn.png?resize=19%2C19&#038;ssl=1\" alt=\"\" width=\"19\" height=\"19\" srcset=\"https:\/\/i0.wp.com\/fadn.cz\/wp-content\/uploads\/2023\/04\/logo_male_modre_fadn.png?w=19&amp;ssl=1 19w, https:\/\/i0.wp.com\/fadn.cz\/wp-content\/uploads\/2023\/04\/logo_male_modre_fadn.png?resize=12%2C12&amp;ssl=1 12w\" sizes=\"(max-width: 19px) 100vw, 19px\" \/> \u00a0V odborn\u00e9m \u010dasopise Zem\u011bd\u011blsk\u00e1 ekonomika byl zve\u0159ejn\u011bn \u010dl\u00e1nek \u201eTrade-off between the economic and environmental sustainability in Czech dual farm structure\u201c (Agricultural Economics \u2013 Czech, 66, 2020 (6): 243-250). \u010cl\u00e1nek se&nbsp;sna\u017e\u00ed vych\u00e1zet z&nbsp;jedine\u010dn\u00e9ho multikriteri\u00e1ln\u00edho hodnocen\u00ed zem\u011bd\u011blsk\u00fdch podnik\u016f za&nbsp;\u00fa\u010delem porovn\u00e1n\u00ed kompatibility ekonomick\u00fdch a&nbsp;environment\u00e1ln\u00edch c\u00edl\u016f. Auto\u0159i \u010dl\u00e1nku jsou pracovn\u00edci \u00dastavu zem\u011bd\u011blsk\u00e9 ekonomiky a&nbsp;informac\u00ed (prof. Ing.&nbsp;Jind\u0159ich \u0160pi\u010dka Ph.D., Mgr. Tom\u00e1\u0161 Vintr, Ing.&nbsp;Jana Mach\u00e1\u010dkov\u00e1) ve&nbsp;spolupr\u00e1ci s&nbsp;\u010cZU (Ing.&nbsp;Renata Aulov\u00e1 Ph.D.). P\u0159\u00edsp\u011bvek je k&nbsp;dispozici v&nbsp;adres\u00e1\u0159i Publika\u010dn\u00ed \u010dinnost. (vlo\u017eeno:&nbsp;24.&nbsp;6.&nbsp;2020)<\/p><p><img decoding=\"async\" data-recalc-dims=\"1\" class=\"alignnone size-full wp-image-5604\" src=\"https:\/\/i0.wp.com\/fadn.cz\/wp-content\/uploads\/2023\/04\/logo_male_modre_fadn.png?resize=19%2C19&#038;ssl=1\" alt=\"\" width=\"19\" height=\"19\" srcset=\"https:\/\/i0.wp.com\/fadn.cz\/wp-content\/uploads\/2023\/04\/logo_male_modre_fadn.png?w=19&amp;ssl=1 19w, https:\/\/i0.wp.com\/fadn.cz\/wp-content\/uploads\/2023\/04\/logo_male_modre_fadn.png?resize=12%2C12&amp;ssl=1 12w\" sizes=\"(max-width: 19px) 100vw, 19px\" \/> \u00a0V pond\u011bl\u00ed 15.&nbsp;6.&nbsp;2020 se&nbsp;uskute\u010dnila mezin\u00e1rodn\u00ed videokonference pracovn\u00ed skupiny Typology Handbook Workgroup, jej\u00edmi\u017e \u010dleny jsou i&nbsp;pracovn\u00edci FADN&nbsp;CZ. C\u00edlem pracovn\u00ed skupiny je aktualizace p\u0159\u00edru\u010dky pro&nbsp;v\u00fdpo\u010det typologie podnik\u016f. D\u016fle\u017eit\u00fdm prost\u0159edkem pro&nbsp;v\u00fdpo\u010det typologie a&nbsp;standardn\u00edho v\u00fdstupu podnik\u016f je stanoven\u00ed koeficient\u016f standardn\u00edho v\u00fdstupu, kter\u00e9 budou v&nbsp;leto\u0161n\u00edm roce ve&nbsp;v\u0161ech st\u00e1tech EU aktualizov\u00e1ny. V&nbsp;pr\u016fb\u011bhu konference byly diskutov\u00e1ny posledn\u00ed p\u0159ipom\u00ednky k&nbsp;aktu\u00e1ln\u00ed verzi p\u0159\u00edru\u010dky Typology Handbook, kter\u00e9 budou zapracov\u00e1ny a&nbsp;fin\u00e1ln\u00ed verze bude postoupena ke&nbsp;schvalov\u00e1n\u00ed nejprve v&nbsp;r\u00e1mci komunitn\u00edho v\u00fdboru FADN EU a&nbsp;n\u00e1sledn\u011b i&nbsp;Komis\u00ed EU. Koordin\u00e1torem prac\u00ed je \u00fasek Zem\u011bd\u011blsk\u00e1 ekonomika DG AGRI v&nbsp;Bruselu. (vlo\u017eeno:&nbsp;17.&nbsp;6.&nbsp;2020)<\/p><p><img decoding=\"async\" data-recalc-dims=\"1\" class=\"alignnone size-full wp-image-5604\" src=\"https:\/\/i0.wp.com\/fadn.cz\/wp-content\/uploads\/2023\/04\/logo_male_modre_fadn.png?resize=19%2C19&#038;ssl=1\" alt=\"\" width=\"19\" height=\"19\" srcset=\"https:\/\/i0.wp.com\/fadn.cz\/wp-content\/uploads\/2023\/04\/logo_male_modre_fadn.png?w=19&amp;ssl=1 19w, https:\/\/i0.wp.com\/fadn.cz\/wp-content\/uploads\/2023\/04\/logo_male_modre_fadn.png?resize=12%2C12&amp;ssl=1 12w\" sizes=\"(max-width: 19px) 100vw, 19px\" \/> \u00a0V \u010dervnov\u00e9m vyd\u00e1n\u00ed \u010dasopisu Zem\u011bd\u011blec (25\/2020) byl publikov\u00e1n \u010dl\u00e1nek \u201eHospoda\u0159en\u00ed podnik\u016f poln\u00ed v\u00fdroby\u201c. Autorky Ing.&nbsp;Zuzana Fuksov\u00e1 a&nbsp;Ing.&nbsp;Monika Hlav\u00e1\u010dov\u00e1 prezentuj\u00ed informace o&nbsp;charakteristice, produkci a&nbsp;jej\u00edm slo\u017een\u00ed, n\u00e1kladech a&nbsp;v\u00fdsledc\u00edch hospoda\u0159en\u00ed podnik\u016f v&nbsp;roce 2018 ve&nbsp;vztahu k&nbsp;jejich ekonomick\u00e9 velikosti. P\u0159\u00edsp\u011bvek naleznete v&nbsp;adres\u00e1\u0159i Publika\u010dn\u00ed \u010dinnost. (vlo\u017eeno:&nbsp;16.&nbsp;6.&nbsp;2020)<\/p><p><img decoding=\"async\" data-recalc-dims=\"1\" class=\"alignnone size-full wp-image-5604\" src=\"https:\/\/i0.wp.com\/fadn.cz\/wp-content\/uploads\/2023\/04\/logo_male_modre_fadn.png?resize=19%2C19&#038;ssl=1\" alt=\"\" width=\"19\" height=\"19\" srcset=\"https:\/\/i0.wp.com\/fadn.cz\/wp-content\/uploads\/2023\/04\/logo_male_modre_fadn.png?w=19&amp;ssl=1 19w, https:\/\/i0.wp.com\/fadn.cz\/wp-content\/uploads\/2023\/04\/logo_male_modre_fadn.png?resize=12%2C12&amp;ssl=1 12w\" sizes=\"(max-width: 19px) 100vw, 19px\" \/> \u00a06.&nbsp;\u010dervna 2020 prob\u011bhlo za&nbsp;\u00fa\u010dasti pracovn\u00edk\u016f Kontaktn\u00edho pracovi\u0161t\u011b FADN 25.&nbsp;zased\u00e1n\u00ed skupiny Farm Level Analysis p\u0159i&nbsp;OECD. Jedn\u00e1n\u00ed, kter\u00e9 bylo vedeno formou videokonference, se&nbsp;z\u00fa\u010dastnilo t\u00e9m\u011b\u0159 50 \u00fa\u010dastn\u00edk\u016f. Zastoupeny byly zem\u011b EU, Evropsk\u00e1 komise, OECD, Kanada, USA, Nov\u00fd Z\u00e9land, Korea, Austr\u00e1lie, Chile. Kl\u00ed\u010dov\u00fdm t\u00e9matem bylo projedn\u00e1n\u00ed metodick\u00fdch p\u0159\u00edstup\u016f projektu Farm performance dynamics and policy effects, do&nbsp;kter\u00e9ho je na\u0161e pracovi\u0161t\u011b zapojeno. (vlo\u017eeno:&nbsp;8.&nbsp;6.&nbsp;2020)<\/p><p><img decoding=\"async\" data-recalc-dims=\"1\" class=\"alignnone size-full wp-image-5604\" src=\"https:\/\/i0.wp.com\/fadn.cz\/wp-content\/uploads\/2023\/04\/logo_male_modre_fadn.png?resize=19%2C19&#038;ssl=1\" alt=\"\" width=\"19\" height=\"19\" srcset=\"https:\/\/i0.wp.com\/fadn.cz\/wp-content\/uploads\/2023\/04\/logo_male_modre_fadn.png?w=19&amp;ssl=1 19w, https:\/\/i0.wp.com\/fadn.cz\/wp-content\/uploads\/2023\/04\/logo_male_modre_fadn.png?resize=12%2C12&amp;ssl=1 12w\" sizes=\"(max-width: 19px) 100vw, 19px\" \/> \u00a0\u010cl\u00e1nek \u201ePodniky s&nbsp;\u017eivo\u010di\u0161nou v\u00fdrobou\u201c byl oti\u0161t\u011bn v&nbsp;prvn\u00edm kv\u011btnov\u00e9m \u010d\u00edsle t\u00fdden\u00edku Zem\u011bd\u011blec (19\/2020). Auto\u0159i Ing.&nbsp;Lenka Varhan\u00ed\u010dkov\u00e1 a&nbsp;Ing.&nbsp;Jarmil Ml\u010d\u00e1k V\u00e1m v&nbsp;\u010dl\u00e1nku p\u0159ibl\u00ed\u017e\u00ed v\u00fdsledky a&nbsp;meziro\u010dn\u00ed zm\u011bny u&nbsp;podnik\u016f zam\u011b\u0159en\u00fdch na&nbsp;chov skotu, ovc\u00ed, koz a&nbsp;ostatn\u00edch zv\u00ed\u0159at zkrmuj\u00edc\u00edch objemnou p\u00edci. P\u0159\u00edsp\u011bvek naleznete v&nbsp;adres\u00e1\u0159i Publika\u010dn\u00ed \u010dinnost. (vlo\u017eeno:&nbsp;6.&nbsp;5.&nbsp;2020)<\/p><p><img decoding=\"async\" data-recalc-dims=\"1\" class=\"alignnone size-full wp-image-5604\" src=\"https:\/\/i0.wp.com\/fadn.cz\/wp-content\/uploads\/2023\/04\/logo_male_modre_fadn.png?resize=19%2C19&#038;ssl=1\" alt=\"\" width=\"19\" height=\"19\" srcset=\"https:\/\/i0.wp.com\/fadn.cz\/wp-content\/uploads\/2023\/04\/logo_male_modre_fadn.png?w=19&amp;ssl=1 19w, https:\/\/i0.wp.com\/fadn.cz\/wp-content\/uploads\/2023\/04\/logo_male_modre_fadn.png?resize=12%2C12&amp;ssl=1 12w\" sizes=\"(max-width: 19px) 100vw, 19px\" \/> \u00a0V t\u00fdden\u00edku Zem\u011bd\u011blec (\u010d.&nbsp;16\/2020) byl dne 14.&nbsp;dubna 2020 publikov\u00e1n \u010dl\u00e1nek \u201eHodnocen\u00ed podnik\u016f sm\u00ed\u0161en\u00e9 v\u00fdroby\u201c, kter\u00fd informuje o&nbsp;struktur\u00e1ln\u00edch charakteristik\u00e1ch a&nbsp;ekonomick\u00fdch v\u00fdsledc\u00edch zem\u011bd\u011blsk\u00fdch podnik\u016f v\u00fdrobn\u00edho zam\u011b\u0159en\u00ed sm\u00ed\u0161en\u00e1 v\u00fdroba na&nbsp;z\u00e1klad\u011b \u0161et\u0159en\u00ed FADN v&nbsp;meziro\u010dn\u00edm srovn\u00e1n\u00ed 2017\/2018. Autorkami jsou pracovnice Kontaktn\u00edho pracovi\u0161t\u011b FADN Ing.&nbsp;V\u011bra Vrko\u010dov\u00e1 a&nbsp;Ing.&nbsp;Lenka Tumov\u00e1. P\u0159\u00edsp\u011bvek je k&nbsp;dispozici v&nbsp;adres\u00e1\u0159i Publika\u010dn\u00ed \u010dinnost. (vlo\u017eeno:&nbsp;16.&nbsp;4.&nbsp;2020)<\/p><p><img decoding=\"async\" data-recalc-dims=\"1\" class=\"alignnone size-full wp-image-5604\" src=\"https:\/\/i0.wp.com\/fadn.cz\/wp-content\/uploads\/2023\/04\/logo_male_modre_fadn.png?resize=19%2C19&#038;ssl=1\" alt=\"\" width=\"19\" height=\"19\" srcset=\"https:\/\/i0.wp.com\/fadn.cz\/wp-content\/uploads\/2023\/04\/logo_male_modre_fadn.png?w=19&amp;ssl=1 19w, https:\/\/i0.wp.com\/fadn.cz\/wp-content\/uploads\/2023\/04\/logo_male_modre_fadn.png?resize=12%2C12&amp;ssl=1 12w\" sizes=\"(max-width: 19px) 100vw, 19px\" \/> \u00a0Publika\u010dn\u00ed v\u00fdstup o&nbsp;nov\u011b vytvo\u0159en\u00e9 metodice hodnocen\u00ed zem\u011bd\u011blsk\u00fdch podnik\u016f na&nbsp;b\u00e1zi dat FADN byl zve\u0159ejn\u011bn v&nbsp;odborn\u00e9m \u010dasopise Zem\u011bd\u011blsk\u00e1 ekonomika pod&nbsp;n\u00e1zvem \u201eMulticriteria assessment of Czech farms\u201c (Agricultural Economics \u2013 Czech, 66, 2020 (3): 101\u2013111). Jedn\u00e1 se&nbsp;o&nbsp;jeden z&nbsp;v\u00fdsledk\u016f projektu Kontaktn\u00edho pracovi\u0161t\u011b FADN v&nbsp;r\u00e1mci intern\u00edho v\u00fdzkumu \u00daZEI. (vlo\u017eeno:&nbsp;2.&nbsp;4.&nbsp;2020)<\/p><p><img decoding=\"async\" data-recalc-dims=\"1\" class=\"alignnone size-full wp-image-5604\" src=\"https:\/\/i0.wp.com\/fadn.cz\/wp-content\/uploads\/2023\/04\/logo_male_modre_fadn.png?resize=19%2C19&#038;ssl=1\" alt=\"\" width=\"19\" height=\"19\" srcset=\"https:\/\/i0.wp.com\/fadn.cz\/wp-content\/uploads\/2023\/04\/logo_male_modre_fadn.png?w=19&amp;ssl=1 19w, https:\/\/i0.wp.com\/fadn.cz\/wp-content\/uploads\/2023\/04\/logo_male_modre_fadn.png?resize=12%2C12&amp;ssl=1 12w\" sizes=\"(max-width: 19px) 100vw, 19px\" \/> \u00a0Ve dnech 3.&nbsp;3.&nbsp;a&nbsp;4.&nbsp;3.&nbsp;2020 prob\u011bhlo na&nbsp;na\u0161em pracovi\u0161ti dvoudenn\u00ed jedn\u00e1n\u00ed se&nbsp;z\u00e1stupci slovensk\u00e9ho FADN. (vlo\u017eeno:&nbsp;5.&nbsp;3.&nbsp;2020)<\/p><p><img decoding=\"async\" data-recalc-dims=\"1\" class=\"alignnone size-full wp-image-5604\" src=\"https:\/\/i0.wp.com\/fadn.cz\/wp-content\/uploads\/2023\/04\/logo_male_modre_fadn.png?resize=19%2C19&#038;ssl=1\" alt=\"\" width=\"19\" height=\"19\" srcset=\"https:\/\/i0.wp.com\/fadn.cz\/wp-content\/uploads\/2023\/04\/logo_male_modre_fadn.png?w=19&amp;ssl=1 19w, https:\/\/i0.wp.com\/fadn.cz\/wp-content\/uploads\/2023\/04\/logo_male_modre_fadn.png?resize=12%2C12&amp;ssl=1 12w\" sizes=\"(max-width: 19px) 100vw, 19px\" \/> \u00a0V Odborn\u00e9m a&nbsp;stavovsk\u00e9m t\u00fdden\u00edku Zem\u011bd\u011blec (\u010d.&nbsp;07\/2020) byl dne 10.&nbsp;\u00fanora 2020 publikov\u00e1n \u010dl\u00e1nek \u201ePrvn\u00ed odhady d\u016fchodu v&nbsp;zem\u011bd\u011blstv\u00ed\u201c, kter\u00fd informuje o&nbsp;odhadech ekonomick\u00fdch v\u00fdsledk\u016f zem\u011bd\u011blsk\u00fdch podnik\u016f za&nbsp;\u00fa\u010detn\u00ed rok 2019 na&nbsp;z\u00e1klad\u011b \u0161et\u0159en\u00ed FADN. Autorkami jsou pracovnice Kontaktn\u00edho pracovi\u0161t\u011b FADN (Ing.&nbsp;Michaela Leke\u0161ov\u00e1, Ing.&nbsp;Zuzana Hlou\u0161kov\u00e1, Ing.&nbsp;Kristina Igli\u0107ov\u00e1). P\u0159\u00edsp\u011bvek je k&nbsp;dispozici v&nbsp;adres\u00e1\u0159i Publika\u010dn\u00ed \u010dinnost. (vlo\u017eeno:&nbsp;17.&nbsp;2.&nbsp;2020)<\/p><p><img decoding=\"async\" data-recalc-dims=\"1\" class=\"alignnone size-full wp-image-5604\" src=\"https:\/\/i0.wp.com\/fadn.cz\/wp-content\/uploads\/2023\/04\/logo_male_modre_fadn.png?resize=19%2C19&#038;ssl=1\" alt=\"\" width=\"19\" height=\"19\" srcset=\"https:\/\/i0.wp.com\/fadn.cz\/wp-content\/uploads\/2023\/04\/logo_male_modre_fadn.png?w=19&amp;ssl=1 19w, https:\/\/i0.wp.com\/fadn.cz\/wp-content\/uploads\/2023\/04\/logo_male_modre_fadn.png?resize=12%2C12&amp;ssl=1 12w\" sizes=\"(max-width: 19px) 100vw, 19px\" \/> \u00a0V\u00fdsledky \u0161et\u0159en\u00ed FADN&nbsp;CZ za&nbsp;rok 2018 byly zpracov\u00e1ny a&nbsp;prezentov\u00e1ny na&nbsp;webov\u00fdch str\u00e1nk\u00e1ch FADN&nbsp;CZ <a href=\"https:\/\/fadn.cz\/vystupy\/vysledky-setreni-fadn\/\">ZDE<\/a> (vlo\u017eeno&nbsp;12.&nbsp;2.&nbsp;2020)<\/p><p><img decoding=\"async\" data-recalc-dims=\"1\" class=\"alignnone size-full wp-image-5604\" src=\"https:\/\/i0.wp.com\/fadn.cz\/wp-content\/uploads\/2023\/04\/logo_male_modre_fadn.png?resize=19%2C19&#038;ssl=1\" alt=\"\" width=\"19\" height=\"19\" srcset=\"https:\/\/i0.wp.com\/fadn.cz\/wp-content\/uploads\/2023\/04\/logo_male_modre_fadn.png?w=19&amp;ssl=1 19w, https:\/\/i0.wp.com\/fadn.cz\/wp-content\/uploads\/2023\/04\/logo_male_modre_fadn.png?resize=12%2C12&amp;ssl=1 12w\" sizes=\"(max-width: 19px) 100vw, 19px\" \/> \u00a0Ve dnech 20.&nbsp;2.&nbsp;a&nbsp;26.&nbsp;2.&nbsp;2020 se&nbsp;konalo \u0161kolen\u00ed tazatel\u016f \u0161et\u0159en\u00ed FADN 2019. (vlo\u017eeno:&nbsp;27.&nbsp;2.&nbsp;2020)<\/p><p><img decoding=\"async\" data-recalc-dims=\"1\" class=\"alignnone size-full wp-image-5604\" src=\"https:\/\/i0.wp.com\/fadn.cz\/wp-content\/uploads\/2023\/04\/logo_male_modre_fadn.png?resize=19%2C19&#038;ssl=1\" alt=\"\" width=\"19\" height=\"19\" srcset=\"https:\/\/i0.wp.com\/fadn.cz\/wp-content\/uploads\/2023\/04\/logo_male_modre_fadn.png?w=19&amp;ssl=1 19w, https:\/\/i0.wp.com\/fadn.cz\/wp-content\/uploads\/2023\/04\/logo_male_modre_fadn.png?resize=12%2C12&amp;ssl=1 12w\" sizes=\"(max-width: 19px) 100vw, 19px\" \/> \u00a09.&nbsp;ledna 2020 p\u0159edstavil ministr zem\u011bd\u011blstv\u00ed Miroslav Toman odhad hospod\u00e1\u0159sk\u00fdch v\u00fdsledk\u016f \u010desk\u00e9ho zem\u011bd\u011blstv\u00ed v&nbsp;roce 2019, kter\u00fd byl zpracov\u00e1n Kontaktn\u00edm pracovi\u0161t\u011bm FADN p\u0159i&nbsp;\u00daZEI. Tiskov\u00e1 zpr\u00e1va na&nbsp;webu MZe <a href=\"https:\/\/eagri.cz\/public\/web\/mze\/tiskovy-servis\/tiskove-zpravy\/x2020_zemedelska-produkce-ceske-republiky-loni.html\" target=\"_blank\" rel=\"noopener\">ZDE<\/a>. (vlo\u017eeno:&nbsp;10.&nbsp;1.&nbsp;2020)<\/p><\/div>\n\t\t\t\t\t\t\t\t\t<div class=\"elementor-tab-title elementor-tab-mobile-title\" aria-selected=\"false\" data-tab=\"9\" role=\"tab\" tabindex=\"-1\" aria-controls=\"elementor-tab-content-1709\" aria-expanded=\"false\">2019<\/div>\n\t\t\t\t\t<div id=\"elementor-tab-content-1709\" class=\"elementor-tab-content elementor-clearfix\" data-tab=\"9\" role=\"tabpanel\" aria-labelledby=\"elementor-tab-title-1709\" tabindex=\"0\" hidden=\"hidden\"><section class=\"elementor-section elementor-top-section elementor-element elementor-element-a24e6be elementor-section-boxed elementor-section-height-default elementor-section-height-default\" data-id=\"a24e6be\" data-element_type=\"section\"><div class=\"elementor-container elementor-column-gap-default\"><div class=\"elementor-column elementor-col-100 elementor-top-column elementor-element elementor-element-e36b82a\" data-id=\"e36b82a\" data-element_type=\"column\"><div class=\"elementor-widget-wrap elementor-element-populated\"><div class=\"elementor-element elementor-element-a77ce91 elementor-widget elementor-widget-text-editor\" data-id=\"a77ce91\" data-element_type=\"widget\" data-widget_type=\"text-editor.default\"><div class=\"elementor-widget-container\"><p><img decoding=\"async\" data-recalc-dims=\"1\" class=\"alignnone size-full wp-image-5604\" src=\"https:\/\/i0.wp.com\/fadn.cz\/wp-content\/uploads\/2023\/04\/logo_male_modre_fadn.png?resize=19%2C19&#038;ssl=1\" alt=\"\" width=\"19\" height=\"19\" srcset=\"https:\/\/i0.wp.com\/fadn.cz\/wp-content\/uploads\/2023\/04\/logo_male_modre_fadn.png?w=19&amp;ssl=1 19w, https:\/\/i0.wp.com\/fadn.cz\/wp-content\/uploads\/2023\/04\/logo_male_modre_fadn.png?resize=12%2C12&amp;ssl=1 12w\" sizes=\"(max-width: 19px) 100vw, 19px\" \/> \u00a0Pro MZe byla zpracov\u00e1na Souhrnn\u00e1 zpr\u00e1va o&nbsp;fungov\u00e1n\u00ed a&nbsp;v\u00fdstupech s\u00edt\u011b FADN&nbsp;\u010cR v&nbsp;roce 2019 \u201eV\u00fdvoj a&nbsp;provozov\u00e1n\u00ed zem\u011bd\u011blsk\u00e9 \u00fa\u010detn\u00ed datov\u00e9 s\u00edt\u011b FADN&nbsp;\u010cR dle standard\u016f EU\u201c. Rovn\u011b\u017e byl zpracov\u00e1n tematick\u00fd \u00fakol \u201eRoz\u0161\u00ed\u0159en\u00ed z\u00e1kladn\u00edho souboru FADN o&nbsp;podniky hospoda\u0159\u00edc\u00ed v&nbsp;ekologick\u00e9m zem\u011bd\u011blstv\u00ed\u201c. (vlo\u017eeno:&nbsp;20.&nbsp;12.&nbsp;2019)<\/p><p><img decoding=\"async\" data-recalc-dims=\"1\" class=\"alignnone size-full wp-image-5604\" src=\"https:\/\/i0.wp.com\/fadn.cz\/wp-content\/uploads\/2023\/04\/logo_male_modre_fadn.png?resize=19%2C19&#038;ssl=1\" alt=\"\" width=\"19\" height=\"19\" srcset=\"https:\/\/i0.wp.com\/fadn.cz\/wp-content\/uploads\/2023\/04\/logo_male_modre_fadn.png?w=19&amp;ssl=1 19w, https:\/\/i0.wp.com\/fadn.cz\/wp-content\/uploads\/2023\/04\/logo_male_modre_fadn.png?resize=12%2C12&amp;ssl=1 12w\" sizes=\"(max-width: 19px) 100vw, 19px\" \/>\u00a0 Z\u00e1stupci FADN se&nbsp;z\u00fa\u010dastnili mezin\u00e1rodn\u00ed konference \u201eThe 2019 EU Agricultural Outlook Conference: Sustainability from farm to&nbsp;fork\u201c, kter\u00e1 se&nbsp;konala ve&nbsp;dnech 10. \u2013 11.&nbsp;prosince 2019 v&nbsp;Bruselu. Hlavn\u00edm t\u00e9matem byla trval\u00e1 udr\u017eitelnost potravin a&nbsp;zem\u011bd\u011blstv\u00ed, v\u010detn\u011b p\u0159edstaven\u00ed zem\u011bd\u011blsk\u00e9ho v\u00fdhledu do&nbsp;roku 2030. (vlo\u017eeno:&nbsp;13.&nbsp;12.&nbsp;2019)<\/p><p><img decoding=\"async\" data-recalc-dims=\"1\" class=\"alignnone size-full wp-image-5604\" src=\"https:\/\/i0.wp.com\/fadn.cz\/wp-content\/uploads\/2023\/04\/logo_male_modre_fadn.png?resize=19%2C19&#038;ssl=1\" alt=\"\" width=\"19\" height=\"19\" srcset=\"https:\/\/i0.wp.com\/fadn.cz\/wp-content\/uploads\/2023\/04\/logo_male_modre_fadn.png?w=19&amp;ssl=1 19w, https:\/\/i0.wp.com\/fadn.cz\/wp-content\/uploads\/2023\/04\/logo_male_modre_fadn.png?resize=12%2C12&amp;ssl=1 12w\" sizes=\"(max-width: 19px) 100vw, 19px\" \/> \u00a0V t\u00fdden\u00edku Zem\u011bd\u011blec (\u010d.&nbsp;49\/2019) byl dne 2.&nbsp;prosince 2019 publikov\u00e1n \u010dl\u00e1nek \u201eHodnocen\u00ed agr\u00e1rn\u00edch podnik\u016f\u201c, kter\u00fd informuje o&nbsp;v\u00fdsledc\u00edch zem\u011bd\u011blsk\u00fdch podnik\u016f za&nbsp;\u00fa\u010detn\u00ed rok 2018 na&nbsp;z\u00e1klad\u011b \u0161et\u0159en\u00ed FADN. Autory jsou pracovn\u00edci Kontaktn\u00edho pracovi\u0161t\u011b FADN (Ing.&nbsp;Martina Harvil\u00edkov\u00e1, Ing.&nbsp;Jana Mach\u00e1\u010dkov\u00e1, Ing.&nbsp;Josef Hanibal). P\u0159\u00edsp\u011bvek je k&nbsp;dispozici v&nbsp;adres\u00e1\u0159i Publika\u010dn\u00ed \u010dinnost. (vlo\u017eeno:&nbsp;4.&nbsp;12.&nbsp;2019)<\/p><p><img decoding=\"async\" data-recalc-dims=\"1\" class=\"alignnone size-full wp-image-5604\" src=\"https:\/\/i0.wp.com\/fadn.cz\/wp-content\/uploads\/2023\/04\/logo_male_modre_fadn.png?resize=19%2C19&#038;ssl=1\" alt=\"\" width=\"19\" height=\"19\" srcset=\"https:\/\/i0.wp.com\/fadn.cz\/wp-content\/uploads\/2023\/04\/logo_male_modre_fadn.png?w=19&amp;ssl=1 19w, https:\/\/i0.wp.com\/fadn.cz\/wp-content\/uploads\/2023\/04\/logo_male_modre_fadn.png?resize=12%2C12&amp;ssl=1 12w\" sizes=\"(max-width: 19px) 100vw, 19px\" \/> \u00a0Data za&nbsp;\u00fa\u010detn\u00ed rok 2018 byla odesl\u00e1na do&nbsp;DG AGRI v&nbsp;Bruselu 28.&nbsp;11.&nbsp;2019. (vlo\u017eeno:&nbsp;29.&nbsp;11.&nbsp;2019)<\/p><p><img decoding=\"async\" data-recalc-dims=\"1\" class=\"alignnone size-full wp-image-5604\" src=\"https:\/\/i0.wp.com\/fadn.cz\/wp-content\/uploads\/2023\/04\/logo_male_modre_fadn.png?resize=19%2C19&#038;ssl=1\" alt=\"\" width=\"19\" height=\"19\" srcset=\"https:\/\/i0.wp.com\/fadn.cz\/wp-content\/uploads\/2023\/04\/logo_male_modre_fadn.png?w=19&amp;ssl=1 19w, https:\/\/i0.wp.com\/fadn.cz\/wp-content\/uploads\/2023\/04\/logo_male_modre_fadn.png?resize=12%2C12&amp;ssl=1 12w\" sizes=\"(max-width: 19px) 100vw, 19px\" \/> \u00a0Dne 26.&nbsp;11.&nbsp;2019 se&nbsp;na\u0161i kolegov\u00e9 z\u00fa\u010dastnili konference \u201eOutlook 2020&nbsp;\u2013 Economic Outlook for Irish Agriculture\u201c, kter\u00e1 prob\u011bhla v&nbsp;irsk\u00e9m Ashtown u&nbsp;Dublinu. Prezentace obsahovaly informace o&nbsp;v\u00fdvoji irsk\u00e9ho zem\u011bd\u011blstv\u00ed v&nbsp;minul\u00fdch letech, aktu\u00e1ln\u00edch v\u00fdsledc\u00edch, odhadovan\u00fdch v\u00fdsledc\u00edch za&nbsp;rok 2019 a&nbsp;p\u0159edpov\u011bdi pro&nbsp;rok 2020. (vlo\u017eeno:&nbsp;28.&nbsp;11.&nbsp;2019)<\/p><p><img decoding=\"async\" data-recalc-dims=\"1\" class=\"alignnone size-full wp-image-5604\" src=\"https:\/\/i0.wp.com\/fadn.cz\/wp-content\/uploads\/2023\/04\/logo_male_modre_fadn.png?resize=19%2C19&#038;ssl=1\" alt=\"\" width=\"19\" height=\"19\" srcset=\"https:\/\/i0.wp.com\/fadn.cz\/wp-content\/uploads\/2023\/04\/logo_male_modre_fadn.png?w=19&amp;ssl=1 19w, https:\/\/i0.wp.com\/fadn.cz\/wp-content\/uploads\/2023\/04\/logo_male_modre_fadn.png?resize=12%2C12&amp;ssl=1 12w\" sizes=\"(max-width: 19px) 100vw, 19px\" \/> \u00a0V informa\u010dn\u00edm zpravodaji Agr\u00e1rn\u00ed komory \u010cR naz\u00fdvaj\u00edc\u00ed se&nbsp;AGRObase byl dne 25.&nbsp;listopadu 2019 publikov\u00e1n \u010dl\u00e1nek \u201eHodnocen\u00ed v\u00fdsledk\u016f zem\u011bd\u011blsk\u00fdch podnik\u016f v&nbsp;roce 2018 na&nbsp;b\u00e1zi FADN\u201c, kter\u00fd seznamuje odbornou ve\u0159ejnost s&nbsp;v\u00fdsledky zem\u011bd\u011blsk\u00fdch podnik\u016f za&nbsp;\u00fa\u010detn\u00ed rok 2018 na&nbsp;z\u00e1klad\u011b \u0161et\u0159en\u00ed FADN. Autory jsou pracovn\u00edci Kontaktn\u00edho pracovi\u0161t\u011b FADN (Ing.&nbsp;Martina Harvil\u00edkov\u00e1, Ing.&nbsp;Jana Mach\u00e1\u010dkov\u00e1, Ing.&nbsp;Josef Hanibal). P\u0159\u00edsp\u011bvek je k&nbsp;dispozici v&nbsp;adres\u00e1\u0159i Publika\u010dn\u00ed \u010dinnost. (vlo\u017eeno:&nbsp;26.&nbsp;11.&nbsp;2019)<\/p><p><img decoding=\"async\" data-recalc-dims=\"1\" class=\"alignnone size-full wp-image-5604\" src=\"https:\/\/i0.wp.com\/fadn.cz\/wp-content\/uploads\/2023\/04\/logo_male_modre_fadn.png?resize=19%2C19&#038;ssl=1\" alt=\"\" width=\"19\" height=\"19\" srcset=\"https:\/\/i0.wp.com\/fadn.cz\/wp-content\/uploads\/2023\/04\/logo_male_modre_fadn.png?w=19&amp;ssl=1 19w, https:\/\/i0.wp.com\/fadn.cz\/wp-content\/uploads\/2023\/04\/logo_male_modre_fadn.png?resize=12%2C12&amp;ssl=1 12w\" sizes=\"(max-width: 19px) 100vw, 19px\" \/> \u00a0Dne 6.&nbsp;11.&nbsp;2019 se&nbsp;uskute\u010dnilo 16.&nbsp;zased\u00e1n\u00ed N\u00e1rodn\u00ed komise FADN&nbsp;CZ. (vlo\u017eeno&nbsp;7.&nbsp;11.&nbsp;2019)<\/p><p><img decoding=\"async\" data-recalc-dims=\"1\" class=\"alignnone size-full wp-image-5604\" src=\"https:\/\/i0.wp.com\/fadn.cz\/wp-content\/uploads\/2023\/04\/logo_male_modre_fadn.png?resize=19%2C19&#038;ssl=1\" alt=\"\" width=\"19\" height=\"19\" srcset=\"https:\/\/i0.wp.com\/fadn.cz\/wp-content\/uploads\/2023\/04\/logo_male_modre_fadn.png?w=19&amp;ssl=1 19w, https:\/\/i0.wp.com\/fadn.cz\/wp-content\/uploads\/2023\/04\/logo_male_modre_fadn.png?resize=12%2C12&amp;ssl=1 12w\" sizes=\"(max-width: 19px) 100vw, 19px\" \/> \u00a0Ve dnech 28. \u2013 29.&nbsp;10.&nbsp;2019 se&nbsp;pracovn\u00edci FADN z\u00fa\u010dastnili 24.&nbsp;pracovn\u00ed skupiny OECD FLA v&nbsp;Pa\u0159\u00ed\u017ei. P\u0159edm\u011btem jedn\u00e1n\u00ed bylo sd\u011blen\u00ed v\u00fdsledk\u016f z&nbsp;projekt\u016f \u00fa\u010dastn\u00edc\u00edch se&nbsp;zem\u00ed, stavu prac\u00ed na&nbsp;spole\u010dn\u00e9m projektu OECD FLA a&nbsp;projedn\u00e1n\u00ed dal\u0161\u00edho sm\u011b\u0159ov\u00e1n\u00ed v&nbsp;letech 2020-2021. V&nbsp;\u010d\u00e1sti v\u011bnovan\u00e9 struktur\u00e1ln\u00edm z\u00e1le\u017eitostem p\u0159ednesl Vladim\u00edr Kostliv\u00fd p\u0159\u00edsp\u011bvek na&nbsp;t\u00e9ma \u201eStruktura a&nbsp;produkce podnik\u016f ekologick\u00e9ho zem\u011bd\u011blstv\u00ed ve&nbsp;FADN&nbsp;\u010cR v&nbsp;obdob\u00ed 2011-2018\u201c, v\u010detn\u011b v\u00fdvoje technick\u00e9 efektivnosti ekologick\u00fdch podnik\u016f v\u00fdrobn\u00edch zam\u011b\u0159en\u00ed \u017eivo\u010di\u0161n\u00e9 v\u00fdroby v&nbsp;obdob\u00ed 2011-2016. (vlo\u017eeno:&nbsp;31.&nbsp;10.&nbsp;2019)<\/p><p><img decoding=\"async\" data-recalc-dims=\"1\" class=\"alignnone size-full wp-image-5604\" src=\"https:\/\/i0.wp.com\/fadn.cz\/wp-content\/uploads\/2023\/04\/logo_male_modre_fadn.png?resize=19%2C19&#038;ssl=1\" alt=\"\" width=\"19\" height=\"19\" srcset=\"https:\/\/i0.wp.com\/fadn.cz\/wp-content\/uploads\/2023\/04\/logo_male_modre_fadn.png?w=19&amp;ssl=1 19w, https:\/\/i0.wp.com\/fadn.cz\/wp-content\/uploads\/2023\/04\/logo_male_modre_fadn.png?resize=12%2C12&amp;ssl=1 12w\" sizes=\"(max-width: 19px) 100vw, 19px\" \/> \u00a06. \u2013 9.&nbsp;10.&nbsp;2019 prob\u011bhl 27.&nbsp;mezin\u00e1rodn\u00ed workshop PACIOLI, kter\u00fd byl poprv\u00e9 za&nbsp;sv\u00e9 dlouholet\u00e9 existence po\u0159\u00e1d\u00e1n s&nbsp;podporou Kontaktn\u00edho pracovi\u0161t\u011b FADN v&nbsp;Praze. Na&nbsp;slavnostn\u00edm zah\u00e1jen\u00ed pronesl \u00favodn\u00ed slovo pan Vlastimil Zedek (MZe), pan \u0160t\u011bp\u00e1n Kala (\u0159editel \u00daZEI), pan Josef Hanibal (vedouc\u00ed Kontaktn\u00edho pracovi\u0161t\u011b FADN) a&nbsp;pan Hans Vrolijk (organiz\u00e1tor workshopu, LEI, Nizozem\u00ed). Odbornou \u010d\u00e1st zah\u00e1jili dv\u011b prezentace p\u0159ipraven\u00e9 pracovn\u00edky FADN&nbsp;CZ. Pan Marek Nov\u00e1k p\u0159ednesl prezentaci o&nbsp;\u010desk\u00e9m zem\u011bd\u011blstv\u00ed s&nbsp;n\u00e1zvem \u201eCzech Agriculture From The Perspective Of FADN\u201c a&nbsp;pan Vladim\u00edr Kostliv\u00fd informoval o&nbsp;ekologick\u00e9m hospoda\u0159en\u00ed prezentac\u00ed \u201eCzech Organic Farming \u2013 Structure And Production In FADN 2011-2017\u201c. (vlo\u017eeno:&nbsp;10.&nbsp;10.&nbsp;2019)<\/p><p><img decoding=\"async\" data-recalc-dims=\"1\" class=\"alignnone size-full wp-image-5604\" src=\"https:\/\/i0.wp.com\/fadn.cz\/wp-content\/uploads\/2023\/04\/logo_male_modre_fadn.png?resize=19%2C19&#038;ssl=1\" alt=\"\" width=\"19\" height=\"19\" srcset=\"https:\/\/i0.wp.com\/fadn.cz\/wp-content\/uploads\/2023\/04\/logo_male_modre_fadn.png?w=19&amp;ssl=1 19w, https:\/\/i0.wp.com\/fadn.cz\/wp-content\/uploads\/2023\/04\/logo_male_modre_fadn.png?resize=12%2C12&amp;ssl=1 12w\" sizes=\"(max-width: 19px) 100vw, 19px\" \/> \u00a0Ve dnech 1. \u2013 3.&nbsp;10.&nbsp;2019 se&nbsp;pracovn\u00edci FADN z\u00fa\u010dastnili v&nbsp;Bruselu jedn\u00e1n\u00ed pracovn\u00ed skupiny Typology Handbook, kter\u00e1 m\u00e1 za&nbsp;c\u00edl aktualizaci p\u0159\u00edru\u010dky pro&nbsp;stanoven\u00ed typologie podnik\u016f, a&nbsp;pravideln\u00e9ho zased\u00e1n\u00ed Komise EU pro&nbsp;FADN. Sou\u010d\u00e1st\u00ed zased\u00e1n\u00ed bylo schv\u00e1len\u00ed dodatku na\u0159\u00edzen\u00ed (EU) 2015\/220, kter\u00fd upravuje definici a&nbsp;za\u0159azen\u00ed n\u011bkter\u00fdch polo\u017eek dotazn\u00edku, zav\u00e1d\u00ed od&nbsp;\u00fa\u010detn\u00edho roku 2021 dodate\u010dnou platbu za&nbsp;v\u010dasn\u011b odeslan\u00e9 podniky s&nbsp;vysokou kvalitou dat a&nbsp;upravuje prahovou hodnotu podnik\u016f a&nbsp;po\u010det podnik\u016f nezbytn\u00fdch pro&nbsp;\u0161et\u0159en\u00ed v&nbsp;\u010cesk\u00e9 republice a&nbsp;v&nbsp;D\u00e1nsku. V&nbsp;\u010cR se&nbsp;od&nbsp;roku 2020 zvy\u0161uje prahov\u00e1 hodnota.\u00a0 Standardn\u00edho v\u00fdstupu podnik\u016f na&nbsp;15&nbsp;000 Euro a&nbsp;sni\u017euje minim\u00e1ln\u00ed po\u010det podnik\u016f na&nbsp;1&nbsp;282. (vlo\u017eeno:&nbsp;4.&nbsp;10.&nbsp;2019)<\/p><p><img decoding=\"async\" data-recalc-dims=\"1\" class=\"alignnone size-full wp-image-5604\" src=\"https:\/\/i0.wp.com\/fadn.cz\/wp-content\/uploads\/2023\/04\/logo_male_modre_fadn.png?resize=19%2C19&#038;ssl=1\" alt=\"\" width=\"19\" height=\"19\" srcset=\"https:\/\/i0.wp.com\/fadn.cz\/wp-content\/uploads\/2023\/04\/logo_male_modre_fadn.png?w=19&amp;ssl=1 19w, https:\/\/i0.wp.com\/fadn.cz\/wp-content\/uploads\/2023\/04\/logo_male_modre_fadn.png?resize=12%2C12&amp;ssl=1 12w\" sizes=\"(max-width: 19px) 100vw, 19px\" \/> \u00a06. \u2013 9.&nbsp;10.&nbsp;2019 prob\u011bhne mezin\u00e1rodn\u00ed workshop PACIOLI, kter\u00fd je poprv\u00e9 po\u0159\u00e1d\u00e1n s&nbsp;podporou Kontaktn\u00edho pracovi\u0161t\u011b FADN v&nbsp;Praze. Na&nbsp;slavnostn\u00edm zah\u00e1jen\u00ed pronese \u00favodn\u00ed slovo st\u00e1tn\u00ed tajemn\u00edk MZe pan Jan Sixta, \u0159editel \u00daZEI pan \u0160t\u011bp\u00e1n Kala a&nbsp;vedouc\u00ed Kontaktn\u00edho pracovi\u0161t\u011b FADN pan Josef Hanibal. Odbornou \u010d\u00e1st zah\u00e1j\u00ed dv\u011b prezentace p\u0159ipraven\u00e9 pracovn\u00edky FADN&nbsp;CZ. Pan Marek Nov\u00e1k p\u0159ednese prezentaci s&nbsp;n\u00e1zvem \u201eCzech Agriculture From The Perspective Of FADN\u201c a&nbsp;pan Vladim\u00edr Kostliv\u00fd bude informovat o&nbsp;\u201eCzech Organic Farming \u2013 Structure And Production In FADN 2011-2017\u201c.<br \/>Na z\u00e1klad\u011b smlouvy o&nbsp;spolupr\u00e1ci s&nbsp;\u010cS\u00da bylo provedeno souhrnn\u00e9 zpracov\u00e1n\u00ed z&nbsp;v\u00fdb\u011brov\u00e9ho souboru \u0161et\u0159en\u00ed FADN pro&nbsp;pot\u0159eby SZ\u00da. P\u0159edb\u011b\u017en\u00e9 v\u00fdsledky vybran\u00fdch ukazatel\u016f za&nbsp;\u00fa\u010detn\u00ed rok 2018 byly p\u0159ed\u00e1ny 15.&nbsp;8.&nbsp;2019 Odboru statistiky zem\u011bd\u011blstv\u00ed, lesnictv\u00ed a&nbsp;\u017eivotn\u00edho prost\u0159ed\u00ed. Jednalo se&nbsp;o&nbsp;\u00fadaje fyzick\u00fdch a&nbsp;pr\u00e1vnick\u00fdch osob p\u0159epo\u010dten\u00e9 na&nbsp;ro\u010dn\u00ed pracovn\u00ed jednotku (AWU). (vlo\u017eeno:&nbsp;29.8.&nbsp;2019)<\/p><p><img decoding=\"async\" data-recalc-dims=\"1\" class=\"alignnone size-full wp-image-5604\" src=\"https:\/\/i0.wp.com\/fadn.cz\/wp-content\/uploads\/2023\/04\/logo_male_modre_fadn.png?resize=19%2C19&#038;ssl=1\" alt=\"\" width=\"19\" height=\"19\" srcset=\"https:\/\/i0.wp.com\/fadn.cz\/wp-content\/uploads\/2023\/04\/logo_male_modre_fadn.png?w=19&amp;ssl=1 19w, https:\/\/i0.wp.com\/fadn.cz\/wp-content\/uploads\/2023\/04\/logo_male_modre_fadn.png?resize=12%2C12&amp;ssl=1 12w\" sizes=\"(max-width: 19px) 100vw, 19px\" \/> \u00a0V odborn\u00e9m a&nbsp;stavovsk\u00e9m t\u00fdden\u00edku Zem\u011bd\u011blec (\u010d.&nbsp;28\/2019) byl dne 8.&nbsp;\u010dervence 2019 publikov\u00e1n \u010dl\u00e1nek \u201eProjekt Smart FADN zefektivn\u00ed sb\u011br dat\u201c, kter\u00fd seznamuje odbornou ve\u0159ejnost s&nbsp;v\u00fdvojem nov\u00e9ho projektu FADN na&nbsp;zjednodu\u0161en\u00ed sb\u011bru dat zem\u011bd\u011blsk\u00fdch podnik\u016f do&nbsp;\u0161et\u0159en\u00ed FADN. Autory jsou pracovn\u00edci Kontaktn\u00edho pracovi\u0161t\u011b FADN (Ing.&nbsp;Jana Mach\u00e1\u010dkov\u00e1, Ing.&nbsp;Martina Harvil\u00edkov\u00e1, Ing.&nbsp;Josef Hanibal). (vlo\u017eeno:&nbsp;10.&nbsp;7.&nbsp;2019)<\/p><p><img decoding=\"async\" data-recalc-dims=\"1\" class=\"alignnone size-full wp-image-5604\" src=\"https:\/\/i0.wp.com\/fadn.cz\/wp-content\/uploads\/2023\/04\/logo_male_modre_fadn.png?resize=19%2C19&#038;ssl=1\" alt=\"\" width=\"19\" height=\"19\" srcset=\"https:\/\/i0.wp.com\/fadn.cz\/wp-content\/uploads\/2023\/04\/logo_male_modre_fadn.png?w=19&amp;ssl=1 19w, https:\/\/i0.wp.com\/fadn.cz\/wp-content\/uploads\/2023\/04\/logo_male_modre_fadn.png?resize=12%2C12&amp;ssl=1 12w\" sizes=\"(max-width: 19px) 100vw, 19px\" \/> \u00a0Dne 19.&nbsp;\u010dervna 2019 prob\u011bhlo v&nbsp;Bruselu 204.&nbsp;zased\u00e1n\u00ed Komunitn\u00edho v\u00fdboru FADN. Stru\u010dn\u00fd z\u00e1pis projedn\u00e1van\u00fdch t\u00e9mat je v&nbsp;adres\u00e1\u0159i \u201eDG AGRI, \u0159\u00edd\u00edc\u00ed komise FADN EU\u201c. (vlo\u017eeno:&nbsp;20.&nbsp;6.&nbsp;2019)<\/p><p><img decoding=\"async\" data-recalc-dims=\"1\" class=\"alignnone size-full wp-image-5604\" src=\"https:\/\/i0.wp.com\/fadn.cz\/wp-content\/uploads\/2023\/04\/logo_male_modre_fadn.png?resize=19%2C19&#038;ssl=1\" alt=\"\" width=\"19\" height=\"19\" srcset=\"https:\/\/i0.wp.com\/fadn.cz\/wp-content\/uploads\/2023\/04\/logo_male_modre_fadn.png?w=19&amp;ssl=1 19w, https:\/\/i0.wp.com\/fadn.cz\/wp-content\/uploads\/2023\/04\/logo_male_modre_fadn.png?resize=12%2C12&amp;ssl=1 12w\" sizes=\"(max-width: 19px) 100vw, 19px\" \/> \u00a0Ve 20.&nbsp;\u010d\u00edsle t\u00fdden\u00edku Zem\u011bd\u011blec byl uve\u0159ejn\u011bn dal\u0161\u00ed ze s\u00e9rie \u010dl\u00e1nk\u016f o&nbsp;ekonomice zem\u011bd\u011blsk\u00fdch podnik\u016f, kter\u00e1 vych\u00e1z\u00ed z&nbsp;dat \u0161et\u0159en\u00ed FADN. Tentokr\u00e1t byly jeho t\u00e9matem podniky ekologick\u00e9ho zem\u011bd\u011blstv\u00ed. Shrnuje z\u00e1kladn\u00ed charakteristiky a&nbsp;v\u00fdvoj v&nbsp;letech 2011-2017. Autory jsou Ing.&nbsp;Vladim\u00edr Kostliv\u00fd, Dr. a&nbsp;Ing.&nbsp;Zuzana Fuksov\u00e1, Ph.D. (vlo\u017eeno:&nbsp;14.&nbsp;5.&nbsp;2019)<\/p><p><img decoding=\"async\" data-recalc-dims=\"1\" class=\"alignnone size-full wp-image-5604\" src=\"https:\/\/i0.wp.com\/fadn.cz\/wp-content\/uploads\/2023\/04\/logo_male_modre_fadn.png?resize=19%2C19&#038;ssl=1\" alt=\"\" width=\"19\" height=\"19\" srcset=\"https:\/\/i0.wp.com\/fadn.cz\/wp-content\/uploads\/2023\/04\/logo_male_modre_fadn.png?w=19&amp;ssl=1 19w, https:\/\/i0.wp.com\/fadn.cz\/wp-content\/uploads\/2023\/04\/logo_male_modre_fadn.png?resize=12%2C12&amp;ssl=1 12w\" sizes=\"(max-width: 19px) 100vw, 19px\" \/> \u00a0\u201ePodniky zam\u011b\u0159en\u00e9 na&nbsp;produkci ml\u00e9ka\u201c je n\u00e1zev dal\u0161\u00edho z&nbsp;\u010dl\u00e1nk\u016f o&nbsp;hospoda\u0159en\u00ed zem\u011bd\u011blsk\u00fdch podnik\u016f v&nbsp;roce 2017 v&nbsp;porovn\u00e1n\u00ed s&nbsp;rokem 2016 na&nbsp;z\u00e1klad\u011b dat FADN. Ekonomika v\u00fdroby ml\u00e9ka se&nbsp;vlivem vy\u0161\u0161\u00ed realiza\u010dn\u00ed ceny ml\u00e9ka, zvy\u0161uj\u00edc\u00ed se&nbsp;produkce ml\u00e9ka a&nbsp;v&nbsp;neposledn\u00ed \u0159ad\u011b v&nbsp;d\u016fsledku v\u00fd\u0161e \u010derpan\u00fdch dotac\u00ed v&nbsp;roce 2017 v\u00fdrazn\u011b zlep\u0161ila. \u010cl\u00e1nek vy\u0161el v&nbsp;t\u00fdden\u00edku Zem\u011bd\u011blec \u010d.&nbsp;19 dne 6.&nbsp;5.&nbsp;2019, autorkami jsou Ing.&nbsp;Martina D\u00f6bertov\u00e1 a&nbsp;Ing.&nbsp;Sv\u011btlana Lamprechtov\u00e1. Je k&nbsp;dispozici v&nbsp;adres\u00e1\u0159i Publika\u010dn\u00ed \u010dinnost. (vlo\u017eeno&nbsp;7.&nbsp;5.&nbsp;2019)<\/p><p><img decoding=\"async\" data-recalc-dims=\"1\" class=\"alignnone size-full wp-image-5604\" src=\"https:\/\/i0.wp.com\/fadn.cz\/wp-content\/uploads\/2023\/04\/logo_male_modre_fadn.png?resize=19%2C19&#038;ssl=1\" alt=\"\" width=\"19\" height=\"19\" srcset=\"https:\/\/i0.wp.com\/fadn.cz\/wp-content\/uploads\/2023\/04\/logo_male_modre_fadn.png?w=19&amp;ssl=1 19w, https:\/\/i0.wp.com\/fadn.cz\/wp-content\/uploads\/2023\/04\/logo_male_modre_fadn.png?resize=12%2C12&amp;ssl=1 12w\" sizes=\"(max-width: 19px) 100vw, 19px\" \/> \u00a0V mezin\u00e1rodn\u00edm recenzovan\u00e9m \u010dasopise Agricultural Economics, 2019 (4) (Zem\u011bd\u011blsk\u00e1 ekonomika), vyd\u00e1van\u00e9m \u010ceskou akademi\u00ed zem\u011bd\u011blsk\u00fdch v\u011bd (\u010cAZV), byl publikov\u00e1n \u010dl\u00e1nek pracovn\u00edk\u016f FADN, Ing.&nbsp;Vladim\u00edra Kostliv\u00e9ho Dr. a&nbsp;Ing.&nbsp;Zuzany Fuksov\u00e9 Ph.D. prezentuj\u00edc\u00ed v\u00fdsledky intern\u00edho v\u00fdzkumn\u00e9ho projektu \u00daZEI (IVP 1295\/2017). \u010cl\u00e1nek \u201eTechnical efficiency and its determinants for Czech livestock farms\u201c se&nbsp;zab\u00fdv\u00e1 vlivem podpor na&nbsp;ekonomiku podnik\u016f ekologick\u00e9ho zem\u011bd\u011blstv\u00ed, anal\u00fdzou jejich technick\u00e9 efektivnosti v&nbsp;porovn\u00e1n\u00ed s&nbsp;konven\u010dn\u00edmi farmami v\u00fdrobn\u00edch zam\u011b\u0159en\u00ed s&nbsp;\u017eivo\u010di\u0161nou produkc\u00ed. PDF v&nbsp;adres\u00e1\u0159i Publika\u010dn\u00ed \u010dinnost. (vlo\u017eeno:&nbsp;3.&nbsp;5.&nbsp;2019)<\/p><p><img decoding=\"async\" data-recalc-dims=\"1\" class=\"alignnone size-full wp-image-5604\" src=\"https:\/\/i0.wp.com\/fadn.cz\/wp-content\/uploads\/2023\/04\/logo_male_modre_fadn.png?resize=19%2C19&#038;ssl=1\" alt=\"\" width=\"19\" height=\"19\" srcset=\"https:\/\/i0.wp.com\/fadn.cz\/wp-content\/uploads\/2023\/04\/logo_male_modre_fadn.png?w=19&amp;ssl=1 19w, https:\/\/i0.wp.com\/fadn.cz\/wp-content\/uploads\/2023\/04\/logo_male_modre_fadn.png?resize=12%2C12&amp;ssl=1 12w\" sizes=\"(max-width: 19px) 100vw, 19px\" \/> \u00a0V r\u00e1mci s\u00e9rie \u010dl\u00e1nk\u016f o&nbsp;ekonomice zem\u011bd\u011blsk\u00fdch podnik\u016f publikovan\u00e9 v&nbsp;t\u00fdden\u00edku Zem\u011bd\u011blec byl v&nbsp;\u010d\u00edsle 18 (z&nbsp;29.&nbsp;4.&nbsp;2019) zve\u0159ejn\u011bn t\u0159et\u00ed d\u00edl s&nbsp;n\u00e1zvem Podniky zam\u011b\u0159en\u00e9 na&nbsp;poln\u00ed v\u00fdrobu. \u010cl\u00e1nek shrnuje meziro\u010dn\u00ed srovn\u00e1n\u00ed obecn\u00fdch charakteristik a&nbsp;ekonomick\u00fdch ukazatel\u016f v&nbsp;letech 2016 a&nbsp;2017 v&nbsp;tomto v\u00fdrobn\u00edm zam\u011b\u0159en\u00ed. Autory jsou Ing.&nbsp;Zuzana Fuksov\u00e1, Ph.D. a&nbsp;Ing.&nbsp;Petra B\u00edl\u00e1. \u010cl\u00e1nek je k&nbsp;dispozici v&nbsp;adres\u00e1\u0159i Publika\u010dn\u00ed \u010dinnost. (vlo\u017eeno:&nbsp;30.&nbsp;4.&nbsp;2019)<\/p><p><img decoding=\"async\" data-recalc-dims=\"1\" class=\"alignnone size-full wp-image-5604\" src=\"https:\/\/i0.wp.com\/fadn.cz\/wp-content\/uploads\/2023\/04\/logo_male_modre_fadn.png?resize=19%2C19&#038;ssl=1\" alt=\"\" width=\"19\" height=\"19\" srcset=\"https:\/\/i0.wp.com\/fadn.cz\/wp-content\/uploads\/2023\/04\/logo_male_modre_fadn.png?w=19&amp;ssl=1 19w, https:\/\/i0.wp.com\/fadn.cz\/wp-content\/uploads\/2023\/04\/logo_male_modre_fadn.png?resize=12%2C12&amp;ssl=1 12w\" sizes=\"(max-width: 19px) 100vw, 19px\" \/> \u00a0Dal\u0161\u00ed \u010dl\u00e1nek s&nbsp;n\u00e1zvem \u201ePodniky se&nbsp;zam\u011b\u0159en\u00edm na&nbsp;chov skotu\u201c vy\u0161el v&nbsp;t\u00fdden\u00edku Zem\u011bd\u011blec \u010d.&nbsp;17 (dne 23.&nbsp;4.&nbsp;2019). Autory jsou Ing.&nbsp;Monika Hlav\u00e1\u010dov\u00e1 a&nbsp;Ing.&nbsp;Jarmil Ml\u010d\u00e1k. \u010cl\u00e1nek hodnot\u00ed meziro\u010dn\u00ed v\u00fdvoj ekonomick\u00fdch ukazatel\u016f za&nbsp;obdob\u00ed 2016-2017 u&nbsp;podnik\u016f specializovan\u00fdch na&nbsp;chov skotu. Je k&nbsp;dispozici v&nbsp;adres\u00e1\u0159i Publika\u010dn\u00ed \u010dinnost (vlo\u017eeno:&nbsp;24.&nbsp;4.&nbsp;2019)<\/p><p><img decoding=\"async\" data-recalc-dims=\"1\" class=\"alignnone size-full wp-image-5604\" src=\"https:\/\/i0.wp.com\/fadn.cz\/wp-content\/uploads\/2023\/04\/logo_male_modre_fadn.png?resize=19%2C19&#038;ssl=1\" alt=\"\" width=\"19\" height=\"19\" srcset=\"https:\/\/i0.wp.com\/fadn.cz\/wp-content\/uploads\/2023\/04\/logo_male_modre_fadn.png?w=19&amp;ssl=1 19w, https:\/\/i0.wp.com\/fadn.cz\/wp-content\/uploads\/2023\/04\/logo_male_modre_fadn.png?resize=12%2C12&amp;ssl=1 12w\" sizes=\"(max-width: 19px) 100vw, 19px\" \/> \u00a0V t\u00fdden\u00edku Zem\u011bd\u011blec vych\u00e1z\u00ed od&nbsp;8.&nbsp;4.&nbsp;2019 s\u00e9rie \u010dl\u00e1nk\u016f, kter\u00e9 jsou zam\u011b\u0159eny na&nbsp;analytick\u00e9 zhodnocen\u00ed hospoda\u0159en\u00ed zem\u011bd\u011blsk\u00fdch podnik\u016f v&nbsp;roce 2017. Autory jsou pracovn\u00edci Kontaktn\u00edho pracovi\u0161t\u011b FADN, kte\u0159\u00ed \u010derpaj\u00ed z&nbsp;\u00fadaj\u016f zji\u0161t\u011bn\u00fdch z&nbsp;posledn\u00edho \u0161et\u0159en\u00ed FADN. \u010cl\u00e1nky jsou k&nbsp;dispozici v&nbsp;adres\u00e1\u0159i Publika\u010dn\u00ed \u010dinnost.. (vlo\u017eeno&nbsp;9.&nbsp;4.&nbsp;2019)<\/p><p><img decoding=\"async\" data-recalc-dims=\"1\" class=\"alignnone size-full wp-image-5604\" src=\"https:\/\/i0.wp.com\/fadn.cz\/wp-content\/uploads\/2023\/04\/logo_male_modre_fadn.png?resize=19%2C19&#038;ssl=1\" alt=\"\" width=\"19\" height=\"19\" srcset=\"https:\/\/i0.wp.com\/fadn.cz\/wp-content\/uploads\/2023\/04\/logo_male_modre_fadn.png?w=19&amp;ssl=1 19w, https:\/\/i0.wp.com\/fadn.cz\/wp-content\/uploads\/2023\/04\/logo_male_modre_fadn.png?resize=12%2C12&amp;ssl=1 12w\" sizes=\"(max-width: 19px) 100vw, 19px\" \/> \u00a0Ve dnech 27.&nbsp;2.&nbsp;a&nbsp;28.&nbsp;2.&nbsp;2019 se&nbsp;uskute\u010dnilo \u0161kolen\u00ed tazatel\u016f k&nbsp;metodice \u0161et\u0159en\u00ed FADN 2018. (vlo\u017eeno:&nbsp;1.&nbsp;3.&nbsp;2019)<\/p><p><img decoding=\"async\" data-recalc-dims=\"1\" class=\"alignnone size-full wp-image-5604\" src=\"https:\/\/i0.wp.com\/fadn.cz\/wp-content\/uploads\/2023\/04\/logo_male_modre_fadn.png?resize=19%2C19&#038;ssl=1\" alt=\"\" width=\"19\" height=\"19\" srcset=\"https:\/\/i0.wp.com\/fadn.cz\/wp-content\/uploads\/2023\/04\/logo_male_modre_fadn.png?w=19&amp;ssl=1 19w, https:\/\/i0.wp.com\/fadn.cz\/wp-content\/uploads\/2023\/04\/logo_male_modre_fadn.png?resize=12%2C12&amp;ssl=1 12w\" sizes=\"(max-width: 19px) 100vw, 19px\" \/> \u00a0V odborn\u00e9m \u010dasopise N\u00e1\u0161 chov (1\/2019) byl publikov\u00e1n recenzovan\u00fd \u010dl\u00e1nek \u201eVybran\u00e9 ekonomick\u00e9 ukazatele podnik\u016f s&nbsp;produkc\u00ed ml\u00e9ka s&nbsp;vyu\u017eit\u00edm dat FADN\u201c, kter\u00fd v&nbsp;\u0161estilet\u00e9 \u010dasov\u00e9 \u0159ad\u011b 2012-2017 vyhodnocuje efektivitu hospoda\u0159en\u00ed podnik\u016f specializovan\u00fdch na&nbsp;produkci ml\u00e9ka podle vybran\u00fdch ekonomick\u00fdch a&nbsp;produk\u010dn\u00edch ukazatel\u016f. \u010cl\u00e1nek Ing.&nbsp;Martiny D\u00f6bertov\u00e9 a&nbsp;Ing.&nbsp;Sv\u011btlany Lamprechtov\u00e9 byl publikov\u00e1n 2.&nbsp;ledna 2019. P\u0159\u00edsp\u011bvek je k&nbsp;dispozici v&nbsp;adres\u00e1\u0159i Publika\u010dn\u00ed \u010dinnost. (vlo\u017eeno:&nbsp;7.&nbsp;1.&nbsp;2019)<\/p><p><img decoding=\"async\" data-recalc-dims=\"1\" class=\"alignnone size-full wp-image-5604\" src=\"https:\/\/i0.wp.com\/fadn.cz\/wp-content\/uploads\/2023\/04\/logo_male_modre_fadn.png?resize=19%2C19&#038;ssl=1\" alt=\"\" width=\"19\" height=\"19\" srcset=\"https:\/\/i0.wp.com\/fadn.cz\/wp-content\/uploads\/2023\/04\/logo_male_modre_fadn.png?w=19&amp;ssl=1 19w, https:\/\/i0.wp.com\/fadn.cz\/wp-content\/uploads\/2023\/04\/logo_male_modre_fadn.png?resize=12%2C12&amp;ssl=1 12w\" sizes=\"(max-width: 19px) 100vw, 19px\" \/> \u00a0Prob\u00edh\u00e1 p\u0159\u00edprava nov\u00e9ho \u0161et\u0159en\u00ed FADN za&nbsp;\u00fa\u010detn\u00ed rok 2018. (vlo\u017eeno:&nbsp;4.&nbsp;1.&nbsp;2019)<\/p><\/div><\/div><\/div><\/div><\/div><\/section><\/div>\n\t\t\t\t\t\t\t\t\t<div class=\"elementor-tab-title elementor-tab-mobile-title\" aria-selected=\"false\" data-tab=\"10\" role=\"tab\" tabindex=\"-1\" aria-controls=\"elementor-tab-content-17010\" aria-expanded=\"false\">2018<\/div>\n\t\t\t\t\t<div id=\"elementor-tab-content-17010\" class=\"elementor-tab-content elementor-clearfix\" data-tab=\"10\" role=\"tabpanel\" aria-labelledby=\"elementor-tab-title-17010\" tabindex=\"0\" hidden=\"hidden\"><p><img decoding=\"async\" data-recalc-dims=\"1\" class=\"alignnone size-full wp-image-5604\" src=\"https:\/\/i0.wp.com\/fadn.cz\/wp-content\/uploads\/2023\/04\/logo_male_modre_fadn.png?resize=19%2C19&#038;ssl=1\" alt=\"\" width=\"19\" height=\"19\" srcset=\"https:\/\/i0.wp.com\/fadn.cz\/wp-content\/uploads\/2023\/04\/logo_male_modre_fadn.png?w=19&amp;ssl=1 19w, https:\/\/i0.wp.com\/fadn.cz\/wp-content\/uploads\/2023\/04\/logo_male_modre_fadn.png?resize=12%2C12&amp;ssl=1 12w\" sizes=\"(max-width: 19px) 100vw, 19px\" \/> \u00a0Pro MZe byla zpracov\u00e1na Souhrnn\u00e1 zpr\u00e1va o&nbsp;fungov\u00e1n\u00ed a&nbsp;v\u00fdstupech s\u00edt\u011b FADN&nbsp;\u010cR v&nbsp;roce 2018 \u201eV\u00fdvoj a&nbsp;provozov\u00e1n\u00ed zem\u011bd\u011blsk\u00e9 \u00fa\u010detn\u00ed datov\u00e9 s\u00edt\u011b FADN&nbsp;\u010cR dle standard\u016f EU\u201c. Rovn\u011b\u017e byl zpracov\u00e1n tematick\u00fd \u00fakol \u201eRoz\u0161\u00ed\u0159en\u00ed z\u00e1kladn\u00edho souboru FADN o&nbsp;podniky hospoda\u0159\u00edc\u00ed v&nbsp;ekologick\u00e9m zem\u011bd\u011blstv\u00ed\u201c. (vlo\u017eeno:&nbsp;21.&nbsp;12.&nbsp;2018)<\/p><p><img decoding=\"async\" data-recalc-dims=\"1\" class=\"alignnone size-full wp-image-5604\" src=\"https:\/\/i0.wp.com\/fadn.cz\/wp-content\/uploads\/2023\/04\/logo_male_modre_fadn.png?resize=19%2C19&#038;ssl=1\" alt=\"\" width=\"19\" height=\"19\" srcset=\"https:\/\/i0.wp.com\/fadn.cz\/wp-content\/uploads\/2023\/04\/logo_male_modre_fadn.png?w=19&amp;ssl=1 19w, https:\/\/i0.wp.com\/fadn.cz\/wp-content\/uploads\/2023\/04\/logo_male_modre_fadn.png?resize=12%2C12&amp;ssl=1 12w\" sizes=\"(max-width: 19px) 100vw, 19px\" \/> \u00a0V prosinci 2018 byla vyd\u00e1na publikace \u201eV\u00fdb\u011brov\u00e9 \u0161et\u0159en\u00ed hospod\u00e1\u0159sk\u00fdch v\u00fdsledk\u016f zem\u011bd\u011blsk\u00fdch podnik\u016f v&nbsp;s\u00edti FADN&nbsp;CZ za&nbsp;rok 2017\u201c. (vlo\u017eeno:&nbsp;18.&nbsp;12.&nbsp;2018)<\/p><p><img decoding=\"async\" data-recalc-dims=\"1\" class=\"alignnone size-full wp-image-5604\" src=\"https:\/\/i0.wp.com\/fadn.cz\/wp-content\/uploads\/2023\/04\/logo_male_modre_fadn.png?resize=19%2C19&#038;ssl=1\" alt=\"\" width=\"19\" height=\"19\" srcset=\"https:\/\/i0.wp.com\/fadn.cz\/wp-content\/uploads\/2023\/04\/logo_male_modre_fadn.png?w=19&amp;ssl=1 19w, https:\/\/i0.wp.com\/fadn.cz\/wp-content\/uploads\/2023\/04\/logo_male_modre_fadn.png?resize=12%2C12&amp;ssl=1 12w\" sizes=\"(max-width: 19px) 100vw, 19px\" \/> \u00a0Mezin\u00e1rodn\u00ed konference \u201eThe 2018 EU Agricultural Outlook Conference: The future of food and farming: food for thought\u201c se&nbsp;konala ve&nbsp;dnech 6. \u2013 7.&nbsp;prosince 2018 v&nbsp;Bruselu. Hlavn\u00edm t\u00e9matem byla inovace a&nbsp;digitalizace v&nbsp;zem\u011bd\u011blstv\u00ed a&nbsp;byl p\u0159edstaven nov\u00fd odhad v\u00fdvoje zem\u011bd\u011blstv\u00ed v&nbsp;EU do&nbsp;roku 2030. Z\u00fa\u010dastn\u011bn\u00e9 z\u00e1stupkyn\u011b FADN&nbsp;CZ z\u00edskaly cenn\u00e9 informace pro&nbsp;intern\u00ed projekty IDP 1129 a&nbsp;IVP1281. (vlo\u017eeno:&nbsp;10.&nbsp;12.&nbsp;2018)<\/p><p><img decoding=\"async\" data-recalc-dims=\"1\" class=\"alignnone size-full wp-image-5604\" src=\"https:\/\/i0.wp.com\/fadn.cz\/wp-content\/uploads\/2023\/04\/logo_male_modre_fadn.png?resize=19%2C19&#038;ssl=1\" alt=\"\" width=\"19\" height=\"19\" srcset=\"https:\/\/i0.wp.com\/fadn.cz\/wp-content\/uploads\/2023\/04\/logo_male_modre_fadn.png?w=19&amp;ssl=1 19w, https:\/\/i0.wp.com\/fadn.cz\/wp-content\/uploads\/2023\/04\/logo_male_modre_fadn.png?resize=12%2C12&amp;ssl=1 12w\" sizes=\"(max-width: 19px) 100vw, 19px\" \/> \u00a0Dne 5.&nbsp;12.&nbsp;2018 se&nbsp;konalo v&nbsp;\u00daZEI zased\u00e1n\u00ed Ekonomick\u00e9 komise Agr\u00e1rn\u00ed komory \u010cR. Na&nbsp;zased\u00e1n\u00ed vystoupil Ing.&nbsp;Josef Hanibal s&nbsp;prezentac\u00ed V\u00fdsledky \u0161et\u0159en\u00ed FADN za&nbsp;rok 2017, kde zhodnotil ekonomick\u00e9 v\u00fdsledky zem\u011bd\u011blsk\u00fdch podnik\u016f podle jednotliv\u00fdch typ\u016f v\u00fdrobn\u00edho zam\u011b\u0159en\u00ed u&nbsp;podnik\u016f pr\u00e1vnick\u00fdch a&nbsp;fyzick\u00fdch osob. Prob\u011bhla diskuse k&nbsp;n\u00e1vrhu zv\u00fd\u0161en\u00ed hranice ekonomick\u00e9 velikosti pro&nbsp;sb\u011br dat FADN pro&nbsp;p\u0159\u00ed\u0161t\u00ed obdob\u00ed. D\u00e1le vystoupil Ing.&nbsp;Ji\u0159\u00ed Hrbek z&nbsp;\u010cS\u00da s&nbsp;prezentac\u00ed na&nbsp;t\u00e9ma Spot\u0159eba potravin. (vlo\u017eeno:&nbsp;6.&nbsp;12.&nbsp;2018)<\/p><p><img decoding=\"async\" data-recalc-dims=\"1\" class=\"alignnone size-full wp-image-5604\" src=\"https:\/\/i0.wp.com\/fadn.cz\/wp-content\/uploads\/2023\/04\/logo_male_modre_fadn.png?resize=19%2C19&#038;ssl=1\" alt=\"\" width=\"19\" height=\"19\" srcset=\"https:\/\/i0.wp.com\/fadn.cz\/wp-content\/uploads\/2023\/04\/logo_male_modre_fadn.png?w=19&amp;ssl=1 19w, https:\/\/i0.wp.com\/fadn.cz\/wp-content\/uploads\/2023\/04\/logo_male_modre_fadn.png?resize=12%2C12&amp;ssl=1 12w\" sizes=\"(max-width: 19px) 100vw, 19px\" \/> \u00a0U p\u0159\u00edle\u017eitosti slavnostn\u00edho vyhl\u00e1\u0161en\u00ed sout\u011b\u017ee \u201eZem\u011bd\u011blec roku 2018\u201c dne 27.&nbsp;11.&nbsp;2018 v&nbsp;Betl\u00e9msk\u00e9 kapli v&nbsp;Praze se&nbsp;konala mezin\u00e1rodn\u00ed ekonomick\u00e1 konference s&nbsp;n\u00e1zvem Ekonomika zem\u011bd\u011blsk\u00fdch komodit a&nbsp;podnik\u016f v&nbsp;evropsk\u00e9m srovn\u00e1n\u00ed. Na&nbsp;konferenci byla Ing.&nbsp;Hanibalem p\u0159ednesena prezentace \u201eMezin\u00e1rodn\u00ed porovn\u00e1n\u00ed ekonomik velk\u00fdch zem\u011bd\u011blsk\u00fdch podnik\u016f \u010cR a&nbsp;vybran\u00fdch zem\u00ed\u201c. (vlo\u017eeno:&nbsp;28.&nbsp;11.&nbsp;2018)<\/p><p><img decoding=\"async\" data-recalc-dims=\"1\" class=\"alignnone size-full wp-image-5604\" src=\"https:\/\/i0.wp.com\/fadn.cz\/wp-content\/uploads\/2023\/04\/logo_male_modre_fadn.png?resize=19%2C19&#038;ssl=1\" alt=\"\" width=\"19\" height=\"19\" srcset=\"https:\/\/i0.wp.com\/fadn.cz\/wp-content\/uploads\/2023\/04\/logo_male_modre_fadn.png?w=19&amp;ssl=1 19w, https:\/\/i0.wp.com\/fadn.cz\/wp-content\/uploads\/2023\/04\/logo_male_modre_fadn.png?resize=12%2C12&amp;ssl=1 12w\" sizes=\"(max-width: 19px) 100vw, 19px\" \/> \u00a021. \u2013 23.11.&nbsp;2018: Z\u00e1stupkyn\u011b FADN&nbsp;CZ nav\u0161t\u00edvily odd\u011blen\u00ed \u201eAgriculture Accountancy Department\u201c, kter\u00e9 za\u0161ti\u0165uje organizaci FADN v&nbsp;Polsku. Konzultovaly zde kl\u00ed\u010dov\u00e9 problematiky fungov\u00e1n\u00ed FADN a&nbsp;tak\u00e9 metodiku v\u00edcekriteri\u00e1ln\u00edho hodnocen\u00ed zem\u011bd\u011blsk\u00fdch podnik\u016f, kter\u00e1 je p\u0159edm\u011btem intern\u00edho v\u00fdzkumn\u00e9ho projektu. (vlo\u017eeno:&nbsp;26.&nbsp;11.&nbsp;2018)<\/p><p><img decoding=\"async\" data-recalc-dims=\"1\" class=\"alignnone size-full wp-image-5604\" src=\"https:\/\/i0.wp.com\/fadn.cz\/wp-content\/uploads\/2023\/04\/logo_male_modre_fadn.png?resize=19%2C19&#038;ssl=1\" alt=\"\" width=\"19\" height=\"19\" srcset=\"https:\/\/i0.wp.com\/fadn.cz\/wp-content\/uploads\/2023\/04\/logo_male_modre_fadn.png?w=19&amp;ssl=1 19w, https:\/\/i0.wp.com\/fadn.cz\/wp-content\/uploads\/2023\/04\/logo_male_modre_fadn.png?resize=12%2C12&amp;ssl=1 12w\" sizes=\"(max-width: 19px) 100vw, 19px\" \/> \u00a0Data za&nbsp;\u00fa\u010detn\u00ed rok 2017 byla odesl\u00e1na do&nbsp;DG AGRI v&nbsp;Bruselu 16.&nbsp;11.&nbsp;2018. (vlo\u017eeno:&nbsp;19.&nbsp;11.&nbsp;2018)<\/p><p><img decoding=\"async\" data-recalc-dims=\"1\" class=\"alignnone size-full wp-image-5604\" src=\"https:\/\/i0.wp.com\/fadn.cz\/wp-content\/uploads\/2023\/04\/logo_male_modre_fadn.png?resize=19%2C19&#038;ssl=1\" alt=\"\" width=\"19\" height=\"19\" srcset=\"https:\/\/i0.wp.com\/fadn.cz\/wp-content\/uploads\/2023\/04\/logo_male_modre_fadn.png?w=19&amp;ssl=1 19w, https:\/\/i0.wp.com\/fadn.cz\/wp-content\/uploads\/2023\/04\/logo_male_modre_fadn.png?resize=12%2C12&amp;ssl=1 12w\" sizes=\"(max-width: 19px) 100vw, 19px\" \/> \u00a015. \u2013 16.&nbsp;11.&nbsp;2018 byli z\u00e1stupci FADN&nbsp;CZ p\u0159\u00edtomni na&nbsp;jedn\u00e1n\u00ed pracovn\u00edch skupin OECD. Prvn\u00ed den se&nbsp;z\u00fa\u010dastnili spole\u010dn\u00e9ho semin\u00e1\u0159e pracovn\u00edch skupin OECD APM (Agricultural Policies and Markets) a&nbsp;FLA (Farm Level Analysis). N\u00e1sleduj\u00edc\u00edho dne se&nbsp;konalo 22.&nbsp;zased\u00e1n\u00ed pracovn\u00ed skupiny FLA. Z\u00e1stupce pracovi\u0161t\u011b FADN, Dr. Ing.&nbsp;Vladim\u00edr Kostliv\u00fd, prezentoval p\u0159\u00edsp\u011bvek o&nbsp;uplatn\u011bn\u00ed postup\u016f a&nbsp;metodik projektu \u201eDrivers of Farm Performance\u201c na&nbsp;datech FADN&nbsp;\u010cR za&nbsp;obdob\u00ed 2005&nbsp;\u2013 2015 u&nbsp;podnik\u016f poln\u00ed v\u00fdroby. (vlo\u017eeno:&nbsp;19.&nbsp;11.&nbsp;2018)<\/p><p><img decoding=\"async\" data-recalc-dims=\"1\" class=\"alignnone size-full wp-image-5604\" src=\"https:\/\/i0.wp.com\/fadn.cz\/wp-content\/uploads\/2023\/04\/logo_male_modre_fadn.png?resize=19%2C19&#038;ssl=1\" alt=\"\" width=\"19\" height=\"19\" srcset=\"https:\/\/i0.wp.com\/fadn.cz\/wp-content\/uploads\/2023\/04\/logo_male_modre_fadn.png?w=19&amp;ssl=1 19w, https:\/\/i0.wp.com\/fadn.cz\/wp-content\/uploads\/2023\/04\/logo_male_modre_fadn.png?resize=12%2C12&amp;ssl=1 12w\" sizes=\"(max-width: 19px) 100vw, 19px\" \/> \u00a0Dne 15.&nbsp;11.&nbsp;2018 byl uskute\u010dn\u011bn semin\u00e1\u0159 u&nbsp;Ing.&nbsp;Zde\u0148ka Moce \u2013 soukrom\u00e9ho zem\u011bd\u011blce, zab\u00fdvaj\u00edc\u00ed se&nbsp;p\u011bstov\u00e1n\u00edm p\u0159ev\u00e1\u017en\u011b zeleniny a&nbsp;obil\u00ed. Semin\u00e1\u0159e se&nbsp;z\u00fa\u010dastnilo n\u011bkolik pracovn\u00edk\u016f z&nbsp;FADN. Program semin\u00e1\u0159e byl zam\u011b\u0159en na&nbsp;administrativn\u00ed zat\u00ed\u017een\u00ed zem\u011bd\u011blce, v\u00fdrobn\u00ed a&nbsp;ekonomick\u00e9 v\u00fdsledky jeho podniku, v\u010detn\u011b uk\u00e1zek v&nbsp;ter\u00e9nu. V&nbsp;odpoledn\u00edch hodin\u00e1ch prob\u011bhla exkurze ve&nbsp;sklen\u00edc\u00edch Ing.&nbsp;Tom\u00e1\u0161e Valtra, kde p\u011bstuj\u00ed p\u0159ev\u00e1\u017en\u011b hrnkov\u00e9 kv\u011btiny. (vlo\u017eeno:&nbsp;16.&nbsp;11.&nbsp;2018)<\/p><p><img decoding=\"async\" data-recalc-dims=\"1\" class=\"alignnone size-full wp-image-5604\" src=\"https:\/\/i0.wp.com\/fadn.cz\/wp-content\/uploads\/2023\/04\/logo_male_modre_fadn.png?resize=19%2C19&#038;ssl=1\" alt=\"\" width=\"19\" height=\"19\" srcset=\"https:\/\/i0.wp.com\/fadn.cz\/wp-content\/uploads\/2023\/04\/logo_male_modre_fadn.png?w=19&amp;ssl=1 19w, https:\/\/i0.wp.com\/fadn.cz\/wp-content\/uploads\/2023\/04\/logo_male_modre_fadn.png?resize=12%2C12&amp;ssl=1 12w\" sizes=\"(max-width: 19px) 100vw, 19px\" \/> \u00a0Dne 14.&nbsp;11.&nbsp;2018 se&nbsp;uskute\u010dnilo 15.&nbsp;zased\u00e1n\u00ed N\u00e1rodn\u00ed komise FADN&nbsp;CZ.<\/p><p><img decoding=\"async\" data-recalc-dims=\"1\" class=\"alignnone size-full wp-image-5604\" src=\"https:\/\/i0.wp.com\/fadn.cz\/wp-content\/uploads\/2023\/04\/logo_male_modre_fadn.png?resize=19%2C19&#038;ssl=1\" alt=\"\" width=\"19\" height=\"19\" srcset=\"https:\/\/i0.wp.com\/fadn.cz\/wp-content\/uploads\/2023\/04\/logo_male_modre_fadn.png?w=19&amp;ssl=1 19w, https:\/\/i0.wp.com\/fadn.cz\/wp-content\/uploads\/2023\/04\/logo_male_modre_fadn.png?resize=12%2C12&amp;ssl=1 12w\" sizes=\"(max-width: 19px) 100vw, 19px\" \/> \u00a0Dne 24. \u2013 25.&nbsp;10.&nbsp;2018 prob\u011bhlo v&nbsp;Bruselu 203.&nbsp;zased\u00e1n\u00ed Komunitn\u00edho v\u00fdboru FADN.<\/p><p><img decoding=\"async\" data-recalc-dims=\"1\" class=\"alignnone size-full wp-image-5604\" src=\"https:\/\/i0.wp.com\/fadn.cz\/wp-content\/uploads\/2023\/04\/logo_male_modre_fadn.png?resize=19%2C19&#038;ssl=1\" alt=\"\" width=\"19\" height=\"19\" srcset=\"https:\/\/i0.wp.com\/fadn.cz\/wp-content\/uploads\/2023\/04\/logo_male_modre_fadn.png?w=19&amp;ssl=1 19w, https:\/\/i0.wp.com\/fadn.cz\/wp-content\/uploads\/2023\/04\/logo_male_modre_fadn.png?resize=12%2C12&amp;ssl=1 12w\" sizes=\"(max-width: 19px) 100vw, 19px\" \/> \u00a0Stru\u010dn\u00fd z\u00e1pis projedn\u00e1van\u00fdch t\u00e9mat je v&nbsp;adres\u00e1\u0159i \u201eDG AGRI, \u0159\u00edd\u00edc\u00ed komise FADN EU\u201c. (vlo\u017eeno:&nbsp;26.&nbsp;10.&nbsp;2018)<\/p><p><img decoding=\"async\" data-recalc-dims=\"1\" class=\"alignnone size-full wp-image-5604\" src=\"https:\/\/i0.wp.com\/fadn.cz\/wp-content\/uploads\/2023\/04\/logo_male_modre_fadn.png?resize=19%2C19&#038;ssl=1\" alt=\"\" width=\"19\" height=\"19\" srcset=\"https:\/\/i0.wp.com\/fadn.cz\/wp-content\/uploads\/2023\/04\/logo_male_modre_fadn.png?w=19&amp;ssl=1 19w, https:\/\/i0.wp.com\/fadn.cz\/wp-content\/uploads\/2023\/04\/logo_male_modre_fadn.png?resize=12%2C12&amp;ssl=1 12w\" sizes=\"(max-width: 19px) 100vw, 19px\" \/> \u00a0Z\u00e1stupci kontaktn\u00edho pracovi\u0161t\u011b FADN se&nbsp;v&nbsp;Budape\u0161ti z\u00fa\u010dastnili 26. Pacioli workshopu konan\u00e9ho ve&nbsp;dnech 30.&nbsp;9. \u2013 3.&nbsp;10.&nbsp;2018. Ing.&nbsp;Zuzana Hlou\u0161kov\u00e1 prezentovala prvn\u00ed zji\u0161t\u011bn\u00e9 v\u00fdsledky intern\u00edho v\u00fdzkumn\u00e9ho projektu \u201eMulti-dimensional evaluation of Czech FADN farms\u201c, kter\u00e9 maj\u00ed za&nbsp;c\u00edl p\u0159isp\u011bt k&nbsp;hodnocen\u00ed celkov\u00e9 trval\u00e9 udr\u017eitelnosti \u010desk\u00e9ho zem\u011bd\u011blstv\u00ed a&nbsp;zem\u011bd\u011blsk\u00fdch podnik\u016f. (vlo\u017eeno:&nbsp;5.&nbsp;10.&nbsp;2018)<\/p><p><img decoding=\"async\" data-recalc-dims=\"1\" class=\"alignnone size-full wp-image-5604\" src=\"https:\/\/i0.wp.com\/fadn.cz\/wp-content\/uploads\/2023\/04\/logo_male_modre_fadn.png?resize=19%2C19&#038;ssl=1\" alt=\"\" width=\"19\" height=\"19\" srcset=\"https:\/\/i0.wp.com\/fadn.cz\/wp-content\/uploads\/2023\/04\/logo_male_modre_fadn.png?w=19&amp;ssl=1 19w, https:\/\/i0.wp.com\/fadn.cz\/wp-content\/uploads\/2023\/04\/logo_male_modre_fadn.png?resize=12%2C12&amp;ssl=1 12w\" sizes=\"(max-width: 19px) 100vw, 19px\" \/> \u00a0V \u010dasopise \u00daroda (9\/2018) byl publikov\u00e1n p\u0159\u00edsp\u011bvek \u201eEkonomika hospoda\u0159en\u00ed podnik\u016f poln\u00ed v\u00fdroby v&nbsp;letech 2014-2016\u201c, kter\u00fd shrnuje slo\u017een\u00ed produkce rostlinn\u00e9 v\u00fdroby, efektivitu hospoda\u0159en\u00ed podle ekonomick\u00e9 velikosti podniku a&nbsp;hlavn\u00ed slo\u017eky n\u00e1klad\u016f. \u010cl\u00e1nek Ing.&nbsp;Zuzany Fuksov\u00e9, Ph.D. a&nbsp;Ing.&nbsp;Petry B\u00edl\u00e9 byl publikov\u00e1n 6.&nbsp;z\u00e1\u0159\u00ed 2018. (vlo\u017eeno:&nbsp;10.&nbsp;9.&nbsp;2018)<\/p><p><img decoding=\"async\" data-recalc-dims=\"1\" class=\"alignnone size-full wp-image-5604\" src=\"https:\/\/i0.wp.com\/fadn.cz\/wp-content\/uploads\/2023\/04\/logo_male_modre_fadn.png?resize=19%2C19&#038;ssl=1\" alt=\"\" width=\"19\" height=\"19\" srcset=\"https:\/\/i0.wp.com\/fadn.cz\/wp-content\/uploads\/2023\/04\/logo_male_modre_fadn.png?w=19&amp;ssl=1 19w, https:\/\/i0.wp.com\/fadn.cz\/wp-content\/uploads\/2023\/04\/logo_male_modre_fadn.png?resize=12%2C12&amp;ssl=1 12w\" sizes=\"(max-width: 19px) 100vw, 19px\" \/> \u00a0Zem\u011b \u017eivitelka 2018. Ve&nbsp;dnech 23. \u2013 24.&nbsp;8.&nbsp;2018 budou pracovn\u00edci Kontaktn\u00edho pracovi\u0161t\u011b FADN&nbsp;CZ v&nbsp;hlavn\u00edm pavilonu T na&nbsp;v\u00fdstavi\u0161ti v&nbsp;\u010cesk\u00fdch Bud\u011bjovic\u00edch zodpov\u00eddat Va\u0161e ot\u00e1zky s&nbsp;c\u00edlem zv\u00fd\u0161it informovanost ve\u0159ejnosti o&nbsp;s\u00edti FADN v&nbsp;\u010cR. (vlo\u017eeno:&nbsp;21.&nbsp;8.&nbsp;2018)<\/p><p><img decoding=\"async\" data-recalc-dims=\"1\" class=\"alignnone size-full wp-image-5604\" src=\"https:\/\/i0.wp.com\/fadn.cz\/wp-content\/uploads\/2023\/04\/logo_male_modre_fadn.png?resize=19%2C19&#038;ssl=1\" alt=\"\" width=\"19\" height=\"19\" srcset=\"https:\/\/i0.wp.com\/fadn.cz\/wp-content\/uploads\/2023\/04\/logo_male_modre_fadn.png?w=19&amp;ssl=1 19w, https:\/\/i0.wp.com\/fadn.cz\/wp-content\/uploads\/2023\/04\/logo_male_modre_fadn.png?resize=12%2C12&amp;ssl=1 12w\" sizes=\"(max-width: 19px) 100vw, 19px\" \/> \u00a0Od dne\u0161n\u00edho dne (20.8.&nbsp;2018) jsme pro&nbsp;V\u00e1s i&nbsp;na&nbsp;Facebooku. Budeme r\u00e1di, kdy\u017e n\u00e1s budete sledovat. Dozv\u00edte se&nbsp;zaj\u00edmav\u00e9 informace o&nbsp;po\u0159\u00e1dan\u00fdch akc\u00edch, o&nbsp;v\u00fdstupech na\u0161\u00ed \u010dinnosti i&nbsp;o&nbsp;zp\u016fsobech, jak\u00fdmi je mo\u017en\u00e9 vyu\u017e\u00edt s\u00ed\u0165 FADN pr\u00e1v\u011b pro&nbsp;Va\u0161e podnik\u00e1n\u00ed. A&nbsp;nejen to, ale i&nbsp;mnoho dal\u0161\u00edho. Va\u0161e FADN<\/p><p><img decoding=\"async\" data-recalc-dims=\"1\" class=\"alignnone size-full wp-image-5604\" src=\"https:\/\/i0.wp.com\/fadn.cz\/wp-content\/uploads\/2023\/04\/logo_male_modre_fadn.png?resize=19%2C19&#038;ssl=1\" alt=\"\" width=\"19\" height=\"19\" srcset=\"https:\/\/i0.wp.com\/fadn.cz\/wp-content\/uploads\/2023\/04\/logo_male_modre_fadn.png?w=19&amp;ssl=1 19w, https:\/\/i0.wp.com\/fadn.cz\/wp-content\/uploads\/2023\/04\/logo_male_modre_fadn.png?resize=12%2C12&amp;ssl=1 12w\" sizes=\"(max-width: 19px) 100vw, 19px\" \/> \u00a0Dne 28.&nbsp;6.&nbsp;2018 prob\u011bhl v&nbsp;\u00daZEI intern\u00ed semin\u00e1\u0159, jeho\u017e obsahem bylo sezn\u00e1mit p\u0159\u00edtomn\u00e9 s&nbsp;desetiletou \u010dinnost\u00ed pracovn\u00ed skupiny OECD Farm Level Analysis Network a&nbsp;s&nbsp;projektem \u201eAnal\u00fdza faktor\u016f ovliv\u0148uj\u00edc\u00edch v\u00fdkonnost farem\u201c. Pracovi\u0161t\u011b FADN&nbsp;\u010cR je do&nbsp;tohoto projektu aktivn\u011b zapojeno. V&nbsp;r\u00e1mci semin\u00e1\u0159e byly prezentov\u00e1ny v\u00fdsledky 1.&nbsp;etapy projektu a&nbsp;podrobn\u011bji pak \u010d\u00e1sti p\u0159\u00edpadov\u00e9 studie hodnot\u00edc\u00ed produktivitu a&nbsp;technickou efektivnost farem \u010cesk\u00e9 republiky v\u00fdrobn\u00edho zam\u011b\u0159en\u00ed produkce ml\u00e9ka. Jedn\u00e1 se&nbsp;o&nbsp;empirick\u00e9 vyu\u017eit\u00ed dat FADN z&nbsp;obdob\u00ed 2005-2015, projekt je dvoulet\u00fd s&nbsp;term\u00ednem ukon\u010den\u00ed v&nbsp;listopadu 2018.<\/p><p><img decoding=\"async\" data-recalc-dims=\"1\" class=\"alignnone size-full wp-image-5604\" src=\"https:\/\/i0.wp.com\/fadn.cz\/wp-content\/uploads\/2023\/04\/logo_male_modre_fadn.png?resize=19%2C19&#038;ssl=1\" alt=\"\" width=\"19\" height=\"19\" srcset=\"https:\/\/i0.wp.com\/fadn.cz\/wp-content\/uploads\/2023\/04\/logo_male_modre_fadn.png?w=19&amp;ssl=1 19w, https:\/\/i0.wp.com\/fadn.cz\/wp-content\/uploads\/2023\/04\/logo_male_modre_fadn.png?resize=12%2C12&amp;ssl=1 12w\" sizes=\"(max-width: 19px) 100vw, 19px\" \/> \u00a0V t\u00fdden\u00edku Zem\u011bd\u011blec (26\/2018) byly v&nbsp;p\u0159\u00edsp\u011bvku \u201eEkonomika ekologick\u00fdch farem\u201c publikov\u00e1ny ekonomick\u00e9 v\u00fdsledky EZ, v\u00fdvoj n\u00e1klad\u016f a&nbsp;produkce EZ za&nbsp;obdob\u00ed 2011\u20132016 na&nbsp;z\u00e1klad\u011b \u00fadaj\u016f FADN. \u010cl\u00e1nek spoluautor\u016f Ing.&nbsp;Josefa Hanibala, Ing.&nbsp;Vladim\u00edra Kostliv\u00e9ho Dr. a&nbsp;Mgr. Tom\u00e1\u0161e Vintra byl publikov\u00e1n 25.&nbsp;\u010dervna 2018. (vlo\u017eeno:&nbsp;26.&nbsp;6.&nbsp;2018)<\/p><p><img decoding=\"async\" data-recalc-dims=\"1\" class=\"alignnone size-full wp-image-5604\" src=\"https:\/\/i0.wp.com\/fadn.cz\/wp-content\/uploads\/2023\/04\/logo_male_modre_fadn.png?resize=19%2C19&#038;ssl=1\" alt=\"\" width=\"19\" height=\"19\" srcset=\"https:\/\/i0.wp.com\/fadn.cz\/wp-content\/uploads\/2023\/04\/logo_male_modre_fadn.png?w=19&amp;ssl=1 19w, https:\/\/i0.wp.com\/fadn.cz\/wp-content\/uploads\/2023\/04\/logo_male_modre_fadn.png?resize=12%2C12&amp;ssl=1 12w\" sizes=\"(max-width: 19px) 100vw, 19px\" \/> \u00a04.&nbsp;6. \u2013 5.&nbsp;6.&nbsp;2018 se&nbsp;z\u00e1stupci FADN&nbsp;CZ z\u00fa\u010dastnili 21.&nbsp;zased\u00e1n\u00ed s\u00edt\u011b Farm Level Analysis p\u0159i&nbsp;OECD, kter\u00e1 je zam\u011b\u0159ena na&nbsp;anal\u00fdzy na&nbsp;podnikov\u00e9 \u00farovni. Zejm\u00e9na se&nbsp;diskutoval prvn\u00ed v\u00fdstup projektu analyzuj\u00edc\u00ed faktory, kter\u00e9 ovliv\u0148uj\u00ed v\u00fdkonnost zem\u011bd\u011blsk\u00fdch podnik\u016f. Do&nbsp;\u0159e\u0161en\u00ed tohoto projektu je aktivn\u011b zapojeno Kontaktn\u00ed pracovi\u0161t\u011b FADN.<\/p><p><img decoding=\"async\" data-recalc-dims=\"1\" class=\"alignnone size-full wp-image-5604\" src=\"https:\/\/i0.wp.com\/fadn.cz\/wp-content\/uploads\/2023\/04\/logo_male_modre_fadn.png?resize=19%2C19&#038;ssl=1\" alt=\"\" width=\"19\" height=\"19\" srcset=\"https:\/\/i0.wp.com\/fadn.cz\/wp-content\/uploads\/2023\/04\/logo_male_modre_fadn.png?w=19&amp;ssl=1 19w, https:\/\/i0.wp.com\/fadn.cz\/wp-content\/uploads\/2023\/04\/logo_male_modre_fadn.png?resize=12%2C12&amp;ssl=1 12w\" sizes=\"(max-width: 19px) 100vw, 19px\" \/> \u00a0Dne 23. \u2013 24.&nbsp;5.&nbsp;2018 prob\u011bhlo v&nbsp;Bruselu 202.&nbsp;zased\u00e1n\u00ed Komunitn\u00edho v\u00fdboru FADN.<\/p><p><img decoding=\"async\" data-recalc-dims=\"1\" class=\"alignnone size-full wp-image-5604\" src=\"https:\/\/i0.wp.com\/fadn.cz\/wp-content\/uploads\/2023\/04\/logo_male_modre_fadn.png?resize=19%2C19&#038;ssl=1\" alt=\"\" width=\"19\" height=\"19\" srcset=\"https:\/\/i0.wp.com\/fadn.cz\/wp-content\/uploads\/2023\/04\/logo_male_modre_fadn.png?w=19&amp;ssl=1 19w, https:\/\/i0.wp.com\/fadn.cz\/wp-content\/uploads\/2023\/04\/logo_male_modre_fadn.png?resize=12%2C12&amp;ssl=1 12w\" sizes=\"(max-width: 19px) 100vw, 19px\" \/> \u00a0Stru\u010dn\u00fd z\u00e1pis z&nbsp;jedn\u00e1n\u00ed je v&nbsp;adres\u00e1\u0159i \u201eDG AGRI, \u0159\u00edd\u00edc\u00ed komise FAD EU\u201c \u2013 2018. (vlo\u017eeno:&nbsp;28.&nbsp;5.&nbsp;2018)<\/p><p><img decoding=\"async\" data-recalc-dims=\"1\" class=\"alignnone size-full wp-image-5604\" src=\"https:\/\/i0.wp.com\/fadn.cz\/wp-content\/uploads\/2023\/04\/logo_male_modre_fadn.png?resize=19%2C19&#038;ssl=1\" alt=\"\" width=\"19\" height=\"19\" srcset=\"https:\/\/i0.wp.com\/fadn.cz\/wp-content\/uploads\/2023\/04\/logo_male_modre_fadn.png?w=19&amp;ssl=1 19w, https:\/\/i0.wp.com\/fadn.cz\/wp-content\/uploads\/2023\/04\/logo_male_modre_fadn.png?resize=12%2C12&amp;ssl=1 12w\" sizes=\"(max-width: 19px) 100vw, 19px\" \/> \u00a0Ukon\u010den\u00ed p\u0159\u00edjmu podnik\u016f v&nbsp;prvn\u00edm \u010dasov\u00e9m re\u017eimu 31.&nbsp;5.&nbsp;2018. (vlo\u017eeno&nbsp;18.&nbsp;5.&nbsp;2018)<\/p><p><img decoding=\"async\" data-recalc-dims=\"1\" class=\"alignnone size-full wp-image-5604\" src=\"https:\/\/i0.wp.com\/fadn.cz\/wp-content\/uploads\/2023\/04\/logo_male_modre_fadn.png?resize=19%2C19&#038;ssl=1\" alt=\"\" width=\"19\" height=\"19\" srcset=\"https:\/\/i0.wp.com\/fadn.cz\/wp-content\/uploads\/2023\/04\/logo_male_modre_fadn.png?w=19&amp;ssl=1 19w, https:\/\/i0.wp.com\/fadn.cz\/wp-content\/uploads\/2023\/04\/logo_male_modre_fadn.png?resize=12%2C12&amp;ssl=1 12w\" sizes=\"(max-width: 19px) 100vw, 19px\" \/> \u00a0V t\u00fdden\u00edku Zem\u011bd\u011blec (16\/2018) byl v&nbsp;p\u0159\u00edsp\u011bvku \u201eOn-line finan\u010dn\u00ed anal\u00fdza ve&nbsp;FADN\u201c uveden p\u0159\u00edklad konkr\u00e9tn\u00edho vyu\u017eit\u00ed datov\u00e9 z\u00e1kladny FADN pro&nbsp;\u00fa\u010dely vlastn\u00ed finan\u010dn\u00ed anal\u00fdzy zem\u011bd\u011blsk\u00e9ho podniku. \u010cl\u00e1nek spoluautor\u016f doc. Ing.&nbsp;Jind\u0159icha \u0160pi\u010dky Ph.D., Ing.&nbsp;Jany Mach\u00e1\u010dkov\u00e9 a&nbsp;Ing.&nbsp;Zuzany Hlou\u0161kov\u00e9 byl publikov\u00e1n 16.&nbsp;dubna 2018. (vlo\u017eeno:&nbsp;18.&nbsp;4.&nbsp;2018)<\/p><p><img decoding=\"async\" data-recalc-dims=\"1\" class=\"alignnone size-full wp-image-5604\" src=\"https:\/\/i0.wp.com\/fadn.cz\/wp-content\/uploads\/2023\/04\/logo_male_modre_fadn.png?resize=19%2C19&#038;ssl=1\" alt=\"\" width=\"19\" height=\"19\" srcset=\"https:\/\/i0.wp.com\/fadn.cz\/wp-content\/uploads\/2023\/04\/logo_male_modre_fadn.png?w=19&amp;ssl=1 19w, https:\/\/i0.wp.com\/fadn.cz\/wp-content\/uploads\/2023\/04\/logo_male_modre_fadn.png?resize=12%2C12&amp;ssl=1 12w\" sizes=\"(max-width: 19px) 100vw, 19px\" \/> \u00a0Mezin\u00e1rodn\u00edho workshopu TAIEX v&nbsp;B\u011blehrad\u011b (Srbsko), konan\u00e9m za&nbsp;podpory EU 19.&nbsp;a&nbsp;20.&nbsp;\u00fanora 2018, se&nbsp;jako jeden z&nbsp;odborn\u00fdch garant\u016f z\u00fa\u010dastnil z\u00e1stupce Kontaktn\u00edho pracovi\u0161t\u011b FADN&nbsp;CZ. T\u00e9ma workshopu bylo zam\u011b\u0159eno na&nbsp;vyu\u017eit\u00ed v\u00fdsledk\u016f FADN, syst\u00e9my sb\u011bru dat v&nbsp;\u010dlensk\u00fdch zem\u00edch EU a&nbsp;propagace s\u00edt\u011b FADN. (vlo\u017eeno&nbsp;22.&nbsp;2.&nbsp;2018)<\/p><p><img decoding=\"async\" data-recalc-dims=\"1\" class=\"alignnone size-full wp-image-5604\" src=\"https:\/\/i0.wp.com\/fadn.cz\/wp-content\/uploads\/2023\/04\/logo_male_modre_fadn.png?resize=19%2C19&#038;ssl=1\" alt=\"\" width=\"19\" height=\"19\" srcset=\"https:\/\/i0.wp.com\/fadn.cz\/wp-content\/uploads\/2023\/04\/logo_male_modre_fadn.png?w=19&amp;ssl=1 19w, https:\/\/i0.wp.com\/fadn.cz\/wp-content\/uploads\/2023\/04\/logo_male_modre_fadn.png?resize=12%2C12&amp;ssl=1 12w\" sizes=\"(max-width: 19px) 100vw, 19px\" \/> \u00a0Ve dnech 21.&nbsp;2.&nbsp;a&nbsp;22.&nbsp;2.&nbsp;2018 se&nbsp;uskute\u010dnilo \u0161kolen\u00ed tazatel\u016f k&nbsp;metodice \u0161et\u0159en\u00ed FADN 2017. (vlo\u017eeno:&nbsp;23.&nbsp;2.&nbsp;2018)<\/p><p><img decoding=\"async\" data-recalc-dims=\"1\" class=\"alignnone size-full wp-image-5604\" src=\"https:\/\/i0.wp.com\/fadn.cz\/wp-content\/uploads\/2023\/04\/logo_male_modre_fadn.png?resize=19%2C19&#038;ssl=1\" alt=\"\" width=\"19\" height=\"19\" srcset=\"https:\/\/i0.wp.com\/fadn.cz\/wp-content\/uploads\/2023\/04\/logo_male_modre_fadn.png?w=19&amp;ssl=1 19w, https:\/\/i0.wp.com\/fadn.cz\/wp-content\/uploads\/2023\/04\/logo_male_modre_fadn.png?resize=12%2C12&amp;ssl=1 12w\" sizes=\"(max-width: 19px) 100vw, 19px\" \/> \u00a0Dne 1.&nbsp;2.&nbsp;2018 po\u0159\u00e1dala region\u00e1ln\u00ed agr\u00e1rn\u00ed komora Pardubick\u00e9ho kraje a&nbsp;\u00daZEI odborn\u00fd semin\u00e1\u0159 na&nbsp;t\u00e9ma Ekonomika zem\u011bd\u011blsk\u00fdch komodit a&nbsp;podnik\u016f v&nbsp;evropsk\u00e9m srovn\u00e1n\u00ed. \u00davodn\u00ed slovo p\u0159ednesli Ing.&nbsp;Leo\u0161 \u0158\u00edha, viceprezident AK \u010cR a&nbsp;Ing.&nbsp;\u0160t\u011bp\u00e1n Kala, \u0159editel \u00daZEI. Na&nbsp;semin\u00e1\u0159i vystoupila Ing.&nbsp;V\u011bra Vrko\u010dov\u00e1 s&nbsp;prezentac\u00ed na&nbsp;t\u00e9ma Ekonomick\u00e9 v\u00fdsledky zem\u011bd\u011blsk\u00fdch podnik\u016f \u010cR a&nbsp;EU v&nbsp;s\u00edti FADN. D\u00e1le vystoupili Ing.&nbsp;Iveta Bo\u0161kov\u00e1, Ing.&nbsp;Milu\u0161e Abrahamov\u00e1 a&nbsp;Ing.&nbsp;Petr Novotn\u00fd s&nbsp;prezentacemi, kter\u00e9 se&nbsp;t\u00fdkaly ekonomiky v\u00fdroby ml\u00e9ka a&nbsp;vep\u0159ov\u00e9ho masa a&nbsp;trhu s&nbsp;obilovinami a&nbsp;olejninami. (vlo\u017eeno:&nbsp;2.&nbsp;2.&nbsp;2018)<\/p><p><img decoding=\"async\" data-recalc-dims=\"1\" class=\"alignnone size-full wp-image-5604\" src=\"https:\/\/i0.wp.com\/fadn.cz\/wp-content\/uploads\/2023\/04\/logo_male_modre_fadn.png?resize=19%2C19&#038;ssl=1\" alt=\"\" width=\"19\" height=\"19\" srcset=\"https:\/\/i0.wp.com\/fadn.cz\/wp-content\/uploads\/2023\/04\/logo_male_modre_fadn.png?w=19&amp;ssl=1 19w, https:\/\/i0.wp.com\/fadn.cz\/wp-content\/uploads\/2023\/04\/logo_male_modre_fadn.png?resize=12%2C12&amp;ssl=1 12w\" sizes=\"(max-width: 19px) 100vw, 19px\" \/> \u00a0O v\u00fdhod\u00e1ch a&nbsp;p\u0159\u00ednosech FADN pro&nbsp;ve\u0159ejnost ve&nbsp;vztahu k&nbsp;p\u0159\u00edm\u00e9mu vyu\u017eit\u00ed zji\u0161t\u011bn\u00fdch a&nbsp;vypo\u010d\u00edtan\u00fdch \u00fadaj\u016f uchovan\u00fdch v&nbsp;datab\u00e1zi FADN&nbsp;CZ informovali Ing.&nbsp;Josef Hanibal, Ing.&nbsp;Michaela Leke\u0161ov\u00e1 a&nbsp;Ing.&nbsp;Zuzana Hlou\u0161kov\u00e1 v&nbsp;\u010dl\u00e1nku \u201eVe\u0159ejn\u00e1 datab\u00e1ze datov\u00e9 s\u00edt\u011b FADN\u201c, kter\u00fd vy\u0161el v&nbsp;Odborn\u00e9m a&nbsp;stavovsk\u00e9m t\u00fdden\u00edku Zem\u011bd\u011blec \u010d.&nbsp;2 dne 8.&nbsp;ledna 2018. (vlo\u017eeno:&nbsp;9.&nbsp;1.&nbsp;2018)<\/p><\/div>\n\t\t\t\t\t\t\t\t\t<div class=\"elementor-tab-title elementor-tab-mobile-title\" aria-selected=\"false\" data-tab=\"11\" role=\"tab\" tabindex=\"-1\" aria-controls=\"elementor-tab-content-17011\" aria-expanded=\"false\">2017<\/div>\n\t\t\t\t\t<div id=\"elementor-tab-content-17011\" class=\"elementor-tab-content elementor-clearfix\" data-tab=\"11\" role=\"tabpanel\" aria-labelledby=\"elementor-tab-title-17011\" tabindex=\"0\" hidden=\"hidden\"><p><img decoding=\"async\" data-recalc-dims=\"1\" class=\"alignnone size-full wp-image-5604\" src=\"https:\/\/i0.wp.com\/fadn.cz\/wp-content\/uploads\/2023\/04\/logo_male_modre_fadn.png?resize=19%2C19&#038;ssl=1\" alt=\"\" width=\"19\" height=\"19\" srcset=\"https:\/\/i0.wp.com\/fadn.cz\/wp-content\/uploads\/2023\/04\/logo_male_modre_fadn.png?w=19&amp;ssl=1 19w, https:\/\/i0.wp.com\/fadn.cz\/wp-content\/uploads\/2023\/04\/logo_male_modre_fadn.png?resize=12%2C12&amp;ssl=1 12w\" sizes=\"(max-width: 19px) 100vw, 19px\" \/> \u00a0Pro MZe byla zpracov\u00e1na Souhrnn\u00e1 zpr\u00e1va o&nbsp;fungov\u00e1n\u00ed a&nbsp;v\u00fdstupech s\u00edt\u011b FADN&nbsp;\u010cR v&nbsp;roce 2017 \u201eV\u00fdvoj a&nbsp;provozov\u00e1n\u00ed zem\u011bd\u011blsk\u00e9 \u00fa\u010detn\u00ed datov\u00e9 s\u00edt\u011b FADN&nbsp;\u010cR dle standard\u016f EU\u201c. Rovn\u011b\u017e byl zpracov\u00e1n tematick\u00fd \u00fakol \u201eRoz\u0161\u00ed\u0159en\u00ed z\u00e1kladn\u00edho souboru FADN o&nbsp;podniky hospoda\u0159\u00edc\u00ed v&nbsp;ekologick\u00e9m zem\u011bd\u011blstv\u00ed\u201c. (vlo\u017eeno:&nbsp;21.&nbsp;12.&nbsp;2017)<\/p><p><img decoding=\"async\" data-recalc-dims=\"1\" class=\"alignnone size-full wp-image-5604\" src=\"https:\/\/i0.wp.com\/fadn.cz\/wp-content\/uploads\/2023\/04\/logo_male_modre_fadn.png?resize=19%2C19&#038;ssl=1\" alt=\"\" width=\"19\" height=\"19\" srcset=\"https:\/\/i0.wp.com\/fadn.cz\/wp-content\/uploads\/2023\/04\/logo_male_modre_fadn.png?w=19&amp;ssl=1 19w, https:\/\/i0.wp.com\/fadn.cz\/wp-content\/uploads\/2023\/04\/logo_male_modre_fadn.png?resize=12%2C12&amp;ssl=1 12w\" sizes=\"(max-width: 19px) 100vw, 19px\" \/> \u00a0V prosinci 2017 byla vyd\u00e1na publikace \u201eV\u00fdb\u011brov\u00e9 \u0161et\u0159en\u00ed hospod\u00e1\u0159sk\u00fdch v\u00fdsledk\u016f zem\u011bd\u011blsk\u00fdch podnik\u016f v&nbsp;s\u00edti FADN&nbsp;CZ za&nbsp;rok 2016\u201c. Pro&nbsp;z\u00e1jemce je tato publikace k&nbsp;dispozici na&nbsp;sekretari\u00e1tu Kontaktn\u00edho pracovi\u0161t\u011b FADN&nbsp;CZ, M\u00e1nesova 75, Praha 2. (vlo\u017eeno:&nbsp;20.&nbsp;12.&nbsp;2017)<\/p><p><img decoding=\"async\" data-recalc-dims=\"1\" class=\"alignnone size-full wp-image-5604\" src=\"https:\/\/i0.wp.com\/fadn.cz\/wp-content\/uploads\/2023\/04\/logo_male_modre_fadn.png?resize=19%2C19&#038;ssl=1\" alt=\"\" width=\"19\" height=\"19\" srcset=\"https:\/\/i0.wp.com\/fadn.cz\/wp-content\/uploads\/2023\/04\/logo_male_modre_fadn.png?w=19&amp;ssl=1 19w, https:\/\/i0.wp.com\/fadn.cz\/wp-content\/uploads\/2023\/04\/logo_male_modre_fadn.png?resize=12%2C12&amp;ssl=1 12w\" sizes=\"(max-width: 19px) 100vw, 19px\" \/> \u00a0Extrapolace a&nbsp;predikce v\u00fdsledk\u016f \u2013 Speci\u00e1ln\u00edm metod\u00e1m, d\u00edky nim\u017e lze z\u00edskat absolutn\u00ed vyj\u00e1d\u0159en\u00ed ekonomick\u00fdch v\u00fdsledk\u016f zem\u011bd\u011blstv\u00ed za&nbsp;celou \u010ceskou republiku, se&nbsp;v\u011bnuje odborn\u00fd \u010dl\u00e1nek autorek Michaely Leke\u0161ov\u00e9, Zuzany Hlou\u0161kov\u00e9 a&nbsp;Petry \u017den\u00ed\u0161kov\u00e9 z&nbsp;Kontaktn\u00edho pracovi\u0161t\u011b FADN. Text vy\u0161el v&nbsp;Odborn\u00e9m a&nbsp;stavovsk\u00e9m t\u00fdden\u00edku Zem\u011bd\u011blec \u010d.&nbsp;50 dne 11.&nbsp;prosince 2017. (vlo\u017eeno:&nbsp;12.&nbsp;12.&nbsp;2017)<\/p><p><img decoding=\"async\" data-recalc-dims=\"1\" class=\"alignnone size-full wp-image-5604\" src=\"https:\/\/i0.wp.com\/fadn.cz\/wp-content\/uploads\/2023\/04\/logo_male_modre_fadn.png?resize=19%2C19&#038;ssl=1\" alt=\"\" width=\"19\" height=\"19\" srcset=\"https:\/\/i0.wp.com\/fadn.cz\/wp-content\/uploads\/2023\/04\/logo_male_modre_fadn.png?w=19&amp;ssl=1 19w, https:\/\/i0.wp.com\/fadn.cz\/wp-content\/uploads\/2023\/04\/logo_male_modre_fadn.png?resize=12%2C12&amp;ssl=1 12w\" sizes=\"(max-width: 19px) 100vw, 19px\" \/> \u00a0Ve dnech 27.&nbsp;11. \u2013 28.&nbsp;11.&nbsp;2017 se&nbsp;pracovn\u00edci FADN z\u00fa\u010dastnili 20.&nbsp;zased\u00e1n\u00ed OECD Network for Farm-Level Analysis. Kontaktn\u00ed pracovi\u0161t\u011b FADN&nbsp;CZ je zapojeno do&nbsp;mezin\u00e1rodn\u00edho projektu Drivers of farm performance (Anal\u00fdza faktor\u016f ovliv\u0148uj\u00edc\u00edch v\u00fdkonnost farem), kter\u00fd byl hlavn\u00edm t\u00e9matem jedn\u00e1n\u00ed. P\u0159edpokl\u00e1d\u00e1 se&nbsp;vyu\u017eit\u00ed panelov\u00fdch dat z&nbsp;\u0161et\u0159en\u00ed FADN. (vlo\u017eeno:&nbsp;29.&nbsp;11.&nbsp;2017)<\/p><p><img decoding=\"async\" data-recalc-dims=\"1\" class=\"alignnone size-full wp-image-5604\" src=\"https:\/\/i0.wp.com\/fadn.cz\/wp-content\/uploads\/2023\/04\/logo_male_modre_fadn.png?resize=19%2C19&#038;ssl=1\" alt=\"\" width=\"19\" height=\"19\" srcset=\"https:\/\/i0.wp.com\/fadn.cz\/wp-content\/uploads\/2023\/04\/logo_male_modre_fadn.png?w=19&amp;ssl=1 19w, https:\/\/i0.wp.com\/fadn.cz\/wp-content\/uploads\/2023\/04\/logo_male_modre_fadn.png?resize=12%2C12&amp;ssl=1 12w\" sizes=\"(max-width: 19px) 100vw, 19px\" \/> \u00a0Data za&nbsp;\u00fa\u010detn\u00ed rok 2016 byla odesl\u00e1na do&nbsp;DG AGRI v&nbsp;Bruselu 24.&nbsp;11.&nbsp;2017. (vlo\u017eeno:&nbsp;27.&nbsp;11.&nbsp;2017)<\/p><p><img decoding=\"async\" data-recalc-dims=\"1\" class=\"alignnone size-full wp-image-5604\" src=\"https:\/\/i0.wp.com\/fadn.cz\/wp-content\/uploads\/2023\/04\/logo_male_modre_fadn.png?resize=19%2C19&#038;ssl=1\" alt=\"\" width=\"19\" height=\"19\" srcset=\"https:\/\/i0.wp.com\/fadn.cz\/wp-content\/uploads\/2023\/04\/logo_male_modre_fadn.png?w=19&amp;ssl=1 19w, https:\/\/i0.wp.com\/fadn.cz\/wp-content\/uploads\/2023\/04\/logo_male_modre_fadn.png?resize=12%2C12&amp;ssl=1 12w\" sizes=\"(max-width: 19px) 100vw, 19px\" \/> \u00a0Dne 14. \u2013 15.&nbsp;11.&nbsp;2017 prob\u011bhlo v&nbsp;Bruselu 201.&nbsp;zased\u00e1n\u00ed Komunitn\u00edho v\u00fdboru FADN.<\/p><p><img decoding=\"async\" data-recalc-dims=\"1\" class=\"alignnone size-full wp-image-5604\" src=\"https:\/\/i0.wp.com\/fadn.cz\/wp-content\/uploads\/2023\/04\/logo_male_modre_fadn.png?resize=19%2C19&#038;ssl=1\" alt=\"\" width=\"19\" height=\"19\" srcset=\"https:\/\/i0.wp.com\/fadn.cz\/wp-content\/uploads\/2023\/04\/logo_male_modre_fadn.png?w=19&amp;ssl=1 19w, https:\/\/i0.wp.com\/fadn.cz\/wp-content\/uploads\/2023\/04\/logo_male_modre_fadn.png?resize=12%2C12&amp;ssl=1 12w\" sizes=\"(max-width: 19px) 100vw, 19px\" \/> \u00a0Stru\u010dn\u00fd z\u00e1pis z&nbsp;jedn\u00e1n\u00ed je v&nbsp;adres\u00e1\u0159i \u201eDokumenty \u0158\u00edd\u00edc\u00ed komise FADN EU\u201c \u2013 2017. (vlo\u017eeno:&nbsp;16.&nbsp;11.&nbsp;2017)<\/p><p><img decoding=\"async\" data-recalc-dims=\"1\" class=\"alignnone size-full wp-image-5604\" src=\"https:\/\/i0.wp.com\/fadn.cz\/wp-content\/uploads\/2023\/04\/logo_male_modre_fadn.png?resize=19%2C19&#038;ssl=1\" alt=\"\" width=\"19\" height=\"19\" srcset=\"https:\/\/i0.wp.com\/fadn.cz\/wp-content\/uploads\/2023\/04\/logo_male_modre_fadn.png?w=19&amp;ssl=1 19w, https:\/\/i0.wp.com\/fadn.cz\/wp-content\/uploads\/2023\/04\/logo_male_modre_fadn.png?resize=12%2C12&amp;ssl=1 12w\" sizes=\"(max-width: 19px) 100vw, 19px\" \/> \u00a0U p\u0159\u00edle\u017eitosti slavnostn\u00edho vyhl\u00e1\u0161en\u00ed sout\u011b\u017ee \u201eZem\u011bd\u011blec roku 2017\u201c dne 8.&nbsp;11.&nbsp;2017 v&nbsp;N\u00e1rodn\u00edm dom\u011b na&nbsp;Vinohradech byla Ing.&nbsp;Hanibalem p\u0159ednesena prezentace \u201eEkonomick\u00e9 v\u00fdsledky zem\u011bd\u011blsk\u00fdch podnik\u016f \u010cR a&nbsp;EU v&nbsp;s\u00edti FADN\u201c. (vlo\u017eeno:&nbsp;9.&nbsp;11.&nbsp;2017)<\/p><p><img decoding=\"async\" data-recalc-dims=\"1\" class=\"alignnone size-full wp-image-5604\" src=\"https:\/\/i0.wp.com\/fadn.cz\/wp-content\/uploads\/2023\/04\/logo_male_modre_fadn.png?resize=19%2C19&#038;ssl=1\" alt=\"\" width=\"19\" height=\"19\" srcset=\"https:\/\/i0.wp.com\/fadn.cz\/wp-content\/uploads\/2023\/04\/logo_male_modre_fadn.png?w=19&amp;ssl=1 19w, https:\/\/i0.wp.com\/fadn.cz\/wp-content\/uploads\/2023\/04\/logo_male_modre_fadn.png?resize=12%2C12&amp;ssl=1 12w\" sizes=\"(max-width: 19px) 100vw, 19px\" \/> \u00a014.&nbsp;zased\u00e1n\u00ed N\u00e1rodn\u00ed komise FADN&nbsp;CZ se&nbsp;uskute\u010dnilo dne 1.&nbsp;11.&nbsp;2017. (vlo\u017eeno:&nbsp;02.11.&nbsp;2017)<\/p><p><img decoding=\"async\" data-recalc-dims=\"1\" class=\"alignnone size-full wp-image-5604\" src=\"https:\/\/i0.wp.com\/fadn.cz\/wp-content\/uploads\/2023\/04\/logo_male_modre_fadn.png?resize=19%2C19&#038;ssl=1\" alt=\"\" width=\"19\" height=\"19\" srcset=\"https:\/\/i0.wp.com\/fadn.cz\/wp-content\/uploads\/2023\/04\/logo_male_modre_fadn.png?w=19&amp;ssl=1 19w, https:\/\/i0.wp.com\/fadn.cz\/wp-content\/uploads\/2023\/04\/logo_male_modre_fadn.png?resize=12%2C12&amp;ssl=1 12w\" sizes=\"(max-width: 19px) 100vw, 19px\" \/> \u00a0Ve dnech 1.&nbsp;a\u017e 3.&nbsp;\u0159\u00edjna 2017 prob\u011bhl v&nbsp;D\u00e1nsku 25.&nbsp;mezin\u00e1rodn\u00ed workshop Pacioli. V&nbsp;r\u00e1mci workshopu byla z\u00e1stupci FADN&nbsp;CZ prezentov\u00e1na t\u00e9mata intern\u00edch v\u00fdzkumn\u00fdch projekt\u016f. Ing.&nbsp;Zuzana Hlou\u0161kov\u00e1 p\u0159ednesla prezentaci na&nbsp;t\u00e9ma \u201eDetermination of weights in multi-dimensional evaluation\u201c a&nbsp;Ing.&nbsp;Vladim\u00edr Kostliv\u00fd, Dr. prezentaci na&nbsp;t\u00e9ma \u201eTechnical efficiency of organic farms \u2013 The analysis of farms productivity developments based on Malquist production indices\u201c. (vlo\u017eeno:&nbsp;5.&nbsp;10.&nbsp;2017)<\/p><p><img decoding=\"async\" data-recalc-dims=\"1\" class=\"alignnone size-full wp-image-5604\" src=\"https:\/\/i0.wp.com\/fadn.cz\/wp-content\/uploads\/2023\/04\/logo_male_modre_fadn.png?resize=19%2C19&#038;ssl=1\" alt=\"\" width=\"19\" height=\"19\" srcset=\"https:\/\/i0.wp.com\/fadn.cz\/wp-content\/uploads\/2023\/04\/logo_male_modre_fadn.png?w=19&amp;ssl=1 19w, https:\/\/i0.wp.com\/fadn.cz\/wp-content\/uploads\/2023\/04\/logo_male_modre_fadn.png?resize=12%2C12&amp;ssl=1 12w\" sizes=\"(max-width: 19px) 100vw, 19px\" \/> \u00a0Dne 28.&nbsp;8.&nbsp;2017 prezentovali pracovn\u00edci FADN v&nbsp;r\u00e1mci Dne s&nbsp;\u00daZEI na&nbsp;v\u00fdstav\u011b Zem\u011b \u017eivitelka v&nbsp;\u010cesk\u00fdch Bud\u011bjovic\u00edch t\u0159i t\u00e9mata: Sledov\u00e1n\u00ed ekonomick\u00fdch v\u00fdsledk\u016f ekologick\u00e9ho zem\u011bd\u011blstv\u00ed \u010cR (Dr. Ing.&nbsp;Vladim\u00edr Kostliv\u00fd a&nbsp;Ing.&nbsp;Ji\u0159\u00ed Dubec, Ph.D.), Vyu\u017eit\u00ed datab\u00e1ze FADN na&nbsp;n\u00e1rodn\u00ed \u00farovni pro&nbsp;hodnocen\u00ed zem\u011bd\u011blsk\u00e9 politiky i&nbsp;pro&nbsp;management zem\u011bd\u011blsk\u00fdch podnik\u016f (Ing.&nbsp;Michaela Leke\u0161ov\u00e1 a&nbsp;Ing.&nbsp;Zuzana Hlou\u0161kov\u00e1) a&nbsp;Mezin\u00e1rodn\u00ed srovn\u00e1n\u00ed ekonomick\u00fdch v\u00fdsledk\u016f zem\u011bd\u011blsk\u00fdch podnik\u016f v&nbsp;s\u00edti FADN (Ing.&nbsp;Josef Hanibal a&nbsp;Ing.&nbsp;Eduard Sl\u00ed\u017eka).<\/p><p><img decoding=\"async\" data-recalc-dims=\"1\" class=\"alignnone size-full wp-image-5604\" src=\"https:\/\/i0.wp.com\/fadn.cz\/wp-content\/uploads\/2023\/04\/logo_male_modre_fadn.png?resize=19%2C19&#038;ssl=1\" alt=\"\" width=\"19\" height=\"19\" srcset=\"https:\/\/i0.wp.com\/fadn.cz\/wp-content\/uploads\/2023\/04\/logo_male_modre_fadn.png?w=19&amp;ssl=1 19w, https:\/\/i0.wp.com\/fadn.cz\/wp-content\/uploads\/2023\/04\/logo_male_modre_fadn.png?resize=12%2C12&amp;ssl=1 12w\" sizes=\"(max-width: 19px) 100vw, 19px\" \/> \u00a031.&nbsp;5.&nbsp;2017 byla ukon\u010dena 1.&nbsp;etapa \u0161et\u0159en\u00ed v&nbsp;prvn\u00edm \u010dasov\u00e9m re\u017eimu. (vlo\u017eeno:&nbsp;1.&nbsp;6.&nbsp;2017)<\/p><p><img decoding=\"async\" data-recalc-dims=\"1\" class=\"alignnone size-full wp-image-5604\" src=\"https:\/\/i0.wp.com\/fadn.cz\/wp-content\/uploads\/2023\/04\/logo_male_modre_fadn.png?resize=19%2C19&#038;ssl=1\" alt=\"\" width=\"19\" height=\"19\" srcset=\"https:\/\/i0.wp.com\/fadn.cz\/wp-content\/uploads\/2023\/04\/logo_male_modre_fadn.png?w=19&amp;ssl=1 19w, https:\/\/i0.wp.com\/fadn.cz\/wp-content\/uploads\/2023\/04\/logo_male_modre_fadn.png?resize=12%2C12&amp;ssl=1 12w\" sizes=\"(max-width: 19px) 100vw, 19px\" \/> \u00a022.&nbsp;5. \u2013 24.&nbsp;5.&nbsp;2017 se&nbsp;pracovn\u00edci FADN z\u00fa\u010dastnili 19.&nbsp;zased\u00e1n\u00ed OECD Network for Farm-Level Analysis a&nbsp;1.&nbsp;zased\u00e1n\u00ed OECD Network on Agricultural Total Factor Productivity and the Environment. Vladim\u00edr Kostliv\u00fd p\u0159edstavil skupin\u011b FLA, zac\u00edlen\u00e9 na&nbsp;vyu\u017eit\u00ed dat na&nbsp;podnikov\u00e9 \u00farovni, ekonomick\u00e9 v\u00fdsledky ekologick\u00e9ho zem\u011bd\u011blstv\u00ed v&nbsp;\u010cR v&nbsp;porovn\u00e1n\u00ed s&nbsp;konven\u010dn\u00edm zem\u011bd\u011blstv\u00edm. Prezentace je k&nbsp;dispozici v&nbsp;adres\u00e1\u0159i Anal\u00fdzy Kontaktn\u00edho pracovi\u0161t\u011b. (vlo\u017eeno:&nbsp;26.&nbsp;5.&nbsp;2017)<\/p><p><img decoding=\"async\" data-recalc-dims=\"1\" class=\"alignnone size-full wp-image-5604\" src=\"https:\/\/i0.wp.com\/fadn.cz\/wp-content\/uploads\/2023\/04\/logo_male_modre_fadn.png?resize=19%2C19&#038;ssl=1\" alt=\"\" width=\"19\" height=\"19\" srcset=\"https:\/\/i0.wp.com\/fadn.cz\/wp-content\/uploads\/2023\/04\/logo_male_modre_fadn.png?w=19&amp;ssl=1 19w, https:\/\/i0.wp.com\/fadn.cz\/wp-content\/uploads\/2023\/04\/logo_male_modre_fadn.png?resize=12%2C12&amp;ssl=1 12w\" sizes=\"(max-width: 19px) 100vw, 19px\" \/> \u00a0Dne 11.&nbsp;5.&nbsp;2017 prob\u011bhlo v&nbsp;Bruselu 200.&nbsp;zased\u00e1n\u00ed Komunitn\u00edho v\u00fdboru FADN. Stru\u010dn\u00fd z\u00e1pis z&nbsp;jedn\u00e1n\u00ed je v&nbsp;adres\u00e1\u0159i \u201eDokumenty \u0158\u00edd\u00edc\u00ed komise FADN EU\u201c \u2013 2017. (vlo\u017eeno:&nbsp;15.&nbsp;5.&nbsp;2017)<\/p><p><img decoding=\"async\" data-recalc-dims=\"1\" class=\"alignnone size-full wp-image-5604\" src=\"https:\/\/i0.wp.com\/fadn.cz\/wp-content\/uploads\/2023\/04\/logo_male_modre_fadn.png?resize=19%2C19&#038;ssl=1\" alt=\"\" width=\"19\" height=\"19\" srcset=\"https:\/\/i0.wp.com\/fadn.cz\/wp-content\/uploads\/2023\/04\/logo_male_modre_fadn.png?w=19&amp;ssl=1 19w, https:\/\/i0.wp.com\/fadn.cz\/wp-content\/uploads\/2023\/04\/logo_male_modre_fadn.png?resize=12%2C12&amp;ssl=1 12w\" sizes=\"(max-width: 19px) 100vw, 19px\" \/> \u00a0Ve dnech 15.&nbsp;2.&nbsp;a&nbsp;16.&nbsp;2.&nbsp;2017 se&nbsp;od&nbsp;10 hodin uskute\u010dnilo \u0161kolen\u00ed k&nbsp;metodice \u0161et\u0159en\u00ed FADN 2016. (vlo\u017eeno:&nbsp;17.&nbsp;2.&nbsp;2017)<\/p><p><img decoding=\"async\" data-recalc-dims=\"1\" class=\"alignnone size-full wp-image-5604\" src=\"https:\/\/i0.wp.com\/fadn.cz\/wp-content\/uploads\/2023\/04\/logo_male_modre_fadn.png?resize=19%2C19&#038;ssl=1\" alt=\"\" width=\"19\" height=\"19\" srcset=\"https:\/\/i0.wp.com\/fadn.cz\/wp-content\/uploads\/2023\/04\/logo_male_modre_fadn.png?w=19&amp;ssl=1 19w, https:\/\/i0.wp.com\/fadn.cz\/wp-content\/uploads\/2023\/04\/logo_male_modre_fadn.png?resize=12%2C12&amp;ssl=1 12w\" sizes=\"(max-width: 19px) 100vw, 19px\" \/> \u00a0Prob\u00edh\u00e1 p\u0159\u00edprava nov\u00e9ho \u0161et\u0159en\u00ed FADN za&nbsp;\u00fa\u010detn\u00ed rok 2016. (vlo\u017eeno:&nbsp;9.&nbsp;1.&nbsp;2017)<\/p><\/div>\n\t\t\t\t\t\t\t\t\t<div class=\"elementor-tab-title elementor-tab-mobile-title\" aria-selected=\"false\" data-tab=\"12\" role=\"tab\" tabindex=\"-1\" aria-controls=\"elementor-tab-content-17012\" aria-expanded=\"false\">X<\/div>\n\t\t\t\t\t<div id=\"elementor-tab-content-17012\" class=\"elementor-tab-content elementor-clearfix\" data-tab=\"12\" role=\"tabpanel\" aria-labelledby=\"elementor-tab-title-17012\" tabindex=\"0\" hidden=\"hidden\"><\/div>\n\t\t\t\t\t\t\t<\/div>\n\t\t<\/div>\n\t\t\t\t\t\t<\/div>\n\t\t\t\t<div class=\"elementor-element elementor-element-0416091 elementor-widget-divider--view-line elementor-widget elementor-widget-divider\" data-id=\"0416091\" data-element_type=\"widget\" data-e-type=\"widget\" data-widget_type=\"divider.default\">\n\t\t\t\t\t\t\t<div class=\"elementor-divider\">\n\t\t\t<span class=\"elementor-divider-separator\">\n\t\t\t\t\t\t<\/span>\n\t\t<\/div>\n\t\t\t\t\t\t<\/div>\n\t\t\t\t\t<\/div>\n\t\t<\/div>\n\t\t\t\t\t<\/div>\n\t\t<\/section>\n\t\t\t\t<section class=\"elementor-section elementor-top-section elementor-element elementor-element-51ca4ddb elementor-section-boxed elementor-section-height-default elementor-section-height-default\" data-id=\"51ca4ddb\" data-element_type=\"section\" data-e-type=\"section\">\n\t\t\t\t\t\t<div class=\"elementor-container elementor-column-gap-default\">\n\t\t\t\t\t<div class=\"elementor-column elementor-col-100 elementor-top-column elementor-element elementor-element-2879d0a6\" data-id=\"2879d0a6\" data-element_type=\"column\" data-e-type=\"column\">\n\t\t\t<div class=\"elementor-widget-wrap elementor-element-populated\">\n\t\t\t\t\t\t<div class=\"elementor-element elementor-element-96e984a elementor-tabs-alignment-center elementor-tabs-view-horizontal elementor-widget elementor-widget-tabs\" data-id=\"96e984a\" data-element_type=\"widget\" data-e-type=\"widget\" data-widget_type=\"tabs.default\">\n\t\t\t\t\t\t\t<div class=\"elementor-tabs\">\n\t\t\t<div class=\"elementor-tabs-wrapper\" role=\"tablist\" >\n\t\t\t\t\t\t\t\t\t<div id=\"elementor-tab-title-1581\" class=\"elementor-tab-title elementor-tab-desktop-title\" aria-selected=\"true\" data-tab=\"1\" role=\"tab\" tabindex=\"0\" aria-controls=\"elementor-tab-content-1581\" aria-expanded=\"false\">X<\/div>\n\t\t\t\t\t\t\t\t\t<div id=\"elementor-tab-title-1582\" class=\"elementor-tab-title elementor-tab-desktop-title\" aria-selected=\"false\" data-tab=\"2\" role=\"tab\" tabindex=\"-1\" aria-controls=\"elementor-tab-content-1582\" aria-expanded=\"false\">2016<\/div>\n\t\t\t\t\t\t\t\t\t<div id=\"elementor-tab-title-1583\" class=\"elementor-tab-title elementor-tab-desktop-title\" aria-selected=\"false\" data-tab=\"3\" role=\"tab\" tabindex=\"-1\" aria-controls=\"elementor-tab-content-1583\" aria-expanded=\"false\">2015<\/div>\n\t\t\t\t\t\t\t\t\t<div id=\"elementor-tab-title-1584\" class=\"elementor-tab-title elementor-tab-desktop-title\" aria-selected=\"false\" data-tab=\"4\" role=\"tab\" tabindex=\"-1\" aria-controls=\"elementor-tab-content-1584\" aria-expanded=\"false\">2014<\/div>\n\t\t\t\t\t\t\t\t\t<div id=\"elementor-tab-title-1585\" class=\"elementor-tab-title elementor-tab-desktop-title\" aria-selected=\"false\" data-tab=\"5\" role=\"tab\" tabindex=\"-1\" aria-controls=\"elementor-tab-content-1585\" aria-expanded=\"false\">2013<\/div>\n\t\t\t\t\t\t\t\t\t<div id=\"elementor-tab-title-1586\" class=\"elementor-tab-title elementor-tab-desktop-title\" aria-selected=\"false\" data-tab=\"6\" role=\"tab\" tabindex=\"-1\" aria-controls=\"elementor-tab-content-1586\" aria-expanded=\"false\">2012<\/div>\n\t\t\t\t\t\t\t\t\t<div id=\"elementor-tab-title-1587\" class=\"elementor-tab-title elementor-tab-desktop-title\" aria-selected=\"false\" data-tab=\"7\" role=\"tab\" tabindex=\"-1\" aria-controls=\"elementor-tab-content-1587\" aria-expanded=\"false\">2011<\/div>\n\t\t\t\t\t\t\t\t\t<div id=\"elementor-tab-title-1588\" class=\"elementor-tab-title elementor-tab-desktop-title\" aria-selected=\"false\" data-tab=\"8\" role=\"tab\" tabindex=\"-1\" aria-controls=\"elementor-tab-content-1588\" aria-expanded=\"false\">2010<\/div>\n\t\t\t\t\t\t\t\t\t<div id=\"elementor-tab-title-1589\" class=\"elementor-tab-title elementor-tab-desktop-title\" aria-selected=\"false\" data-tab=\"9\" role=\"tab\" tabindex=\"-1\" aria-controls=\"elementor-tab-content-1589\" aria-expanded=\"false\">2009<\/div>\n\t\t\t\t\t\t\t\t\t<div id=\"elementor-tab-title-15810\" class=\"elementor-tab-title elementor-tab-desktop-title\" aria-selected=\"false\" data-tab=\"10\" role=\"tab\" tabindex=\"-1\" aria-controls=\"elementor-tab-content-15810\" aria-expanded=\"false\">2008<\/div>\n\t\t\t\t\t\t\t\t\t<div id=\"elementor-tab-title-15811\" class=\"elementor-tab-title elementor-tab-desktop-title\" aria-selected=\"false\" data-tab=\"11\" role=\"tab\" tabindex=\"-1\" aria-controls=\"elementor-tab-content-15811\" aria-expanded=\"false\">2007<\/div>\n\t\t\t\t\t\t\t\t\t<div id=\"elementor-tab-title-15812\" class=\"elementor-tab-title elementor-tab-desktop-title\" aria-selected=\"false\" data-tab=\"12\" role=\"tab\" tabindex=\"-1\" aria-controls=\"elementor-tab-content-15812\" aria-expanded=\"false\">X<\/div>\n\t\t\t\t\t\t\t<\/div>\n\t\t\t<div class=\"elementor-tabs-content-wrapper\" role=\"tablist\" aria-orientation=\"vertical\">\n\t\t\t\t\t\t\t\t\t<div class=\"elementor-tab-title elementor-tab-mobile-title\" aria-selected=\"true\" data-tab=\"1\" role=\"tab\" tabindex=\"0\" aria-controls=\"elementor-tab-content-1581\" aria-expanded=\"false\">X<\/div>\n\t\t\t\t\t<div id=\"elementor-tab-content-1581\" class=\"elementor-tab-content elementor-clearfix\" data-tab=\"1\" role=\"tabpanel\" aria-labelledby=\"elementor-tab-title-1581\" tabindex=\"0\" hidden=\"false\"><\/div>\n\t\t\t\t\t\t\t\t\t<div class=\"elementor-tab-title elementor-tab-mobile-title\" aria-selected=\"false\" data-tab=\"2\" role=\"tab\" tabindex=\"-1\" aria-controls=\"elementor-tab-content-1582\" aria-expanded=\"false\">2016<\/div>\n\t\t\t\t\t<div id=\"elementor-tab-content-1582\" class=\"elementor-tab-content elementor-clearfix\" data-tab=\"2\" role=\"tabpanel\" aria-labelledby=\"elementor-tab-title-1582\" tabindex=\"0\" hidden=\"hidden\"><p><img decoding=\"async\" data-recalc-dims=\"1\" class=\"alignnone size-full wp-image-5604\" src=\"https:\/\/i0.wp.com\/fadn.cz\/wp-content\/uploads\/2023\/04\/logo_male_modre_fadn.png?resize=19%2C19&#038;ssl=1\" alt=\"\" width=\"19\" height=\"19\" srcset=\"https:\/\/i0.wp.com\/fadn.cz\/wp-content\/uploads\/2023\/04\/logo_male_modre_fadn.png?w=19&amp;ssl=1 19w, https:\/\/i0.wp.com\/fadn.cz\/wp-content\/uploads\/2023\/04\/logo_male_modre_fadn.png?resize=12%2C12&amp;ssl=1 12w\" sizes=\"(max-width: 19px) 100vw, 19px\" \/> \u00a0Pro MZe byla zpracov\u00e1na Souhrnn\u00e1 zpr\u00e1va o&nbsp;fungov\u00e1n\u00ed a&nbsp;v\u00fdstupech s\u00edt\u011b FADN&nbsp;\u010cR v&nbsp;roce 2016 \u201eV\u00fdvoj a&nbsp;provozov\u00e1n\u00ed zem\u011bd\u011blsk\u00e9 \u00fa\u010detn\u00ed datov\u00e9 s\u00edt\u011b FADN&nbsp;\u010cR dle standard\u016f EU\u201c. (vlo\u017eeno:&nbsp;21.&nbsp;12.&nbsp;2016)<\/p><p><img decoding=\"async\" data-recalc-dims=\"1\" class=\"alignnone size-full wp-image-5604\" src=\"https:\/\/i0.wp.com\/fadn.cz\/wp-content\/uploads\/2023\/04\/logo_male_modre_fadn.png?resize=19%2C19&#038;ssl=1\" alt=\"\" width=\"19\" height=\"19\" srcset=\"https:\/\/i0.wp.com\/fadn.cz\/wp-content\/uploads\/2023\/04\/logo_male_modre_fadn.png?w=19&amp;ssl=1 19w, https:\/\/i0.wp.com\/fadn.cz\/wp-content\/uploads\/2023\/04\/logo_male_modre_fadn.png?resize=12%2C12&amp;ssl=1 12w\" sizes=\"(max-width: 19px) 100vw, 19px\" \/> \u00a0Data za&nbsp;\u00fa\u010detn\u00ed rok 2015 byla odesl\u00e1na do&nbsp;DG AGRI v&nbsp;Bruselu 29.&nbsp;11.&nbsp;2016. (vlo\u017eeno:&nbsp;1.&nbsp;12.&nbsp;2016)<\/p><p><img decoding=\"async\" data-recalc-dims=\"1\" class=\"alignnone size-full wp-image-5604\" src=\"https:\/\/i0.wp.com\/fadn.cz\/wp-content\/uploads\/2023\/04\/logo_male_modre_fadn.png?resize=19%2C19&#038;ssl=1\" alt=\"\" width=\"19\" height=\"19\" srcset=\"https:\/\/i0.wp.com\/fadn.cz\/wp-content\/uploads\/2023\/04\/logo_male_modre_fadn.png?w=19&amp;ssl=1 19w, https:\/\/i0.wp.com\/fadn.cz\/wp-content\/uploads\/2023\/04\/logo_male_modre_fadn.png?resize=12%2C12&amp;ssl=1 12w\" sizes=\"(max-width: 19px) 100vw, 19px\" \/> \u00a0Ve dnech 14. \u2013 15.&nbsp;11.&nbsp;2016 prob\u011bhl v&nbsp;Praze na&nbsp;MZe Biosummit 2016&nbsp;\u2013 tradi\u010dn\u00ed setk\u00e1n\u00ed hlavn\u00edch akt\u00e9r\u016f ekologick\u00e9ho zem\u011bd\u011blstv\u00ed v&nbsp;\u010cR s&nbsp;politiky a&nbsp;m\u00e9dii. Hlavn\u00edm t\u00e9matem leto\u0161n\u00edho ro\u010dn\u00edku byla st\u0159edoevropsk\u00e1 spolupr\u00e1ce v&nbsp;ekologick\u00e9m zem\u011bd\u011blstv\u00ed. Prezentace Ing.&nbsp;Hanibala a&nbsp;Ing.&nbsp;Kostliv\u00e9ho \u201eEkonomika \u010desk\u00fdch ekofarem a&nbsp;srovn\u00e1n\u00ed se&nbsp;sousedn\u00edmi zem\u011bmi\u201c je k&nbsp;dispozici v&nbsp;adres\u00e1\u0159i Anal\u00fdzy Kontaktn\u00edho pracovi\u0161t\u011b. (vlo\u017eeno:&nbsp;17.&nbsp;11.&nbsp;2016)<\/p><p><img decoding=\"async\" data-recalc-dims=\"1\" class=\"alignnone size-full wp-image-5604\" src=\"https:\/\/i0.wp.com\/fadn.cz\/wp-content\/uploads\/2023\/04\/logo_male_modre_fadn.png?resize=19%2C19&#038;ssl=1\" alt=\"\" width=\"19\" height=\"19\" srcset=\"https:\/\/i0.wp.com\/fadn.cz\/wp-content\/uploads\/2023\/04\/logo_male_modre_fadn.png?w=19&amp;ssl=1 19w, https:\/\/i0.wp.com\/fadn.cz\/wp-content\/uploads\/2023\/04\/logo_male_modre_fadn.png?resize=12%2C12&amp;ssl=1 12w\" sizes=\"(max-width: 19px) 100vw, 19px\" \/> \u00a0Dne 14. \u2013 15.&nbsp;11.&nbsp;2016 prob\u011bhlo v&nbsp;Bruselu 199.&nbsp;zased\u00e1n\u00ed Komunitn\u00edho v\u00fdboru FADN. Stru\u010dn\u00fd z\u00e1pis z&nbsp;jedn\u00e1n\u00ed je v&nbsp;adres\u00e1\u0159i \u201eDokumenty \u0158\u00edd\u00edc\u00ed komise FADN EU\u201c \u2013 2016. (vlo\u017eeno:&nbsp;16.&nbsp;11.&nbsp;2016)<\/p><p><img decoding=\"async\" data-recalc-dims=\"1\" class=\"alignnone size-full wp-image-5604\" src=\"https:\/\/i0.wp.com\/fadn.cz\/wp-content\/uploads\/2023\/04\/logo_male_modre_fadn.png?resize=19%2C19&#038;ssl=1\" alt=\"\" width=\"19\" height=\"19\" srcset=\"https:\/\/i0.wp.com\/fadn.cz\/wp-content\/uploads\/2023\/04\/logo_male_modre_fadn.png?w=19&amp;ssl=1 19w, https:\/\/i0.wp.com\/fadn.cz\/wp-content\/uploads\/2023\/04\/logo_male_modre_fadn.png?resize=12%2C12&amp;ssl=1 12w\" sizes=\"(max-width: 19px) 100vw, 19px\" \/> \u00a013.&nbsp;zased\u00e1n\u00ed N\u00e1rodn\u00ed komise FADN&nbsp;CZ se&nbsp;uskute\u010dnilo 10.&nbsp;11.&nbsp;2016. (vlo\u017eeno:&nbsp;11.&nbsp;11.&nbsp;2016)<\/p><p><img decoding=\"async\" data-recalc-dims=\"1\" class=\"alignnone size-full wp-image-5604\" src=\"https:\/\/i0.wp.com\/fadn.cz\/wp-content\/uploads\/2023\/04\/logo_male_modre_fadn.png?resize=19%2C19&#038;ssl=1\" alt=\"\" width=\"19\" height=\"19\" srcset=\"https:\/\/i0.wp.com\/fadn.cz\/wp-content\/uploads\/2023\/04\/logo_male_modre_fadn.png?w=19&amp;ssl=1 19w, https:\/\/i0.wp.com\/fadn.cz\/wp-content\/uploads\/2023\/04\/logo_male_modre_fadn.png?resize=12%2C12&amp;ssl=1 12w\" sizes=\"(max-width: 19px) 100vw, 19px\" \/> \u00a0Dne 9.&nbsp;11.&nbsp;2016 z\u00e1stupkyn\u011b Kontaktn\u00edho pracovi\u0161t\u011b FADN p\u0159edstavily s\u00ed\u0165 FADN&nbsp;\u010cR hlavn\u00edm p\u0159edstavitel\u016fm Agr\u00e1rn\u00ed Komory \u010cR na&nbsp;celost\u00e1tn\u00ed porad\u011b komor a&nbsp;\u010dlensk\u00fdch svaz\u016f a&nbsp;spole\u010denstev AK ve&nbsp;V\u011btrn\u00e9m Jen\u00edkov\u011b. (vlo\u017eeno:&nbsp;10.&nbsp;11.&nbsp;2016)<\/p><p><img decoding=\"async\" data-recalc-dims=\"1\" class=\"alignnone size-full wp-image-5604\" src=\"https:\/\/i0.wp.com\/fadn.cz\/wp-content\/uploads\/2023\/04\/logo_male_modre_fadn.png?resize=19%2C19&#038;ssl=1\" alt=\"\" width=\"19\" height=\"19\" srcset=\"https:\/\/i0.wp.com\/fadn.cz\/wp-content\/uploads\/2023\/04\/logo_male_modre_fadn.png?w=19&amp;ssl=1 19w, https:\/\/i0.wp.com\/fadn.cz\/wp-content\/uploads\/2023\/04\/logo_male_modre_fadn.png?resize=12%2C12&amp;ssl=1 12w\" sizes=\"(max-width: 19px) 100vw, 19px\" \/> \u00a0Pracovn\u00ed setk\u00e1n\u00ed s&nbsp;litevsk\u00fdmi kolegy 5.&nbsp;\u0159\u00edjna 2016 prob\u011bhlo v&nbsp;budov\u011b \u00daZEI setk\u00e1n\u00ed pracovn\u00edk\u016f Kontaktn\u00edho pracovi\u0161t\u011b FADN&nbsp;CZ a&nbsp;koleg\u016f z&nbsp;Litvy. (vlo\u017eeno:&nbsp;6.&nbsp;10.&nbsp;2016)<\/p><p><img decoding=\"async\" data-recalc-dims=\"1\" class=\"alignnone size-full wp-image-5604\" src=\"https:\/\/i0.wp.com\/fadn.cz\/wp-content\/uploads\/2023\/04\/logo_male_modre_fadn.png?resize=19%2C19&#038;ssl=1\" alt=\"\" width=\"19\" height=\"19\" srcset=\"https:\/\/i0.wp.com\/fadn.cz\/wp-content\/uploads\/2023\/04\/logo_male_modre_fadn.png?w=19&amp;ssl=1 19w, https:\/\/i0.wp.com\/fadn.cz\/wp-content\/uploads\/2023\/04\/logo_male_modre_fadn.png?resize=12%2C12&amp;ssl=1 12w\" sizes=\"(max-width: 19px) 100vw, 19px\" \/> \u00a0Z\u00e1stupci kontaktn\u00edho pracovi\u0161t\u011b FADN se&nbsp;z\u00fa\u010dastnili mezin\u00e1rodn\u00edho workshopu Pacioli konan\u00e9m od&nbsp;26.&nbsp;9.&nbsp;do&nbsp;28.&nbsp;9.&nbsp;2016 v&nbsp;Pri\u0161tin\u011b (Kosovo). V&nbsp;r\u00e1mci workshopu byla prezentov\u00e1na vyv\u00edjen\u00e1 metoda v\u00edcekriteri\u00e1ln\u00edho zhodnocen\u00ed zem\u011bd\u011blsk\u00fdch podnik\u016f na&nbsp;z\u00e1klad\u011b dat FADN&nbsp;CZ. (vlo\u017eeno:&nbsp;29.&nbsp;9.&nbsp;2016)<\/p><p><img decoding=\"async\" data-recalc-dims=\"1\" class=\"alignnone size-full wp-image-5604\" src=\"https:\/\/i0.wp.com\/fadn.cz\/wp-content\/uploads\/2023\/04\/logo_male_modre_fadn.png?resize=19%2C19&#038;ssl=1\" alt=\"\" width=\"19\" height=\"19\" srcset=\"https:\/\/i0.wp.com\/fadn.cz\/wp-content\/uploads\/2023\/04\/logo_male_modre_fadn.png?w=19&amp;ssl=1 19w, https:\/\/i0.wp.com\/fadn.cz\/wp-content\/uploads\/2023\/04\/logo_male_modre_fadn.png?resize=12%2C12&amp;ssl=1 12w\" sizes=\"(max-width: 19px) 100vw, 19px\" \/> \u00a0Ve dnech 15.&nbsp;a&nbsp;16.&nbsp;z\u00e1\u0159\u00ed 2016 se&nbsp;z\u00e1stupkyn\u011b FADN&nbsp;CZ z\u00fa\u010dastnila mezin\u00e1rodn\u00edho workshopu v&nbsp;B\u011blehrad\u011b (Srbsko) za&nbsp;podpory EU pomoci kandid\u00e1tsk\u00fdm zem\u00edm EU (TAIEX) se&nbsp;zam\u011b\u0159en\u00edm na&nbsp;vybudov\u00e1n\u00ed zem\u011bd\u011blsk\u00e9 \u00fa\u010detn\u00ed datov\u00e9 s\u00edt\u011b (FADN). (vlo\u017eeno:&nbsp;19.&nbsp;9.&nbsp;2016)<\/p><p><img decoding=\"async\" data-recalc-dims=\"1\" class=\"alignnone size-full wp-image-5604\" src=\"https:\/\/i0.wp.com\/fadn.cz\/wp-content\/uploads\/2023\/04\/logo_male_modre_fadn.png?resize=19%2C19&#038;ssl=1\" alt=\"\" width=\"19\" height=\"19\" srcset=\"https:\/\/i0.wp.com\/fadn.cz\/wp-content\/uploads\/2023\/04\/logo_male_modre_fadn.png?w=19&amp;ssl=1 19w, https:\/\/i0.wp.com\/fadn.cz\/wp-content\/uploads\/2023\/04\/logo_male_modre_fadn.png?resize=12%2C12&amp;ssl=1 12w\" sizes=\"(max-width: 19px) 100vw, 19px\" \/> \u00a0V r\u00e1mci smlouvy o&nbsp;spolupr\u00e1ci s&nbsp;\u010cS\u00da byly k&nbsp;15.&nbsp;8.&nbsp;2016 odevzd\u00e1ny prvn\u00ed v\u00fdsledky z&nbsp;\u0161et\u0159en\u00ed dat FADN roku 2015. (vlo\u017eeno:&nbsp;17.&nbsp;8.&nbsp;2016)<\/p><p><img decoding=\"async\" data-recalc-dims=\"1\" class=\"alignnone size-full wp-image-5604\" src=\"https:\/\/i0.wp.com\/fadn.cz\/wp-content\/uploads\/2023\/04\/logo_male_modre_fadn.png?resize=19%2C19&#038;ssl=1\" alt=\"\" width=\"19\" height=\"19\" srcset=\"https:\/\/i0.wp.com\/fadn.cz\/wp-content\/uploads\/2023\/04\/logo_male_modre_fadn.png?w=19&amp;ssl=1 19w, https:\/\/i0.wp.com\/fadn.cz\/wp-content\/uploads\/2023\/04\/logo_male_modre_fadn.png?resize=12%2C12&amp;ssl=1 12w\" sizes=\"(max-width: 19px) 100vw, 19px\" \/> \u00a0Prob\u00edh\u00e1 zpracov\u00e1n\u00ed prvn\u00edch v\u00fdsledk\u016f z&nbsp;\u0161et\u0159en\u00ed dat FADN za&nbsp;rok 2015, kter\u00e9 budou na&nbsp;z\u00e1klad\u011b smlouvy o&nbsp;spolupr\u00e1ci p\u0159ed\u00e1ny \u010cS\u00da. (vlo\u017eeno:&nbsp;5.&nbsp;8.&nbsp;2016)<\/p><p><img decoding=\"async\" data-recalc-dims=\"1\" class=\"alignnone size-full wp-image-5604\" src=\"https:\/\/i0.wp.com\/fadn.cz\/wp-content\/uploads\/2023\/04\/logo_male_modre_fadn.png?resize=19%2C19&#038;ssl=1\" alt=\"\" width=\"19\" height=\"19\" srcset=\"https:\/\/i0.wp.com\/fadn.cz\/wp-content\/uploads\/2023\/04\/logo_male_modre_fadn.png?w=19&amp;ssl=1 19w, https:\/\/i0.wp.com\/fadn.cz\/wp-content\/uploads\/2023\/04\/logo_male_modre_fadn.png?resize=12%2C12&amp;ssl=1 12w\" sizes=\"(max-width: 19px) 100vw, 19px\" \/> \u00a0Dne 25. \u2013 26.&nbsp;5.&nbsp;2016 prob\u011bhlo v&nbsp;Bruselu 198.&nbsp;zased\u00e1n\u00ed Komunitn\u00edho v\u00fdboru FADN. Stru\u010dn\u00fd z\u00e1pis z&nbsp;jedn\u00e1n\u00ed je v&nbsp;adres\u00e1\u0159i \u201eDokumenty \u0158\u00edd\u00edc\u00ed komise FADN EU\u201c \u2013 2016. (vlo\u017eeno:&nbsp;30.&nbsp;5.&nbsp;2016)<\/p><p><img decoding=\"async\" data-recalc-dims=\"1\" class=\"alignnone size-full wp-image-5604\" src=\"https:\/\/i0.wp.com\/fadn.cz\/wp-content\/uploads\/2023\/04\/logo_male_modre_fadn.png?resize=19%2C19&#038;ssl=1\" alt=\"\" width=\"19\" height=\"19\" srcset=\"https:\/\/i0.wp.com\/fadn.cz\/wp-content\/uploads\/2023\/04\/logo_male_modre_fadn.png?w=19&amp;ssl=1 19w, https:\/\/i0.wp.com\/fadn.cz\/wp-content\/uploads\/2023\/04\/logo_male_modre_fadn.png?resize=12%2C12&amp;ssl=1 12w\" sizes=\"(max-width: 19px) 100vw, 19px\" \/> \u00a0Ve dnech 23.. a&nbsp;24.&nbsp;kv\u011btna 2016 se&nbsp;uskute\u010dnila 17.&nbsp;pracovn\u00ed skupina OECD Network for Farm-Level Analysis v&nbsp;Pa\u0159\u00ed\u017ei za&nbsp;p\u0159\u00edtomnosti z\u00e1stupc\u016f pracovi\u0161t\u011b FADN&nbsp;CZ. Pracovn\u00ed skupina se&nbsp;zam\u011b\u0159ila na&nbsp;analyzov\u00e1n\u00ed produktivity ve&nbsp;vztahu k&nbsp;inovaci a&nbsp;struktur\u00e1ln\u00edm zm\u011bn\u00e1m a&nbsp;d\u00e1le se&nbsp;zab\u00fdv\u00e1 ot\u00e1zkami trvale udr\u017eiteln\u00e9ho rozvoje zem\u011bd\u011blstv\u00ed v&nbsp;zem\u00edch OECD. (vlo\u017eeno&nbsp;25.&nbsp;5.&nbsp;2016)<\/p><p><img decoding=\"async\" data-recalc-dims=\"1\" class=\"alignnone size-full wp-image-5604\" src=\"https:\/\/i0.wp.com\/fadn.cz\/wp-content\/uploads\/2023\/04\/logo_male_modre_fadn.png?resize=19%2C19&#038;ssl=1\" alt=\"\" width=\"19\" height=\"19\" srcset=\"https:\/\/i0.wp.com\/fadn.cz\/wp-content\/uploads\/2023\/04\/logo_male_modre_fadn.png?w=19&amp;ssl=1 19w, https:\/\/i0.wp.com\/fadn.cz\/wp-content\/uploads\/2023\/04\/logo_male_modre_fadn.png?resize=12%2C12&amp;ssl=1 12w\" sizes=\"(max-width: 19px) 100vw, 19px\" \/> \u00a0Ve dnech 16.&nbsp;3.&nbsp;a&nbsp;17.&nbsp;3.&nbsp;2016 se&nbsp;uskute\u010dnilo \u0161kolen\u00ed tazatel\u016f \u0161et\u0159en\u00ed FADN 2015. (vlo\u017eeno:&nbsp;18.&nbsp;3.&nbsp;2016)<\/p><p><img decoding=\"async\" data-recalc-dims=\"1\" class=\"alignnone size-full wp-image-5604\" src=\"https:\/\/i0.wp.com\/fadn.cz\/wp-content\/uploads\/2023\/04\/logo_male_modre_fadn.png?resize=19%2C19&#038;ssl=1\" alt=\"\" width=\"19\" height=\"19\" srcset=\"https:\/\/i0.wp.com\/fadn.cz\/wp-content\/uploads\/2023\/04\/logo_male_modre_fadn.png?w=19&amp;ssl=1 19w, https:\/\/i0.wp.com\/fadn.cz\/wp-content\/uploads\/2023\/04\/logo_male_modre_fadn.png?resize=12%2C12&amp;ssl=1 12w\" sizes=\"(max-width: 19px) 100vw, 19px\" \/> \u00a0Prob\u00edh\u00e1 p\u0159\u00edprava nov\u00e9ho \u0161et\u0159en\u00ed FADN za&nbsp;\u00fa\u010detn\u00ed rok 2015. (vlo\u017eeno:&nbsp;5.&nbsp;1.&nbsp;2016)<\/p><\/div>\n\t\t\t\t\t\t\t\t\t<div class=\"elementor-tab-title elementor-tab-mobile-title\" aria-selected=\"false\" data-tab=\"3\" role=\"tab\" tabindex=\"-1\" aria-controls=\"elementor-tab-content-1583\" aria-expanded=\"false\">2015<\/div>\n\t\t\t\t\t<div id=\"elementor-tab-content-1583\" class=\"elementor-tab-content elementor-clearfix\" data-tab=\"3\" role=\"tabpanel\" aria-labelledby=\"elementor-tab-title-1583\" tabindex=\"0\" hidden=\"hidden\"><p><img decoding=\"async\" data-recalc-dims=\"1\" class=\"alignnone size-full wp-image-5604\" src=\"https:\/\/i0.wp.com\/fadn.cz\/wp-content\/uploads\/2023\/04\/logo_male_modre_fadn.png?resize=19%2C19&#038;ssl=1\" alt=\"\" width=\"19\" height=\"19\" srcset=\"https:\/\/i0.wp.com\/fadn.cz\/wp-content\/uploads\/2023\/04\/logo_male_modre_fadn.png?w=19&amp;ssl=1 19w, https:\/\/i0.wp.com\/fadn.cz\/wp-content\/uploads\/2023\/04\/logo_male_modre_fadn.png?resize=12%2C12&amp;ssl=1 12w\" sizes=\"(max-width: 19px) 100vw, 19px\" \/> \u00a0Pro MZe byla zpracov\u00e1na Souhrnn\u00e1 zpr\u00e1va o&nbsp;fungov\u00e1n\u00ed a&nbsp;v\u00fdstupech s\u00edt\u011b FADN&nbsp;\u010cR v&nbsp;roce 2015 \u201eV\u00fdvoj a&nbsp;provozov\u00e1n\u00ed zem\u011bd\u011blsk\u00e9 \u00fa\u010detn\u00ed datov\u00e9 s\u00edt\u011b FADN&nbsp;\u010cR dle standard\u016f EU\u201c. Rovn\u011b\u017e byl zpracov\u00e1n tematick\u00fd \u00fakol \u201eRoz\u0161\u00ed\u0159en\u00ed z\u00e1kladn\u00edho souboru FADN o&nbsp;podniky hospoda\u0159\u00edc\u00ed v&nbsp;ekologick\u00e9m zem\u011bd\u011blstv\u00ed\u201c. (vlo\u017eeno:&nbsp;22.&nbsp;12.&nbsp;2015)\u00a0<\/p><p><img decoding=\"async\" data-recalc-dims=\"1\" class=\"alignnone size-full wp-image-5604\" src=\"https:\/\/i0.wp.com\/fadn.cz\/wp-content\/uploads\/2023\/04\/logo_male_modre_fadn.png?resize=19%2C19&#038;ssl=1\" alt=\"\" width=\"19\" height=\"19\" srcset=\"https:\/\/i0.wp.com\/fadn.cz\/wp-content\/uploads\/2023\/04\/logo_male_modre_fadn.png?w=19&amp;ssl=1 19w, https:\/\/i0.wp.com\/fadn.cz\/wp-content\/uploads\/2023\/04\/logo_male_modre_fadn.png?resize=12%2C12&amp;ssl=1 12w\" sizes=\"(max-width: 19px) 100vw, 19px\" \/> \u00a0Data za&nbsp;\u00fa\u010detn\u00ed rok 2014 byla odesl\u00e1na do&nbsp;DG AGRI v&nbsp;Bruselu ve&nbsp;stanoven\u00e9m term\u00ednu 15.&nbsp;12.&nbsp;2015. (vlo\u017eeno:&nbsp;16.&nbsp;12.&nbsp;2015)<\/p><p><img decoding=\"async\" data-recalc-dims=\"1\" class=\"alignnone size-full wp-image-5604\" src=\"https:\/\/i0.wp.com\/fadn.cz\/wp-content\/uploads\/2023\/04\/logo_male_modre_fadn.png?resize=19%2C19&#038;ssl=1\" alt=\"\" width=\"19\" height=\"19\" srcset=\"https:\/\/i0.wp.com\/fadn.cz\/wp-content\/uploads\/2023\/04\/logo_male_modre_fadn.png?w=19&amp;ssl=1 19w, https:\/\/i0.wp.com\/fadn.cz\/wp-content\/uploads\/2023\/04\/logo_male_modre_fadn.png?resize=12%2C12&amp;ssl=1 12w\" sizes=\"(max-width: 19px) 100vw, 19px\" \/> \u00a0Dne 20.&nbsp;11.&nbsp;2015 prob\u011bhlo v&nbsp;Bruselu 196.&nbsp;zased\u00e1n\u00ed Komunitn\u00edho v\u00fdboru FADN. Stru\u010dn\u00fd z\u00e1pis z&nbsp;jedn\u00e1n\u00ed je v&nbsp;adres\u00e1\u0159i \u201eDokumenty \u0158\u00edd\u00edc\u00ed komise FADN EU\u201c \u2013 2015. (vlo\u017eeno:&nbsp;23.&nbsp;11.&nbsp;2015)<\/p><p><img decoding=\"async\" data-recalc-dims=\"1\" class=\"alignnone size-full wp-image-5604\" src=\"https:\/\/i0.wp.com\/fadn.cz\/wp-content\/uploads\/2023\/04\/logo_male_modre_fadn.png?resize=19%2C19&#038;ssl=1\" alt=\"\" width=\"19\" height=\"19\" srcset=\"https:\/\/i0.wp.com\/fadn.cz\/wp-content\/uploads\/2023\/04\/logo_male_modre_fadn.png?w=19&amp;ssl=1 19w, https:\/\/i0.wp.com\/fadn.cz\/wp-content\/uploads\/2023\/04\/logo_male_modre_fadn.png?resize=12%2C12&amp;ssl=1 12w\" sizes=\"(max-width: 19px) 100vw, 19px\" \/> \u00a0Evropsk\u00e1 komise zve\u0159ejnila kr\u00e1tkou zpr\u00e1vu o&nbsp;ekonomice farem v&nbsp;\u010cR v&nbsp;roce 2013: \u201eFarm economy focus: Czech Republic, Information based on FADN data 2013\u201c. (vlo\u017eeno&nbsp;27.&nbsp;10.&nbsp;2015)\u00a0<\/p><p><img decoding=\"async\" data-recalc-dims=\"1\" class=\"alignnone size-full wp-image-5604\" src=\"https:\/\/i0.wp.com\/fadn.cz\/wp-content\/uploads\/2023\/04\/logo_male_modre_fadn.png?resize=19%2C19&#038;ssl=1\" alt=\"\" width=\"19\" height=\"19\" srcset=\"https:\/\/i0.wp.com\/fadn.cz\/wp-content\/uploads\/2023\/04\/logo_male_modre_fadn.png?w=19&amp;ssl=1 19w, https:\/\/i0.wp.com\/fadn.cz\/wp-content\/uploads\/2023\/04\/logo_male_modre_fadn.png?resize=12%2C12&amp;ssl=1 12w\" sizes=\"(max-width: 19px) 100vw, 19px\" \/> \u00a0Na z\u00e1klad\u011b dat FADN EU za&nbsp;rok 2012 byl dne 23.&nbsp;10.&nbsp;2015 publikov\u00e1n \u010dl\u00e1nek \u201e\u010cesk\u00e9 zem\u011bd\u011blstv\u00ed v&nbsp;mezin\u00e1rodn\u00edm srovn\u00e1n\u00ed\u201c. (vlo\u017eeno&nbsp;26.&nbsp;10.&nbsp;2015) \u2013 zdroj zde<\/p><p><img decoding=\"async\" data-recalc-dims=\"1\" class=\"alignnone size-full wp-image-5604\" src=\"https:\/\/i0.wp.com\/fadn.cz\/wp-content\/uploads\/2023\/04\/logo_male_modre_fadn.png?resize=19%2C19&#038;ssl=1\" alt=\"\" width=\"19\" height=\"19\" srcset=\"https:\/\/i0.wp.com\/fadn.cz\/wp-content\/uploads\/2023\/04\/logo_male_modre_fadn.png?w=19&amp;ssl=1 19w, https:\/\/i0.wp.com\/fadn.cz\/wp-content\/uploads\/2023\/04\/logo_male_modre_fadn.png?resize=12%2C12&amp;ssl=1 12w\" sizes=\"(max-width: 19px) 100vw, 19px\" \/> \u00a012.&nbsp;zased\u00e1n\u00ed N\u00e1rodn\u00ed komise FADN&nbsp;CZ se&nbsp;uskute\u010dnilo 21.&nbsp;10.&nbsp;2015. (vlo\u017eeno:&nbsp;22.&nbsp;10.&nbsp;2015)<\/p><p><img decoding=\"async\" data-recalc-dims=\"1\" class=\"alignnone size-full wp-image-5604\" src=\"https:\/\/i0.wp.com\/fadn.cz\/wp-content\/uploads\/2023\/04\/logo_male_modre_fadn.png?resize=19%2C19&#038;ssl=1\" alt=\"\" width=\"19\" height=\"19\" srcset=\"https:\/\/i0.wp.com\/fadn.cz\/wp-content\/uploads\/2023\/04\/logo_male_modre_fadn.png?w=19&amp;ssl=1 19w, https:\/\/i0.wp.com\/fadn.cz\/wp-content\/uploads\/2023\/04\/logo_male_modre_fadn.png?resize=12%2C12&amp;ssl=1 12w\" sizes=\"(max-width: 19px) 100vw, 19px\" \/> \u00a0Z\u00e1stupci kontaktn\u00edho pracovi\u0161t\u011b FADN se&nbsp;z\u00fa\u010dastnili mezin\u00e1rodn\u00edho workshopu Pacioli konan\u00e9m v&nbsp;B\u011blehrad\u011b (28.&nbsp;9. \u2013 30.&nbsp;9.&nbsp;2015). Mezi z\u00e1kladn\u00ed tematick\u00e9 okruhy pat\u0159ily trendy v&nbsp;inovaci sb\u011bru dat, prom\u011bnn\u00e9 k&nbsp;posouzen\u00ed trval\u00e9 udr\u017eitelnosti, nezem\u011bd\u011blsk\u00fd p\u0159\u00edjem, modelov\u00e1n\u00ed a&nbsp;anal\u00fdzy vyu\u017e\u00edvaj\u00edc\u00ed data FADN. V&nbsp;r\u00e1mci workshopu byla prezentov\u00e1na vyv\u00edjen\u00e1 metoda odhadu p\u0159\u00edjmu ze zem\u011bd\u011blstv\u00ed na&nbsp;z\u00e1klad\u011b dat FADN&nbsp;CZ.<\/p><p><img decoding=\"async\" data-recalc-dims=\"1\" class=\"alignnone size-full wp-image-5604\" src=\"https:\/\/i0.wp.com\/fadn.cz\/wp-content\/uploads\/2023\/04\/logo_male_modre_fadn.png?resize=19%2C19&#038;ssl=1\" alt=\"\" width=\"19\" height=\"19\" srcset=\"https:\/\/i0.wp.com\/fadn.cz\/wp-content\/uploads\/2023\/04\/logo_male_modre_fadn.png?w=19&amp;ssl=1 19w, https:\/\/i0.wp.com\/fadn.cz\/wp-content\/uploads\/2023\/04\/logo_male_modre_fadn.png?resize=12%2C12&amp;ssl=1 12w\" sizes=\"(max-width: 19px) 100vw, 19px\" \/> \u00a0V r\u00e1mci smlouvy o&nbsp;spolupr\u00e1ci s&nbsp;\u010cS\u00da byly k&nbsp;14.&nbsp;8.&nbsp;2015 odevzd\u00e1ny prvn\u00ed v\u00fdsledky z&nbsp;\u0161et\u0159en\u00ed dat FADN roku 2014. (vlo\u017eeno:&nbsp;17.&nbsp;8.&nbsp;2015)<\/p><p><img decoding=\"async\" data-recalc-dims=\"1\" class=\"alignnone size-full wp-image-5604\" src=\"https:\/\/i0.wp.com\/fadn.cz\/wp-content\/uploads\/2023\/04\/logo_male_modre_fadn.png?resize=19%2C19&#038;ssl=1\" alt=\"\" width=\"19\" height=\"19\" srcset=\"https:\/\/i0.wp.com\/fadn.cz\/wp-content\/uploads\/2023\/04\/logo_male_modre_fadn.png?w=19&amp;ssl=1 19w, https:\/\/i0.wp.com\/fadn.cz\/wp-content\/uploads\/2023\/04\/logo_male_modre_fadn.png?resize=12%2C12&amp;ssl=1 12w\" sizes=\"(max-width: 19px) 100vw, 19px\" \/> \u00a0Prob\u00edh\u00e1 zpracov\u00e1n\u00ed prvn\u00edch v\u00fdsledk\u016f z&nbsp;\u0161et\u0159en\u00ed dat FADN za&nbsp;rok 2014, kter\u00e9 budou na&nbsp;z\u00e1klad\u011b smlouvy o&nbsp;spolupr\u00e1ci p\u0159ed\u00e1ny \u010cS\u00da. (vlo\u017eeno:&nbsp;3.&nbsp;8.&nbsp;2015)<\/p><p><img decoding=\"async\" data-recalc-dims=\"1\" class=\"alignnone size-full wp-image-5604\" src=\"https:\/\/i0.wp.com\/fadn.cz\/wp-content\/uploads\/2023\/04\/logo_male_modre_fadn.png?resize=19%2C19&#038;ssl=1\" alt=\"\" width=\"19\" height=\"19\" srcset=\"https:\/\/i0.wp.com\/fadn.cz\/wp-content\/uploads\/2023\/04\/logo_male_modre_fadn.png?w=19&amp;ssl=1 19w, https:\/\/i0.wp.com\/fadn.cz\/wp-content\/uploads\/2023\/04\/logo_male_modre_fadn.png?resize=12%2C12&amp;ssl=1 12w\" sizes=\"(max-width: 19px) 100vw, 19px\" \/> \u00a0Dne 10. \u2013 12.&nbsp;6.&nbsp;2015 prob\u011bhlo v&nbsp;Bruselu 195.&nbsp;zased\u00e1n\u00ed Komunitn\u00edho v\u00fdboru FADN. Stru\u010dn\u00fd z\u00e1pis z&nbsp;jedn\u00e1n\u00ed je v&nbsp;adres\u00e1\u0159i \u201eDokumenty \u0158\u00edd\u00edc\u00ed komise FADN EU\u201c \u2013 2015. (vlo\u017eeno:&nbsp;15.&nbsp;6.&nbsp;2015)<\/p><p><img decoding=\"async\" data-recalc-dims=\"1\" class=\"alignnone size-full wp-image-5604\" src=\"https:\/\/i0.wp.com\/fadn.cz\/wp-content\/uploads\/2023\/04\/logo_male_modre_fadn.png?resize=19%2C19&#038;ssl=1\" alt=\"\" width=\"19\" height=\"19\" srcset=\"https:\/\/i0.wp.com\/fadn.cz\/wp-content\/uploads\/2023\/04\/logo_male_modre_fadn.png?w=19&amp;ssl=1 19w, https:\/\/i0.wp.com\/fadn.cz\/wp-content\/uploads\/2023\/04\/logo_male_modre_fadn.png?resize=12%2C12&amp;ssl=1 12w\" sizes=\"(max-width: 19px) 100vw, 19px\" \/> \u00a0Z\u00e1stupci Kontaktn\u00edho pracovi\u0161t\u011b FADN&nbsp;CZ se&nbsp;v&nbsp;term\u00ednu 4. \u2013 5.&nbsp;6.&nbsp;2015 z\u00fa\u010dastnili 15.&nbsp;zased\u00e1n\u00ed OECD Network for Farm-Level Analysis v&nbsp;Tallinnu. B\u011bhem dvou dn\u016f jedn\u00e1n\u00ed byly p\u0159edneseny v\u00fdsledky projekt\u016f s\u00edt\u011b FLA a&nbsp;byl diskutov\u00e1n jejich dal\u0161\u00ed v\u00fdvoj. D\u00e1le byly \u010dleny FLA prezentov\u00e1ny anal\u00fdzy zalo\u017een\u00e9 na&nbsp;mikroekonomick\u00fdch datech (nap\u0159.&nbsp;FADN). (vlo\u017eeno:&nbsp;8.&nbsp;6.&nbsp;2015)<\/p><p><img decoding=\"async\" data-recalc-dims=\"1\" class=\"alignnone size-full wp-image-5604\" src=\"https:\/\/i0.wp.com\/fadn.cz\/wp-content\/uploads\/2023\/04\/logo_male_modre_fadn.png?resize=19%2C19&#038;ssl=1\" alt=\"\" width=\"19\" height=\"19\" srcset=\"https:\/\/i0.wp.com\/fadn.cz\/wp-content\/uploads\/2023\/04\/logo_male_modre_fadn.png?w=19&amp;ssl=1 19w, https:\/\/i0.wp.com\/fadn.cz\/wp-content\/uploads\/2023\/04\/logo_male_modre_fadn.png?resize=12%2C12&amp;ssl=1 12w\" sizes=\"(max-width: 19px) 100vw, 19px\" \/> \u00a0Dne 10. \u2013 11.&nbsp;3.&nbsp;2015 prob\u011bhlo v&nbsp;Bruselu 194.&nbsp;zased\u00e1n\u00ed Komunitn\u00edho v\u00fdboru FADN. Stru\u010dn\u00fd z\u00e1pis z&nbsp;jedn\u00e1n\u00ed je v&nbsp;adres\u00e1\u0159i \u201eDokumenty \u0158\u00edd\u00edc\u00ed komise FADN EU\u201c \u2013 2015. (vlo\u017eeno:&nbsp;12.&nbsp;3.&nbsp;2015)<\/p><p><img decoding=\"async\" data-recalc-dims=\"1\" class=\"alignnone size-full wp-image-5604\" src=\"https:\/\/i0.wp.com\/fadn.cz\/wp-content\/uploads\/2023\/04\/logo_male_modre_fadn.png?resize=19%2C19&#038;ssl=1\" alt=\"\" width=\"19\" height=\"19\" srcset=\"https:\/\/i0.wp.com\/fadn.cz\/wp-content\/uploads\/2023\/04\/logo_male_modre_fadn.png?w=19&amp;ssl=1 19w, https:\/\/i0.wp.com\/fadn.cz\/wp-content\/uploads\/2023\/04\/logo_male_modre_fadn.png?resize=12%2C12&amp;ssl=1 12w\" sizes=\"(max-width: 19px) 100vw, 19px\" \/> \u00a0Ve dnech 25.&nbsp;2.&nbsp;a&nbsp;26.&nbsp;2.&nbsp;2015 se&nbsp;uskute\u010dnilo \u0161kolen\u00ed tazatel\u016f \u0161et\u0159en\u00ed FADN 2014. (vlo\u017eeno:&nbsp;27.&nbsp;2.&nbsp;2015)<\/p><p><img decoding=\"async\" data-recalc-dims=\"1\" class=\"alignnone size-full wp-image-5604\" src=\"https:\/\/i0.wp.com\/fadn.cz\/wp-content\/uploads\/2023\/04\/logo_male_modre_fadn.png?resize=19%2C19&#038;ssl=1\" alt=\"\" width=\"19\" height=\"19\" srcset=\"https:\/\/i0.wp.com\/fadn.cz\/wp-content\/uploads\/2023\/04\/logo_male_modre_fadn.png?w=19&amp;ssl=1 19w, https:\/\/i0.wp.com\/fadn.cz\/wp-content\/uploads\/2023\/04\/logo_male_modre_fadn.png?resize=12%2C12&amp;ssl=1 12w\" sizes=\"(max-width: 19px) 100vw, 19px\" \/> \u00a0Prob\u00edh\u00e1 p\u0159\u00edprava nov\u00e9ho \u0161et\u0159en\u00ed FADN za&nbsp;\u00fa\u010detn\u00ed rok 2014. (vlo\u017eeno:&nbsp;5.&nbsp;1.&nbsp;2015)<\/p><\/div>\n\t\t\t\t\t\t\t\t\t<div class=\"elementor-tab-title elementor-tab-mobile-title\" aria-selected=\"false\" data-tab=\"4\" role=\"tab\" tabindex=\"-1\" aria-controls=\"elementor-tab-content-1584\" aria-expanded=\"false\">2014<\/div>\n\t\t\t\t\t<div id=\"elementor-tab-content-1584\" class=\"elementor-tab-content elementor-clearfix\" data-tab=\"4\" role=\"tabpanel\" aria-labelledby=\"elementor-tab-title-1584\" tabindex=\"0\" hidden=\"hidden\"><section class=\"elementor-section elementor-top-section elementor-element elementor-element-310972f elementor-section-boxed elementor-section-height-default elementor-section-height-default\" data-id=\"310972f\" data-element_type=\"section\"><div class=\"elementor-container elementor-column-gap-default\"><div class=\"elementor-column elementor-col-100 elementor-top-column elementor-element elementor-element-09f632c\" data-id=\"09f632c\" data-element_type=\"column\"><div class=\"elementor-widget-wrap elementor-element-populated\"><div class=\"elementor-element elementor-element-0442534 elementor-widget elementor-widget-text-editor\" data-id=\"0442534\" data-element_type=\"widget\" data-widget_type=\"text-editor.default\"><div class=\"elementor-widget-container\"><p><img decoding=\"async\" data-recalc-dims=\"1\" class=\"alignnone size-full wp-image-5604\" src=\"https:\/\/i0.wp.com\/fadn.cz\/wp-content\/uploads\/2023\/04\/logo_male_modre_fadn.png?resize=19%2C19&#038;ssl=1\" alt=\"\" width=\"19\" height=\"19\" srcset=\"https:\/\/i0.wp.com\/fadn.cz\/wp-content\/uploads\/2023\/04\/logo_male_modre_fadn.png?w=19&amp;ssl=1 19w, https:\/\/i0.wp.com\/fadn.cz\/wp-content\/uploads\/2023\/04\/logo_male_modre_fadn.png?resize=12%2C12&amp;ssl=1 12w\" sizes=\"(max-width: 19px) 100vw, 19px\" \/> \u00a0Pro MZe byla zpracov\u00e1na Souhrnn\u00e1 zpr\u00e1va o&nbsp;fungov\u00e1n\u00ed a&nbsp;v\u00fdstupech s\u00edt\u011b FADN&nbsp;\u010cR v&nbsp;roce 2014 \u201eV\u00fdvoj a&nbsp;provozov\u00e1n\u00ed zem\u011bd\u011blsk\u00e9 \u00fa\u010detn\u00ed datov\u00e9 s\u00edt\u011b FADN&nbsp;\u010cR dle standard\u016f EU\u201c. D\u00e1le byl pro&nbsp;MZe zpracov\u00e1n tematick\u00fd \u00fakol \u201eRoz\u0161\u00ed\u0159en\u00ed z\u00e1kladn\u00edho souboru FADN o&nbsp;podniky hospoda\u0159\u00edc\u00ed v&nbsp;ekologick\u00e9m zem\u011bd\u011blstv\u00ed\u201c. (vlo\u017eeno:&nbsp;19.&nbsp;12.&nbsp;2014)<\/p><p><img decoding=\"async\" data-recalc-dims=\"1\" class=\"alignnone size-full wp-image-5604\" src=\"https:\/\/i0.wp.com\/fadn.cz\/wp-content\/uploads\/2023\/04\/logo_male_modre_fadn.png?resize=19%2C19&#038;ssl=1\" alt=\"\" width=\"19\" height=\"19\" srcset=\"https:\/\/i0.wp.com\/fadn.cz\/wp-content\/uploads\/2023\/04\/logo_male_modre_fadn.png?w=19&amp;ssl=1 19w, https:\/\/i0.wp.com\/fadn.cz\/wp-content\/uploads\/2023\/04\/logo_male_modre_fadn.png?resize=12%2C12&amp;ssl=1 12w\" sizes=\"(max-width: 19px) 100vw, 19px\" \/> \u00a0V prosinci 2014 byla vyd\u00e1na publikace \u201eV\u00fdb\u011brov\u00e9 \u0161et\u0159en\u00ed hospod\u00e1\u0159sk\u00fdch v\u00fdsledk\u016f zem\u011bd\u011blsk\u00fdch podnik\u016f v&nbsp;s\u00edti FADN&nbsp;CZ za&nbsp;rok 2013\u201c. Pro&nbsp;z\u00e1jemce je tato publikace k&nbsp;dispozici na&nbsp;sekretari\u00e1tu Kontaktn\u00edho pracovi\u0161t\u011b FADN&nbsp;CZ, M\u00e1nesova 75, Praha 2. (vlo\u017eeno:&nbsp;19.&nbsp;12.&nbsp;2014)<\/p><p><img decoding=\"async\" data-recalc-dims=\"1\" class=\"alignnone size-full wp-image-5604\" src=\"https:\/\/i0.wp.com\/fadn.cz\/wp-content\/uploads\/2023\/04\/logo_male_modre_fadn.png?resize=19%2C19&#038;ssl=1\" alt=\"\" width=\"19\" height=\"19\" srcset=\"https:\/\/i0.wp.com\/fadn.cz\/wp-content\/uploads\/2023\/04\/logo_male_modre_fadn.png?w=19&amp;ssl=1 19w, https:\/\/i0.wp.com\/fadn.cz\/wp-content\/uploads\/2023\/04\/logo_male_modre_fadn.png?resize=12%2C12&amp;ssl=1 12w\" sizes=\"(max-width: 19px) 100vw, 19px\" \/> \u00a0Data za&nbsp;\u00fa\u010detn\u00ed rok 2013 byla odesl\u00e1na do&nbsp;DG AGRI v&nbsp;Bruselu ve&nbsp;stanoven\u00e9m term\u00ednu 27.&nbsp;11.&nbsp;2014. (vlo\u017eeno:&nbsp;28.&nbsp;11.&nbsp;2014)<\/p><p><img decoding=\"async\" data-recalc-dims=\"1\" class=\"alignnone size-full wp-image-5604\" src=\"https:\/\/i0.wp.com\/fadn.cz\/wp-content\/uploads\/2023\/04\/logo_male_modre_fadn.png?resize=19%2C19&#038;ssl=1\" alt=\"\" width=\"19\" height=\"19\" srcset=\"https:\/\/i0.wp.com\/fadn.cz\/wp-content\/uploads\/2023\/04\/logo_male_modre_fadn.png?w=19&amp;ssl=1 19w, https:\/\/i0.wp.com\/fadn.cz\/wp-content\/uploads\/2023\/04\/logo_male_modre_fadn.png?resize=12%2C12&amp;ssl=1 12w\" sizes=\"(max-width: 19px) 100vw, 19px\" \/> \u00a011.&nbsp;zased\u00e1n\u00ed N\u00e1rodn\u00ed komise FADN&nbsp;CZ se&nbsp;uskute\u010dnilo 12.&nbsp;11.&nbsp;2014. (vlo\u017eeno:&nbsp;13.&nbsp;11.&nbsp;2014)<\/p><p><img decoding=\"async\" data-recalc-dims=\"1\" class=\"alignnone size-full wp-image-5604\" src=\"https:\/\/i0.wp.com\/fadn.cz\/wp-content\/uploads\/2023\/04\/logo_male_modre_fadn.png?resize=19%2C19&#038;ssl=1\" alt=\"\" width=\"19\" height=\"19\" srcset=\"https:\/\/i0.wp.com\/fadn.cz\/wp-content\/uploads\/2023\/04\/logo_male_modre_fadn.png?w=19&amp;ssl=1 19w, https:\/\/i0.wp.com\/fadn.cz\/wp-content\/uploads\/2023\/04\/logo_male_modre_fadn.png?resize=12%2C12&amp;ssl=1 12w\" sizes=\"(max-width: 19px) 100vw, 19px\" \/> \u00a0Dne 4. \u2013 5.&nbsp;11.&nbsp;2014 prob\u011bhlo v&nbsp;Bruselu 193.&nbsp;zased\u00e1n\u00ed Komunitn\u00edho v\u00fdboru FADN. Stru\u010dn\u00fd z\u00e1pis z&nbsp;jedn\u00e1n\u00ed je v&nbsp;adres\u00e1\u0159i \u201eDokumenty \u0158\u00edd\u00edc\u00ed komise FADN EU\u201c \u2013 2014. (vlo\u017eeno:&nbsp;7.&nbsp;11.&nbsp;2014)<\/p><p><img decoding=\"async\" data-recalc-dims=\"1\" class=\"alignnone size-full wp-image-5604\" src=\"https:\/\/i0.wp.com\/fadn.cz\/wp-content\/uploads\/2023\/04\/logo_male_modre_fadn.png?resize=19%2C19&#038;ssl=1\" alt=\"\" width=\"19\" height=\"19\" srcset=\"https:\/\/i0.wp.com\/fadn.cz\/wp-content\/uploads\/2023\/04\/logo_male_modre_fadn.png?w=19&amp;ssl=1 19w, https:\/\/i0.wp.com\/fadn.cz\/wp-content\/uploads\/2023\/04\/logo_male_modre_fadn.png?resize=12%2C12&amp;ssl=1 12w\" sizes=\"(max-width: 19px) 100vw, 19px\" \/> \u00a0Z\u00e1stupkyn\u011b na\u0161eho pracovi\u0161t\u011b se&nbsp;27.&nbsp;a&nbsp;28.&nbsp;\u0159\u00edjna 2014 aktivn\u011b z\u00fa\u010dastnila expertn\u00ed mise organizovan\u00e9 Evropskou komis\u00ed (asistence TAIEX) v&nbsp;Makedonsk\u00e9 republice. Dvoudenn\u00ed workshop za&nbsp;\u00fa\u010dasti pracovn\u00edk\u016f LA FADN Makedonsk\u00e9 republiky a&nbsp;poradc\u016f odpov\u011bdn\u00fdch za&nbsp;sb\u011br dat byl zam\u011b\u0159en na&nbsp;nov\u00e9 v\u00fdzvy p\u0159ich\u00e1zej\u00edc\u00ed s&nbsp;nov\u00fdm dotazn\u00edkem FADN. (vlo\u017eeno:&nbsp;30.&nbsp;10.&nbsp;2014)<\/p><p><img decoding=\"async\" data-recalc-dims=\"1\" class=\"alignnone size-full wp-image-5604\" src=\"https:\/\/i0.wp.com\/fadn.cz\/wp-content\/uploads\/2023\/04\/logo_male_modre_fadn.png?resize=19%2C19&#038;ssl=1\" alt=\"\" width=\"19\" height=\"19\" srcset=\"https:\/\/i0.wp.com\/fadn.cz\/wp-content\/uploads\/2023\/04\/logo_male_modre_fadn.png?w=19&amp;ssl=1 19w, https:\/\/i0.wp.com\/fadn.cz\/wp-content\/uploads\/2023\/04\/logo_male_modre_fadn.png?resize=12%2C12&amp;ssl=1 12w\" sizes=\"(max-width: 19px) 100vw, 19px\" \/> \u00a0Ve dnech 28.&nbsp;z\u00e1\u0159\u00ed a\u017e 1.&nbsp;\u0159\u00edjna 2014 prob\u011bhl mezin\u00e1rodn\u00ed Pacioli workshop v&nbsp;Dublinu, kter\u00fd je prim\u00e1rn\u011b zam\u011b\u0159en na&nbsp;problematiku sb\u011bru dat na&nbsp;podnikov\u00e9 \u00farovni a&nbsp;jejich vyu\u017eit\u00ed. V&nbsp;r\u00e1mci workshopu byla z\u00e1stupci FADN&nbsp;CZ prezentov\u00e1na problematika odhadov\u00e1n\u00ed zem\u011bd\u011blsk\u00e9ho d\u016fchodu na&nbsp;b\u00e1zi datab\u00e1ze FADN. (vlo\u017eeno:&nbsp;3.&nbsp;10.&nbsp;2014)<\/p><p><img decoding=\"async\" data-recalc-dims=\"1\" class=\"alignnone size-full wp-image-5604\" src=\"https:\/\/i0.wp.com\/fadn.cz\/wp-content\/uploads\/2023\/04\/logo_male_modre_fadn.png?resize=19%2C19&#038;ssl=1\" alt=\"\" width=\"19\" height=\"19\" srcset=\"https:\/\/i0.wp.com\/fadn.cz\/wp-content\/uploads\/2023\/04\/logo_male_modre_fadn.png?w=19&amp;ssl=1 19w, https:\/\/i0.wp.com\/fadn.cz\/wp-content\/uploads\/2023\/04\/logo_male_modre_fadn.png?resize=12%2C12&amp;ssl=1 12w\" sizes=\"(max-width: 19px) 100vw, 19px\" \/> \u00a0Dne 10. \u2013 11.&nbsp;9.&nbsp;2014 prob\u011bhlo v&nbsp;Bruselu 192.&nbsp;zased\u00e1n\u00ed Komunitn\u00edho v\u00fdboru FADN. Stru\u010dn\u00fd z\u00e1pis z&nbsp;jedn\u00e1n\u00ed je v&nbsp;adres\u00e1\u0159i \u201eDokumenty \u0158\u00edd\u00edc\u00ed komise FADN EU\u201c \u2013 2014. (vlo\u017eeno:&nbsp;12.&nbsp;9.&nbsp;2014)<\/p><p><img decoding=\"async\" data-recalc-dims=\"1\" class=\"alignnone size-full wp-image-5604\" src=\"https:\/\/i0.wp.com\/fadn.cz\/wp-content\/uploads\/2023\/04\/logo_male_modre_fadn.png?resize=19%2C19&#038;ssl=1\" alt=\"\" width=\"19\" height=\"19\" srcset=\"https:\/\/i0.wp.com\/fadn.cz\/wp-content\/uploads\/2023\/04\/logo_male_modre_fadn.png?w=19&amp;ssl=1 19w, https:\/\/i0.wp.com\/fadn.cz\/wp-content\/uploads\/2023\/04\/logo_male_modre_fadn.png?resize=12%2C12&amp;ssl=1 12w\" sizes=\"(max-width: 19px) 100vw, 19px\" \/> \u00a0V r\u00e1mci smlouvy o&nbsp;spolupr\u00e1ci s&nbsp;\u010cS\u00da byly k&nbsp;15.&nbsp;8.&nbsp;2014 odevzd\u00e1ny prvn\u00ed v\u00fdsledky z&nbsp;\u0161et\u0159en\u00ed dat FADN roku 2013. (vlo\u017eeno:&nbsp;18.&nbsp;8.&nbsp;2014)<\/p><p><img decoding=\"async\" data-recalc-dims=\"1\" class=\"alignnone size-full wp-image-5604\" src=\"https:\/\/i0.wp.com\/fadn.cz\/wp-content\/uploads\/2023\/04\/logo_male_modre_fadn.png?resize=19%2C19&#038;ssl=1\" alt=\"\" width=\"19\" height=\"19\" srcset=\"https:\/\/i0.wp.com\/fadn.cz\/wp-content\/uploads\/2023\/04\/logo_male_modre_fadn.png?w=19&amp;ssl=1 19w, https:\/\/i0.wp.com\/fadn.cz\/wp-content\/uploads\/2023\/04\/logo_male_modre_fadn.png?resize=12%2C12&amp;ssl=1 12w\" sizes=\"(max-width: 19px) 100vw, 19px\" \/> \u00a0Prob\u00edh\u00e1 zpracov\u00e1n\u00ed prvn\u00edch v\u00fdsledk\u016f z&nbsp;\u0161et\u0159en\u00ed dat FADN za&nbsp;rok 2013, kter\u00e9 budou na&nbsp;z\u00e1klad\u011b smlouvy o&nbsp;spolupr\u00e1ci p\u0159ed\u00e1ny \u010cS\u00da. (vlo\u017eeno:&nbsp;5.&nbsp;8.&nbsp;2014)<\/p><p><img decoding=\"async\" data-recalc-dims=\"1\" class=\"alignnone size-full wp-image-5604\" src=\"https:\/\/i0.wp.com\/fadn.cz\/wp-content\/uploads\/2023\/04\/logo_male_modre_fadn.png?resize=19%2C19&#038;ssl=1\" alt=\"\" width=\"19\" height=\"19\" srcset=\"https:\/\/i0.wp.com\/fadn.cz\/wp-content\/uploads\/2023\/04\/logo_male_modre_fadn.png?w=19&amp;ssl=1 19w, https:\/\/i0.wp.com\/fadn.cz\/wp-content\/uploads\/2023\/04\/logo_male_modre_fadn.png?resize=12%2C12&amp;ssl=1 12w\" sizes=\"(max-width: 19px) 100vw, 19px\" \/> \u00a0Z\u00e1stupci Kontaktn\u00edho pracovi\u0161t\u011b FADN nav\u0161t\u00edvili v&nbsp;\u010dervnu n\u011bkolik vybran\u00fdch ekologick\u00fdch zem\u011bd\u011blsk\u00fdch podnik\u016f v&nbsp;r\u00e1mci tematick\u00e9ho \u00fakolu \u00daZEI \u201eRoz\u0161\u00ed\u0159en\u00ed z\u00e1kladn\u00edho souboru FADN o&nbsp;podniky hospoda\u0159\u00edc\u00ed v&nbsp;ekologick\u00e9m zem\u011bd\u011blstv\u00ed\u201c.<\/p><p><img decoding=\"async\" data-recalc-dims=\"1\" class=\"alignnone size-full wp-image-5604\" src=\"https:\/\/i0.wp.com\/fadn.cz\/wp-content\/uploads\/2023\/04\/logo_male_modre_fadn.png?resize=19%2C19&#038;ssl=1\" alt=\"\" width=\"19\" height=\"19\" srcset=\"https:\/\/i0.wp.com\/fadn.cz\/wp-content\/uploads\/2023\/04\/logo_male_modre_fadn.png?w=19&amp;ssl=1 19w, https:\/\/i0.wp.com\/fadn.cz\/wp-content\/uploads\/2023\/04\/logo_male_modre_fadn.png?resize=12%2C12&amp;ssl=1 12w\" sizes=\"(max-width: 19px) 100vw, 19px\" \/> \u00a0Data t\u011bchto podnik\u016f byla za\u0159azena do&nbsp;v\u00fdb\u011brov\u00e9ho souboru FADN&nbsp;CZ. (vlo\u017eeno:&nbsp;3.&nbsp;7.&nbsp;2014)<\/p><p><img decoding=\"async\" data-recalc-dims=\"1\" class=\"alignnone size-full wp-image-5604\" src=\"https:\/\/i0.wp.com\/fadn.cz\/wp-content\/uploads\/2023\/04\/logo_male_modre_fadn.png?resize=19%2C19&#038;ssl=1\" alt=\"\" width=\"19\" height=\"19\" srcset=\"https:\/\/i0.wp.com\/fadn.cz\/wp-content\/uploads\/2023\/04\/logo_male_modre_fadn.png?w=19&amp;ssl=1 19w, https:\/\/i0.wp.com\/fadn.cz\/wp-content\/uploads\/2023\/04\/logo_male_modre_fadn.png?resize=12%2C12&amp;ssl=1 12w\" sizes=\"(max-width: 19px) 100vw, 19px\" \/> \u00a0Za p\u0159\u00edtomnosti z\u00e1stupc\u016f Kontaktn\u00edho pracovi\u0161t\u011b FADN&nbsp;CZ se&nbsp;v&nbsp;term\u00ednu 2. \u2013 3.&nbsp;6.&nbsp;2014 konalo v&nbsp;Pa\u0159\u00ed\u017ei 13.&nbsp;zased\u00e1n\u00ed OECD Network for Farm-Level Analysis. Byly konzultov\u00e1ny mo\u017enosti v\u00fdvoje mikrosimula\u010dn\u00edho modelu v&nbsp;r\u00e1mci intern\u00edho v\u00fdzkumn\u00e9ho projektu \u201eOdhad ekonomick\u00fdch v\u00fdsledk\u016f v&nbsp;zem\u011bd\u011blstv\u00ed na&nbsp;z\u00e1klad\u011b podnikov\u00fdch dat FADN s&nbsp;n\u00edzkou \u010di&nbsp;nulovou znalost\u00ed faktick\u00e9ho v\u00fdvoje odhadovan\u00e9ho roku\u201c. (vlo\u017eeno:&nbsp;4.&nbsp;6.&nbsp;2014)<\/p><p><img decoding=\"async\" data-recalc-dims=\"1\" class=\"alignnone size-full wp-image-5604\" src=\"https:\/\/i0.wp.com\/fadn.cz\/wp-content\/uploads\/2023\/04\/logo_male_modre_fadn.png?resize=19%2C19&#038;ssl=1\" alt=\"\" width=\"19\" height=\"19\" srcset=\"https:\/\/i0.wp.com\/fadn.cz\/wp-content\/uploads\/2023\/04\/logo_male_modre_fadn.png?w=19&amp;ssl=1 19w, https:\/\/i0.wp.com\/fadn.cz\/wp-content\/uploads\/2023\/04\/logo_male_modre_fadn.png?resize=12%2C12&amp;ssl=1 12w\" sizes=\"(max-width: 19px) 100vw, 19px\" \/> \u00a0Dne 19. \u2013 20.&nbsp;5.&nbsp;2014 prob\u011bhlo v&nbsp;Bruselu 191.&nbsp;zased\u00e1n\u00ed Komunitn\u00edho v\u00fdboru FADN. Stru\u010dn\u00fd z\u00e1pis z&nbsp;jedn\u00e1n\u00ed je v&nbsp;adres\u00e1\u0159i \u201eDokumenty \u0158\u00edd\u00edc\u00ed komise FADN EU\u201c \u2013 2014. (vlo\u017eeno:&nbsp;22.&nbsp;5.&nbsp;2014)<\/p><p><img decoding=\"async\" data-recalc-dims=\"1\" class=\"alignnone size-full wp-image-5604\" src=\"https:\/\/i0.wp.com\/fadn.cz\/wp-content\/uploads\/2023\/04\/logo_male_modre_fadn.png?resize=19%2C19&#038;ssl=1\" alt=\"\" width=\"19\" height=\"19\" srcset=\"https:\/\/i0.wp.com\/fadn.cz\/wp-content\/uploads\/2023\/04\/logo_male_modre_fadn.png?w=19&amp;ssl=1 19w, https:\/\/i0.wp.com\/fadn.cz\/wp-content\/uploads\/2023\/04\/logo_male_modre_fadn.png?resize=12%2C12&amp;ssl=1 12w\" sizes=\"(max-width: 19px) 100vw, 19px\" \/> \u00a0Dne 11.&nbsp;4.&nbsp;2014 \/strong&gt;prob\u011bhlo v&nbsp;Bruselu 190.&nbsp;zased\u00e1n\u00ed Komunitn\u00edho v\u00fdboru FADN. Stru\u010dn\u00fd z\u00e1pis z&nbsp;jedn\u00e1n\u00ed je v&nbsp;adres\u00e1\u0159i \u201eDokumenty \u0158\u00edd\u00edc\u00ed komise FADN EU\u201c \u2013 2014. (vlo\u017eeno:&nbsp;14.&nbsp;4.&nbsp;2014)<\/p><p><img decoding=\"async\" data-recalc-dims=\"1\" class=\"alignnone size-full wp-image-5604\" src=\"https:\/\/i0.wp.com\/fadn.cz\/wp-content\/uploads\/2023\/04\/logo_male_modre_fadn.png?resize=19%2C19&#038;ssl=1\" alt=\"\" width=\"19\" height=\"19\" srcset=\"https:\/\/i0.wp.com\/fadn.cz\/wp-content\/uploads\/2023\/04\/logo_male_modre_fadn.png?w=19&amp;ssl=1 19w, https:\/\/i0.wp.com\/fadn.cz\/wp-content\/uploads\/2023\/04\/logo_male_modre_fadn.png?resize=12%2C12&amp;ssl=1 12w\" sizes=\"(max-width: 19px) 100vw, 19px\" \/> \u00a0Dne 19.&nbsp;3.&nbsp;2014 prob\u011bhlo v&nbsp;Bruselu 189.&nbsp;zased\u00e1n\u00ed Komunitn\u00edho v\u00fdboru FADN. Stru\u010dn\u00fd z\u00e1pis z&nbsp;jedn\u00e1n\u00ed je v&nbsp;adres\u00e1\u0159i \u201eDokumenty \u0158\u00edd\u00edc\u00ed komise FADN EU\u201c \u2013 2014. (vlo\u017eeno:&nbsp;21.&nbsp;3.&nbsp;2014)<\/p><p><img decoding=\"async\" data-recalc-dims=\"1\" class=\"alignnone size-full wp-image-5604\" src=\"https:\/\/i0.wp.com\/fadn.cz\/wp-content\/uploads\/2023\/04\/logo_male_modre_fadn.png?resize=19%2C19&#038;ssl=1\" alt=\"\" width=\"19\" height=\"19\" srcset=\"https:\/\/i0.wp.com\/fadn.cz\/wp-content\/uploads\/2023\/04\/logo_male_modre_fadn.png?w=19&amp;ssl=1 19w, https:\/\/i0.wp.com\/fadn.cz\/wp-content\/uploads\/2023\/04\/logo_male_modre_fadn.png?resize=12%2C12&amp;ssl=1 12w\" sizes=\"(max-width: 19px) 100vw, 19px\" \/> \u00a0Ve dnech 5.&nbsp;3.&nbsp;a&nbsp;6.&nbsp;3.&nbsp;2014 se&nbsp;uskute\u010dnilo \u0161kolen\u00ed tazatel\u016f \u0161et\u0159en\u00ed FADN 2013. (vlo\u017eeno:&nbsp;7.&nbsp;3.&nbsp;2014)<\/p><p><img decoding=\"async\" data-recalc-dims=\"1\" class=\"alignnone size-full wp-image-5604\" src=\"https:\/\/i0.wp.com\/fadn.cz\/wp-content\/uploads\/2023\/04\/logo_male_modre_fadn.png?resize=19%2C19&#038;ssl=1\" alt=\"\" width=\"19\" height=\"19\" srcset=\"https:\/\/i0.wp.com\/fadn.cz\/wp-content\/uploads\/2023\/04\/logo_male_modre_fadn.png?w=19&amp;ssl=1 19w, https:\/\/i0.wp.com\/fadn.cz\/wp-content\/uploads\/2023\/04\/logo_male_modre_fadn.png?resize=12%2C12&amp;ssl=1 12w\" sizes=\"(max-width: 19px) 100vw, 19px\" \/> \u00a0Prob\u00edh\u00e1 p\u0159\u00edprava nov\u00e9ho \u0161et\u0159en\u00ed FADN za&nbsp;\u00fa\u010detn\u00ed rok 2013. (vlo\u017eeno:&nbsp;10.&nbsp;1.&nbsp;2014)<\/p><p><img decoding=\"async\" data-recalc-dims=\"1\" class=\"alignnone size-full wp-image-5604\" src=\"https:\/\/i0.wp.com\/fadn.cz\/wp-content\/uploads\/2023\/04\/logo_male_modre_fadn.png?resize=19%2C19&#038;ssl=1\" alt=\"\" width=\"19\" height=\"19\" srcset=\"https:\/\/i0.wp.com\/fadn.cz\/wp-content\/uploads\/2023\/04\/logo_male_modre_fadn.png?w=19&amp;ssl=1 19w, https:\/\/i0.wp.com\/fadn.cz\/wp-content\/uploads\/2023\/04\/logo_male_modre_fadn.png?resize=12%2C12&amp;ssl=1 12w\" sizes=\"(max-width: 19px) 100vw, 19px\" \/> \u00a0Byla provedena oprava v&nbsp;datech v&nbsp;publikaci \u201eV\u00fdb\u011brov\u00e9 \u0161et\u0159en\u00ed hospod\u00e1\u0159sk\u00fdch v\u00fdsledk\u016f zem\u011bd\u011blsk\u00fdch podnik\u016f v&nbsp;s\u00edti FADN&nbsp;CZ za&nbsp;rok 2011\u201c v&nbsp;tabulce B8 Standardn\u00ed v\u00fdstup FADN EU \u2013 V\u00fdsledky souboru FADN pr\u00e1vnick\u00fdch osob podle v\u00fdrobn\u00edho zam\u011b\u0159en\u00ed a&nbsp;ekonomick\u00e9 velikosti v&nbsp;K\u010d\/ha. (vlo\u017eeno:&nbsp;6.&nbsp;1.&nbsp;2014)<\/p><\/div><\/div><\/div><\/div><\/div><\/section><\/div>\n\t\t\t\t\t\t\t\t\t<div class=\"elementor-tab-title elementor-tab-mobile-title\" aria-selected=\"false\" data-tab=\"5\" role=\"tab\" tabindex=\"-1\" aria-controls=\"elementor-tab-content-1585\" aria-expanded=\"false\">2013<\/div>\n\t\t\t\t\t<div id=\"elementor-tab-content-1585\" class=\"elementor-tab-content elementor-clearfix\" data-tab=\"5\" role=\"tabpanel\" aria-labelledby=\"elementor-tab-title-1585\" tabindex=\"0\" hidden=\"hidden\"><p><img decoding=\"async\" data-recalc-dims=\"1\" class=\"alignnone size-full wp-image-5604\" src=\"https:\/\/i0.wp.com\/fadn.cz\/wp-content\/uploads\/2023\/04\/logo_male_modre_fadn.png?resize=19%2C19&#038;ssl=1\" alt=\"\" width=\"19\" height=\"19\" srcset=\"https:\/\/i0.wp.com\/fadn.cz\/wp-content\/uploads\/2023\/04\/logo_male_modre_fadn.png?w=19&amp;ssl=1 19w, https:\/\/i0.wp.com\/fadn.cz\/wp-content\/uploads\/2023\/04\/logo_male_modre_fadn.png?resize=12%2C12&amp;ssl=1 12w\" sizes=\"(max-width: 19px) 100vw, 19px\" \/> \u00a0Pro MZe byla zpracov\u00e1na Souhrnn\u00e1 zpr\u00e1va o&nbsp;fungov\u00e1n\u00ed a&nbsp;v\u00fdstupech s\u00edt\u011b FADN&nbsp;\u010cR v&nbsp;roce 2013 \u201eV\u00fdvoj a&nbsp;provozov\u00e1n\u00ed zem\u011bd\u011blsk\u00e9 \u00fa\u010detn\u00ed datov\u00e9 s\u00edt\u011b FADN&nbsp;\u010cR dle standard\u016f EU\u201c. D\u00e1le byl pro&nbsp;MZe zpracov\u00e1n tematick\u00fd \u00fakol \u201eRoz\u0161\u00ed\u0159en\u00ed z\u00e1kladn\u00edho souboru FADN o&nbsp;podniky hospoda\u0159\u00edc\u00ed v&nbsp;ekologick\u00e9m zem\u011bd\u011blstv\u00ed\u201c. (vlo\u017eeno:&nbsp;20.&nbsp;12.&nbsp;2013)<\/p><p><img decoding=\"async\" data-recalc-dims=\"1\" class=\"alignnone size-full wp-image-5604\" src=\"https:\/\/i0.wp.com\/fadn.cz\/wp-content\/uploads\/2023\/04\/logo_male_modre_fadn.png?resize=19%2C19&#038;ssl=1\" alt=\"\" width=\"19\" height=\"19\" srcset=\"https:\/\/i0.wp.com\/fadn.cz\/wp-content\/uploads\/2023\/04\/logo_male_modre_fadn.png?w=19&amp;ssl=1 19w, https:\/\/i0.wp.com\/fadn.cz\/wp-content\/uploads\/2023\/04\/logo_male_modre_fadn.png?resize=12%2C12&amp;ssl=1 12w\" sizes=\"(max-width: 19px) 100vw, 19px\" \/> \u00a0V prosinci 2013 byla vyd\u00e1na publikace \u201eV\u00fdb\u011brov\u00e9 \u0161et\u0159en\u00ed hospod\u00e1\u0159sk\u00fdch v\u00fdsledk\u016f zem\u011bd\u011blsk\u00fdch podnik\u016f v&nbsp;s\u00edti FADN&nbsp;CZ za&nbsp;rok 2012\u201c. Pro&nbsp;z\u00e1jemce je tato publikace k&nbsp;dispozici na&nbsp;sekretari\u00e1tu Kontaktn\u00edho pracovi\u0161t\u011b FADN&nbsp;CZ, M\u00e1nesova 75, Praha 2. (vlo\u017eeno:&nbsp;16.&nbsp;12.&nbsp;2013)<\/p><p><img decoding=\"async\" data-recalc-dims=\"1\" class=\"alignnone size-full wp-image-5604\" src=\"https:\/\/i0.wp.com\/fadn.cz\/wp-content\/uploads\/2023\/04\/logo_male_modre_fadn.png?resize=19%2C19&#038;ssl=1\" alt=\"\" width=\"19\" height=\"19\" srcset=\"https:\/\/i0.wp.com\/fadn.cz\/wp-content\/uploads\/2023\/04\/logo_male_modre_fadn.png?w=19&amp;ssl=1 19w, https:\/\/i0.wp.com\/fadn.cz\/wp-content\/uploads\/2023\/04\/logo_male_modre_fadn.png?resize=12%2C12&amp;ssl=1 12w\" sizes=\"(max-width: 19px) 100vw, 19px\" \/> \u00a0Data za&nbsp;\u00fa\u010detn\u00ed rok 2012 byla odesl\u00e1na do&nbsp;DG AGRI v&nbsp;Bruselu ve&nbsp;stanoven\u00e9m term\u00ednu 2&nbsp;8.&nbsp;11.&nbsp;2013. (vlo\u017eeno:&nbsp;6.&nbsp;12.&nbsp;2013)<\/p><p><img decoding=\"async\" data-recalc-dims=\"1\" class=\"alignnone size-full wp-image-5604\" src=\"https:\/\/i0.wp.com\/fadn.cz\/wp-content\/uploads\/2023\/04\/logo_male_modre_fadn.png?resize=19%2C19&#038;ssl=1\" alt=\"\" width=\"19\" height=\"19\" srcset=\"https:\/\/i0.wp.com\/fadn.cz\/wp-content\/uploads\/2023\/04\/logo_male_modre_fadn.png?w=19&amp;ssl=1 19w, https:\/\/i0.wp.com\/fadn.cz\/wp-content\/uploads\/2023\/04\/logo_male_modre_fadn.png?resize=12%2C12&amp;ssl=1 12w\" sizes=\"(max-width: 19px) 100vw, 19px\" \/> \u00a0Z\u00e1stupci Kontaktn\u00edho pracovi\u0161t\u011b FADN&nbsp;CZ se&nbsp;z\u00fa\u010dastnili 12.&nbsp;zased\u00e1n\u00ed OECD Network for Farm-Level Analysis, kter\u00e9 se&nbsp;konalo 12.&nbsp;a&nbsp;13.&nbsp;11.&nbsp;2013 v&nbsp;Pa\u0159\u00ed\u017ei. Na&nbsp;zased\u00e1n\u00ed byly prezentov\u00e1ny v\u00fdsledky intern\u00edho v\u00fdzkumn\u00e9ho projektu \u201ePredikce v\u00fdsledk\u016f zem\u011bd\u011blsk\u00e9ho sektoru \u010cR na&nbsp;z\u00e1klad\u011b podnikov\u00fdch dat FADN\u201c. (vlo\u017eeno:&nbsp;15.&nbsp;11.&nbsp;2013)<\/p><p><img decoding=\"async\" data-recalc-dims=\"1\" class=\"alignnone size-full wp-image-5604\" src=\"https:\/\/i0.wp.com\/fadn.cz\/wp-content\/uploads\/2023\/04\/logo_male_modre_fadn.png?resize=19%2C19&#038;ssl=1\" alt=\"\" width=\"19\" height=\"19\" srcset=\"https:\/\/i0.wp.com\/fadn.cz\/wp-content\/uploads\/2023\/04\/logo_male_modre_fadn.png?w=19&amp;ssl=1 19w, https:\/\/i0.wp.com\/fadn.cz\/wp-content\/uploads\/2023\/04\/logo_male_modre_fadn.png?resize=12%2C12&amp;ssl=1 12w\" sizes=\"(max-width: 19px) 100vw, 19px\" \/> \u00a0Dne 8.&nbsp;11.&nbsp;2013 prob\u011bhlo v&nbsp;Bruselu 188.&nbsp;zased\u00e1n\u00ed Komunitn\u00edho v\u00fdboru FADN. Stru\u010dn\u00fd z\u00e1pis z&nbsp;jedn\u00e1n\u00ed je v&nbsp;adres\u00e1\u0159i \u201eDokumenty \u0158\u00edd\u00edc\u00ed komise FADN \u2013 2013\u201c. (vlo\u017eeno:&nbsp;11.&nbsp;11.&nbsp;2013)<\/p><p><img decoding=\"async\" data-recalc-dims=\"1\" class=\"alignnone size-full wp-image-5604\" src=\"https:\/\/i0.wp.com\/fadn.cz\/wp-content\/uploads\/2023\/04\/logo_male_modre_fadn.png?resize=19%2C19&#038;ssl=1\" alt=\"\" width=\"19\" height=\"19\" srcset=\"https:\/\/i0.wp.com\/fadn.cz\/wp-content\/uploads\/2023\/04\/logo_male_modre_fadn.png?w=19&amp;ssl=1 19w, https:\/\/i0.wp.com\/fadn.cz\/wp-content\/uploads\/2023\/04\/logo_male_modre_fadn.png?resize=12%2C12&amp;ssl=1 12w\" sizes=\"(max-width: 19px) 100vw, 19px\" \/> \u00a010.&nbsp;zased\u00e1n\u00ed N\u00e1rodn\u00ed komise FADN&nbsp;CZ se&nbsp;uskute\u010dnilo 6.&nbsp;11.&nbsp;2013. (vlo\u017eeno:&nbsp;7.&nbsp;11.&nbsp;2013)<\/p><p><img decoding=\"async\" data-recalc-dims=\"1\" class=\"alignnone size-full wp-image-5604\" src=\"https:\/\/i0.wp.com\/fadn.cz\/wp-content\/uploads\/2023\/04\/logo_male_modre_fadn.png?resize=19%2C19&#038;ssl=1\" alt=\"\" width=\"19\" height=\"19\" srcset=\"https:\/\/i0.wp.com\/fadn.cz\/wp-content\/uploads\/2023\/04\/logo_male_modre_fadn.png?w=19&amp;ssl=1 19w, https:\/\/i0.wp.com\/fadn.cz\/wp-content\/uploads\/2023\/04\/logo_male_modre_fadn.png?resize=12%2C12&amp;ssl=1 12w\" sizes=\"(max-width: 19px) 100vw, 19px\" \/> \u00a0Pl\u00e1n v\u00fdb\u011bru podnik\u016f pro&nbsp;rok 2014 byl odesl\u00e1n na&nbsp;pracovi\u0161t\u011b DG AGRI ve&nbsp;stanoven\u00e9m term\u00ednu. (vlo\u017eeno:&nbsp;17.&nbsp;10.&nbsp;2013)<\/p><p><img decoding=\"async\" data-recalc-dims=\"1\" class=\"alignnone size-full wp-image-5604\" src=\"https:\/\/i0.wp.com\/fadn.cz\/wp-content\/uploads\/2023\/04\/logo_male_modre_fadn.png?resize=19%2C19&#038;ssl=1\" alt=\"\" width=\"19\" height=\"19\" srcset=\"https:\/\/i0.wp.com\/fadn.cz\/wp-content\/uploads\/2023\/04\/logo_male_modre_fadn.png?w=19&amp;ssl=1 19w, https:\/\/i0.wp.com\/fadn.cz\/wp-content\/uploads\/2023\/04\/logo_male_modre_fadn.png?resize=12%2C12&amp;ssl=1 12w\" sizes=\"(max-width: 19px) 100vw, 19px\" \/> \u00a0Prob\u00edh\u00e1 p\u0159\u00edprava podklad\u016f pro&nbsp;10.&nbsp;zased\u00e1n\u00ed N\u00e1rodn\u00ed komise FADN&nbsp;CZ, kter\u00e9 se&nbsp;bude konat v&nbsp;pr\u016fb\u011bhu \u0159\u00edjna 2013. (vlo\u017eeno:&nbsp;30.&nbsp;9.&nbsp;2013)<\/p><p><img decoding=\"async\" data-recalc-dims=\"1\" class=\"alignnone size-full wp-image-5604\" src=\"https:\/\/i0.wp.com\/fadn.cz\/wp-content\/uploads\/2023\/04\/logo_male_modre_fadn.png?resize=19%2C19&#038;ssl=1\" alt=\"\" width=\"19\" height=\"19\" srcset=\"https:\/\/i0.wp.com\/fadn.cz\/wp-content\/uploads\/2023\/04\/logo_male_modre_fadn.png?w=19&amp;ssl=1 19w, https:\/\/i0.wp.com\/fadn.cz\/wp-content\/uploads\/2023\/04\/logo_male_modre_fadn.png?resize=12%2C12&amp;ssl=1 12w\" sizes=\"(max-width: 19px) 100vw, 19px\" \/> \u00a0Je zpracov\u00e1v\u00e1n nov\u00fd pl\u00e1n v\u00fdb\u011bru zem\u011bd\u011blsk\u00fdch podnik\u016f pro&nbsp;rok 2014. (vlo\u017eeno:&nbsp;30.&nbsp;9.&nbsp;2013)<\/p><p><img decoding=\"async\" data-recalc-dims=\"1\" class=\"alignnone size-full wp-image-5604\" src=\"https:\/\/i0.wp.com\/fadn.cz\/wp-content\/uploads\/2023\/04\/logo_male_modre_fadn.png?resize=19%2C19&#038;ssl=1\" alt=\"\" width=\"19\" height=\"19\" srcset=\"https:\/\/i0.wp.com\/fadn.cz\/wp-content\/uploads\/2023\/04\/logo_male_modre_fadn.png?w=19&amp;ssl=1 19w, https:\/\/i0.wp.com\/fadn.cz\/wp-content\/uploads\/2023\/04\/logo_male_modre_fadn.png?resize=12%2C12&amp;ssl=1 12w\" sizes=\"(max-width: 19px) 100vw, 19px\" \/> \u00a0Dne 11.&nbsp;9.&nbsp;2013 prob\u011bhlo v&nbsp;Bruselu 187.&nbsp;zased\u00e1n\u00ed Komunitn\u00edho v\u00fdboru FADN. \u00a0Stru\u010dn\u00fd z\u00e1pis z&nbsp;jedn\u00e1n\u00ed je v&nbsp;adres\u00e1\u0159i \u201eDokumenty \u0158\u00edd\u00edc\u00ed komise FADN \u2013 2013\u201c. (vlo\u017eeno:&nbsp;13.&nbsp;9.&nbsp;2013)<\/p><p><img decoding=\"async\" data-recalc-dims=\"1\" class=\"alignnone size-full wp-image-5604\" src=\"https:\/\/i0.wp.com\/fadn.cz\/wp-content\/uploads\/2023\/04\/logo_male_modre_fadn.png?resize=19%2C19&#038;ssl=1\" alt=\"\" width=\"19\" height=\"19\" srcset=\"https:\/\/i0.wp.com\/fadn.cz\/wp-content\/uploads\/2023\/04\/logo_male_modre_fadn.png?w=19&amp;ssl=1 19w, https:\/\/i0.wp.com\/fadn.cz\/wp-content\/uploads\/2023\/04\/logo_male_modre_fadn.png?resize=12%2C12&amp;ssl=1 12w\" sizes=\"(max-width: 19px) 100vw, 19px\" \/> \u00a0ZEM\u011a \u017dIVITELKA 2013 Kontaktn\u00ed pracovi\u0161t\u011b FADN&nbsp;\u010cR se&nbsp;prezentovalo ve&nbsp;st\u00e1nku MZe v&nbsp;pavilonu T1. N\u00e1v\u0161t\u011bvn\u00edk\u016fm zde byly k&nbsp;dispozici informa\u010dn\u00ed materi\u00e1ly t\u00fdkaj\u00edc\u00ed se&nbsp;FADN v&nbsp;\u010cesk\u00e9 republice a&nbsp;publikace \u201eV\u00fdb\u011brov\u00e9 \u0161et\u0159en\u00ed hospod\u00e1\u0159sk\u00fdch v\u00fdsledk\u016f zem\u011bd\u011blsk\u00fdch podnik\u016f v&nbsp;s\u00edti FADN&nbsp;CZ za&nbsp;rok 2011\u201c. (vlo\u017eeno:&nbsp;2.&nbsp;9.&nbsp;2013)<\/p><p><img decoding=\"async\" data-recalc-dims=\"1\" class=\"alignnone size-full wp-image-5604\" src=\"https:\/\/i0.wp.com\/fadn.cz\/wp-content\/uploads\/2023\/04\/logo_male_modre_fadn.png?resize=19%2C19&#038;ssl=1\" alt=\"\" width=\"19\" height=\"19\" srcset=\"https:\/\/i0.wp.com\/fadn.cz\/wp-content\/uploads\/2023\/04\/logo_male_modre_fadn.png?w=19&amp;ssl=1 19w, https:\/\/i0.wp.com\/fadn.cz\/wp-content\/uploads\/2023\/04\/logo_male_modre_fadn.png?resize=12%2C12&amp;ssl=1 12w\" sizes=\"(max-width: 19px) 100vw, 19px\" \/> \u00a0V r\u00e1mci smlouvy o&nbsp;spolupr\u00e1ci s&nbsp;\u010cS\u00da byly k&nbsp;15.&nbsp;8.&nbsp;2013 odevzd\u00e1ny prvn\u00ed v\u00fdsledky z&nbsp;\u0161et\u0159en\u00ed dat FADN roku 2012. (vlo\u017eeno:&nbsp;16.&nbsp;8.&nbsp;2013)<\/p><p><img decoding=\"async\" data-recalc-dims=\"1\" class=\"alignnone size-full wp-image-5604\" src=\"https:\/\/i0.wp.com\/fadn.cz\/wp-content\/uploads\/2023\/04\/logo_male_modre_fadn.png?resize=19%2C19&#038;ssl=1\" alt=\"\" width=\"19\" height=\"19\" srcset=\"https:\/\/i0.wp.com\/fadn.cz\/wp-content\/uploads\/2023\/04\/logo_male_modre_fadn.png?w=19&amp;ssl=1 19w, https:\/\/i0.wp.com\/fadn.cz\/wp-content\/uploads\/2023\/04\/logo_male_modre_fadn.png?resize=12%2C12&amp;ssl=1 12w\" sizes=\"(max-width: 19px) 100vw, 19px\" \/> \u00a0Prob\u00edh\u00e1 zpracov\u00e1n\u00ed prvn\u00edch v\u00fdsledk\u016f z&nbsp;\u0161et\u0159en\u00ed dat FADN za&nbsp;rok 2012, kter\u00e9 budou na&nbsp;z\u00e1klad\u011b smlouvy o&nbsp;spolupr\u00e1ci p\u0159ed\u00e1ny \u010cS\u00da. (vlo\u017eeno:&nbsp;5.&nbsp;8.&nbsp;2013)<\/p><p><img decoding=\"async\" data-recalc-dims=\"1\" class=\"alignnone size-full wp-image-5604\" src=\"https:\/\/i0.wp.com\/fadn.cz\/wp-content\/uploads\/2023\/04\/logo_male_modre_fadn.png?resize=19%2C19&#038;ssl=1\" alt=\"\" width=\"19\" height=\"19\" srcset=\"https:\/\/i0.wp.com\/fadn.cz\/wp-content\/uploads\/2023\/04\/logo_male_modre_fadn.png?w=19&amp;ssl=1 19w, https:\/\/i0.wp.com\/fadn.cz\/wp-content\/uploads\/2023\/04\/logo_male_modre_fadn.png?resize=12%2C12&amp;ssl=1 12w\" sizes=\"(max-width: 19px) 100vw, 19px\" \/> \u00a0Dne 4.&nbsp;7.&nbsp;2013 prob\u011bhlo jedn\u00e1n\u00ed Legislativn\u011b-lingvistick\u00e9 pracovn\u00ed skupiny ohledn\u011b nov\u00e9 verze na\u0159\u00edzen\u00ed Evropsk\u00e9ho parlamentu a&nbsp;Rady, kter\u00fdm se&nbsp;m\u011bn\u00ed na\u0159\u00edzen\u00ed Rady \u010d.&nbsp;1217\/2009 o&nbsp;zalo\u017een\u00ed zem\u011bd\u011blsk\u00e9 \u00fa\u010detn\u00ed datov\u00e9 s\u00edt\u011b (FADN). (vlo\u017eeno:&nbsp;8.&nbsp;7.&nbsp;2013)<\/p><p><img decoding=\"async\" data-recalc-dims=\"1\" class=\"alignnone size-full wp-image-5604\" src=\"https:\/\/i0.wp.com\/fadn.cz\/wp-content\/uploads\/2023\/04\/logo_male_modre_fadn.png?resize=19%2C19&#038;ssl=1\" alt=\"\" width=\"19\" height=\"19\" srcset=\"https:\/\/i0.wp.com\/fadn.cz\/wp-content\/uploads\/2023\/04\/logo_male_modre_fadn.png?w=19&amp;ssl=1 19w, https:\/\/i0.wp.com\/fadn.cz\/wp-content\/uploads\/2023\/04\/logo_male_modre_fadn.png?resize=12%2C12&amp;ssl=1 12w\" sizes=\"(max-width: 19px) 100vw, 19px\" \/> \u00a0Na pracovi\u0161ti DG AGRI v&nbsp;Bruselu prob\u011bhlo dne 3.&nbsp;7.&nbsp;2013 setk\u00e1n\u00ed pracovn\u00ed skupiny zab\u00fdvaj\u00edc\u00ed se&nbsp;IT problematikou ve&nbsp;spojitosti s&nbsp;implementac\u00ed nov\u00e9ho dotazn\u00edku FADN EU, kter\u00fd vstoup\u00ed v&nbsp;platnost od&nbsp;roku 2014. (vlo\u017eeno:&nbsp;4.&nbsp;7.&nbsp;2013)<\/p><p><img decoding=\"async\" data-recalc-dims=\"1\" class=\"alignnone size-full wp-image-5604\" src=\"https:\/\/i0.wp.com\/fadn.cz\/wp-content\/uploads\/2023\/04\/logo_male_modre_fadn.png?resize=19%2C19&#038;ssl=1\" alt=\"\" width=\"19\" height=\"19\" srcset=\"https:\/\/i0.wp.com\/fadn.cz\/wp-content\/uploads\/2023\/04\/logo_male_modre_fadn.png?w=19&amp;ssl=1 19w, https:\/\/i0.wp.com\/fadn.cz\/wp-content\/uploads\/2023\/04\/logo_male_modre_fadn.png?resize=12%2C12&amp;ssl=1 12w\" sizes=\"(max-width: 19px) 100vw, 19px\" \/> \u00a0Dne 10.&nbsp;6.&nbsp;2013 prob\u011bhlo v&nbsp;Bruselu 186.&nbsp;zased\u00e1n\u00ed Komunitn\u00edho v\u00fdboru FADN. Stru\u010dn\u00fd z\u00e1pis z&nbsp;jedn\u00e1n\u00ed je v&nbsp;adres\u00e1\u0159i \u201eDokumenty \u0159\u00edd\u00edc\u00ed komise FADN \u2013 2013\u201c. (vlo\u017eeno:&nbsp;12.&nbsp;6.&nbsp;2013)<\/p><p><img decoding=\"async\" data-recalc-dims=\"1\" class=\"alignnone size-full wp-image-5604\" src=\"https:\/\/i0.wp.com\/fadn.cz\/wp-content\/uploads\/2023\/04\/logo_male_modre_fadn.png?resize=19%2C19&#038;ssl=1\" alt=\"\" width=\"19\" height=\"19\" srcset=\"https:\/\/i0.wp.com\/fadn.cz\/wp-content\/uploads\/2023\/04\/logo_male_modre_fadn.png?w=19&amp;ssl=1 19w, https:\/\/i0.wp.com\/fadn.cz\/wp-content\/uploads\/2023\/04\/logo_male_modre_fadn.png?resize=12%2C12&amp;ssl=1 12w\" sizes=\"(max-width: 19px) 100vw, 19px\" \/> \u00a0\u00da\u010dast na&nbsp;mezin\u00e1rodn\u00ed konferenci pod&nbsp;z\u00e1\u0161titou ministra zem\u011bd\u011blstv\u00ed Petra Bendla \u201eEnergie zem\u011bd\u011blsk\u00e9 energie\u201c dne 23.&nbsp;5.&nbsp;2013. (vlo\u017eeno:&nbsp;24.&nbsp;5.&nbsp;2013)<\/p><p><img decoding=\"async\" data-recalc-dims=\"1\" class=\"alignnone size-full wp-image-5604\" src=\"https:\/\/i0.wp.com\/fadn.cz\/wp-content\/uploads\/2023\/04\/logo_male_modre_fadn.png?resize=19%2C19&#038;ssl=1\" alt=\"\" width=\"19\" height=\"19\" srcset=\"https:\/\/i0.wp.com\/fadn.cz\/wp-content\/uploads\/2023\/04\/logo_male_modre_fadn.png?w=19&amp;ssl=1 19w, https:\/\/i0.wp.com\/fadn.cz\/wp-content\/uploads\/2023\/04\/logo_male_modre_fadn.png?resize=12%2C12&amp;ssl=1 12w\" sizes=\"(max-width: 19px) 100vw, 19px\" \/> \u00a0Dne 15.&nbsp;5.&nbsp;2013 se&nbsp;uskute\u010dnilo \u201eCzech-Slovinian ICT Forum Prague\u201c, v&nbsp;r\u00e1mci tohoto f\u00f3ra prob\u011bhlo bilater\u00e1ln\u00ed jedn\u00e1n\u00ed se&nbsp;z\u00e1stupcem slovinsk\u00e9 softwarov\u00e9 firmy. (vlo\u017eeno:&nbsp;16.&nbsp;5.&nbsp;2013)<\/p><p><img decoding=\"async\" data-recalc-dims=\"1\" class=\"alignnone size-full wp-image-5604\" src=\"https:\/\/i0.wp.com\/fadn.cz\/wp-content\/uploads\/2023\/04\/logo_male_modre_fadn.png?resize=19%2C19&#038;ssl=1\" alt=\"\" width=\"19\" height=\"19\" srcset=\"https:\/\/i0.wp.com\/fadn.cz\/wp-content\/uploads\/2023\/04\/logo_male_modre_fadn.png?w=19&amp;ssl=1 19w, https:\/\/i0.wp.com\/fadn.cz\/wp-content\/uploads\/2023\/04\/logo_male_modre_fadn.png?resize=12%2C12&amp;ssl=1 12w\" sizes=\"(max-width: 19px) 100vw, 19px\" \/> \u00a0Na pracovi\u0161t\u011b DG AGRI v&nbsp;Bruselu byly odesl\u00e1ny aktualizovan\u00e9 limity v\u00fdnos\u016f a&nbsp;cen pro&nbsp;\u00fa\u010detn\u00ed rok 2012. (vlo\u017eeno:&nbsp;7.&nbsp;5.&nbsp;2013)<\/p><p><img decoding=\"async\" data-recalc-dims=\"1\" class=\"alignnone size-full wp-image-5604\" src=\"https:\/\/i0.wp.com\/fadn.cz\/wp-content\/uploads\/2023\/04\/logo_male_modre_fadn.png?resize=19%2C19&#038;ssl=1\" alt=\"\" width=\"19\" height=\"19\" srcset=\"https:\/\/i0.wp.com\/fadn.cz\/wp-content\/uploads\/2023\/04\/logo_male_modre_fadn.png?w=19&amp;ssl=1 19w, https:\/\/i0.wp.com\/fadn.cz\/wp-content\/uploads\/2023\/04\/logo_male_modre_fadn.png?resize=12%2C12&amp;ssl=1 12w\" sizes=\"(max-width: 19px) 100vw, 19px\" \/> \u00a0Dotazn\u00edk o&nbsp;zm\u011bn\u00e1ch IT syst\u00e9mu \u010dlensk\u00fdch zem\u00ed v&nbsp;souvislosti se&nbsp;zm\u011bnami dotazn\u00edku FADN EU a&nbsp;IT syst\u00e9mu na&nbsp;pracovi\u0161ti DG AGRI byl zpracov\u00e1n<br \/>a odesl\u00e1n v&nbsp;po\u017eadovan\u00e9m term\u00ednu. (vlo\u017eeno:&nbsp;8.&nbsp;4.&nbsp;2013)<\/p><p><img decoding=\"async\" data-recalc-dims=\"1\" class=\"alignnone size-full wp-image-5604\" src=\"https:\/\/i0.wp.com\/fadn.cz\/wp-content\/uploads\/2023\/04\/logo_male_modre_fadn.png?resize=19%2C19&#038;ssl=1\" alt=\"\" width=\"19\" height=\"19\" srcset=\"https:\/\/i0.wp.com\/fadn.cz\/wp-content\/uploads\/2023\/04\/logo_male_modre_fadn.png?w=19&amp;ssl=1 19w, https:\/\/i0.wp.com\/fadn.cz\/wp-content\/uploads\/2023\/04\/logo_male_modre_fadn.png?resize=12%2C12&amp;ssl=1 12w\" sizes=\"(max-width: 19px) 100vw, 19px\" \/> \u00a0N\u00e1v\u0161t\u011bva zem\u011bd\u011blsk\u00e9ho dru\u017estva dne 20.&nbsp;3.&nbsp;2013 V&nbsp;souvislosti se&nbsp;zm\u011bnami CAP a&nbsp;dotazn\u00edku FADN od&nbsp;\u00fa\u010detn\u00edho roku 2014 bylo nutn\u00e9 ov\u011b\u0159it dostupnost nov\u011b po\u017eadovan\u00fdch dat v&nbsp;praxi. (vlo\u017eeno:&nbsp;21.&nbsp;3.&nbsp;2013)<\/p><p><img decoding=\"async\" data-recalc-dims=\"1\" class=\"alignnone size-full wp-image-5604\" src=\"https:\/\/i0.wp.com\/fadn.cz\/wp-content\/uploads\/2023\/04\/logo_male_modre_fadn.png?resize=19%2C19&#038;ssl=1\" alt=\"\" width=\"19\" height=\"19\" srcset=\"https:\/\/i0.wp.com\/fadn.cz\/wp-content\/uploads\/2023\/04\/logo_male_modre_fadn.png?w=19&amp;ssl=1 19w, https:\/\/i0.wp.com\/fadn.cz\/wp-content\/uploads\/2023\/04\/logo_male_modre_fadn.png?resize=12%2C12&amp;ssl=1 12w\" sizes=\"(max-width: 19px) 100vw, 19px\" \/> \u00a0Dne 6.&nbsp;3.&nbsp;2013 prob\u011bhlo v&nbsp;Bruselu 185.&nbsp;zased\u00e1n\u00ed Komunitn\u00edho v\u00fdboru FADN. Stru\u010dn\u00fd z\u00e1pis z&nbsp;jedn\u00e1n\u00ed je v&nbsp;adres\u00e1\u0159i \u201eDokumenty \u0159\u00edd\u00edc\u00ed komise FADN \u2013 2013\u201c.<br \/>(vlo\u017eeno:&nbsp;8.&nbsp;3.&nbsp;2013)<\/p><p><img decoding=\"async\" data-recalc-dims=\"1\" class=\"alignnone size-full wp-image-5604\" src=\"https:\/\/i0.wp.com\/fadn.cz\/wp-content\/uploads\/2023\/04\/logo_male_modre_fadn.png?resize=19%2C19&#038;ssl=1\" alt=\"\" width=\"19\" height=\"19\" srcset=\"https:\/\/i0.wp.com\/fadn.cz\/wp-content\/uploads\/2023\/04\/logo_male_modre_fadn.png?w=19&amp;ssl=1 19w, https:\/\/i0.wp.com\/fadn.cz\/wp-content\/uploads\/2023\/04\/logo_male_modre_fadn.png?resize=12%2C12&amp;ssl=1 12w\" sizes=\"(max-width: 19px) 100vw, 19px\" \/> \u00a0Ve dnech 20.&nbsp;2.&nbsp;a&nbsp;21.&nbsp;2.&nbsp;2013 se&nbsp;uskute\u010dnilo \u0161kolen\u00ed tazatel\u016f \u0161et\u0159en\u00ed FADN 2012. (vlo\u017eeno:&nbsp;22.&nbsp;2.&nbsp;2013)<\/p><p><img decoding=\"async\" data-recalc-dims=\"1\" class=\"alignnone size-full wp-image-5604\" src=\"https:\/\/i0.wp.com\/fadn.cz\/wp-content\/uploads\/2023\/04\/logo_male_modre_fadn.png?resize=19%2C19&#038;ssl=1\" alt=\"\" width=\"19\" height=\"19\" srcset=\"https:\/\/i0.wp.com\/fadn.cz\/wp-content\/uploads\/2023\/04\/logo_male_modre_fadn.png?w=19&amp;ssl=1 19w, https:\/\/i0.wp.com\/fadn.cz\/wp-content\/uploads\/2023\/04\/logo_male_modre_fadn.png?resize=12%2C12&amp;ssl=1 12w\" sizes=\"(max-width: 19px) 100vw, 19px\" \/> \u00a0Prob\u00edh\u00e1 p\u0159\u00edprava nov\u00e9ho \u0161et\u0159en\u00ed FADN za&nbsp;\u00fa\u010detn\u00ed rok 2012. (vlo\u017eeno:&nbsp;3.&nbsp;1.&nbsp;2013)<\/p><\/div>\n\t\t\t\t\t\t\t\t\t<div class=\"elementor-tab-title elementor-tab-mobile-title\" aria-selected=\"false\" data-tab=\"6\" role=\"tab\" tabindex=\"-1\" aria-controls=\"elementor-tab-content-1586\" aria-expanded=\"false\">2012<\/div>\n\t\t\t\t\t<div id=\"elementor-tab-content-1586\" class=\"elementor-tab-content elementor-clearfix\" data-tab=\"6\" role=\"tabpanel\" aria-labelledby=\"elementor-tab-title-1586\" tabindex=\"0\" hidden=\"hidden\"><p><img decoding=\"async\" data-recalc-dims=\"1\" class=\"alignnone size-full wp-image-5604\" src=\"https:\/\/i0.wp.com\/fadn.cz\/wp-content\/uploads\/2023\/04\/logo_male_modre_fadn.png?resize=19%2C19&#038;ssl=1\" alt=\"\" width=\"19\" height=\"19\" srcset=\"https:\/\/i0.wp.com\/fadn.cz\/wp-content\/uploads\/2023\/04\/logo_male_modre_fadn.png?w=19&amp;ssl=1 19w, https:\/\/i0.wp.com\/fadn.cz\/wp-content\/uploads\/2023\/04\/logo_male_modre_fadn.png?resize=12%2C12&amp;ssl=1 12w\" sizes=\"(max-width: 19px) 100vw, 19px\" \/> \u00a0Pro MZe byla zpracov\u00e1na Souhrnn\u00e1 zpr\u00e1va o&nbsp;fungov\u00e1n\u00ed a&nbsp;v\u00fdstupech s\u00edt\u011b FADN&nbsp;\u010cR v&nbsp;roce 2012 \u201eV\u00fdvoj a&nbsp;provozov\u00e1n\u00ed zem\u011bd\u011blsk\u00e9 \u00fa\u010detn\u00ed datov\u00e9 s\u00edt\u011b FADN&nbsp;\u010cR dle standard\u016f EU\u201c, kter\u00e1 byla schv\u00e1lena. D\u00e1le byl pro&nbsp;MZe zpracov\u00e1n tematick\u00fd \u00fakol \u201eRoz\u0161\u00ed\u0159en\u00ed z\u00e1kladn\u00edho souboru FADN o&nbsp;podniky hospoda\u0159\u00edc\u00ed v&nbsp;ekologick\u00e9m zem\u011bd\u011blstv\u00ed\u201c. (vlo\u017eeno:&nbsp;20.&nbsp;12.&nbsp;2012)<\/p><p><img decoding=\"async\" data-recalc-dims=\"1\" class=\"alignnone size-full wp-image-5604\" src=\"https:\/\/i0.wp.com\/fadn.cz\/wp-content\/uploads\/2023\/04\/logo_male_modre_fadn.png?resize=19%2C19&#038;ssl=1\" alt=\"\" width=\"19\" height=\"19\" srcset=\"https:\/\/i0.wp.com\/fadn.cz\/wp-content\/uploads\/2023\/04\/logo_male_modre_fadn.png?w=19&amp;ssl=1 19w, https:\/\/i0.wp.com\/fadn.cz\/wp-content\/uploads\/2023\/04\/logo_male_modre_fadn.png?resize=12%2C12&amp;ssl=1 12w\" sizes=\"(max-width: 19px) 100vw, 19px\" \/> \u00a0V prosinci 2012 byla vyd\u00e1na publikace \u201eV\u00fdb\u011brov\u00e9 \u0161et\u0159en\u00ed hospod\u00e1\u0159sk\u00fdch v\u00fdsledk\u016f zem\u011bd\u011blsk\u00fdch podnik\u016f v&nbsp;s\u00edti FADN&nbsp;CZ za&nbsp;rok 2011\u201c. Pro&nbsp;z\u00e1jemce je tato publikace k&nbsp;dispozici na&nbsp;sekretari\u00e1tu Kontaktn\u00edho pracovi\u0161t\u011b FADN&nbsp;CZ, M\u00e1nesova 75, Praha 2. V&nbsp;elektronick\u00e9 podob\u011b je zp\u0159\u00edstupn\u011bna i&nbsp;na&nbsp;t\u011bchto webov\u00fdch str\u00e1nk\u00e1ch v&nbsp;rubrice \u201eV\u00fdsledky \u0161et\u0159en\u00ed FADN&nbsp;CZ\u201c. (vlo\u017eeno&nbsp;19.12.2012)<\/p><p><img decoding=\"async\" data-recalc-dims=\"1\" class=\"alignnone size-full wp-image-5604\" src=\"https:\/\/i0.wp.com\/fadn.cz\/wp-content\/uploads\/2023\/04\/logo_male_modre_fadn.png?resize=19%2C19&#038;ssl=1\" alt=\"\" width=\"19\" height=\"19\" srcset=\"https:\/\/i0.wp.com\/fadn.cz\/wp-content\/uploads\/2023\/04\/logo_male_modre_fadn.png?w=19&amp;ssl=1 19w, https:\/\/i0.wp.com\/fadn.cz\/wp-content\/uploads\/2023\/04\/logo_male_modre_fadn.png?resize=12%2C12&amp;ssl=1 12w\" sizes=\"(max-width: 19px) 100vw, 19px\" \/> \u00a0V rubrice \u201eMetodiky \u2013 Standardn\u00ed p\u0159\u00edsp\u011bvky SO, Standardn\u00ed p\u0159\u00edsp\u011bvky SGM\u201c byly zve\u0159ejn\u011bny hodnoty standardn\u00ed produkce 2007 pro&nbsp;stanoven\u00ed typologie zem\u011bd\u011blsk\u00fdch podnik\u016f v&nbsp;\u0161et\u0159en\u00ed FADN po\u010d\u00ednaje \u00fa\u010detn\u00edm rokem 2013. (vlo\u017eeno:&nbsp;10.&nbsp;12.&nbsp;2012)<\/p><p><img decoding=\"async\" data-recalc-dims=\"1\" class=\"alignnone size-full wp-image-5604\" src=\"https:\/\/i0.wp.com\/fadn.cz\/wp-content\/uploads\/2023\/04\/logo_male_modre_fadn.png?resize=19%2C19&#038;ssl=1\" alt=\"\" width=\"19\" height=\"19\" srcset=\"https:\/\/i0.wp.com\/fadn.cz\/wp-content\/uploads\/2023\/04\/logo_male_modre_fadn.png?w=19&amp;ssl=1 19w, https:\/\/i0.wp.com\/fadn.cz\/wp-content\/uploads\/2023\/04\/logo_male_modre_fadn.png?resize=12%2C12&amp;ssl=1 12w\" sizes=\"(max-width: 19px) 100vw, 19px\" \/> \u00a0Data za&nbsp;\u00fa\u010detn\u00ed rok 2011 byla odesl\u00e1na do&nbsp;DG AGRI v&nbsp;Bruselu ve&nbsp;stanoven\u00e9m term\u00ednu 30.&nbsp;11.&nbsp;2012. (vlo\u017eeno:&nbsp;30.&nbsp;11.&nbsp;2012)<\/p><p><img decoding=\"async\" data-recalc-dims=\"1\" class=\"alignnone size-full wp-image-5604\" src=\"https:\/\/i0.wp.com\/fadn.cz\/wp-content\/uploads\/2023\/04\/logo_male_modre_fadn.png?resize=19%2C19&#038;ssl=1\" alt=\"\" width=\"19\" height=\"19\" srcset=\"https:\/\/i0.wp.com\/fadn.cz\/wp-content\/uploads\/2023\/04\/logo_male_modre_fadn.png?w=19&amp;ssl=1 19w, https:\/\/i0.wp.com\/fadn.cz\/wp-content\/uploads\/2023\/04\/logo_male_modre_fadn.png?resize=12%2C12&amp;ssl=1 12w\" sizes=\"(max-width: 19px) 100vw, 19px\" \/> \u00a0V rubrice \u201eMetodiky \u2013 Typologie zem\u011bd\u011blsk\u00fdch podnik\u016f EU\u201c byla aktualizov\u00e1na metodika klasifikace zem\u011bd\u011blsk\u00fdch podnik\u016f. (vlo\u017eeno:&nbsp;29.11.2012)<\/p><p><img decoding=\"async\" data-recalc-dims=\"1\" class=\"alignnone size-full wp-image-5604\" src=\"https:\/\/i0.wp.com\/fadn.cz\/wp-content\/uploads\/2023\/04\/logo_male_modre_fadn.png?resize=19%2C19&#038;ssl=1\" alt=\"\" width=\"19\" height=\"19\" srcset=\"https:\/\/i0.wp.com\/fadn.cz\/wp-content\/uploads\/2023\/04\/logo_male_modre_fadn.png?w=19&amp;ssl=1 19w, https:\/\/i0.wp.com\/fadn.cz\/wp-content\/uploads\/2023\/04\/logo_male_modre_fadn.png?resize=12%2C12&amp;ssl=1 12w\" sizes=\"(max-width: 19px) 100vw, 19px\" \/> \u00a023.&nbsp;11.&nbsp;2012 prob\u011bhlo v&nbsp;Bruselu 184.&nbsp;zased\u00e1n\u00ed Komunitn\u00edho v\u00fdboru FADN Stru\u010dn\u00fd z\u00e1pis z&nbsp;jedn\u00e1n\u00ed je v&nbsp;adres\u00e1\u0159i \u201eDokumenty \u0159\u00edd\u00edc\u00ed komise FADN \u2013 2012\u201c. (vlo\u017eeno:&nbsp;26.&nbsp;11.&nbsp;2012)<\/p><p><img decoding=\"async\" data-recalc-dims=\"1\" class=\"alignnone size-full wp-image-5604\" src=\"https:\/\/i0.wp.com\/fadn.cz\/wp-content\/uploads\/2023\/04\/logo_male_modre_fadn.png?resize=19%2C19&#038;ssl=1\" alt=\"\" width=\"19\" height=\"19\" srcset=\"https:\/\/i0.wp.com\/fadn.cz\/wp-content\/uploads\/2023\/04\/logo_male_modre_fadn.png?w=19&amp;ssl=1 19w, https:\/\/i0.wp.com\/fadn.cz\/wp-content\/uploads\/2023\/04\/logo_male_modre_fadn.png?resize=12%2C12&amp;ssl=1 12w\" sizes=\"(max-width: 19px) 100vw, 19px\" \/> \u00a0Dne 15.&nbsp;11.&nbsp;2012 byla do&nbsp;datab\u00e1ze FADN pro&nbsp;ve\u0159ejnost vlo\u017eena data 2011 a&nbsp;aktualizov\u00e1na data 2009 a&nbsp;2010. (vlo\u017eeno:&nbsp;15.11.2012)<\/p><p><img decoding=\"async\" data-recalc-dims=\"1\" class=\"alignnone size-full wp-image-5604\" src=\"https:\/\/i0.wp.com\/fadn.cz\/wp-content\/uploads\/2023\/04\/logo_male_modre_fadn.png?resize=19%2C19&#038;ssl=1\" alt=\"\" width=\"19\" height=\"19\" srcset=\"https:\/\/i0.wp.com\/fadn.cz\/wp-content\/uploads\/2023\/04\/logo_male_modre_fadn.png?w=19&amp;ssl=1 19w, https:\/\/i0.wp.com\/fadn.cz\/wp-content\/uploads\/2023\/04\/logo_male_modre_fadn.png?resize=12%2C12&amp;ssl=1 12w\" sizes=\"(max-width: 19px) 100vw, 19px\" \/> \u00a0V Rudolfinu prob\u011bhlo 6.&nbsp;11.&nbsp;2012 slavnostn\u00ed vyhl\u00e1\u0161en\u00ed sout\u011b\u017ee \u201eZem\u011bd\u011blec roku 2012. (vlo\u017eeno:&nbsp;14.11.2012)<\/p><p><img decoding=\"async\" data-recalc-dims=\"1\" class=\"alignnone size-full wp-image-5604\" src=\"https:\/\/i0.wp.com\/fadn.cz\/wp-content\/uploads\/2023\/04\/logo_male_modre_fadn.png?resize=19%2C19&#038;ssl=1\" alt=\"\" width=\"19\" height=\"19\" srcset=\"https:\/\/i0.wp.com\/fadn.cz\/wp-content\/uploads\/2023\/04\/logo_male_modre_fadn.png?w=19&amp;ssl=1 19w, https:\/\/i0.wp.com\/fadn.cz\/wp-content\/uploads\/2023\/04\/logo_male_modre_fadn.png?resize=12%2C12&amp;ssl=1 12w\" sizes=\"(max-width: 19px) 100vw, 19px\" \/> \u00a0Koncem \u0159\u00edjna 2012 byly v&nbsp;term\u00ednu odesl\u00e1ny do&nbsp;DG AGRI \u201ePl\u00e1n v\u00fdb\u011bru podnik\u016f pro&nbsp;\u00fa\u010detn\u00ed rok 2013\u201c a&nbsp;\u201eZ\u00e1pis jedn\u00e1n\u00ed N\u00e1rodn\u00ed komise FADN&nbsp;CZ\u201c. (vlo\u017eeno:&nbsp;14.11.2012)<\/p><p><img decoding=\"async\" data-recalc-dims=\"1\" class=\"alignnone size-full wp-image-5604\" src=\"https:\/\/i0.wp.com\/fadn.cz\/wp-content\/uploads\/2023\/04\/logo_male_modre_fadn.png?resize=19%2C19&#038;ssl=1\" alt=\"\" width=\"19\" height=\"19\" srcset=\"https:\/\/i0.wp.com\/fadn.cz\/wp-content\/uploads\/2023\/04\/logo_male_modre_fadn.png?w=19&amp;ssl=1 19w, https:\/\/i0.wp.com\/fadn.cz\/wp-content\/uploads\/2023\/04\/logo_male_modre_fadn.png?resize=12%2C12&amp;ssl=1 12w\" sizes=\"(max-width: 19px) 100vw, 19px\" \/> \u00a0Dne 26.&nbsp;10.&nbsp;2012 se&nbsp;uskute\u010dnilo 9.&nbsp;zased\u00e1n\u00ed N\u00e1rodn\u00ed komise FADN&nbsp;CZ v&nbsp;zasedac\u00ed m\u00edstnosti \u00daZEI.<br \/>Program zased\u00e1n\u00ed: \u2013 Zpr\u00e1va o&nbsp;fungov\u00e1n\u00ed s\u00edt\u011b FADN&nbsp;\u010cR za&nbsp;obdob\u00ed \u0159\u00edjen 2011&nbsp;\u2013 \u0159\u00edjen 2012<br \/>\u00a0 \u00a0 \u00a0 \u00a0 \u00a0 \u00a0 \u00a0 \u00a0 \u00a0 \u00a0 \u00a0 \u00a0 \u00a0 \u00a0 \u00a0 \u00a0 \u2013 Schv\u00e1len\u00ed pl\u00e1nu v\u00fdb\u011bru zem\u011bd\u011blsk\u00fdch podnik\u016f s\u00edt\u011b FADN pro&nbsp;rok 2013<br \/>Program ve\u0159ejn\u00e9 \u010d\u00e1sti zased\u00e1n\u00ed: \u2013 Prezentace Ing.&nbsp;Hanibala, vedouc\u00edho Kontaktn\u00edho pracovi\u0161t\u011b FADN: \u201eSrovn\u00e1n\u00ed hospod\u00e1\u0159sk\u00fdch v\u00fdsledk\u016f zem\u011bd\u011blsk\u00fdch\u00a0 \u00a0 \u00a0 \u00a0 \u00a0 \u00a0 \u00a0 \u00a0 \u00a0 \u00a0 \u00a0 \u00a0 \u00a0 \u00a0 \u00a0 \u00a0 \u00a0 \u00a0 \u00a0 \u00a0 \u00a0 \u00a0 \u00a0 \u00a0 \u00a0 \u00a0 \u00a0 \u00a0 \u00a0 \u00a0 \u00a0 \u00a0 \u00a0 \u00a0 \u00a0 podnik\u016f konven\u010dn\u00ed a&nbsp;ekologick\u00e9 v\u00fdroby v&nbsp;roce 2011 na&nbsp;b\u00e1zi \u0161et\u0159en\u00ed FADN\u201c<br \/>\u00a0 \u00a0 \u00a0 \u00a0 \u00a0 \u00a0 \u00a0 \u00a0 \u00a0 \u00a0 \u00a0 \u00a0 \u00a0 \u00a0 \u00a0 \u00a0 \u00a0 \u00a0 \u00a0 \u00a0 \u00a0 \u00a0 \u00a0 \u00a0 \u00a0 \u00a0 \u00a0\u2013 Prezentace Ing.&nbsp;Ji\u0159\u00edho Hrbka, \u0159editele odboru statistiky zem\u011bd\u011blstv\u00ed, lesnictv\u00ed a&nbsp;\u017eivotn\u00edho prost\u0159ed\u00ed \u010cS\u00da: \u201eAnal\u00fdza v\u00fdsledk\u016f\u00a0 \u00a0 \u00a0 \u00a0 \u00a0 \u00a0 \u00a0 \u00a0 \u00a0 \u00a0 \u00a0 \u00a0 \u00a0 \u00a0 \u00a0 \u00a0 \u00a0 \u00a0 \u00a0 \u00a0 \u00a0 \u00a0 \u00a0 \u00a0 \u00a0 \u00a0 \u00a0 \u00a0 \u00a0 \u00a0 \u00a0 \u00a0 struktur\u00e1ln\u00edho \u0161et\u0159en\u00ed v&nbsp;zem\u011bd\u011blstv\u00ed<br \/>\u00a0 \u00a0 \u00a0 \u00a0 \u00a0 \u00a0 \u00a0 \u00a0 \u00a0 \u00a0 \u00a0 \u00a0 \u00a0 \u00a0 \u00a0 \u00a0 \u00a0 \u00a0 \u00a0 \u00a0 \u00a0 \u00a0 \u00a0 \u00a0 \u00a0 \u00a0 \u00a0\u2013 Agrocensus 2010\u201c<\/p><p><img decoding=\"async\" data-recalc-dims=\"1\" class=\"alignnone size-full wp-image-5604\" src=\"https:\/\/i0.wp.com\/fadn.cz\/wp-content\/uploads\/2023\/04\/logo_male_modre_fadn.png?resize=19%2C19&#038;ssl=1\" alt=\"\" width=\"19\" height=\"19\" srcset=\"https:\/\/i0.wp.com\/fadn.cz\/wp-content\/uploads\/2023\/04\/logo_male_modre_fadn.png?w=19&amp;ssl=1 19w, https:\/\/i0.wp.com\/fadn.cz\/wp-content\/uploads\/2023\/04\/logo_male_modre_fadn.png?resize=12%2C12&amp;ssl=1 12w\" sizes=\"(max-width: 19px) 100vw, 19px\" \/> \u00a0Dne 9.&nbsp;10.&nbsp;2012 za&nbsp;p\u0159\u00edtomnosti z\u00e1stupce Kontaktn\u00edho pracovi\u0161t\u011b FADN&nbsp;CZ prob\u011bhlo v&nbsp;DG AGRI v&nbsp;Bruselu setk\u00e1n\u00ed pracovn\u00ed skupiny zab\u00fdvaj\u00edc\u00ed se&nbsp;IT problematikou ve&nbsp;spojitosti s&nbsp;implementac\u00ed nov\u00e9ho dotazn\u00edku FADN EU, kter\u00fd vstoup\u00ed v&nbsp;platnost od&nbsp;roku 2014.<\/p><p><img decoding=\"async\" data-recalc-dims=\"1\" class=\"alignnone size-full wp-image-5604\" src=\"https:\/\/i0.wp.com\/fadn.cz\/wp-content\/uploads\/2023\/04\/logo_male_modre_fadn.png?resize=19%2C19&#038;ssl=1\" alt=\"\" width=\"19\" height=\"19\" srcset=\"https:\/\/i0.wp.com\/fadn.cz\/wp-content\/uploads\/2023\/04\/logo_male_modre_fadn.png?w=19&amp;ssl=1 19w, https:\/\/i0.wp.com\/fadn.cz\/wp-content\/uploads\/2023\/04\/logo_male_modre_fadn.png?resize=12%2C12&amp;ssl=1 12w\" sizes=\"(max-width: 19px) 100vw, 19px\" \/> \u00a0Zem\u011b \u017eivitelka 2012 Kontaktn\u00ed pracovi\u0161t\u011b FADN&nbsp;\u010cR se&nbsp;prezentovalo ve&nbsp;st\u00e1nku MZe v&nbsp;pavilonu T1. N\u00e1v\u0161t\u011bvn\u00edk\u016fm zde byly k&nbsp;dispozici informa\u010dn\u00ed materi\u00e1ly t\u00fdkaj\u00edc\u00ed se&nbsp;FADN v&nbsp;\u010cesk\u00e9 republice a&nbsp;publikace \u201eV\u00fdb\u011brov\u00e9 \u0161et\u0159en\u00ed hospod\u00e1\u0159sk\u00fdch v\u00fdsledk\u016f zem\u011bd\u011blsk\u00fdch podnik\u016f v&nbsp;s\u00edti FADN&nbsp;CZ za&nbsp;rok 2010\u201c.<\/p><p><img decoding=\"async\" data-recalc-dims=\"1\" class=\"alignnone size-full wp-image-5604\" src=\"https:\/\/i0.wp.com\/fadn.cz\/wp-content\/uploads\/2023\/04\/logo_male_modre_fadn.png?resize=19%2C19&#038;ssl=1\" alt=\"\" width=\"19\" height=\"19\" srcset=\"https:\/\/i0.wp.com\/fadn.cz\/wp-content\/uploads\/2023\/04\/logo_male_modre_fadn.png?w=19&amp;ssl=1 19w, https:\/\/i0.wp.com\/fadn.cz\/wp-content\/uploads\/2023\/04\/logo_male_modre_fadn.png?resize=12%2C12&amp;ssl=1 12w\" sizes=\"(max-width: 19px) 100vw, 19px\" \/> \u00a0V r\u00e1mci smlouvy o&nbsp;spolupr\u00e1ci s&nbsp;\u010cS\u00da byly k&nbsp;15.8.2012 odevzd\u00e1ny prvn\u00ed v\u00fdsledky z&nbsp;\u0161et\u0159en\u00ed dat FADN roku 2011.<\/p><p><img decoding=\"async\" data-recalc-dims=\"1\" class=\"alignnone size-full wp-image-5604\" src=\"https:\/\/i0.wp.com\/fadn.cz\/wp-content\/uploads\/2023\/04\/logo_male_modre_fadn.png?resize=19%2C19&#038;ssl=1\" alt=\"\" width=\"19\" height=\"19\" srcset=\"https:\/\/i0.wp.com\/fadn.cz\/wp-content\/uploads\/2023\/04\/logo_male_modre_fadn.png?w=19&amp;ssl=1 19w, https:\/\/i0.wp.com\/fadn.cz\/wp-content\/uploads\/2023\/04\/logo_male_modre_fadn.png?resize=12%2C12&amp;ssl=1 12w\" sizes=\"(max-width: 19px) 100vw, 19px\" \/> \u00a0K 31.7.2012 byla ukon\u010dena 2.&nbsp;etapa \u0161et\u0159en\u00ed podnik\u016f.<\/p><p><img decoding=\"async\" data-recalc-dims=\"1\" class=\"alignnone size-full wp-image-5604\" src=\"https:\/\/i0.wp.com\/fadn.cz\/wp-content\/uploads\/2023\/04\/logo_male_modre_fadn.png?resize=19%2C19&#038;ssl=1\" alt=\"\" width=\"19\" height=\"19\" srcset=\"https:\/\/i0.wp.com\/fadn.cz\/wp-content\/uploads\/2023\/04\/logo_male_modre_fadn.png?w=19&amp;ssl=1 19w, https:\/\/i0.wp.com\/fadn.cz\/wp-content\/uploads\/2023\/04\/logo_male_modre_fadn.png?resize=12%2C12&amp;ssl=1 12w\" sizes=\"(max-width: 19px) 100vw, 19px\" \/> \u00a0Dne 22.6.&nbsp;2012 prob\u011bhlo v&nbsp;Bruselu 183.&nbsp;zased\u00e1n\u00ed Komunitn\u00edho v\u00fdboru FADN. Projedn\u00e1vala se&nbsp;metodika a&nbsp;technick\u00e9 parametry nov\u00e9ho dotazn\u00edku, byla p\u0159edstavena nov\u00e1 verze kontroln\u00edch test\u016f a&nbsp;z\u00e1stupci z&nbsp;Finska a&nbsp;Lucemburska prezentovali svoje zku\u0161enosti s&nbsp;FADN ve&nbsp;sv\u00fdch zem\u00edch.<\/p><p><img decoding=\"async\" data-recalc-dims=\"1\" class=\"alignnone size-full wp-image-5604\" src=\"https:\/\/i0.wp.com\/fadn.cz\/wp-content\/uploads\/2023\/04\/logo_male_modre_fadn.png?resize=19%2C19&#038;ssl=1\" alt=\"\" width=\"19\" height=\"19\" srcset=\"https:\/\/i0.wp.com\/fadn.cz\/wp-content\/uploads\/2023\/04\/logo_male_modre_fadn.png?w=19&amp;ssl=1 19w, https:\/\/i0.wp.com\/fadn.cz\/wp-content\/uploads\/2023\/04\/logo_male_modre_fadn.png?resize=12%2C12&amp;ssl=1 12w\" sizes=\"(max-width: 19px) 100vw, 19px\" \/> \u00a0P\u0159\u00edjem podnik\u016f do&nbsp;1.&nbsp;etapy \u0161et\u0159en\u00ed v&nbsp;1.&nbsp;\u010dasov\u00e9m re\u017eimu byl ukon\u010den dne 15.5.&nbsp;2012.<\/p><p><img decoding=\"async\" data-recalc-dims=\"1\" class=\"alignnone size-full wp-image-5604\" src=\"https:\/\/i0.wp.com\/fadn.cz\/wp-content\/uploads\/2023\/04\/logo_male_modre_fadn.png?resize=19%2C19&#038;ssl=1\" alt=\"\" width=\"19\" height=\"19\" srcset=\"https:\/\/i0.wp.com\/fadn.cz\/wp-content\/uploads\/2023\/04\/logo_male_modre_fadn.png?w=19&amp;ssl=1 19w, https:\/\/i0.wp.com\/fadn.cz\/wp-content\/uploads\/2023\/04\/logo_male_modre_fadn.png?resize=12%2C12&amp;ssl=1 12w\" sizes=\"(max-width: 19px) 100vw, 19px\" \/> \u00a0Dne 26.&nbsp;dubna 2012 prob\u011bhlo na&nbsp;p\u016fd\u011b Jiho\u010desk\u00e9 univerzity v&nbsp;\u010cesk\u00fdch Bud\u011bjovic\u00edch \u0161kolen\u00ed pro&nbsp;priv\u00e1tn\u00ed registrovan\u00e9 poradce pro&nbsp;ekologick\u00e9 zem\u011bd\u011blstv\u00ed. Kr\u00e1tk\u00fd p\u0159\u00edsp\u011bvek p\u0159ednesli i&nbsp;z\u00e1stupci pracovi\u0161t\u011b \u00daZEI \u2013 FADN. Informovali p\u0159\u00edtomn\u00e9 o&nbsp;\u010dinnosti FADN ve&nbsp;vazb\u011b na&nbsp;prob\u00edhaj\u00edc\u00ed tematick\u00fd \u00fakol MZe zam\u011b\u0159en\u00fd na&nbsp;podniky ekologick\u00e9ho zem\u011bd\u011blstv\u00ed. Byly probr\u00e1ny mo\u017enosti p\u0159\u00edpadn\u00e9 budouc\u00ed spolupr\u00e1ce odboru FADN a&nbsp;ekologick\u00fdch poradc\u016f, zodpov\u011bzeny dotazy a&nbsp;v&nbsp;n\u011bkolika p\u0159\u00edpadech nav\u00e1z\u00e1na konkr\u00e9tn\u00ed spolupr\u00e1ce.<\/p><p><img decoding=\"async\" data-recalc-dims=\"1\" class=\"alignnone size-full wp-image-5604\" src=\"https:\/\/i0.wp.com\/fadn.cz\/wp-content\/uploads\/2023\/04\/logo_male_modre_fadn.png?resize=19%2C19&#038;ssl=1\" alt=\"\" width=\"19\" height=\"19\" srcset=\"https:\/\/i0.wp.com\/fadn.cz\/wp-content\/uploads\/2023\/04\/logo_male_modre_fadn.png?w=19&amp;ssl=1 19w, https:\/\/i0.wp.com\/fadn.cz\/wp-content\/uploads\/2023\/04\/logo_male_modre_fadn.png?resize=12%2C12&amp;ssl=1 12w\" sizes=\"(max-width: 19px) 100vw, 19px\" \/> \u00a014.3.&nbsp;2012 zp\u0159\u00edstupn\u011bn syst\u00e9m FADNCOLLECT pro&nbsp;sb\u011br dat \u00fa\u010detn\u00edho roku 2011.<\/p><p><img decoding=\"async\" data-recalc-dims=\"1\" class=\"alignnone size-full wp-image-5604\" src=\"https:\/\/i0.wp.com\/fadn.cz\/wp-content\/uploads\/2023\/04\/logo_male_modre_fadn.png?resize=19%2C19&#038;ssl=1\" alt=\"\" width=\"19\" height=\"19\" srcset=\"https:\/\/i0.wp.com\/fadn.cz\/wp-content\/uploads\/2023\/04\/logo_male_modre_fadn.png?w=19&amp;ssl=1 19w, https:\/\/i0.wp.com\/fadn.cz\/wp-content\/uploads\/2023\/04\/logo_male_modre_fadn.png?resize=12%2C12&amp;ssl=1 12w\" sizes=\"(max-width: 19px) 100vw, 19px\" \/> \u00a07.3.&nbsp;2012 prob\u011bhlo v&nbsp;Bruselu 182.&nbsp;zased\u00e1n\u00ed Komunitn\u00edho v\u00fdboru FADN. Ve&nbsp;dnech 21.2.&nbsp;a&nbsp;23.2.2012 se&nbsp;uskute\u010dnilo \u0161kolen\u00ed tazatel\u016f \u0161et\u0159en\u00ed FADN 2011.<\/p><\/div>\n\t\t\t\t\t\t\t\t\t<div class=\"elementor-tab-title elementor-tab-mobile-title\" aria-selected=\"false\" data-tab=\"7\" role=\"tab\" tabindex=\"-1\" aria-controls=\"elementor-tab-content-1587\" aria-expanded=\"false\">2011<\/div>\n\t\t\t\t\t<div id=\"elementor-tab-content-1587\" class=\"elementor-tab-content elementor-clearfix\" data-tab=\"7\" role=\"tabpanel\" aria-labelledby=\"elementor-tab-title-1587\" tabindex=\"0\" hidden=\"hidden\"><p><img decoding=\"async\" data-recalc-dims=\"1\" class=\"alignnone size-full wp-image-5604\" src=\"https:\/\/i0.wp.com\/fadn.cz\/wp-content\/uploads\/2023\/04\/logo_male_modre_fadn.png?resize=19%2C19&#038;ssl=1\" alt=\"\" width=\"19\" height=\"19\" srcset=\"https:\/\/i0.wp.com\/fadn.cz\/wp-content\/uploads\/2023\/04\/logo_male_modre_fadn.png?w=19&amp;ssl=1 19w, https:\/\/i0.wp.com\/fadn.cz\/wp-content\/uploads\/2023\/04\/logo_male_modre_fadn.png?resize=12%2C12&amp;ssl=1 12w\" sizes=\"(max-width: 19px) 100vw, 19px\" \/> \u00a0Pro MZe byla zpracov\u00e1na \u201eSouhrnn\u00e1 zpr\u00e1va o&nbsp;fungov\u00e1n\u00ed a&nbsp;v\u00fdstupech s\u00edt\u011b FADN&nbsp;\u010cR v&nbsp;roce 2011\u201c , kter\u00e1 byla schv\u00e1lena.<\/p><p><img decoding=\"async\" data-recalc-dims=\"1\" class=\"alignnone size-full wp-image-5604\" src=\"https:\/\/i0.wp.com\/fadn.cz\/wp-content\/uploads\/2023\/04\/logo_male_modre_fadn.png?resize=19%2C19&#038;ssl=1\" alt=\"\" width=\"19\" height=\"19\" srcset=\"https:\/\/i0.wp.com\/fadn.cz\/wp-content\/uploads\/2023\/04\/logo_male_modre_fadn.png?w=19&amp;ssl=1 19w, https:\/\/i0.wp.com\/fadn.cz\/wp-content\/uploads\/2023\/04\/logo_male_modre_fadn.png?resize=12%2C12&amp;ssl=1 12w\" sizes=\"(max-width: 19px) 100vw, 19px\" \/> \u00a0V prosinci 2011 byla vyd\u00e1na publikace \u201eV\u00fdb\u011brov\u00e9 \u0161et\u0159en\u00ed hospod\u00e1\u0159sk\u00fdch v\u00fdsledk\u016f zem\u011bd\u011blsk\u00fdch podnik\u016f v&nbsp;s\u00edti FADN&nbsp;CZ za&nbsp;rok 2010\u201c. V&nbsp;elektronick\u00e9 podob\u011b je zp\u0159\u00edstupn\u011bna i&nbsp;na&nbsp;t\u011bchto webov\u00fdch str\u00e1nk\u00e1ch v&nbsp;rubrice \u201eV\u00fdsledky \u0161et\u0159en\u00ed FADN\u201c.<\/p><p><img decoding=\"async\" data-recalc-dims=\"1\" class=\"alignnone size-full wp-image-5604\" src=\"https:\/\/i0.wp.com\/fadn.cz\/wp-content\/uploads\/2023\/04\/logo_male_modre_fadn.png?resize=19%2C19&#038;ssl=1\" alt=\"\" width=\"19\" height=\"19\" srcset=\"https:\/\/i0.wp.com\/fadn.cz\/wp-content\/uploads\/2023\/04\/logo_male_modre_fadn.png?w=19&amp;ssl=1 19w, https:\/\/i0.wp.com\/fadn.cz\/wp-content\/uploads\/2023\/04\/logo_male_modre_fadn.png?resize=12%2C12&amp;ssl=1 12w\" sizes=\"(max-width: 19px) 100vw, 19px\" \/> \u00a0Ve dnech 7.- 8.12.2011 se&nbsp;konalo v&nbsp;\u010cesk\u00e9 Skalici spole\u010dn\u00e9 jedn\u00e1n\u00ed p\u0159edstavenstva a&nbsp;dozor\u010d\u00ed rady Agr\u00e1rn\u00ed komory \u010cesk\u00e9 republiky. Ing.&nbsp;Hanibal zde prezentoval p\u0159\u00edsp\u011bvek \u201e\u00da\u010del zem\u011bd\u011blsk\u00e9 \u00fa\u010detn\u00ed datov\u00e9 s\u00edt\u011b FADN&nbsp;CZ\u201c.<\/p><p><img decoding=\"async\" data-recalc-dims=\"1\" class=\"alignnone size-full wp-image-5604\" src=\"https:\/\/i0.wp.com\/fadn.cz\/wp-content\/uploads\/2023\/04\/logo_male_modre_fadn.png?resize=19%2C19&#038;ssl=1\" alt=\"\" width=\"19\" height=\"19\" srcset=\"https:\/\/i0.wp.com\/fadn.cz\/wp-content\/uploads\/2023\/04\/logo_male_modre_fadn.png?w=19&amp;ssl=1 19w, https:\/\/i0.wp.com\/fadn.cz\/wp-content\/uploads\/2023\/04\/logo_male_modre_fadn.png?resize=12%2C12&amp;ssl=1 12w\" sizes=\"(max-width: 19px) 100vw, 19px\" \/> \u00a0Data \u0161et\u0159en\u00ed FADN 2010 za&nbsp;\u010cR byla odesl\u00e1na EK 30.&nbsp;listopadu 2011, tj.&nbsp;v&nbsp;term\u00ednu.<\/p><p><img decoding=\"async\" data-recalc-dims=\"1\" class=\"alignnone size-full wp-image-5604\" src=\"https:\/\/i0.wp.com\/fadn.cz\/wp-content\/uploads\/2023\/04\/logo_male_modre_fadn.png?resize=19%2C19&#038;ssl=1\" alt=\"\" width=\"19\" height=\"19\" srcset=\"https:\/\/i0.wp.com\/fadn.cz\/wp-content\/uploads\/2023\/04\/logo_male_modre_fadn.png?w=19&amp;ssl=1 19w, https:\/\/i0.wp.com\/fadn.cz\/wp-content\/uploads\/2023\/04\/logo_male_modre_fadn.png?resize=12%2C12&amp;ssl=1 12w\" sizes=\"(max-width: 19px) 100vw, 19px\" \/> \u00a0Ve dnech 23. \u2013 25.&nbsp;11.&nbsp;se&nbsp;ve&nbsp;Velk\u00fdch B\u00edlovic\u00edch na&nbsp;Morav\u011b konal semin\u00e1\u0159 FADN zam\u011b\u0159en\u00fd na&nbsp;problematiku hodnocen\u00ed ekonomiky vina\u0159sk\u00fdch podnik\u016f. Za&nbsp;\u00fa\u010dasti pana doc. Ing.&nbsp;Jaroslava J\u00e1nsk\u00e9ho, CSc. z&nbsp;Mendelovy univerzity v&nbsp;Brn\u011b a&nbsp;z\u00e1stupc\u016f vina\u0159sk\u00fdch podnik\u016f byla p\u0159edstavena prezentace v\u00fdsledk\u016f podnik\u016f s\u00edt\u011b FADN specializovan\u00fdch na&nbsp;produkci v\u00edna. D\u00e1le byla na&nbsp;programu moderovan\u00e1 diskuze t\u00fdkaj\u00edc\u00ed se&nbsp;oblasti vina\u0159stv\u00ed a&nbsp;vinohradnictv\u00ed ve&nbsp;vztahu k&nbsp;zem\u011bd\u011blsk\u00e9 \u00fa\u010detn\u00ed s\u00edti FADN, p\u0159edstaven\u00ed datab\u00e1ze FADN pro&nbsp;ve\u0159ejnost a&nbsp;n\u00e1v\u0161t\u011bva vina\u0159sk\u00e9ho podniku.<\/p><p><img decoding=\"async\" data-recalc-dims=\"1\" class=\"alignnone size-full wp-image-5604\" src=\"https:\/\/i0.wp.com\/fadn.cz\/wp-content\/uploads\/2023\/04\/logo_male_modre_fadn.png?resize=19%2C19&#038;ssl=1\" alt=\"\" width=\"19\" height=\"19\" srcset=\"https:\/\/i0.wp.com\/fadn.cz\/wp-content\/uploads\/2023\/04\/logo_male_modre_fadn.png?w=19&amp;ssl=1 19w, https:\/\/i0.wp.com\/fadn.cz\/wp-content\/uploads\/2023\/04\/logo_male_modre_fadn.png?resize=12%2C12&amp;ssl=1 12w\" sizes=\"(max-width: 19px) 100vw, 19px\" \/> \u00a014.&nbsp;listopadu 2011 prob\u011bhlo v&nbsp;Bruselu 180.&nbsp;zased\u00e1n\u00ed Komunitn\u00edho v\u00fdboru FADN.<\/p><p><img decoding=\"async\" data-recalc-dims=\"1\" class=\"alignnone size-full wp-image-5604\" src=\"https:\/\/i0.wp.com\/fadn.cz\/wp-content\/uploads\/2023\/04\/logo_male_modre_fadn.png?resize=19%2C19&#038;ssl=1\" alt=\"\" width=\"19\" height=\"19\" srcset=\"https:\/\/i0.wp.com\/fadn.cz\/wp-content\/uploads\/2023\/04\/logo_male_modre_fadn.png?w=19&amp;ssl=1 19w, https:\/\/i0.wp.com\/fadn.cz\/wp-content\/uploads\/2023\/04\/logo_male_modre_fadn.png?resize=12%2C12&amp;ssl=1 12w\" sizes=\"(max-width: 19px) 100vw, 19px\" \/> \u00a026.10.2011 se&nbsp;uskute\u010dnilo 8.&nbsp;zased\u00e1n\u00ed N\u00e1rodn\u00ed komise FADN&nbsp;CZ.<br \/>Program zased\u00e1n\u00ed: \u2013 Zpr\u00e1va o&nbsp;fungov\u00e1n\u00ed s\u00edt\u011b FADN&nbsp;\u010cR za&nbsp;obdob\u00ed \u0159\u00edjen 2010&nbsp;\u2013 \u0159\u00edjen 2011<br \/>\u00a0 \u00a0 \u00a0 \u00a0 \u00a0 \u00a0 \u00a0 \u00a0 \u00a0 \u00a0 \u00a0 \u00a0 \u00a0 \u00a0 \u00a0 \u00a0 \u2013 Schv\u00e1len\u00ed pl\u00e1nu v\u00fdb\u011bru zem\u011bd\u011blsk\u00fdch podnik\u016f s\u00edt\u011b FADN pro&nbsp;rok 2012<br \/>Program ve\u0159ejn\u00e9 \u010d\u00e1sti zased\u00e1n\u00ed: \u2013 Prezentace Ing.&nbsp;Hanibala, vedouc\u00edho Kontaktn\u00edho pracovi\u0161t\u011b FADN: \u201eHospod\u00e1\u0159sk\u00e9 v\u00fdsledky zem\u011bd\u011blsk\u00fdch podnik\u016f FADN za\u00a0 \u00a0 \u00a0 \u00a0 \u00a0 \u00a0 \u00a0 \u00a0 \u00a0 \u00a0 \u00a0 \u00a0 \u00a0 \u00a0 \u00a0 \u00a0 \u00a0 \u00a0 \u00a0 \u00a0 \u00a0 \u00a0 \u00a0 \u00a0 \u00a0 \u00a0 \u00a0 \u00a0 \u00a0 \u00a0 \u00fa\u010detn\u00ed rok 2010\u201c<br \/>\u00a0 \u00a0 \u00a0 \u00a0 \u00a0 \u00a0 \u00a0 \u00a0 \u00a0 \u00a0 \u00a0 \u00a0 \u00a0 \u00a0 \u00a0 \u00a0 \u00a0 \u00a0 \u00a0 \u00a0 \u00a0 \u00a0 \u00a0 \u00a0 \u00a0 \u00a0 \u00a0\u2013 Prezentace Ing.&nbsp;Ji\u0159\u00edho Hrbka, \u0159editele odboru statistiky zem\u011bd\u011blstv\u00ed, lesnictv\u00ed a&nbsp;\u017eivotn\u00edho prost\u0159ed\u00ed \u010cS\u00da: \u201eV\u00fdsledky\u00a0 \u00a0 \u00a0 \u00a0 \u00a0 \u00a0 \u00a0 \u00a0 \u00a0 \u00a0 \u00a0 \u00a0 \u00a0 \u00a0 \u00a0 \u00a0 \u00a0 \u00a0 \u00a0 \u00a0 \u00a0 \u00a0 \u00a0 \u00a0 \u00a0 \u00a0 \u00a0 \u00a0 \u00a0 \u00a0 \u00a0 \u00a0 \u00a0 \u00a0 \u00a0 \u00a0 \u00a0 \u00a0 \u00a0 struktur\u00e1ln\u00edho \u0161et\u0159en\u00ed v&nbsp;zem\u011bd\u011blstv\u00ed \u2013 Agrocensus 2010\u201c<\/p><p><img decoding=\"async\" data-recalc-dims=\"1\" class=\"alignnone size-full wp-image-5604\" src=\"https:\/\/i0.wp.com\/fadn.cz\/wp-content\/uploads\/2023\/04\/logo_male_modre_fadn.png?resize=19%2C19&#038;ssl=1\" alt=\"\" width=\"19\" height=\"19\" srcset=\"https:\/\/i0.wp.com\/fadn.cz\/wp-content\/uploads\/2023\/04\/logo_male_modre_fadn.png?w=19&amp;ssl=1 19w, https:\/\/i0.wp.com\/fadn.cz\/wp-content\/uploads\/2023\/04\/logo_male_modre_fadn.png?resize=12%2C12&amp;ssl=1 12w\" sizes=\"(max-width: 19px) 100vw, 19px\" \/> \u00a0N\u011bkter\u00e9 z&nbsp;podnik\u016f s\u00edt\u011b FADN se&nbsp;p\u0159ihl\u00e1sily do&nbsp;sout\u011b\u017ee \u201eZem\u011bd\u011blec roku 2011\u201c po\u0159\u00e1dan\u00e9 pod&nbsp;z\u00e1\u0161titou ministra zem\u011bd\u011blstv\u00ed \u010cR.<\/p><p><img decoding=\"async\" data-recalc-dims=\"1\" class=\"alignnone size-full wp-image-5604\" src=\"https:\/\/i0.wp.com\/fadn.cz\/wp-content\/uploads\/2023\/04\/logo_male_modre_fadn.png?resize=19%2C19&#038;ssl=1\" alt=\"\" width=\"19\" height=\"19\" srcset=\"https:\/\/i0.wp.com\/fadn.cz\/wp-content\/uploads\/2023\/04\/logo_male_modre_fadn.png?w=19&amp;ssl=1 19w, https:\/\/i0.wp.com\/fadn.cz\/wp-content\/uploads\/2023\/04\/logo_male_modre_fadn.png?resize=12%2C12&amp;ssl=1 12w\" sizes=\"(max-width: 19px) 100vw, 19px\" \/> \u00a0Zem\u011b \u017eivitelka 2011 \u00dastav zem\u011bd\u011blsk\u00e9 ekonomiky a&nbsp;informac\u00ed se&nbsp;prezentoval informa\u010dn\u00edm st\u00e1nkem v&nbsp;pavilonu T. N\u00e1v\u0161t\u011bvn\u00edk\u016fm byly k&nbsp;dispozici informa\u010dn\u00ed materi\u00e1ly t\u00fdkaj\u00edc\u00ed se&nbsp;FADN v&nbsp;\u010cR a&nbsp;publikace V\u00fdb\u011brov\u00e9 \u0161et\u0159en\u00ed hospod\u00e1\u0159sk\u00fdch v\u00fdsledk\u016f zem\u011bd\u011blsk\u00fdch podnik\u016f v&nbsp;s\u00edti FADN&nbsp;CZ za&nbsp;rok 2009.<\/p><p><img decoding=\"async\" data-recalc-dims=\"1\" class=\"alignnone size-full wp-image-5604\" src=\"https:\/\/i0.wp.com\/fadn.cz\/wp-content\/uploads\/2023\/04\/logo_male_modre_fadn.png?resize=19%2C19&#038;ssl=1\" alt=\"\" width=\"19\" height=\"19\" srcset=\"https:\/\/i0.wp.com\/fadn.cz\/wp-content\/uploads\/2023\/04\/logo_male_modre_fadn.png?w=19&amp;ssl=1 19w, https:\/\/i0.wp.com\/fadn.cz\/wp-content\/uploads\/2023\/04\/logo_male_modre_fadn.png?resize=12%2C12&amp;ssl=1 12w\" sizes=\"(max-width: 19px) 100vw, 19px\" \/> \u00a0Dne 3.8.&nbsp;2011 byla veden\u00edm \u00daZEI p\u0159ijata n\u00e1v\u0161t\u011bva z&nbsp;V\u00fdskumn\u00e9ho \u00fastavu ekonomiky po\u013enohospod\u00e1rstva a&nbsp;potravin\u00e1rstva z&nbsp;Bratislavy v\u010dele s&nbsp;\u0159editelem Doc. Ing.&nbsp;\u0160tefanem Budayem, PhD.. Slovensk\u00fdm koleg\u016fm z&nbsp;odboru informatiky byl p\u0159edstaven zp\u016fsob \u0159\u00edzen\u00ed a&nbsp;organizace \u0161et\u0159en\u00ed FADN v&nbsp;\u010cesk\u00e9 republice. 20.&nbsp;\u010dervna 2011 prob\u011bhlo v&nbsp;Bruselu 179.&nbsp;zased\u00e1n\u00ed Komunitn\u00edho v\u00fdboru FADN.<\/p><p><img decoding=\"async\" data-recalc-dims=\"1\" class=\"alignnone size-full wp-image-5604\" src=\"https:\/\/i0.wp.com\/fadn.cz\/wp-content\/uploads\/2023\/04\/logo_male_modre_fadn.png?resize=19%2C19&#038;ssl=1\" alt=\"\" width=\"19\" height=\"19\" srcset=\"https:\/\/i0.wp.com\/fadn.cz\/wp-content\/uploads\/2023\/04\/logo_male_modre_fadn.png?w=19&amp;ssl=1 19w, https:\/\/i0.wp.com\/fadn.cz\/wp-content\/uploads\/2023\/04\/logo_male_modre_fadn.png?resize=12%2C12&amp;ssl=1 12w\" sizes=\"(max-width: 19px) 100vw, 19px\" \/> \u00a0Na po\u010d\u00e1tku b\u0159ezna 2011 potvrdilo pracovi\u0161t\u011b DG AGRI p\u0159\u00edjem dat FADN 2009 za&nbsp;\u010cR.<\/p><p><img decoding=\"async\" data-recalc-dims=\"1\" class=\"alignnone size-full wp-image-5604\" src=\"https:\/\/i0.wp.com\/fadn.cz\/wp-content\/uploads\/2023\/04\/logo_male_modre_fadn.png?resize=19%2C19&#038;ssl=1\" alt=\"\" width=\"19\" height=\"19\" srcset=\"https:\/\/i0.wp.com\/fadn.cz\/wp-content\/uploads\/2023\/04\/logo_male_modre_fadn.png?w=19&amp;ssl=1 19w, https:\/\/i0.wp.com\/fadn.cz\/wp-content\/uploads\/2023\/04\/logo_male_modre_fadn.png?resize=12%2C12&amp;ssl=1 12w\" sizes=\"(max-width: 19px) 100vw, 19px\" \/> \u00a0Od 1.3.&nbsp;2011 Zp\u0159\u00edstupn\u011bn syst\u00e9m FADNCOLLECT pro&nbsp;sb\u011br dat \u00fa\u010detn\u00edho roku 2010.<\/p><p><img decoding=\"async\" data-recalc-dims=\"1\" class=\"alignnone size-full wp-image-5604\" src=\"https:\/\/i0.wp.com\/fadn.cz\/wp-content\/uploads\/2023\/04\/logo_male_modre_fadn.png?resize=19%2C19&#038;ssl=1\" alt=\"\" width=\"19\" height=\"19\" srcset=\"https:\/\/i0.wp.com\/fadn.cz\/wp-content\/uploads\/2023\/04\/logo_male_modre_fadn.png?w=19&amp;ssl=1 19w, https:\/\/i0.wp.com\/fadn.cz\/wp-content\/uploads\/2023\/04\/logo_male_modre_fadn.png?resize=12%2C12&amp;ssl=1 12w\" sizes=\"(max-width: 19px) 100vw, 19px\" \/> \u00a0Ve dnech 23.2.&nbsp;a&nbsp;24.2.2011 se&nbsp;uskute\u010dnilo \u0161kolen\u00ed tazatel\u016f \u0161et\u0159en\u00ed FADN 2010.&nbsp;1.2.2011 prob\u011bhlo v&nbsp;Bruselu 178.&nbsp;zased\u00e1n\u00ed Komunitn\u00edho v\u00fdboru FADN.<\/p><\/div>\n\t\t\t\t\t\t\t\t\t<div class=\"elementor-tab-title elementor-tab-mobile-title\" aria-selected=\"false\" data-tab=\"8\" role=\"tab\" tabindex=\"-1\" aria-controls=\"elementor-tab-content-1588\" aria-expanded=\"false\">2010<\/div>\n\t\t\t\t\t<div id=\"elementor-tab-content-1588\" class=\"elementor-tab-content elementor-clearfix\" data-tab=\"8\" role=\"tabpanel\" aria-labelledby=\"elementor-tab-title-1588\" tabindex=\"0\" hidden=\"hidden\"><p><img decoding=\"async\" data-recalc-dims=\"1\" class=\"alignnone size-full wp-image-5604\" src=\"https:\/\/i0.wp.com\/fadn.cz\/wp-content\/uploads\/2023\/04\/logo_male_modre_fadn.png?resize=19%2C19&#038;ssl=1\" alt=\"\" width=\"19\" height=\"19\" srcset=\"https:\/\/i0.wp.com\/fadn.cz\/wp-content\/uploads\/2023\/04\/logo_male_modre_fadn.png?w=19&amp;ssl=1 19w, https:\/\/i0.wp.com\/fadn.cz\/wp-content\/uploads\/2023\/04\/logo_male_modre_fadn.png?resize=12%2C12&amp;ssl=1 12w\" sizes=\"(max-width: 19px) 100vw, 19px\" \/> \u00a0V prosinci 2010 byla vyd\u00e1na publikace \u201eV\u00fdb\u011brov\u00e9 \u0161et\u0159en\u00ed hospod\u00e1\u0159sk\u00fdch v\u00fdsledk\u016f zem\u011bd\u011blsk\u00fdch podnik\u016f v&nbsp;s\u00edti FADN&nbsp;CZ za&nbsp;rok 2009\u201c. V&nbsp;elektronick\u00e9 podob\u011b je zp\u0159\u00edstupn\u011bna i&nbsp;na&nbsp;t\u011bchto webov\u00fdch str\u00e1nk\u00e1ch v&nbsp;rubrice \u201eV\u00fdsledky \u0161et\u0159en\u00ed FADN\u201c.<\/p><p><img decoding=\"async\" data-recalc-dims=\"1\" class=\"alignnone size-full wp-image-5604\" src=\"https:\/\/i0.wp.com\/fadn.cz\/wp-content\/uploads\/2023\/04\/logo_male_modre_fadn.png?resize=19%2C19&#038;ssl=1\" alt=\"\" width=\"19\" height=\"19\" srcset=\"https:\/\/i0.wp.com\/fadn.cz\/wp-content\/uploads\/2023\/04\/logo_male_modre_fadn.png?w=19&amp;ssl=1 19w, https:\/\/i0.wp.com\/fadn.cz\/wp-content\/uploads\/2023\/04\/logo_male_modre_fadn.png?resize=12%2C12&amp;ssl=1 12w\" sizes=\"(max-width: 19px) 100vw, 19px\" \/> \u00a0V obdob\u00ed listopadu a&nbsp;prosince 2010 byly v&nbsp;r\u00e1mci semin\u00e1\u0159\u016f MZe \u201eZm\u011bny v&nbsp;syst\u00e9mu Cross Compliance od&nbsp;roku 2011\u201c prezentov\u00e1ny i&nbsp;informace o&nbsp;FADN&nbsp;CZ.<br \/>Data \u0161et\u0159en\u00ed FADN 2009 za&nbsp;\u010cR byla odesl\u00e1na EK 30.&nbsp;listopadu 2010, tj.&nbsp;v&nbsp;term\u00ednu.<\/p><p><img decoding=\"async\" data-recalc-dims=\"1\" class=\"alignnone size-full wp-image-5604\" src=\"https:\/\/i0.wp.com\/fadn.cz\/wp-content\/uploads\/2023\/04\/logo_male_modre_fadn.png?resize=19%2C19&#038;ssl=1\" alt=\"\" width=\"19\" height=\"19\" srcset=\"https:\/\/i0.wp.com\/fadn.cz\/wp-content\/uploads\/2023\/04\/logo_male_modre_fadn.png?w=19&amp;ssl=1 19w, https:\/\/i0.wp.com\/fadn.cz\/wp-content\/uploads\/2023\/04\/logo_male_modre_fadn.png?resize=12%2C12&amp;ssl=1 12w\" sizes=\"(max-width: 19px) 100vw, 19px\" \/> \u00a026.10.2010 se&nbsp;uskute\u010dnilo 7.&nbsp;zased\u00e1n\u00ed N\u00e1rodn\u00ed komise FADN&nbsp;CZ.<br \/>Program zased\u00e1n\u00ed: \u2013 Zpr\u00e1va o&nbsp;fungov\u00e1n\u00ed s\u00edt\u011b FADN&nbsp;\u010cR za&nbsp;obdob\u00ed \u0159\u00edjen 2009&nbsp;\u2013 \u0159\u00edjen 2010<br \/>\u00a0 \u00a0 \u00a0 \u00a0 \u00a0 \u00a0 \u00a0 \u00a0 \u00a0 \u00a0 \u00a0 \u00a0 \u00a0 \u00a0 \u00a0 \u00a0 \u2013 V\u00fdsledky \u0161et\u0159en\u00ed za&nbsp;\u00fa\u010detn\u00ed rok 2009<br \/>\u00a0 \u00a0 \u00a0 \u00a0 \u00a0 \u00a0 \u00a0 \u00a0 \u00a0 \u00a0 \u00a0 \u00a0 \u00a0 \u00a0 \u00a0 \u00a0 \u2013 Pl\u00e1n v\u00fdb\u011bru zem\u011bd\u011blsk\u00fdch podnik\u016f s\u00edt\u011b FADN pro&nbsp;rok 2011 a&nbsp;vyhodnocen\u00ed pln\u011bn\u00ed pl\u00e1nu za&nbsp;rok 2009 Ing.&nbsp;Hanibal p\u0159ednesl prezentaci\u00a0 \u00a0 \u00a0 \u00a0 \u00a0 \u00a0 \u00a0 \u00a0 \u00a0 \u00a0 \u00a0 \u00a0 \u00a0 \u00a0 \u00a0 \u00a0 \u00a0 \u00a0 \u00a0 \u00a0 \u00a0 \u00a0 \u00a0 \u201eV\u00fdsledky \u0161et\u0159en\u00ed FADN u&nbsp;zem\u011bd\u011blsk\u00fdch podnik\u016f za&nbsp;rok 2009\u201c<\/p><p><img decoding=\"async\" data-recalc-dims=\"1\" class=\"alignnone size-full wp-image-5604\" src=\"https:\/\/i0.wp.com\/fadn.cz\/wp-content\/uploads\/2023\/04\/logo_male_modre_fadn.png?resize=19%2C19&#038;ssl=1\" alt=\"\" width=\"19\" height=\"19\" srcset=\"https:\/\/i0.wp.com\/fadn.cz\/wp-content\/uploads\/2023\/04\/logo_male_modre_fadn.png?w=19&amp;ssl=1 19w, https:\/\/i0.wp.com\/fadn.cz\/wp-content\/uploads\/2023\/04\/logo_male_modre_fadn.png?resize=12%2C12&amp;ssl=1 12w\" sizes=\"(max-width: 19px) 100vw, 19px\" \/> \u00a019.10.2010 prob\u011bhlo v&nbsp;Bruselu 177.&nbsp;zased\u00e1n\u00ed Komunitn\u00edho v\u00fdboru FADN.<\/p><p><img decoding=\"async\" data-recalc-dims=\"1\" class=\"alignnone size-full wp-image-5604\" src=\"https:\/\/i0.wp.com\/fadn.cz\/wp-content\/uploads\/2023\/04\/logo_male_modre_fadn.png?resize=19%2C19&#038;ssl=1\" alt=\"\" width=\"19\" height=\"19\" srcset=\"https:\/\/i0.wp.com\/fadn.cz\/wp-content\/uploads\/2023\/04\/logo_male_modre_fadn.png?w=19&amp;ssl=1 19w, https:\/\/i0.wp.com\/fadn.cz\/wp-content\/uploads\/2023\/04\/logo_male_modre_fadn.png?resize=12%2C12&amp;ssl=1 12w\" sizes=\"(max-width: 19px) 100vw, 19px\" \/> \u00a0Ve dnech 26. \u2013 31.8.&nbsp;2010 se&nbsp;pracovn\u00edci Kontaktn\u00edho pracovi\u0161t\u011b FADN&nbsp;CZ z\u00fa\u010dastnili v\u00fdstavy Zem\u011b \u017divitelka s&nbsp;c\u00edlem zv\u00fd\u0161it informovanost ve\u0159ejnosti o&nbsp;s\u00edti FADN v&nbsp;\u010cR. Ing.&nbsp;Hanibal p\u0159ednesl na&nbsp;jedn\u00e1n\u00ed Ekonomick\u00e9 komise AK \u010cR prezentaci \u201eV\u00fdsledky \u0161et\u0159en\u00ed FADN u&nbsp;zem\u011bd\u011blsk\u00fdch podnik\u016f za&nbsp;rok 2009\u201c.<\/p><p><img decoding=\"async\" data-recalc-dims=\"1\" class=\"alignnone size-full wp-image-5604\" src=\"https:\/\/i0.wp.com\/fadn.cz\/wp-content\/uploads\/2023\/04\/logo_male_modre_fadn.png?resize=19%2C19&#038;ssl=1\" alt=\"\" width=\"19\" height=\"19\" srcset=\"https:\/\/i0.wp.com\/fadn.cz\/wp-content\/uploads\/2023\/04\/logo_male_modre_fadn.png?w=19&amp;ssl=1 19w, https:\/\/i0.wp.com\/fadn.cz\/wp-content\/uploads\/2023\/04\/logo_male_modre_fadn.png?resize=12%2C12&amp;ssl=1 12w\" sizes=\"(max-width: 19px) 100vw, 19px\" \/> \u00a0Ve dnech 13. -15.&nbsp;7.&nbsp;2010 se&nbsp;konal semin\u00e1\u0159 \u201eNov\u00e1 organizace \u0161et\u0159en\u00ed FADN&nbsp;\u010cR\u201c, kde byly poskytnuty informace o&nbsp;p\u0159\u00edprav\u011b zm\u011bn v&nbsp;organizaci \u0161et\u0159en\u00ed FADN.<br \/>Semin\u00e1\u0159 se&nbsp;konal v&nbsp;obci Dra\u017e\u00ed\u010d u&nbsp;T\u00fdna n. Vltavou.<\/p><p><img decoding=\"async\" data-recalc-dims=\"1\" class=\"alignnone size-full wp-image-5604\" src=\"https:\/\/i0.wp.com\/fadn.cz\/wp-content\/uploads\/2023\/04\/logo_male_modre_fadn.png?resize=19%2C19&#038;ssl=1\" alt=\"\" width=\"19\" height=\"19\" srcset=\"https:\/\/i0.wp.com\/fadn.cz\/wp-content\/uploads\/2023\/04\/logo_male_modre_fadn.png?w=19&amp;ssl=1 19w, https:\/\/i0.wp.com\/fadn.cz\/wp-content\/uploads\/2023\/04\/logo_male_modre_fadn.png?resize=12%2C12&amp;ssl=1 12w\" sizes=\"(max-width: 19px) 100vw, 19px\" \/> \u00a017.6.&nbsp;2010 prob\u011bhlo v&nbsp;Bruselu 176.&nbsp;zased\u00e1n\u00ed Komunitn\u00edho v\u00fdboru FADN.<\/p><p><img decoding=\"async\" data-recalc-dims=\"1\" class=\"alignnone size-full wp-image-5604\" src=\"https:\/\/i0.wp.com\/fadn.cz\/wp-content\/uploads\/2023\/04\/logo_male_modre_fadn.png?resize=19%2C19&#038;ssl=1\" alt=\"\" width=\"19\" height=\"19\" srcset=\"https:\/\/i0.wp.com\/fadn.cz\/wp-content\/uploads\/2023\/04\/logo_male_modre_fadn.png?w=19&amp;ssl=1 19w, https:\/\/i0.wp.com\/fadn.cz\/wp-content\/uploads\/2023\/04\/logo_male_modre_fadn.png?resize=12%2C12&amp;ssl=1 12w\" sizes=\"(max-width: 19px) 100vw, 19px\" \/> \u00a013. \u2013 14.5.&nbsp;2010 se&nbsp;z\u00e1stupci FADN&nbsp;CZ aktivn\u011b z\u00fa\u010dastnili zased\u00e1n\u00ed N\u00e1rodn\u00ed komise pro&nbsp;informa\u010dn\u00ed s\u00ed\u0165 zem\u011bd\u011blsk\u00e9ho \u00fa\u010detnictv\u00ed v&nbsp;SR ve&nbsp;\u0161kol\u00edc\u00edm st\u0159edisku V\u00daEPP v&nbsp;Ra\u010dkovej dolin\u011b.<\/p><p><img decoding=\"async\" data-recalc-dims=\"1\" class=\"alignnone size-full wp-image-5604\" src=\"https:\/\/i0.wp.com\/fadn.cz\/wp-content\/uploads\/2023\/04\/logo_male_modre_fadn.png?resize=19%2C19&#038;ssl=1\" alt=\"\" width=\"19\" height=\"19\" srcset=\"https:\/\/i0.wp.com\/fadn.cz\/wp-content\/uploads\/2023\/04\/logo_male_modre_fadn.png?w=19&amp;ssl=1 19w, https:\/\/i0.wp.com\/fadn.cz\/wp-content\/uploads\/2023\/04\/logo_male_modre_fadn.png?resize=12%2C12&amp;ssl=1 12w\" sizes=\"(max-width: 19px) 100vw, 19px\" \/> \u00a0Syst\u00e9m FADNCOLLECT zp\u0159\u00edstupn\u011bn pro&nbsp;sb\u011br dat \u00fa\u010detn\u00edho roku 2009.<\/p><p><img decoding=\"async\" data-recalc-dims=\"1\" class=\"alignnone size-full wp-image-5604\" src=\"https:\/\/i0.wp.com\/fadn.cz\/wp-content\/uploads\/2023\/04\/logo_male_modre_fadn.png?resize=19%2C19&#038;ssl=1\" alt=\"\" width=\"19\" height=\"19\" srcset=\"https:\/\/i0.wp.com\/fadn.cz\/wp-content\/uploads\/2023\/04\/logo_male_modre_fadn.png?w=19&amp;ssl=1 19w, https:\/\/i0.wp.com\/fadn.cz\/wp-content\/uploads\/2023\/04\/logo_male_modre_fadn.png?resize=12%2C12&amp;ssl=1 12w\" sizes=\"(max-width: 19px) 100vw, 19px\" \/> \u00a0Byla vyd\u00e1na publikace \u201eV\u00fdb\u011brov\u00e9 \u0161et\u0159en\u00ed hospod\u00e1\u0159sk\u00fdch v\u00fdsledk\u016f zem\u011bd\u011blsk\u00fdch podnik\u016f v&nbsp;s\u00edti FADN&nbsp;CZ za&nbsp;rok 2008\u201c. V&nbsp;elektronick\u00e9 podob\u011b je zp\u0159\u00edstupn\u011bna i&nbsp;na&nbsp;t\u011bchto webov\u00fdch str\u00e1nk\u00e1ch v&nbsp;rubrice \u201eV\u00fdsledky \u0161et\u0159en\u00ed FADN\u201c (textov\u00e1 a&nbsp;tabulkov\u00e1 \u010d\u00e1st).<\/p><p><img decoding=\"async\" data-recalc-dims=\"1\" class=\"alignnone size-full wp-image-5604\" src=\"https:\/\/i0.wp.com\/fadn.cz\/wp-content\/uploads\/2023\/04\/logo_male_modre_fadn.png?resize=19%2C19&#038;ssl=1\" alt=\"\" width=\"19\" height=\"19\" srcset=\"https:\/\/i0.wp.com\/fadn.cz\/wp-content\/uploads\/2023\/04\/logo_male_modre_fadn.png?w=19&amp;ssl=1 19w, https:\/\/i0.wp.com\/fadn.cz\/wp-content\/uploads\/2023\/04\/logo_male_modre_fadn.png?resize=12%2C12&amp;ssl=1 12w\" sizes=\"(max-width: 19px) 100vw, 19px\" \/> \u00a018.03.2010&nbsp;\u2013 prob\u011bhlo v&nbsp;Bruselu 175.&nbsp;zased\u00e1n\u00ed Komunitn\u00edho v\u00fdboru FADN.<\/p><p><img decoding=\"async\" data-recalc-dims=\"1\" class=\"alignnone size-full wp-image-5604\" src=\"https:\/\/i0.wp.com\/fadn.cz\/wp-content\/uploads\/2023\/04\/logo_male_modre_fadn.png?resize=19%2C19&#038;ssl=1\" alt=\"\" width=\"19\" height=\"19\" srcset=\"https:\/\/i0.wp.com\/fadn.cz\/wp-content\/uploads\/2023\/04\/logo_male_modre_fadn.png?w=19&amp;ssl=1 19w, https:\/\/i0.wp.com\/fadn.cz\/wp-content\/uploads\/2023\/04\/logo_male_modre_fadn.png?resize=12%2C12&amp;ssl=1 12w\" sizes=\"(max-width: 19px) 100vw, 19px\" \/> \u00a0V t\u00fddnu od&nbsp;8.3.2010 bylo zah\u00e1jeno \u0161kolen\u00ed tazatel\u016f \u0161et\u0159en\u00ed FADN 2009.<\/p><p><img decoding=\"async\" data-recalc-dims=\"1\" class=\"alignnone size-full wp-image-5604\" src=\"https:\/\/i0.wp.com\/fadn.cz\/wp-content\/uploads\/2023\/04\/logo_male_modre_fadn.png?resize=19%2C19&#038;ssl=1\" alt=\"\" width=\"19\" height=\"19\" srcset=\"https:\/\/i0.wp.com\/fadn.cz\/wp-content\/uploads\/2023\/04\/logo_male_modre_fadn.png?w=19&amp;ssl=1 19w, https:\/\/i0.wp.com\/fadn.cz\/wp-content\/uploads\/2023\/04\/logo_male_modre_fadn.png?resize=12%2C12&amp;ssl=1 12w\" sizes=\"(max-width: 19px) 100vw, 19px\" \/> \u00a0Na po\u010d\u00e1tku b\u0159ezna 2010 potvrdilo pracovi\u0161t\u011b DG AGRI p\u0159\u00edjem dat FADN 2008 za&nbsp;\u010cR.<\/p><p><img decoding=\"async\" data-recalc-dims=\"1\" class=\"alignnone size-full wp-image-5604\" src=\"https:\/\/i0.wp.com\/fadn.cz\/wp-content\/uploads\/2023\/04\/logo_male_modre_fadn.png?resize=19%2C19&#038;ssl=1\" alt=\"\" width=\"19\" height=\"19\" srcset=\"https:\/\/i0.wp.com\/fadn.cz\/wp-content\/uploads\/2023\/04\/logo_male_modre_fadn.png?w=19&amp;ssl=1 19w, https:\/\/i0.wp.com\/fadn.cz\/wp-content\/uploads\/2023\/04\/logo_male_modre_fadn.png?resize=12%2C12&amp;ssl=1 12w\" sizes=\"(max-width: 19px) 100vw, 19px\" \/> \u00a015.2.2010 se&nbsp;za&nbsp;\u00fa\u010dasti z\u00e1stupc\u016f FADN&nbsp;CZ uskute\u010dnilo v&nbsp;Bruselu 2.&nbsp;setk\u00e1n\u00ed pracovn\u00ed skupiny EK p\u0159ipravuj\u00edc\u00ed podklady pro&nbsp;vypracov\u00e1n\u00ed nov\u00e9ho dotazn\u00edku, kter\u00fd vstoup\u00ed v&nbsp;platnost od&nbsp;roku 2013.<\/p><\/div>\n\t\t\t\t\t\t\t\t\t<div class=\"elementor-tab-title elementor-tab-mobile-title\" aria-selected=\"false\" data-tab=\"9\" role=\"tab\" tabindex=\"-1\" aria-controls=\"elementor-tab-content-1589\" aria-expanded=\"false\">2009<\/div>\n\t\t\t\t\t<div id=\"elementor-tab-content-1589\" class=\"elementor-tab-content elementor-clearfix\" data-tab=\"9\" role=\"tabpanel\" aria-labelledby=\"elementor-tab-title-1589\" tabindex=\"0\" hidden=\"hidden\"><p><img decoding=\"async\" data-recalc-dims=\"1\" class=\"alignnone size-full wp-image-5604\" src=\"https:\/\/i0.wp.com\/fadn.cz\/wp-content\/uploads\/2023\/04\/logo_male_modre_fadn.png?resize=19%2C19&#038;ssl=1\" alt=\"\" width=\"19\" height=\"19\" srcset=\"https:\/\/i0.wp.com\/fadn.cz\/wp-content\/uploads\/2023\/04\/logo_male_modre_fadn.png?w=19&amp;ssl=1 19w, https:\/\/i0.wp.com\/fadn.cz\/wp-content\/uploads\/2023\/04\/logo_male_modre_fadn.png?resize=12%2C12&amp;ssl=1 12w\" sizes=\"(max-width: 19px) 100vw, 19px\" \/> \u00a0Data \u0161et\u0159en\u00ed FADN 2008 za&nbsp;\u010cR byla odesl\u00e1na EK v&nbsp;pr\u016fb\u011bhu prosince 2009, tj.&nbsp;v&nbsp;term\u00ednu.<\/p><p><img decoding=\"async\" data-recalc-dims=\"1\" class=\"alignnone size-full wp-image-5604\" src=\"https:\/\/i0.wp.com\/fadn.cz\/wp-content\/uploads\/2023\/04\/logo_male_modre_fadn.png?resize=19%2C19&#038;ssl=1\" alt=\"\" width=\"19\" height=\"19\" srcset=\"https:\/\/i0.wp.com\/fadn.cz\/wp-content\/uploads\/2023\/04\/logo_male_modre_fadn.png?w=19&amp;ssl=1 19w, https:\/\/i0.wp.com\/fadn.cz\/wp-content\/uploads\/2023\/04\/logo_male_modre_fadn.png?resize=12%2C12&amp;ssl=1 12w\" sizes=\"(max-width: 19px) 100vw, 19px\" \/> \u00a04.12.&nbsp;2009 se&nbsp;za&nbsp;\u00fa\u010dasti z\u00e1stupc\u016f FADN&nbsp;CZ uskute\u010dnilo v&nbsp;Bruselu 1.&nbsp;setk\u00e1n\u00ed pracovn\u00ed skupiny EK p\u0159ipravuj\u00edc\u00ed podklady pro&nbsp;vypracov\u00e1n\u00ed nov\u00e9ho dotazn\u00edku, kter\u00fd vstoup\u00ed v&nbsp;platnost od&nbsp;roku 2013.<\/p><p><img decoding=\"async\" data-recalc-dims=\"1\" class=\"alignnone size-full wp-image-5604\" src=\"https:\/\/i0.wp.com\/fadn.cz\/wp-content\/uploads\/2023\/04\/logo_male_modre_fadn.png?resize=19%2C19&#038;ssl=1\" alt=\"\" width=\"19\" height=\"19\" srcset=\"https:\/\/i0.wp.com\/fadn.cz\/wp-content\/uploads\/2023\/04\/logo_male_modre_fadn.png?w=19&amp;ssl=1 19w, https:\/\/i0.wp.com\/fadn.cz\/wp-content\/uploads\/2023\/04\/logo_male_modre_fadn.png?resize=12%2C12&amp;ssl=1 12w\" sizes=\"(max-width: 19px) 100vw, 19px\" \/> \u00a027.10.2009 prob\u011bhlo 6.&nbsp;zased\u00e1n\u00ed N\u00e1rodn\u00ed komise FADN&nbsp;\u010cR.<\/p><p>Program zased\u00e1n\u00ed:\u2013 V\u00fdsledky \u0161et\u0159en\u00ed za&nbsp;rok 2008<\/p><p>\u00a0 \u00a0 \u00a0 \u00a0 \u00a0 \u00a0 \u00a0 \u00a0 \u00a0 \u00a0 \u00a0 \u00a0 \u00a0 \u00a0 \u00a0 \u00a0\u2013 Aktu\u00e1ln\u00ed ot\u00e1zky fungov\u00e1n\u00ed s\u00edt\u011b FADN&nbsp;CZ v&nbsp;obdob\u00ed 2008-2009<\/p><p>\u00a0 \u00a0 \u00a0 \u00a0 \u00a0 \u00a0 \u00a0 \u00a0 \u00a0 \u00a0 \u00a0 \u00a0 \u00a0 \u00a0 \u00a0 \u00a0\u2013 Pl\u00e1n v\u00fdb\u011bru zem\u011bd\u011blsk\u00fdch podnik\u016f s\u00edt\u011b FADN&nbsp;CZ pro&nbsp;rok 2010 a&nbsp;vyhodnocen\u00ed pl\u00e1nu za&nbsp;rok 2008<\/p><p><img decoding=\"async\" data-recalc-dims=\"1\" class=\"alignnone size-full wp-image-5604\" src=\"https:\/\/i0.wp.com\/fadn.cz\/wp-content\/uploads\/2023\/04\/logo_male_modre_fadn.png?resize=19%2C19&#038;ssl=1\" alt=\"\" width=\"19\" height=\"19\" srcset=\"https:\/\/i0.wp.com\/fadn.cz\/wp-content\/uploads\/2023\/04\/logo_male_modre_fadn.png?w=19&amp;ssl=1 19w, https:\/\/i0.wp.com\/fadn.cz\/wp-content\/uploads\/2023\/04\/logo_male_modre_fadn.png?resize=12%2C12&amp;ssl=1 12w\" sizes=\"(max-width: 19px) 100vw, 19px\" \/> \u00a019.10.2009 prob\u011bhlo v&nbsp;Bruselu 174.&nbsp;zased\u00e1n\u00ed Komunitn\u00edho v\u00fdboru FADN. Ve&nbsp;dnech 6.9. \u2013 9.9.&nbsp;2009 se&nbsp;konala Mezin\u00e1rodn\u00ed konference \u201e5th anniversary of Polish FADN\u201c v&nbsp;Polsku ve&nbsp;m\u011bst\u011b Pultusk. Za&nbsp;Kontaktn\u00ed pracovi\u0161t\u011b FADN&nbsp;CZ se&nbsp;aktivn\u011b z\u00fa\u010dastnili Ing.&nbsp;Mach\u00e1\u010dkov\u00e1 a&nbsp;Ing.&nbsp;Hanibal, kter\u00fd p\u0159ednesl p\u0159\u00edsp\u011bvek \u201ePodm\u00ednky zem\u011bd\u011blsk\u00fdch podnik\u016f v&nbsp;\u010cR po&nbsp;vstupu do&nbsp;EU\u201c. Od&nbsp;zahrani\u010dn\u00edch partner\u016f z&nbsp;FADN i&nbsp;od&nbsp;polsk\u00fdch koleg\u016f zde bylo p\u0159edneseno mnoho dal\u0161\u00edch zaj\u00edmav\u00fdch prezentac\u00ed. P\u0159\u00edsp\u011bvky z&nbsp;konference budou zp\u0159\u00edstupn\u011bny ve\u0159ejnosti.<\/p><p><img decoding=\"async\" data-recalc-dims=\"1\" class=\"alignnone size-full wp-image-5604\" src=\"https:\/\/i0.wp.com\/fadn.cz\/wp-content\/uploads\/2023\/04\/logo_male_modre_fadn.png?resize=19%2C19&#038;ssl=1\" alt=\"\" width=\"19\" height=\"19\" srcset=\"https:\/\/i0.wp.com\/fadn.cz\/wp-content\/uploads\/2023\/04\/logo_male_modre_fadn.png?w=19&amp;ssl=1 19w, https:\/\/i0.wp.com\/fadn.cz\/wp-content\/uploads\/2023\/04\/logo_male_modre_fadn.png?resize=12%2C12&amp;ssl=1 12w\" sizes=\"(max-width: 19px) 100vw, 19px\" \/> \u00a07.9. \u2013 8.9.&nbsp;2009 bylo Kontaktn\u00ed pracovi\u0161t\u011b FADN&nbsp;CZ zastoupeno Ing.&nbsp;Hlou\u0161kovou na&nbsp;4.&nbsp;zased\u00e1n\u00ed \u201eOECD s\u00edt\u011b pro&nbsp;anal\u00fdzy v&nbsp;zem\u011bd\u011blstv\u00ed na&nbsp;mikroekonomick\u00e9 \u00farovni\u201c v&nbsp;Pa\u0159\u00ed\u017ei. Zased\u00e1n\u00ed se&nbsp;zam\u011b\u0159ilo na&nbsp;dva projekty, kter\u00e9 se&nbsp;v&nbsp;sou\u010dasn\u00e9 dob\u011b v&nbsp;r\u00e1mci s\u00edt\u011b \u0159e\u0161\u00ed. Jedn\u00e1 se&nbsp;o&nbsp;distribuci podpor a&nbsp;p\u0159\u00edjm\u016f ve&nbsp;vybran\u00fdch zem\u00edch OECD a&nbsp;o&nbsp;zhodnocen\u00ed rizik v&nbsp;zem\u011bd\u011blsk\u00fdch podnic\u00edch v&nbsp;z\u00e1vislosti na&nbsp;r\u016fzn\u00e9 vl\u00e1dn\u00ed politice. D\u00e1le zde byly prezentov\u00e1ny t\u0159i n\u00e1rodn\u00ed studie \u2013 z&nbsp;N\u011bmecka, Irska a&nbsp;Kanady. Na&nbsp;z\u00e1v\u011br byla p\u0159ednesena anal\u00fdza \u201eSkladba p\u0159\u00edjm\u016f zem\u011bd\u011blsk\u00fdch dom\u00e1cnost\u00ed a&nbsp;zem\u011bd\u011blsk\u00e1 politika v&nbsp;OECD zem\u00edch\u201c. Pracovn\u00edci kontaktn\u00edho pracovi\u0161t\u011b FADN&nbsp;CZ se&nbsp;z\u00fa\u010dastnili v\u00fdstavy Zem\u011b \u017divitelka s&nbsp;c\u00edlem zv\u00fd\u0161it informovanost ve\u0159ejnosti o&nbsp;s\u00edti FADN.<\/p><p><img decoding=\"async\" data-recalc-dims=\"1\" class=\"alignnone size-full wp-image-5604\" src=\"https:\/\/i0.wp.com\/fadn.cz\/wp-content\/uploads\/2023\/04\/logo_male_modre_fadn.png?resize=19%2C19&#038;ssl=1\" alt=\"\" width=\"19\" height=\"19\" srcset=\"https:\/\/i0.wp.com\/fadn.cz\/wp-content\/uploads\/2023\/04\/logo_male_modre_fadn.png?w=19&amp;ssl=1 19w, https:\/\/i0.wp.com\/fadn.cz\/wp-content\/uploads\/2023\/04\/logo_male_modre_fadn.png?resize=12%2C12&amp;ssl=1 12w\" sizes=\"(max-width: 19px) 100vw, 19px\" \/> \u00a02.7. \u2013 3.7.&nbsp;2009 nav\u0161t\u00edvili z\u00e1stupci Evropsk\u00e9 Komise EU (DG.AGRI) Kontaktn\u00ed pracovi\u0161t\u011b FADN&nbsp;CZ. Hlavn\u00edm t\u00e9matem byly metodick\u00e9 postupy \u0161et\u0159en\u00ed v&nbsp;\u010cR u&nbsp;velk\u00fdch podnik\u016f, ostatn\u00ed v\u00fdd\u011ble\u010dn\u00e1 \u010dinnost zem\u011bd\u011blsk\u00fdch podnik\u016f, metodika n\u00e1po\u010dtu v\u00fdsledk\u016f \u0161et\u0159en\u00ed na&nbsp;celou \u010cR a&nbsp;vyu\u017eit\u00ed v\u00fdsledk\u016f FADN.<\/p><p><img decoding=\"async\" data-recalc-dims=\"1\" class=\"alignnone size-full wp-image-5604\" src=\"https:\/\/i0.wp.com\/fadn.cz\/wp-content\/uploads\/2023\/04\/logo_male_modre_fadn.png?resize=19%2C19&#038;ssl=1\" alt=\"\" width=\"19\" height=\"19\" srcset=\"https:\/\/i0.wp.com\/fadn.cz\/wp-content\/uploads\/2023\/04\/logo_male_modre_fadn.png?w=19&amp;ssl=1 19w, https:\/\/i0.wp.com\/fadn.cz\/wp-content\/uploads\/2023\/04\/logo_male_modre_fadn.png?resize=12%2C12&amp;ssl=1 12w\" sizes=\"(max-width: 19px) 100vw, 19px\" \/> \u00a030.6.\u20131.7.&nbsp;2009 prob\u011bhlo v&nbsp;Bruselu 173.&nbsp;zased\u00e1n\u00ed Komunitn\u00edho v\u00fdboru FADN.<\/p><p><img decoding=\"async\" data-recalc-dims=\"1\" class=\"alignnone size-full wp-image-5604\" src=\"https:\/\/i0.wp.com\/fadn.cz\/wp-content\/uploads\/2023\/04\/logo_male_modre_fadn.png?resize=19%2C19&#038;ssl=1\" alt=\"\" width=\"19\" height=\"19\" srcset=\"https:\/\/i0.wp.com\/fadn.cz\/wp-content\/uploads\/2023\/04\/logo_male_modre_fadn.png?w=19&amp;ssl=1 19w, https:\/\/i0.wp.com\/fadn.cz\/wp-content\/uploads\/2023\/04\/logo_male_modre_fadn.png?resize=12%2C12&amp;ssl=1 12w\" sizes=\"(max-width: 19px) 100vw, 19px\" \/> \u00a0N\u00e1vrh nov\u00e9ho pl\u00e1nu v\u00fdb\u011bru podnik\u016f do&nbsp;s\u00edt\u011b FADN pro&nbsp;rok 2010, zpracovan\u00fd na&nbsp;z\u00e1klad\u011b nov\u00e9 typologie, byl p\u0159ed\u00e1n EK koncem kv\u011btna 2009.<\/p><p><img decoding=\"async\" data-recalc-dims=\"1\" class=\"alignnone size-full wp-image-5604\" src=\"https:\/\/i0.wp.com\/fadn.cz\/wp-content\/uploads\/2023\/04\/logo_male_modre_fadn.png?resize=19%2C19&#038;ssl=1\" alt=\"\" width=\"19\" height=\"19\" srcset=\"https:\/\/i0.wp.com\/fadn.cz\/wp-content\/uploads\/2023\/04\/logo_male_modre_fadn.png?w=19&amp;ssl=1 19w, https:\/\/i0.wp.com\/fadn.cz\/wp-content\/uploads\/2023\/04\/logo_male_modre_fadn.png?resize=12%2C12&amp;ssl=1 12w\" sizes=\"(max-width: 19px) 100vw, 19px\" \/> \u00a0V dubnu 2009 potvrdilo pracovi\u0161t\u011b DG AGRI p\u0159\u00edjem dat FADN 2007 za&nbsp;\u010cR.<\/p><p><img decoding=\"async\" data-recalc-dims=\"1\" class=\"alignnone size-full wp-image-5604\" src=\"https:\/\/i0.wp.com\/fadn.cz\/wp-content\/uploads\/2023\/04\/logo_male_modre_fadn.png?resize=19%2C19&#038;ssl=1\" alt=\"\" width=\"19\" height=\"19\" srcset=\"https:\/\/i0.wp.com\/fadn.cz\/wp-content\/uploads\/2023\/04\/logo_male_modre_fadn.png?w=19&amp;ssl=1 19w, https:\/\/i0.wp.com\/fadn.cz\/wp-content\/uploads\/2023\/04\/logo_male_modre_fadn.png?resize=12%2C12&amp;ssl=1 12w\" sizes=\"(max-width: 19px) 100vw, 19px\" \/> \u00a024.3.2009 prob\u011bhlo v&nbsp;Bruselu 172.&nbsp;zased\u00e1n\u00ed Komunitn\u00edho v\u00fdboru FADN<\/p><p><img decoding=\"async\" data-recalc-dims=\"1\" class=\"alignnone size-full wp-image-5604\" src=\"https:\/\/i0.wp.com\/fadn.cz\/wp-content\/uploads\/2023\/04\/logo_male_modre_fadn.png?resize=19%2C19&#038;ssl=1\" alt=\"\" width=\"19\" height=\"19\" srcset=\"https:\/\/i0.wp.com\/fadn.cz\/wp-content\/uploads\/2023\/04\/logo_male_modre_fadn.png?w=19&amp;ssl=1 19w, https:\/\/i0.wp.com\/fadn.cz\/wp-content\/uploads\/2023\/04\/logo_male_modre_fadn.png?resize=12%2C12&amp;ssl=1 12w\" sizes=\"(max-width: 19px) 100vw, 19px\" \/> \u00a0Byla vyd\u00e1na publikace FADN \u2013 Hospod\u00e1\u0159sk\u00e9 v\u00fdsledky zem\u011bd\u011blsk\u00fdch podnik\u016f za&nbsp;rok 2007, publikaci je mo\u017en\u00e9 z\u00edskat na&nbsp;sekretari\u00e1tu Kontaktn\u00edho pracovi\u0161t\u011b FADN .<\/p><p><img decoding=\"async\" data-recalc-dims=\"1\" class=\"alignnone size-full wp-image-5604\" src=\"https:\/\/i0.wp.com\/fadn.cz\/wp-content\/uploads\/2023\/04\/logo_male_modre_fadn.png?resize=19%2C19&#038;ssl=1\" alt=\"\" width=\"19\" height=\"19\" srcset=\"https:\/\/i0.wp.com\/fadn.cz\/wp-content\/uploads\/2023\/04\/logo_male_modre_fadn.png?w=19&amp;ssl=1 19w, https:\/\/i0.wp.com\/fadn.cz\/wp-content\/uploads\/2023\/04\/logo_male_modre_fadn.png?resize=12%2C12&amp;ssl=1 12w\" sizes=\"(max-width: 19px) 100vw, 19px\" \/> \u00a027.2.2009 zp\u0159\u00edstupn\u011bn syst\u00e9m FADNCOLLECT pro&nbsp;sb\u011br dat \u00fa\u010detn\u00edho roku 2008.<\/p><p><img decoding=\"async\" data-recalc-dims=\"1\" class=\"alignnone size-full wp-image-5604\" src=\"https:\/\/i0.wp.com\/fadn.cz\/wp-content\/uploads\/2023\/04\/logo_male_modre_fadn.png?resize=19%2C19&#038;ssl=1\" alt=\"\" width=\"19\" height=\"19\" srcset=\"https:\/\/i0.wp.com\/fadn.cz\/wp-content\/uploads\/2023\/04\/logo_male_modre_fadn.png?w=19&amp;ssl=1 19w, https:\/\/i0.wp.com\/fadn.cz\/wp-content\/uploads\/2023\/04\/logo_male_modre_fadn.png?resize=12%2C12&amp;ssl=1 12w\" sizes=\"(max-width: 19px) 100vw, 19px\" \/> \u00a0V t\u00fddnu od&nbsp;16.2.2009 bylo zah\u00e1jeno \u0161kolen\u00ed tazatel\u016f \u0161et\u0159en\u00ed FADN 2008<\/p><\/div>\n\t\t\t\t\t\t\t\t\t<div class=\"elementor-tab-title elementor-tab-mobile-title\" aria-selected=\"false\" data-tab=\"10\" role=\"tab\" tabindex=\"-1\" aria-controls=\"elementor-tab-content-15810\" aria-expanded=\"false\">2008<\/div>\n\t\t\t\t\t<div id=\"elementor-tab-content-15810\" class=\"elementor-tab-content elementor-clearfix\" data-tab=\"10\" role=\"tabpanel\" aria-labelledby=\"elementor-tab-title-15810\" tabindex=\"0\" hidden=\"hidden\"><p><img decoding=\"async\" data-recalc-dims=\"1\" class=\"alignnone size-full wp-image-5604\" src=\"https:\/\/i0.wp.com\/fadn.cz\/wp-content\/uploads\/2023\/04\/logo_male_modre_fadn.png?resize=19%2C19&#038;ssl=1\" alt=\"\" width=\"19\" height=\"19\" srcset=\"https:\/\/i0.wp.com\/fadn.cz\/wp-content\/uploads\/2023\/04\/logo_male_modre_fadn.png?w=19&amp;ssl=1 19w, https:\/\/i0.wp.com\/fadn.cz\/wp-content\/uploads\/2023\/04\/logo_male_modre_fadn.png?resize=12%2C12&amp;ssl=1 12w\" sizes=\"(max-width: 19px) 100vw, 19px\" \/> \u00a0Data \u0161et\u0159en\u00ed FADN 2007 za&nbsp;\u010cR byla odesl\u00e1na EK v&nbsp;pr\u016fb\u011bhu prosince 2008, t.j. v&nbsp;term\u00ednu.<\/p><p><img decoding=\"async\" data-recalc-dims=\"1\" class=\"alignnone size-full wp-image-5604\" src=\"https:\/\/i0.wp.com\/fadn.cz\/wp-content\/uploads\/2023\/04\/logo_male_modre_fadn.png?resize=19%2C19&#038;ssl=1\" alt=\"\" width=\"19\" height=\"19\" srcset=\"https:\/\/i0.wp.com\/fadn.cz\/wp-content\/uploads\/2023\/04\/logo_male_modre_fadn.png?w=19&amp;ssl=1 19w, https:\/\/i0.wp.com\/fadn.cz\/wp-content\/uploads\/2023\/04\/logo_male_modre_fadn.png?resize=12%2C12&amp;ssl=1 12w\" sizes=\"(max-width: 19px) 100vw, 19px\" \/> \u00a027.11.2008 prob\u011bhlo v&nbsp;Bruselu 171.&nbsp;zased\u00e1n\u00ed Komunitn\u00edho v\u00fdboru FADN.<\/p><p><img decoding=\"async\" data-recalc-dims=\"1\" class=\"alignnone size-full wp-image-5604\" src=\"https:\/\/i0.wp.com\/fadn.cz\/wp-content\/uploads\/2023\/04\/logo_male_modre_fadn.png?resize=19%2C19&#038;ssl=1\" alt=\"\" width=\"19\" height=\"19\" srcset=\"https:\/\/i0.wp.com\/fadn.cz\/wp-content\/uploads\/2023\/04\/logo_male_modre_fadn.png?w=19&amp;ssl=1 19w, https:\/\/i0.wp.com\/fadn.cz\/wp-content\/uploads\/2023\/04\/logo_male_modre_fadn.png?resize=12%2C12&amp;ssl=1 12w\" sizes=\"(max-width: 19px) 100vw, 19px\" \/> \u00a021.10.2008 prob\u011bhlo 5.&nbsp;zased\u00e1n\u00ed N\u00e1rodn\u00ed komise FADN&nbsp;\u010cR.\u00a0\u00a0<\/p><p>Program zased\u00e1n\u00ed: \u2013 V\u00fdsledky \u0161et\u0159en\u00ed FADN za&nbsp;rok 2007,<br \/>\u00a0 \u00a0 \u00a0 \u00a0 \u00a0 \u00a0 \u00a0 \u00a0 \u00a0 \u00a0 \u00a0 \u00a0 \u00a0 \u00a0 \u00a0 \u00a0 \u2013 Aktu\u00e1ln\u00ed ot\u00e1zky fungov\u00e1n\u00ed s\u00edt\u011b FADN&nbsp;CZ v&nbsp;obdob\u00ed 2007-2008,<br \/>\u00a0 \u00a0 \u00a0 \u00a0 \u00a0 \u00a0 \u00a0 \u00a0 \u00a0 \u00a0 \u00a0 \u00a0 \u00a0 \u00a0 \u00a0 \u00a0 \u2013 Pl\u00e1n v\u00fdb\u011bru zem\u011bd\u011blsk\u00fdch podnik\u016f s\u00edt\u011b FADN&nbsp;CZ pro&nbsp;rok 2009 a&nbsp;vyhodnocen\u00ed pln\u011bn\u00ed pl\u00e1nu za&nbsp;rok 2007.<\/p><p><img decoding=\"async\" data-recalc-dims=\"1\" class=\"alignnone size-full wp-image-5604\" src=\"https:\/\/i0.wp.com\/fadn.cz\/wp-content\/uploads\/2023\/04\/logo_male_modre_fadn.png?resize=19%2C19&#038;ssl=1\" alt=\"\" width=\"19\" height=\"19\" srcset=\"https:\/\/i0.wp.com\/fadn.cz\/wp-content\/uploads\/2023\/04\/logo_male_modre_fadn.png?w=19&amp;ssl=1 19w, https:\/\/i0.wp.com\/fadn.cz\/wp-content\/uploads\/2023\/04\/logo_male_modre_fadn.png?resize=12%2C12&amp;ssl=1 12w\" sizes=\"(max-width: 19px) 100vw, 19px\" \/> \u00a023.&nbsp;a\u017e 26.9.2008 jedn\u00e1n\u00ed V\u00fdboru Spole\u010denstv\u00ed pro&nbsp;FADN na&nbsp;Malt\u011b \u2013 170.&nbsp;zased\u00e1n\u00ed.<\/p><p><img decoding=\"async\" data-recalc-dims=\"1\" class=\"alignnone size-full wp-image-5604\" src=\"https:\/\/i0.wp.com\/fadn.cz\/wp-content\/uploads\/2023\/04\/logo_male_modre_fadn.png?resize=19%2C19&#038;ssl=1\" alt=\"\" width=\"19\" height=\"19\" srcset=\"https:\/\/i0.wp.com\/fadn.cz\/wp-content\/uploads\/2023\/04\/logo_male_modre_fadn.png?w=19&amp;ssl=1 19w, https:\/\/i0.wp.com\/fadn.cz\/wp-content\/uploads\/2023\/04\/logo_male_modre_fadn.png?resize=12%2C12&amp;ssl=1 12w\" sizes=\"(max-width: 19px) 100vw, 19px\" \/> \u00a016.6.2008 se&nbsp;v&nbsp;Bruselu konalo 169.&nbsp;zased\u00e1n\u00ed V\u00fdboru Spole\u010denstv\u00ed pro&nbsp;FADN.<\/p><p><img decoding=\"async\" data-recalc-dims=\"1\" class=\"alignnone size-full wp-image-5604\" src=\"https:\/\/i0.wp.com\/fadn.cz\/wp-content\/uploads\/2023\/04\/logo_male_modre_fadn.png?resize=19%2C19&#038;ssl=1\" alt=\"\" width=\"19\" height=\"19\" srcset=\"https:\/\/i0.wp.com\/fadn.cz\/wp-content\/uploads\/2023\/04\/logo_male_modre_fadn.png?w=19&amp;ssl=1 19w, https:\/\/i0.wp.com\/fadn.cz\/wp-content\/uploads\/2023\/04\/logo_male_modre_fadn.png?resize=12%2C12&amp;ssl=1 12w\" sizes=\"(max-width: 19px) 100vw, 19px\" \/> \u00a017.4.2008 Kontaktn\u00ed pracovi\u0161t\u011b FADN&nbsp;CZ uspo\u0159\u00e1dalo semin\u00e1\u0159 se&nbsp;zahrani\u010dn\u00ed \u00fa\u010dast\u00ed: Vyu\u017eit\u00ed datab\u00e1ze FADN v&nbsp;\u010cR a&nbsp;v&nbsp;Evropsk\u00e9 komisi DG Agri.<\/p><p><img decoding=\"async\" data-recalc-dims=\"1\" class=\"alignnone size-full wp-image-5604\" src=\"https:\/\/i0.wp.com\/fadn.cz\/wp-content\/uploads\/2023\/04\/logo_male_modre_fadn.png?resize=19%2C19&#038;ssl=1\" alt=\"\" width=\"19\" height=\"19\" srcset=\"https:\/\/i0.wp.com\/fadn.cz\/wp-content\/uploads\/2023\/04\/logo_male_modre_fadn.png?w=19&amp;ssl=1 19w, https:\/\/i0.wp.com\/fadn.cz\/wp-content\/uploads\/2023\/04\/logo_male_modre_fadn.png?resize=12%2C12&amp;ssl=1 12w\" sizes=\"(max-width: 19px) 100vw, 19px\" \/> \u00a01.&nbsp;4.&nbsp;2008&nbsp;\u2013 se&nbsp;konalo v&nbsp;Bruselu 168.&nbsp;zased\u00e1n\u00ed V\u00fdboru Spole\u010denstv\u00ed pro&nbsp;FADN.<\/p><\/div>\n\t\t\t\t\t\t\t\t\t<div class=\"elementor-tab-title elementor-tab-mobile-title\" aria-selected=\"false\" data-tab=\"11\" role=\"tab\" tabindex=\"-1\" aria-controls=\"elementor-tab-content-15811\" aria-expanded=\"false\">2007<\/div>\n\t\t\t\t\t<div id=\"elementor-tab-content-15811\" class=\"elementor-tab-content elementor-clearfix\" data-tab=\"11\" role=\"tabpanel\" aria-labelledby=\"elementor-tab-title-15811\" tabindex=\"0\" hidden=\"hidden\"><p><img decoding=\"async\" data-recalc-dims=\"1\" class=\"alignnone size-full wp-image-5604\" src=\"https:\/\/i0.wp.com\/fadn.cz\/wp-content\/uploads\/2023\/04\/logo_male_modre_fadn.png?resize=19%2C19&#038;ssl=1\" alt=\"\" width=\"19\" height=\"19\" srcset=\"https:\/\/i0.wp.com\/fadn.cz\/wp-content\/uploads\/2023\/04\/logo_male_modre_fadn.png?w=19&amp;ssl=1 19w, https:\/\/i0.wp.com\/fadn.cz\/wp-content\/uploads\/2023\/04\/logo_male_modre_fadn.png?resize=12%2C12&amp;ssl=1 12w\" sizes=\"(max-width: 19px) 100vw, 19px\" \/> \u00a014.11.2007&nbsp;\u2013 se&nbsp;konal v&nbsp;Bruselu 167.&nbsp;zased\u00e1n\u00ed V\u00fdboru Spole\u010denstv\u00ed pro&nbsp;FADN.<\/p><p><img decoding=\"async\" data-recalc-dims=\"1\" class=\"alignnone size-full wp-image-5604\" src=\"https:\/\/i0.wp.com\/fadn.cz\/wp-content\/uploads\/2023\/04\/logo_male_modre_fadn.png?resize=19%2C19&#038;ssl=1\" alt=\"\" width=\"19\" height=\"19\" srcset=\"https:\/\/i0.wp.com\/fadn.cz\/wp-content\/uploads\/2023\/04\/logo_male_modre_fadn.png?w=19&amp;ssl=1 19w, https:\/\/i0.wp.com\/fadn.cz\/wp-content\/uploads\/2023\/04\/logo_male_modre_fadn.png?resize=12%2C12&amp;ssl=1 12w\" sizes=\"(max-width: 19px) 100vw, 19px\" \/> \u00a031.10.2007 MZe: 4.&nbsp;zased\u00e1n\u00ed N\u00e1rodn\u00ed komise FADN<br \/>\u00a0 \u00a0 \u00a0 \u00a0 \u00a0Program: \u2022 Definitivn\u00ed v\u00fdsledky \u0161et\u0159en\u00ed FADN za&nbsp;rok 2006<br \/>\u00a0 \u00a0 \u00a0 \u00a0 \u00a0 \u00a0 \u00a0 \u00a0 \u00a0 \u00a0 \u00a0 \u00a0 \u00a0\u2022 Pl\u00e1n v\u00fdb\u011bru zem\u011bd\u011blsk\u00fdch podnik\u016f s\u00edt\u011b FADN pro&nbsp;rok 2008 a&nbsp;vyhodnocen\u00ed pl\u00e1nu za&nbsp;rok 2006<br \/>\u00a0 \u00a0 \u00a0 \u00a0 \u00a0 \u00a0 \u00a0 \u00a0 \u00a0 \u00a0 \u00a0 \u00a0 \u00a0\u2022 Aktu\u00e1ln\u00ed ot\u00e1zky fungov\u00e1n\u00ed s\u00edt\u011b FADN&nbsp;\u010cR v&nbsp;roce 2007<\/p><p><img decoding=\"async\" data-recalc-dims=\"1\" class=\"alignnone size-full wp-image-5604\" src=\"https:\/\/i0.wp.com\/fadn.cz\/wp-content\/uploads\/2023\/04\/logo_male_modre_fadn.png?resize=19%2C19&#038;ssl=1\" alt=\"\" width=\"19\" height=\"19\" srcset=\"https:\/\/i0.wp.com\/fadn.cz\/wp-content\/uploads\/2023\/04\/logo_male_modre_fadn.png?w=19&amp;ssl=1 19w, https:\/\/i0.wp.com\/fadn.cz\/wp-content\/uploads\/2023\/04\/logo_male_modre_fadn.png?resize=12%2C12&amp;ssl=1 12w\" sizes=\"(max-width: 19px) 100vw, 19px\" \/> \u00a0\u010cervenec 2007&nbsp;\u2013 Byly p\u0159ed\u00e1ny podklady \u010cS\u00da pro&nbsp;v\u00fdpo\u010det Souhrnn\u00e9ho zem\u011bd\u011blsk\u00e9ho \u00fa\u010dtu.<\/p><p><img decoding=\"async\" data-recalc-dims=\"1\" class=\"alignnone size-full wp-image-5604\" src=\"https:\/\/i0.wp.com\/fadn.cz\/wp-content\/uploads\/2023\/04\/logo_male_modre_fadn.png?resize=19%2C19&#038;ssl=1\" alt=\"\" width=\"19\" height=\"19\" srcset=\"https:\/\/i0.wp.com\/fadn.cz\/wp-content\/uploads\/2023\/04\/logo_male_modre_fadn.png?w=19&amp;ssl=1 19w, https:\/\/i0.wp.com\/fadn.cz\/wp-content\/uploads\/2023\/04\/logo_male_modre_fadn.png?resize=12%2C12&amp;ssl=1 12w\" sizes=\"(max-width: 19px) 100vw, 19px\" \/> \u00a011.6.2007&nbsp;\u2013 jedn\u00e1n\u00ed V\u00fdboru Spole\u010denstv\u00ed pro&nbsp;FADN \u2013 Brusel.<\/p><p><img decoding=\"async\" data-recalc-dims=\"1\" class=\"alignnone size-full wp-image-5604\" src=\"https:\/\/i0.wp.com\/fadn.cz\/wp-content\/uploads\/2023\/04\/logo_male_modre_fadn.png?resize=19%2C19&#038;ssl=1\" alt=\"\" width=\"19\" height=\"19\" srcset=\"https:\/\/i0.wp.com\/fadn.cz\/wp-content\/uploads\/2023\/04\/logo_male_modre_fadn.png?w=19&amp;ssl=1 19w, https:\/\/i0.wp.com\/fadn.cz\/wp-content\/uploads\/2023\/04\/logo_male_modre_fadn.png?resize=12%2C12&amp;ssl=1 12w\" sizes=\"(max-width: 19px) 100vw, 19px\" \/> \u00a027.3.2007&nbsp;\u2013 v&nbsp;Bruselu prob\u011bhlo zased\u00e1n\u00ed V\u00fdboru Spole\u010denstv\u00ed pro&nbsp;FADN.<\/p><p><img decoding=\"async\" data-recalc-dims=\"1\" class=\"alignnone size-full wp-image-5604\" src=\"https:\/\/i0.wp.com\/fadn.cz\/wp-content\/uploads\/2023\/04\/logo_male_modre_fadn.png?resize=19%2C19&#038;ssl=1\" alt=\"\" width=\"19\" height=\"19\" srcset=\"https:\/\/i0.wp.com\/fadn.cz\/wp-content\/uploads\/2023\/04\/logo_male_modre_fadn.png?w=19&amp;ssl=1 19w, https:\/\/i0.wp.com\/fadn.cz\/wp-content\/uploads\/2023\/04\/logo_male_modre_fadn.png?resize=12%2C12&amp;ssl=1 12w\" sizes=\"(max-width: 19px) 100vw, 19px\" \/> \u00a02.3.2007&nbsp;\u2013 Zp\u0159\u00edstupn\u011bny tabulky v\u00fdsledk\u016f zpracov\u00e1n\u00ed dat za&nbsp;rok 2005.<\/p><\/div>\n\t\t\t\t\t\t\t\t\t<div class=\"elementor-tab-title elementor-tab-mobile-title\" aria-selected=\"false\" data-tab=\"12\" role=\"tab\" tabindex=\"-1\" aria-controls=\"elementor-tab-content-15812\" aria-expanded=\"false\">X<\/div>\n\t\t\t\t\t<div id=\"elementor-tab-content-15812\" class=\"elementor-tab-content elementor-clearfix\" data-tab=\"12\" role=\"tabpanel\" aria-labelledby=\"elementor-tab-title-15812\" tabindex=\"0\" hidden=\"hidden\"><\/div>\n\t\t\t\t\t\t\t<\/div>\n\t\t<\/div>\n\t\t\t\t\t\t<\/div>\n\t\t\t\t\t<\/div>\n\t\t<\/div>\n\t\t\t\t\t<\/div>\n\t\t<\/section>\n\t\t\t\t<section class=\"elementor-section elementor-top-section elementor-element elementor-element-4f80637 elementor-section-boxed elementor-section-height-default elementor-section-height-default\" data-id=\"4f80637\" data-element_type=\"section\" data-e-type=\"section\">\n\t\t\t\t\t\t<div class=\"elementor-container elementor-column-gap-default\">\n\t\t\t\t\t<div class=\"elementor-column elementor-col-100 elementor-top-column elementor-element elementor-element-8e9b4f8\" data-id=\"8e9b4f8\" data-element_type=\"column\" data-e-type=\"column\">\n\t\t\t<div class=\"elementor-widget-wrap elementor-element-populated\">\n\t\t\t\t\t\t<div class=\"elementor-element elementor-element-300ed5f9 elementor-widget-divider--view-line elementor-widget elementor-widget-divider\" data-id=\"300ed5f9\" data-element_type=\"widget\" data-e-type=\"widget\" data-widget_type=\"divider.default\">\n\t\t\t\t\t\t\t<div class=\"elementor-divider\">\n\t\t\t<span class=\"elementor-divider-separator\">\n\t\t\t\t\t\t<\/span>\n\t\t<\/div>\n\t\t\t\t\t\t<\/div>\n\t\t\t\t\t<\/div>\n\t\t<\/div>\n\t\t\t\t\t<\/div>\n\t\t<\/section>\n\t\t\t\t<\/div>\n\t\t","protected":false},"excerpt":{"rendered":"<p>Archiv aktualit X 2026&nbsp;2025&nbsp;2024&nbsp;2023&nbsp;2022&nbsp;2021&nbsp;2020&nbsp;2019&nbsp;2018&nbsp;2017 X X 2026&nbsp;2025 V&nbsp;r\u00e1mci 9.\u00a0ro\u010dn\u00edku ekonomick\u00e9 konference \u00daZEI zazn\u011bl i\u00a0p\u0159\u00edsp\u011bvek s\u00a0n\u00e1zvem Typologie zem\u011bd\u011blsk\u00fdch podnik\u016f podle metodiky FADN\/FSDN jako n\u00e1stroj pro\u00a0hodnocen\u00ed ekonomick\u00e9 udr\u017eitelnosti. Tento p\u0159\u00edsp\u011bvek se\u00a0zam\u011b\u0159uje na\u00a0konstrukci a\u00a0vyu\u017eit\u00ed typologie podnik\u016f dle metodiky FADN\/FSDN, kter\u00e1 umo\u017e\u0148uje klasifikaci podnik\u016f na\u00a0z\u00e1klad\u011b jejich ekonomick\u00e9 velikosti a\u00a0specializace [&hellip;]<\/p>\n","protected":false},"author":1,"featured_media":0,"parent":4553,"menu_order":1,"comment_status":"closed","ping_status":"closed","template":"","meta":{"site-sidebar-layout":"no-sidebar","site-content-layout":"page-builder","ast-site-content-layout":"full-width-container","site-content-style":"unboxed","site-sidebar-style":"unboxed","ast-global-header-display":"","ast-banner-title-visibility":"","ast-main-header-display":"","ast-hfb-above-header-display":"","ast-hfb-below-header-display":"","ast-hfb-mobile-header-display":"","site-post-title":"disabled","ast-breadcrumbs-content":"","ast-featured-img":"disabled","footer-sml-layout":"","ast-disable-related-posts":"","theme-transparent-header-meta":"","adv-header-id-meta":"","stick-header-meta":"","header-above-stick-meta":"","header-main-stick-meta":"","header-below-stick-meta":"","astra-migrate-meta-layouts":"set","ast-page-background-enabled":"default","ast-page-background-meta":{"desktop":{"background-color":"var(--ast-global-color-4)","background-image":"","background-repeat":"repeat","background-position":"center center","background-size":"auto","background-attachment":"scroll","background-type":"","background-media":"","overlay-type":"","overlay-color":"","overlay-opacity":"","overlay-gradient":""},"tablet":{"background-color":"","background-image":"","background-repeat":"repeat","background-position":"center center","background-size":"auto","background-attachment":"scroll","background-type":"","background-media":"","overlay-type":"","overlay-color":"","overlay-opacity":"","overlay-gradient":""},"mobile":{"background-color":"","background-image":"","background-repeat":"repeat","background-position":"center center","background-size":"auto","background-attachment":"scroll","background-type":"","background-media":"","overlay-type":"","overlay-color":"","overlay-opacity":"","overlay-gradient":""}},"ast-content-background-meta":{"desktop":{"background-color":"var(--ast-global-color-5)","background-image":"","background-repeat":"repeat","background-position":"center center","background-size":"auto","background-attachment":"scroll","background-type":"","background-media":"","overlay-type":"","overlay-color":"","overlay-opacity":"","overlay-gradient":""},"tablet":{"background-color":"var(--ast-global-color-5)","background-image":"","background-repeat":"repeat","background-position":"center center","background-size":"auto","background-attachment":"scroll","background-type":"","background-media":"","overlay-type":"","overlay-color":"","overlay-opacity":"","overlay-gradient":""},"mobile":{"background-color":"var(--ast-global-color-5)","background-image":"","background-repeat":"repeat","background-position":"center center","background-size":"auto","background-attachment":"scroll","background-type":"","background-media":"","overlay-type":"","overlay-color":"","overlay-opacity":"","overlay-gradient":""}},"footnotes":""},"class_list":["post-1224","page","type-page","status-publish","hentry"],"yoast_head":"<!-- This site is optimized with the Yoast SEO plugin v26.9 - https:\/\/yoast.com\/product\/yoast-seo-wordpress\/ -->\n<title>FADN - Arch\u00edv aktualit FADN<\/title>\n<meta name=\"description\" content=\"Arch\u00edv v\u0161ech zve\u0159ejn\u011bn\u00fdch aktualit se\u0159azen\u00fd podle roku od vzniku Zem\u011bd\u011blsk\u00e9 \u00fa\u010detn\u00ed datov\u00e9 s\u00edt\u011b FADN a\u017e po sou\u010dasnost\" \/>\n<meta name=\"robots\" content=\"index, follow, max-snippet:-1, max-image-preview:large, max-video-preview:-1\" \/>\n<link rel=\"canonical\" href=\"https:\/\/fadn.cz\/cz\/fadn\/aktuality\/archiv\/\" \/>\n<meta property=\"og:locale\" content=\"cs_CZ\" \/>\n<meta property=\"og:type\" content=\"article\" \/>\n<meta property=\"og:title\" content=\"FADN - Arch\u00edv aktualit FADN\" \/>\n<meta property=\"og:description\" content=\"Arch\u00edv v\u0161ech zve\u0159ejn\u011bn\u00fdch aktualit se\u0159azen\u00fd podle roku od vzniku Zem\u011bd\u011blsk\u00e9 \u00fa\u010detn\u00ed datov\u00e9 s\u00edt\u011b FADN a\u017e po sou\u010dasnost\" \/>\n<meta property=\"og:url\" content=\"https:\/\/fadn.cz\/cz\/fadn\/aktuality\/archiv\/\" \/>\n<meta property=\"og:site_name\" content=\"FADN\" \/>\n<meta property=\"article:publisher\" content=\"https:\/\/www.facebook.com\/fadncz\" \/>\n<meta property=\"article:modified_time\" content=\"2026-04-16T11:17:08+00:00\" \/>\n<meta property=\"og:image\" content=\"https:\/\/fadn.cz\/wp-content\/uploads\/2023\/03\/D752789-300x190.jpg\" \/>\n<meta name=\"twitter:card\" content=\"summary_large_image\" \/>\n<meta name=\"twitter:label1\" content=\"Odhadovan\u00e1 doba \u010dten\u00ed\" \/>\n\t<meta name=\"twitter:data1\" content=\"19 minut\" \/>\n<script type=\"application\/ld+json\" class=\"yoast-schema-graph\">{\"@context\":\"https:\/\/schema.org\",\"@graph\":[{\"@type\":[\"WebPage\",\"AboutPage\"],\"@id\":\"https:\/\/fadn.cz\/fadn\/aktuality\/archiv\/\",\"url\":\"https:\/\/fadn.cz\/fadn\/aktuality\/archiv\/\",\"name\":\"FADN - Arch\u00edv aktualit FADN\",\"isPartOf\":{\"@id\":\"https:\/\/fadn.cz\/cz\/#website\"},\"primaryImageOfPage\":{\"@id\":\"https:\/\/fadn.cz\/fadn\/aktuality\/archiv\/#primaryimage\"},\"image\":{\"@id\":\"https:\/\/fadn.cz\/fadn\/aktuality\/archiv\/#primaryimage\"},\"thumbnailUrl\":\"https:\/\/fadn.cz\/wp-content\/uploads\/2023\/03\/D752789-300x190.jpg\",\"datePublished\":\"2022-08-02T10:11:56+00:00\",\"dateModified\":\"2026-04-16T11:17:08+00:00\",\"description\":\"Arch\u00edv v\u0161ech zve\u0159ejn\u011bn\u00fdch aktualit se\u0159azen\u00fd podle roku od vzniku Zem\u011bd\u011blsk\u00e9 \u00fa\u010detn\u00ed datov\u00e9 s\u00edt\u011b FADN a\u017e po sou\u010dasnost\",\"breadcrumb\":{\"@id\":\"https:\/\/fadn.cz\/fadn\/aktuality\/archiv\/#breadcrumb\"},\"inLanguage\":\"cs\",\"potentialAction\":[{\"@type\":\"ReadAction\",\"target\":[\"https:\/\/fadn.cz\/fadn\/aktuality\/archiv\/\"]}]},{\"@type\":\"ImageObject\",\"inLanguage\":\"cs\",\"@id\":\"https:\/\/fadn.cz\/fadn\/aktuality\/archiv\/#primaryimage\",\"url\":\"https:\/\/fadn.cz\/wp-content\/uploads\/2023\/03\/D752789-300x190.jpg\",\"contentUrl\":\"https:\/\/fadn.cz\/wp-content\/uploads\/2023\/03\/D752789-300x190.jpg\"},{\"@type\":\"BreadcrumbList\",\"@id\":\"https:\/\/fadn.cz\/fadn\/aktuality\/archiv\/#breadcrumb\",\"itemListElement\":[{\"@type\":\"ListItem\",\"position\":1,\"name\":\"Dom\u016f\",\"item\":\"https:\/\/fadn.cz\/\"},{\"@type\":\"ListItem\",\"position\":2,\"name\":\"FADN\",\"item\":\"https:\/\/fadn.cz\/\"},{\"@type\":\"ListItem\",\"position\":3,\"name\":\"AKTUALITY\",\"item\":\"https:\/\/fadn.cz\/fadn\/aktuality\/\"},{\"@type\":\"ListItem\",\"position\":4,\"name\":\"ARCHIV\"}]},{\"@type\":\"WebSite\",\"@id\":\"https:\/\/fadn.cz\/cz\/#website\",\"url\":\"https:\/\/fadn.cz\/cz\/\",\"name\":\"Zem\u011bd\u011blsk\u00e1 \u00fa\u010detn\u00ed datov\u00e1 s\u00ed\u0165 FADN\",\"description\":\"Zem\u011bd\u011blsk\u00e1 \u00fa\u010detn\u00ed datov\u00e1 s\u00ed\u0165 \u010cR\",\"publisher\":{\"@id\":\"https:\/\/fadn.cz\/cz\/#organization\"},\"potentialAction\":[{\"@type\":\"SearchAction\",\"target\":{\"@type\":\"EntryPoint\",\"urlTemplate\":\"https:\/\/fadn.cz\/cz\/?s={search_term_string}\"},\"query-input\":{\"@type\":\"PropertyValueSpecification\",\"valueRequired\":true,\"valueName\":\"search_term_string\"}}],\"inLanguage\":\"cs\"},{\"@type\":\"Organization\",\"@id\":\"https:\/\/fadn.cz\/cz\/#organization\",\"name\":\"Zem\u011bd\u011blsk\u00e1 \u00fa\u010detn\u00ed datov\u00e1 s\u00ed\u0165 FADN\",\"url\":\"https:\/\/fadn.cz\/cz\/\",\"logo\":{\"@type\":\"ImageObject\",\"inLanguage\":\"cs\",\"@id\":\"https:\/\/fadn.cz\/cz\/#\/schema\/logo\/image\/\",\"url\":\"https:\/\/fadn.cz\/wp-content\/uploads\/2022\/11\/logo_FADN_ONLY_web.svg\",\"contentUrl\":\"https:\/\/fadn.cz\/wp-content\/uploads\/2022\/11\/logo_FADN_ONLY_web.svg\",\"width\":585,\"height\":157,\"caption\":\"Zem\u011bd\u011blsk\u00e1 \u00fa\u010detn\u00ed datov\u00e1 s\u00ed\u0165 FADN\"},\"image\":{\"@id\":\"https:\/\/fadn.cz\/cz\/#\/schema\/logo\/image\/\"},\"sameAs\":[\"https:\/\/www.facebook.com\/fadncz\",\"https:\/\/www.youtube.com\/channel\/UC1Y8WuJH_NjjqNN1VgPXxuA\",\"https:\/\/www.instagram.com\/fadncz\"]}]}<\/script>\n<!-- \/ Yoast SEO plugin. -->","yoast_head_json":{"title":"FADN - Arch\u00edv aktualit FADN","description":"Arch\u00edv v\u0161ech zve\u0159ejn\u011bn\u00fdch aktualit se\u0159azen\u00fd podle roku od vzniku Zem\u011bd\u011blsk\u00e9 \u00fa\u010detn\u00ed datov\u00e9 s\u00edt\u011b FADN a\u017e po sou\u010dasnost","robots":{"index":"index","follow":"follow","max-snippet":"max-snippet:-1","max-image-preview":"max-image-preview:large","max-video-preview":"max-video-preview:-1"},"canonical":"https:\/\/fadn.cz\/cz\/fadn\/aktuality\/archiv\/","og_locale":"cs_CZ","og_type":"article","og_title":"FADN - Arch\u00edv aktualit FADN","og_description":"Arch\u00edv v\u0161ech zve\u0159ejn\u011bn\u00fdch aktualit se\u0159azen\u00fd podle roku od vzniku Zem\u011bd\u011blsk\u00e9 \u00fa\u010detn\u00ed datov\u00e9 s\u00edt\u011b FADN a\u017e po sou\u010dasnost","og_url":"https:\/\/fadn.cz\/cz\/fadn\/aktuality\/archiv\/","og_site_name":"FADN","article_publisher":"https:\/\/www.facebook.com\/fadncz","article_modified_time":"2026-04-16T11:17:08+00:00","og_image":[{"url":"https:\/\/fadn.cz\/wp-content\/uploads\/2023\/03\/D752789-300x190.jpg","type":"","width":"","height":""}],"twitter_card":"summary_large_image","twitter_misc":{"Odhadovan\u00e1 doba \u010dten\u00ed":"19 minut"},"schema":{"@context":"https:\/\/schema.org","@graph":[{"@type":["WebPage","AboutPage"],"@id":"https:\/\/fadn.cz\/fadn\/aktuality\/archiv\/","url":"https:\/\/fadn.cz\/fadn\/aktuality\/archiv\/","name":"FADN - Arch\u00edv aktualit FADN","isPartOf":{"@id":"https:\/\/fadn.cz\/cz\/#website"},"primaryImageOfPage":{"@id":"https:\/\/fadn.cz\/fadn\/aktuality\/archiv\/#primaryimage"},"image":{"@id":"https:\/\/fadn.cz\/fadn\/aktuality\/archiv\/#primaryimage"},"thumbnailUrl":"https:\/\/fadn.cz\/wp-content\/uploads\/2023\/03\/D752789-300x190.jpg","datePublished":"2022-08-02T10:11:56+00:00","dateModified":"2026-04-16T11:17:08+00:00","description":"Arch\u00edv v\u0161ech zve\u0159ejn\u011bn\u00fdch aktualit se\u0159azen\u00fd podle roku od vzniku Zem\u011bd\u011blsk\u00e9 \u00fa\u010detn\u00ed datov\u00e9 s\u00edt\u011b FADN a\u017e po sou\u010dasnost","breadcrumb":{"@id":"https:\/\/fadn.cz\/fadn\/aktuality\/archiv\/#breadcrumb"},"inLanguage":"cs","potentialAction":[{"@type":"ReadAction","target":["https:\/\/fadn.cz\/fadn\/aktuality\/archiv\/"]}]},{"@type":"ImageObject","inLanguage":"cs","@id":"https:\/\/fadn.cz\/fadn\/aktuality\/archiv\/#primaryimage","url":"https:\/\/fadn.cz\/wp-content\/uploads\/2023\/03\/D752789-300x190.jpg","contentUrl":"https:\/\/fadn.cz\/wp-content\/uploads\/2023\/03\/D752789-300x190.jpg"},{"@type":"BreadcrumbList","@id":"https:\/\/fadn.cz\/fadn\/aktuality\/archiv\/#breadcrumb","itemListElement":[{"@type":"ListItem","position":1,"name":"Dom\u016f","item":"https:\/\/fadn.cz\/"},{"@type":"ListItem","position":2,"name":"FADN","item":"https:\/\/fadn.cz\/"},{"@type":"ListItem","position":3,"name":"AKTUALITY","item":"https:\/\/fadn.cz\/fadn\/aktuality\/"},{"@type":"ListItem","position":4,"name":"ARCHIV"}]},{"@type":"WebSite","@id":"https:\/\/fadn.cz\/cz\/#website","url":"https:\/\/fadn.cz\/cz\/","name":"Zem\u011bd\u011blsk\u00e1 \u00fa\u010detn\u00ed datov\u00e1 s\u00ed\u0165 FADN","description":"Zem\u011bd\u011blsk\u00e1 \u00fa\u010detn\u00ed datov\u00e1 s\u00ed\u0165 \u010cR","publisher":{"@id":"https:\/\/fadn.cz\/cz\/#organization"},"potentialAction":[{"@type":"SearchAction","target":{"@type":"EntryPoint","urlTemplate":"https:\/\/fadn.cz\/cz\/?s={search_term_string}"},"query-input":{"@type":"PropertyValueSpecification","valueRequired":true,"valueName":"search_term_string"}}],"inLanguage":"cs"},{"@type":"Organization","@id":"https:\/\/fadn.cz\/cz\/#organization","name":"Zem\u011bd\u011blsk\u00e1 \u00fa\u010detn\u00ed datov\u00e1 s\u00ed\u0165 FADN","url":"https:\/\/fadn.cz\/cz\/","logo":{"@type":"ImageObject","inLanguage":"cs","@id":"https:\/\/fadn.cz\/cz\/#\/schema\/logo\/image\/","url":"https:\/\/fadn.cz\/wp-content\/uploads\/2022\/11\/logo_FADN_ONLY_web.svg","contentUrl":"https:\/\/fadn.cz\/wp-content\/uploads\/2022\/11\/logo_FADN_ONLY_web.svg","width":585,"height":157,"caption":"Zem\u011bd\u011blsk\u00e1 \u00fa\u010detn\u00ed datov\u00e1 s\u00ed\u0165 FADN"},"image":{"@id":"https:\/\/fadn.cz\/cz\/#\/schema\/logo\/image\/"},"sameAs":["https:\/\/www.facebook.com\/fadncz","https:\/\/www.youtube.com\/channel\/UC1Y8WuJH_NjjqNN1VgPXxuA","https:\/\/www.instagram.com\/fadncz"]}]}},"_links":{"self":[{"href":"https:\/\/fadn.cz\/cz\/wp-json\/wp\/v2\/pages\/1224","targetHints":{"allow":["GET"]}}],"collection":[{"href":"https:\/\/fadn.cz\/cz\/wp-json\/wp\/v2\/pages"}],"about":[{"href":"https:\/\/fadn.cz\/cz\/wp-json\/wp\/v2\/types\/page"}],"author":[{"embeddable":true,"href":"https:\/\/fadn.cz\/cz\/wp-json\/wp\/v2\/users\/1"}],"replies":[{"embeddable":true,"href":"https:\/\/fadn.cz\/cz\/wp-json\/wp\/v2\/comments?post=1224"}],"version-history":[{"count":104,"href":"https:\/\/fadn.cz\/cz\/wp-json\/wp\/v2\/pages\/1224\/revisions"}],"predecessor-version":[{"id":12448,"href":"https:\/\/fadn.cz\/cz\/wp-json\/wp\/v2\/pages\/1224\/revisions\/12448"}],"up":[{"embeddable":true,"href":"https:\/\/fadn.cz\/cz\/wp-json\/wp\/v2\/pages\/4553"}],"wp:attachment":[{"href":"https:\/\/fadn.cz\/cz\/wp-json\/wp\/v2\/media?parent=1224"}],"curies":[{"name":"wp","href":"https:\/\/api.w.org\/{rel}","templated":true}]}}